{"id":3494,"date":"2026-02-25T10:34:48","date_gmt":"2026-02-25T10:34:48","guid":{"rendered":"https:\/\/pruebas.cursopracticoseo.com\/wordpress_o\/?page_id=3494"},"modified":"2026-03-10T08:40:35","modified_gmt":"2026-03-10T08:40:35","slug":"cofradia-santisimo-cristo-de-la-expiracion-y-del-silencio","status":"publish","type":"page","link":"https:\/\/pruebas.cursopracticoseo.com\/wordpress_o\/cofradias-y-hermandades\/cofradia-santisimo-cristo-de-la-expiracion-y-del-silencio\/","title":{"rendered":"Cofrad\u00eda Sant\u00edsimo Cristo de la Expiraci\u00f3n y del Silencio"},"content":{"rendered":"\t\t<div data-elementor-type=\"wp-page\" data-elementor-id=\"3494\" class=\"elementor elementor-3494\" data-elementor-post-type=\"page\">\n\t\t\t\t<div data-particle_enable=\"false\" data-particle-mobile-disabled=\"false\" class=\"elementor-element elementor-element-dbc2fe1 e-flex e-con-boxed e-con e-parent\" data-id=\"dbc2fe1\" data-element_type=\"container\" data-e-type=\"container\" data-settings=\"{&quot;background_background&quot;:&quot;gradient&quot;}\">\n\t\t\t\t\t<div class=\"e-con-inner\">\n\t\t\t\t<div class=\"elementor-element elementor-element-67ab9cb elementor-widget elementor-widget-heading\" data-id=\"67ab9cb\" data-element_type=\"widget\" data-e-type=\"widget\" data-widget_type=\"heading.default\">\n\t\t\t\t\t<h2 class=\"elementor-heading-title elementor-size-default\">Cofrad\u00eda Sant\u00edsimo Cristo de la Expiraci\u00f3n y del Silencio<\/h2>\t\t\t\t<\/div>\n\t\t\t\t\t<\/div>\n\t\t\t\t<\/div>\n\t\t<div data-particle_enable=\"false\" data-particle-mobile-disabled=\"false\" class=\"elementor-element elementor-element-7c8316c e-flex e-con-boxed e-con e-parent\" data-id=\"7c8316c\" data-element_type=\"container\" data-e-type=\"container\">\n\t\t\t\t\t<div class=\"e-con-inner\">\n\t\t<div data-particle_enable=\"false\" data-particle-mobile-disabled=\"false\" class=\"elementor-element elementor-element-9019d11 e-con-full e-flex e-con e-child\" data-id=\"9019d11\" data-element_type=\"container\" data-e-type=\"container\">\n\t\t\t\t<div class=\"elementor-element elementor-element-2662a59 elementor-widget elementor-widget-heading\" data-id=\"2662a59\" data-element_type=\"widget\" data-e-type=\"widget\" data-widget_type=\"heading.default\">\n\t\t\t\t\t<h2 class=\"elementor-heading-title elementor-size-default\">Cofrad\u00edas y Hermandades<\/h2>\t\t\t\t<\/div>\n\t\t\t\t<div class=\"elementor-element elementor-element-891143e elementor-widget elementor-widget-heading\" data-id=\"891143e\" data-element_type=\"widget\" data-e-type=\"widget\" data-widget_type=\"heading.default\">\n\t\t\t\t\t<h2 class=\"elementor-heading-title elementor-size-default\">Historia de la Cofrad\u00eda<\/h2>\t\t\t\t<\/div>\n\t\t\t\t<div class=\"elementor-element elementor-element-b877a90 elementor-icon-list--layout-traditional elementor-list-item-link-full_width elementor-widget elementor-widget-icon-list\" data-id=\"b877a90\" data-element_type=\"widget\" data-e-type=\"widget\" data-widget_type=\"icon-list.default\">\n\t\t\t\t\t\t\t<ul class=\"elementor-icon-list-items\">\n\t\t\t\t\t\t\t<li class=\"elementor-icon-list-item\">\n\t\t\t\t\t\t\t\t\t\t\t<span class=\"elementor-icon-list-icon\">\n\t\t\t\t\t\t\t<svg xmlns=\"http:\/\/www.w3.org\/2000\/svg\" viewBox=\"0 0 64 64\"><path d=\"m8 4c1.07 0 2.07.42 2.83 1.16.75.76 1.17 1.77 1.17 2.84v20c0 .55.45 1 1 1s1-.45 1-1v-20c0-1.48-.54-2.89-1.53-4h8.53c.55 0 1-.45 1-1s-.45-1-1-1h-13c-3.31 0-6 2.69-6 6v2c0 .33.17.65.45.83l1.75 1.17-1.75 1.17c-.28.19-.45.5-.45.83v3c0 .55.45 1 1 1h6c.55 0 1-.45 1-1s-.45-1-1-1h-5v-1.46l2.55-1.7c.28-.19.45-.5.45-.83s-.17-.65-.45-.83l-2.55-1.7v-1.46c0-2.21 1.79-4 4-4z\"><\/path><path d=\"m43 60h-20.53c.95-1.06 1.53-2.46 1.53-4 0-.55-.45-1-1-1s-1 .45-1 1c0 2.21-1.79 4-4 4-1.07 0-2.07-.42-2.83-1.16-.75-.76-1.17-1.77-1.17-2.84v-12.59l2.71-2.71c.39-.39.39-1.02 0-1.41l-2.71-2.71v-4.59c0-.55-.45-1-1-1s-1 .45-1 1v5c0 .27.11.52.29.71l2.29 2.29-2.29 2.29c-.19.19-.29.44-.29.71v13c0 1.6.62 3.1 1.76 4.25 1.14 1.13 2.65 1.75 4.24 1.75h25c.55 0 1-.45 1-1s-.45-1-1-1z\"><\/path><path d=\"m57 44h-20c-.31 0-.61.15-.8.4l-2.2 2.93-2.2-2.93c-.19-.25-.48-.4-.8-.4h-8c-.55 0-1 .45-1 1v7c0 .55.45 1 1 1s1-.45 1-1v-6h6.5l2.7 3.6c.38.5 1.22.5 1.6 0l2.7-3.6h18.5v10c0 2.21-1.79 4-4 4h-5c-.55 0-1 .45-1 1s.45 1 1 1h5c3.31 0 6-2.69 6-6v-11c0-.55-.45-1-1-1z\"><\/path><path d=\"m25 4h19c1.4 0 2.67.72 3.41 1.91.19.31.52.48.85.48.18 0 .36-.05.52-.15.47-.29.62-.91.33-1.38-1.1-1.79-3.01-2.87-5.11-2.87h-19c-.55 0-1 .45-1 1s.45 1 1 1z\"><\/path><path d=\"m50 35v-3.01c0-.55-.45-1-1-1s-1 .45-1 1v2.47l-2.55 1.7c-.28.19-.45.5-.45.83s.17.65.45.83l2.55 1.7v1.46c0 .55.45 1 1 1s1-.45 1-1v-2c0-.33-.17-.65-.45-.83l-1.75-1.17 1.75-1.17c.28-.19.45-.5.45-.83z\"><\/path><path d=\"m60.44 7.55c-3.1-3.1-9.64-1.47-15.21 3.81-.4.38-.42 1.01-.04 1.41s1.01.42 1.41.04c4.6-4.36 10.17-6.09 12.42-3.85 1.05 1.05 1.26 2.89.61 5.11l-4 .23c-.35.02-.67.22-.83.54-.16.31-.15.69.03.99l2.11 3.45c-.66.89-1.4 1.75-2.22 2.57-5.03 5.03-11.96 7.66-16.05 8.87l10.31-10.31c.39-.39.39-1.02 0-1.41s-1.02-.39-1.41 0l-10.32 10.32c1.03-3.47 3.08-8.98 6.74-13.63.34-.43.27-1.06-.17-1.4-.43-.34-1.06-.27-1.4.17-5.63 7.15-7.59 15.9-7.94 17.64l-6.21 6.21c-.39.39-.39 1.02 0 1.41.2.2.45.29.71.29s.51-.1.71-.29l6.21-6.21c2-.4 12.84-2.84 20.24-10.23 1.06-1.07 2-2.2 2.82-3.36.23-.33.24-.76.03-1.1l-1.59-2.6 3.01-.17c.4-.02.75-.29.89-.67 1.15-3.26.82-6.11-.89-7.82z\"><\/path><path d=\"m42 10c0-.55-.45-1-1-1h-20c-.55 0-1 .45-1 1s.45 1 1 1h20c.55 0 1-.45 1-1z\"><\/path><path d=\"m39 15c0-.55-.45-1-1-1h-17c-.55 0-1 .45-1 1s.45 1 1 1h17c.55 0 1-.45 1-1z\"><\/path><path d=\"m36 20c0-.55-.45-1-1-1h-14c-.55 0-1 .45-1 1s.45 1 1 1h14c.55 0 1-.45 1-1z\"><\/path><path d=\"m34 25c0-.55-.45-1-1-1h-12c-.55 0-1 .45-1 1s.45 1 1 1h12c.55 0 1-.45 1-1z\"><\/path><path d=\"m21 29c-.55 0-1 .45-1 1s.45 1 1 1h10c.55 0 1-.45 1-1s-.45-1-1-1z\"><\/path><\/svg>\t\t\t\t\t\t<\/span>\n\t\t\t\t\t\t\t\t\t\t<span class=\"elementor-icon-list-text\"><b>Fundaci\u00f3n: <\/b> 1991<\/span>\n\t\t\t\t\t\t\t\t\t<\/li>\n\t\t\t\t\t\t\t\t<li class=\"elementor-icon-list-item\">\n\t\t\t\t\t\t\t\t\t\t\t<span class=\"elementor-icon-list-icon\">\n\t\t\t\t\t\t\t<svg xmlns=\"http:\/\/www.w3.org\/2000\/svg\" height=\"511pt\" viewBox=\"0 -4 511.99979 511\" width=\"511pt\"><path d=\"m503.914062 310.921875-117.332031-105.324219v-18.605468c11.824219 9.953124 29.230469 8.425781 39.242188-2.90625 10.285156-11.632813 9.183593-29.472657-2.4375-39.746094l-153.832031-136.792969c-10.632813-9.402344-26.675782-9.402344-37.347657.039063l-151.796875 136.246093c-11.683594 10.34375-12.753906 28.136719-2.449218 39.769531 7.824218 8.855469 20.023437 11.613282 30.5625 7.863282v29.308594l-100.394532 90.109374c-16.519531 14.617188-6.1875 42.128907 15.957032 42.128907 5.523437 0 11.066406-1.882813 15.597656-5.71875v149.089843c0 4.109376 3.328125 7.4375 7.4375 7.4375h417.765625c4.109375 0 7.4375-3.328124 7.4375-7.4375v-149.09375c.238281.132813 5.96875 5.722657 15.574219 5.722657 22.351562 0 32.363281-27.640625 16.015624-42.089844zm-396.035156-136.007813c-5.492187 4.847657-13.921875 4.332032-18.773437-1.160156-4.832031-5.488281-4.410157-13.863281 1.203125-18.8125l151.785156-136.246094c5.019531-4.433593 12.59375-4.433593 17.59375-.011718l153.828125 136.792968c9.105469 8.035157 3.4375 23.253907-8.804687 23.253907-.011719 0-.011719 0-.011719 0-3.230469 0-6.355469-1.179688-8.773438-3.320313-149.78125-133.28125-140.695312-126.519531-145.023437-126.519531-4.363282 0 4.742187-6.820313-143.023438 126.023437zm-77.691406 160.929688c-6.136719 5.433594-15.820312.628906-15.292969-7.476562.429688-7.089844 2.160157-4.292969 93.628907-87.609376v24.671876zm427.261719 153.101562h-70.878907c.015626-.316406.007813-3.59375.011719-19.445312 0-4.105469-3.324219-7.4375-7.4375-7.4375-4.105469 0-7.4375 3.332031-7.4375 7.4375v19.140625c0 .582031 3.078125.164063-57.832031.300781-.242188-156.5625.546875-147.890625-.699219-156.117187-.617187-4.0625-4.40625-6.855469-8.472656-6.238281-4.058594.613281-6.851563 4.40625-6.238281 8.46875.953125 6.292968.351562-.246094.535156 153.886718h-94.214844v-146.761718c0-43.875 55.070313-63.851563 83.238282-30.230469 2.636718 3.148437 7.328124 3.5625 10.476562.925781 3.148438-2.640625 3.5625-7.332031.925781-10.480469-37.0625-44.238281-109.519531-17.921875-109.519531 39.785157v146.761718h-66.199219c-.167969 0-.304687-.128906-.304687-.296875v-136.832031c0-4.117188-3.332032-7.4375-7.4375-7.4375-4.105469 0-7.441406 3.320312-7.441406 7.4375v136.832031c0 .097657 0 .199219.011718.296875v.003906h-53.976562v-155c6.183594-5.558593 47.113281-42.359374 53.96875-48.519531v36.632813c0 4.105468 3.332031 7.4375 7.4375 7.4375 4.105468 0 7.4375-3.332032 7.4375-7.4375 0-16.734375 0-126.847656 0-141.105469l127.527344-114.636719 120.777343 107.464844v265.96875c0 4.117188 3.332031 7.4375 7.4375 7.4375 4.117188 0 7.4375-3.320312 7.4375-7.4375v-169.519531l70.867188 63.707031zm24.417969-153.0625-95.285157-85.644531v-24.644531c109.773438 99.761719 110.078125 95.632812 110.539063 102.773438.492187 8.089843-9.132813 12.925781-15.253906 7.515624zm0 0\"><\/path><path d=\"m290.570312 147.472656h-31.238281v-34.214844c0-4.109374-3.332031-7.4375-7.441406-7.4375-4.105469 0-7.4375 3.328126-7.4375 7.4375v34.214844h-31.238281c-4.109375 0-7.4375 3.328125-7.4375 7.4375s3.328125 7.4375 7.4375 7.4375h31.238281v88.976563c0 4.109375 3.332031 7.4375 7.4375 7.4375 4.109375 0 7.441406-3.328125 7.441406-7.4375v-88.976563h31.238281c4.109376 0 7.4375-3.328125 7.4375-7.4375s-3.328124-7.4375-7.4375-7.4375zm0 0\"><\/path><\/svg>\t\t\t\t\t\t<\/span>\n\t\t\t\t\t\t\t\t\t\t<span class=\"elementor-icon-list-text\"><b>Sede Can\u00f3nica: <\/b>Convento de San Francisco \"El Real\" (HH. MM. Capuchinos)<\/span>\n\t\t\t\t\t\t\t\t\t<\/li>\n\t\t\t\t\t\t\t\t<li class=\"elementor-icon-list-item\">\n\t\t\t\t\t\t\t\t\t\t\t<span class=\"elementor-icon-list-icon\">\n\t\t\t\t\t\t\t<svg xmlns=\"http:\/\/www.w3.org\/2000\/svg\" id=\"Layer_1\" viewBox=\"0 0 48 48\"><path d=\"m24 38.86c.17 0 .34-.06.48-.17.46-.39 11.22-9.49 11.22-17.85 0-6.45-5.25-11.7-11.7-11.7s-11.7 5.25-11.7 11.7c0 8.35 10.76 17.46 11.22 17.84.14.12.31.18.48.18zm-10.2-18.02c0-5.63 4.58-10.2 10.2-10.2 5.63 0 10.2 4.58 10.2 10.2 0 6.7-8.12 14.4-10.2 16.27-2.08-1.86-10.2-9.56-10.2-16.27z\"><\/path><path d=\"m29.15 20.84c0-2.84-2.31-5.15-5.15-5.15s-5.15 2.31-5.15 5.15 2.31 5.15 5.15 5.15 5.15-2.31 5.15-5.15zm-8.8 0c0-2.01 1.64-3.65 3.65-3.65s3.65 1.64 3.65 3.65-1.64 3.65-3.65 3.65-3.65-1.64-3.65-3.65z\"><\/path><path d=\"m24 .5c-6.1 0-11.95 2.39-16.31 6.59v-5.21h-1.5v7.08c0 .41.34.75.75.75h7.08v-1.51h-5.32c4.09-3.95 9.57-6.2 15.3-6.2 12.13 0 22 9.87 22 22 0 2.56-.43 5.06-1.29 7.44-.07.19-.14.37-.21.56l1.4.55c.08-.2.15-.4.22-.6.91-2.55 1.38-5.22 1.38-7.95 0-12.96-10.54-23.5-23.5-23.5z\"><\/path><path d=\"m24 47.5c6.1 0 11.95-2.39 16.31-6.59v5.22h1.5v-7.08c0-.41-.34-.75-.75-.75h-7.08v1.5h5.31c-4.08 3.96-9.56 6.2-15.29 6.2-12.13 0-22-9.87-22-22 0-2.55.43-5.06 1.29-7.44l-1.41-.51c-.92 2.55-1.38 5.22-1.38 7.95 0 12.96 10.54 23.5 23.5 23.5z\"><\/path><\/svg>\t\t\t\t\t\t<\/span>\n\t\t\t\t\t\t\t\t\t\t<span class=\"elementor-icon-list-text\">Sede Social: Convento de San Francisco \"El Real \" (HH.MM. Capuchinos)<\/span>\n\t\t\t\t\t\t\t\t\t<\/li>\n\t\t\t\t\t\t<\/ul>\n\t\t\t\t\t\t<\/div>\n\t\t\t\t<div class=\"elementor-element elementor-element-25d519a e-grid-align-left elementor-shape-rounded elementor-grid-0 elementor-widget elementor-widget-social-icons\" data-id=\"25d519a\" data-element_type=\"widget\" data-e-type=\"widget\" data-widget_type=\"social-icons.default\">\n\t\t\t\t\t\t\t<div class=\"elementor-social-icons-wrapper elementor-grid\" role=\"list\">\n\t\t\t\t\t\t\t<span class=\"elementor-grid-item\" role=\"listitem\">\n\t\t\t\t\t<a class=\"elementor-icon elementor-social-icon elementor-social-icon-facebook elementor-repeater-item-d78d501\" href=\"https:\/\/www.facebook.com\/cofradia.expiracionysilencioleon\" target=\"_blank\" rel=\"noopener\">\n\t\t\t\t\t\t<span class=\"elementor-screen-only\">Facebook<\/span>\n\t\t\t\t\t\t<svg aria-hidden=\"true\" class=\"e-font-icon-svg e-fab-facebook\" viewBox=\"0 0 512 512\" xmlns=\"http:\/\/www.w3.org\/2000\/svg\"><path d=\"M504 256C504 119 393 8 256 8S8 119 8 256c0 123.78 90.69 226.38 209.25 245V327.69h-63V256h63v-54.64c0-62.15 37-96.48 93.67-96.48 27.14 0 55.52 4.84 55.52 4.84v61h-31.28c-30.8 0-40.41 19.12-40.41 38.73V256h68.78l-11 71.69h-57.78V501C413.31 482.38 504 379.78 504 256z\"><\/path><\/svg>\t\t\t\t\t<\/a>\n\t\t\t\t<\/span>\n\t\t\t\t\t\t\t<span class=\"elementor-grid-item\" role=\"listitem\">\n\t\t\t\t\t<a class=\"elementor-icon elementor-social-icon elementor-social-icon-instagram elementor-repeater-item-9988b79\" href=\"https:\/\/www.instagram.com\/expiracionysilencioleon\/\" target=\"_blank\" rel=\"noopener\">\n\t\t\t\t\t\t<span class=\"elementor-screen-only\">Instagram<\/span>\n\t\t\t\t\t\t<svg aria-hidden=\"true\" class=\"e-font-icon-svg e-fab-instagram\" viewBox=\"0 0 448 512\" xmlns=\"http:\/\/www.w3.org\/2000\/svg\"><path d=\"M224.1 141c-63.6 0-114.9 51.3-114.9 114.9s51.3 114.9 114.9 114.9S339 319.5 339 255.9 287.7 141 224.1 141zm0 189.6c-41.1 0-74.7-33.5-74.7-74.7s33.5-74.7 74.7-74.7 74.7 33.5 74.7 74.7-33.6 74.7-74.7 74.7zm146.4-194.3c0 14.9-12 26.8-26.8 26.8-14.9 0-26.8-12-26.8-26.8s12-26.8 26.8-26.8 26.8 12 26.8 26.8zm76.1 27.2c-1.7-35.9-9.9-67.7-36.2-93.9-26.2-26.2-58-34.4-93.9-36.2-37-2.1-147.9-2.1-184.9 0-35.8 1.7-67.6 9.9-93.9 36.1s-34.4 58-36.2 93.9c-2.1 37-2.1 147.9 0 184.9 1.7 35.9 9.9 67.7 36.2 93.9s58 34.4 93.9 36.2c37 2.1 147.9 2.1 184.9 0 35.9-1.7 67.7-9.9 93.9-36.2 26.2-26.2 34.4-58 36.2-93.9 2.1-37 2.1-147.8 0-184.8zM398.8 388c-7.8 19.6-22.9 34.7-42.6 42.6-29.5 11.7-99.5 9-132.1 9s-102.7 2.6-132.1-9c-19.6-7.8-34.7-22.9-42.6-42.6-11.7-29.5-9-99.5-9-132.1s-2.6-102.7 9-132.1c7.8-19.6 22.9-34.7 42.6-42.6 29.5-11.7 99.5-9 132.1-9s102.7-2.6 132.1 9c19.6 7.8 34.7 22.9 42.6 42.6 11.7 29.5 9 99.5 9 132.1s2.7 102.7-9 132.1z\"><\/path><\/svg>\t\t\t\t\t<\/a>\n\t\t\t\t<\/span>\n\t\t\t\t\t<\/div>\n\t\t\t\t\t\t<\/div>\n\t\t\t\t<\/div>\n\t\t<div data-particle_enable=\"false\" data-particle-mobile-disabled=\"false\" class=\"elementor-element elementor-element-f779c2c e-con-full e-flex e-con e-child\" data-id=\"f779c2c\" data-element_type=\"container\" data-e-type=\"container\">\n\t\t\t\t<div class=\"elementor-element elementor-element-aab8d51 elementor-widget elementor-widget-image\" data-id=\"aab8d51\" data-element_type=\"widget\" data-e-type=\"widget\" data-widget_type=\"image.default\">\n\t\t\t\t\t\t\t\t\t\t\t\t\t\t\t<img fetchpriority=\"high\" decoding=\"async\" width=\"500\" height=\"350\" src=\"https:\/\/pruebas.cursopracticoseo.com\/wordpress_o\/wp-content\/uploads\/2026\/02\/portada-expiracion.jpg\" class=\"attachment-large size-large wp-image-3518\" alt=\"\" srcset=\"https:\/\/pruebas.cursopracticoseo.com\/wordpress_o\/wp-content\/uploads\/2026\/02\/portada-expiracion.jpg 500w, https:\/\/pruebas.cursopracticoseo.com\/wordpress_o\/wp-content\/uploads\/2026\/02\/portada-expiracion-300x210.jpg 300w\" sizes=\"(max-width: 500px) 100vw, 500px\" \/>\t\t\t\t\t\t\t\t\t\t\t\t\t\t\t<\/div>\n\t\t\t\t<\/div>\n\t\t\t\t\t<\/div>\n\t\t\t\t<\/div>\n\t\t<div data-particle_enable=\"false\" data-particle-mobile-disabled=\"false\" class=\"elementor-element elementor-element-50f2351 e-flex e-con-boxed e-con e-parent\" data-id=\"50f2351\" data-element_type=\"container\" data-e-type=\"container\" data-settings=\"{&quot;background_background&quot;:&quot;classic&quot;}\">\n\t\t\t\t\t<div class=\"e-con-inner\">\n\t\t\t\t<div class=\"elementor-element elementor-element-003203c elementor-widget elementor-widget-heading\" data-id=\"003203c\" data-element_type=\"widget\" data-e-type=\"widget\" data-widget_type=\"heading.default\">\n\t\t\t\t\t<h2 class=\"elementor-heading-title elementor-size-default\">Cofrad\u00edas y Hermandades<\/h2>\t\t\t\t<\/div>\n\t\t\t\t<div class=\"elementor-element elementor-element-38599ce elementor-widget elementor-widget-heading\" data-id=\"38599ce\" data-element_type=\"widget\" data-e-type=\"widget\" data-widget_type=\"heading.default\">\n\t\t\t\t\t<h2 class=\"elementor-heading-title elementor-size-default\">Historia de la Cofrad\u00eda<\/h2>\t\t\t\t<\/div>\n\t\t\t\t<div class=\"elementor-element elementor-element-f8535f2 elementor-widget elementor-widget-eael-content-timeline\" data-id=\"f8535f2\" data-element_type=\"widget\" data-e-type=\"widget\" data-widget_type=\"eael-content-timeline.default\">\n\t\t\t\t\t\t\t<div id=\"eael-content-timeline-f8535f2\" class=\"content-timeline-layout- date-position- horizontal-timeline-wrapper\" data-slide_to_scroll=\"{&quot;desktop&quot;:1,&quot;mobile&quot;:1,&quot;tablet&quot;:1}\">\n\t\t\t<div class=\"eael-content-timeline-container\">\n\t\t\t\t<div class=\"eael-content-timeline-container\">\n\t\t\t\t\t<div class=\"eael-horizontal-timeline eael-horizontal-timeline--layout-middle eael-horizontal-timeline--align-left eael-horizontal-timeline--scrollbar\">\n        \n    <div class=\"eael-horizontal-timeline-track\">\n        \n                <div class=\"eael-horizontal-timeline-list eael-horizontal-timeline-list--top middle\">\n                    \t\t\t\t<div class=\"eael-horizontal-timeline-item top is-active\">\n\t\t\t\t\t<div class=\"eael-horizontal-timeline-item__card top\">\n\t\t\t\t\t\t<div class=\"eael-horizontal-timeline-item__card-inner\">\n\t\t\t\t\t\t\t\n\t\t\t\t\t\t\t<h2 class=\"eael-horizontal-timeline-item__card-title\"><a href=\"#\"><\/a><\/h2>\t\t\t\t\t\t\t<div class=\"eael-horizontal-timeline-item__card-desc\">\n\t\t\t\t\t\t\t\t<div class=\"eael-timeline-excerpt\"><p>En este entorno surge la popular <b>procesi\u00f3n del \u201cDainos\u201d<\/b>, documentada ya en el siglo XVII como una celebraci\u00f3n existente <b>\u201cdesde tiempo inmemorial\u201d<\/b>, vinculada a la tradici\u00f3n del <b>Santo Rosario de la Buena Muerte<\/b>.<\/p><\/div>\t\t\t\t\t\t\t<\/div>\n\t\t\t\t\t\t<\/div>\n\t\t\t\t\t\t\n\t\t\t\t\t\t<div class=\"eael-horizontal-timeline-item__card-arrow top\"><\/div>\n\t\t\t\t\t<\/div>\n\t\t\t\t<\/div>\n\t\t\t\t\t\t\t\t<div class=\"eael-horizontal-timeline-item \">\n\t\t\t\t\t\t\t\t\t\t\t<div class=\"eael-horizontal-timeline-item__meta\">\n\t\t\t\t\t\t\tA\u00f1os 80\t\t\t\t\t\t<\/div>\n\t\t\t\t\t\t\t\t\t<\/div>\n\t\t\t\t\t\t\t\t<div class=\"eael-horizontal-timeline-item top \">\n\t\t\t\t\t<div class=\"eael-horizontal-timeline-item__card top\">\n\t\t\t\t\t\t<div class=\"eael-horizontal-timeline-item__card-inner\">\n\t\t\t\t\t\t\t\n\t\t\t\t\t\t\t<h2 class=\"eael-horizontal-timeline-item__card-title\"><a href=\"#\"><\/a><\/h2>\t\t\t\t\t\t\t<div class=\"eael-horizontal-timeline-item__card-desc\">\n\t\t\t\t\t\t\t\t<div class=\"eael-timeline-excerpt\"><p>Desde finales de los a\u00f1os treinta, la comunidad capuchina comienza a promover cada <b>Mi\u00e9rcoles Santo la Procesi\u00f3n del Silencio<\/b>, concebida como un acto profundamente devocional.<br \/>El principal impulsor de esta celebraci\u00f3n fue el <b>Padre Javier de Valladolid<\/b>, quien organiz\u00f3 el cortejo como una manifestaci\u00f3n p\u00fablica de oraci\u00f3n y recogimiento.<\/p><\/div>\t\t\t\t\t\t\t<\/div>\n\t\t\t\t\t\t<\/div>\n\t\t\t\t\t\t\n\t\t\t\t\t\t<div class=\"eael-horizontal-timeline-item__card-arrow top\"><\/div>\n\t\t\t\t\t<\/div>\n\t\t\t\t<\/div>\n\t\t\t\t\t\t\t\t<div class=\"eael-horizontal-timeline-item \">\n\t\t\t\t\t\t\t\t\t\t\t<div class=\"eael-horizontal-timeline-item__meta\">\n\t\t\t\t\t\t\t1987\t\t\t\t\t\t<\/div>\n\t\t\t\t\t\t\t\t\t<\/div>\n\t\t\t\t\t\t\t\t<div class=\"eael-horizontal-timeline-item top \">\n\t\t\t\t\t<div class=\"eael-horizontal-timeline-item__card top\">\n\t\t\t\t\t\t<div class=\"eael-horizontal-timeline-item__card-inner\">\n\t\t\t\t\t\t\t\n\t\t\t\t\t\t\t<h2 class=\"eael-horizontal-timeline-item__card-title\"><a href=\"#\">11 de marzo de 1991<\/a><\/h2>\t\t\t\t\t\t\t<div class=\"eael-horizontal-timeline-item__card-desc\">\n\t\t\t\t\t\t\t\t<div class=\"eael-timeline-excerpt\"><p>Tras varios a\u00f1os de estudio y redacci\u00f3n de estatutos, el <b>Obispado aprueba oficialmente las reglas de la cofrad\u00eda<\/b>, quedando fundada la:<br \/><b>Cofrad\u00eda del Sant\u00edsimo Cristo de la Expiraci\u00f3n y del Silencio.<\/b><br \/>Desde ese momento la cofrad\u00eda asume la organizaci\u00f3n y desarrollo de los cortejos vinculados al convento capuchino.<\/p><\/div>\t\t\t\t\t\t\t<\/div>\n\t\t\t\t\t\t<\/div>\n\t\t\t\t\t\t\n\t\t\t\t\t\t<div class=\"eael-horizontal-timeline-item__card-arrow top\"><\/div>\n\t\t\t\t\t<\/div>\n\t\t\t\t<\/div>\n\t\t\t\t\t\t\t\t<div class=\"eael-horizontal-timeline-item \">\n\t\t\t\t\t\t\t\t\t\t\t<div class=\"eael-horizontal-timeline-item__meta\">\n\t\t\t\t\t\t\t1991\t\t\t\t\t\t<\/div>\n\t\t\t\t\t\t\t\t\t<\/div>\n\t\t\t\t\t\t\t\t<div class=\"eael-horizontal-timeline-item top \">\n\t\t\t\t\t<div class=\"eael-horizontal-timeline-item__card top\">\n\t\t\t\t\t\t<div class=\"eael-horizontal-timeline-item__card-inner\">\n\t\t\t\t\t\t\t\n\t\t\t\t\t\t\t<h2 class=\"eael-horizontal-timeline-item__card-title\"><a href=\"#\"><\/a><\/h2>\t\t\t\t\t\t\t<div class=\"eael-horizontal-timeline-item__card-desc\">\n\t\t\t\t\t\t\t\t<div class=\"eael-timeline-excerpt\"><p>Se organiza el <strong>VII Congreso Nacional de Cofrad\u00edas de Jes\u00fas Cautivo, Rescatado y de Medinaceli<\/strong>.<\/p><\/div>\t\t\t\t\t\t\t<\/div>\n\t\t\t\t\t\t<\/div>\n\t\t\t\t\t\t\n\t\t\t\t\t\t<div class=\"eael-horizontal-timeline-item__card-arrow top\"><\/div>\n\t\t\t\t\t<\/div>\n\t\t\t\t<\/div>\n\t\t\t\t\t\t\t\t<div class=\"eael-horizontal-timeline-item \">\n\t\t\t\t\t\t\t\t\t\t\t<div class=\"eael-horizontal-timeline-item__meta\">\n\t\t\t\t\t\t\tActualidad\t\t\t\t\t\t<\/div>\n\t\t\t\t\t\t\t\t\t<\/div>\n\t\t\t\t                <\/div>\n                <div class=\"eael-horizontal-timeline-list eael-horizontal-timeline-list--middle middle\">\n                    <div class=\"eael-horizontal-timeline__line\">\n                        <div class=\"eael-horizontal-timeline-item__highlight\"><\/div>\n                    <\/div>\n                    \t\t\t\t<div class=\"eael-horizontal-timeline-item eael-horizontal-timeline-item__line is-active\">\n\t\t\t\t\t<div class=\"eael-horizontal-timeline-item__point\">\n\t\t\t\t\t\t<div class=\"eael-horizontal-timeline-item__point-content\">\n\t\t\t\t\t\t\t<span class=\"eael-elements-icon\"> <img decoding=\"async\" class=\"content-timeline-bullet-svg\" src=\"https:\/\/pruebas.cursopracticoseo.com\/wordpress_o\/wp-content\/uploads\/2026\/02\/manuscipt_16863574.svg\" alt=\"\" \/> <\/span>\n\t\t\t\t\t\t<\/div>\n\t\t\t\t\t<\/div>\n\t\t\t\t<\/div>\n\t\t\t\t\t\t\t\t<div class=\"eael-horizontal-timeline-item eael-horizontal-timeline-item__line \">\n\t\t\t\t\t<div class=\"eael-horizontal-timeline-item__point\">\n\t\t\t\t\t\t<div class=\"eael-horizontal-timeline-item__point-content\">\n\t\t\t\t\t\t\t<span class=\"eael-elements-icon\"> <img decoding=\"async\" class=\"content-timeline-bullet-svg\" src=\"https:\/\/pruebas.cursopracticoseo.com\/wordpress_o\/wp-content\/uploads\/2026\/02\/manuscipt_16863574.svg\" alt=\"\" \/> <\/span>\n\t\t\t\t\t\t<\/div>\n\t\t\t\t\t<\/div>\n\t\t\t\t<\/div>\n\t\t\t\t\t\t\t\t<div class=\"eael-horizontal-timeline-item eael-horizontal-timeline-item__line \">\n\t\t\t\t\t<div class=\"eael-horizontal-timeline-item__point\">\n\t\t\t\t\t\t<div class=\"eael-horizontal-timeline-item__point-content\">\n\t\t\t\t\t\t\t<span class=\"eael-elements-icon\"> <img decoding=\"async\" class=\"content-timeline-bullet-svg\" src=\"https:\/\/pruebas.cursopracticoseo.com\/wordpress_o\/wp-content\/uploads\/2026\/02\/manuscipt_16863574.svg\" alt=\"\" \/> <\/span>\n\t\t\t\t\t\t<\/div>\n\t\t\t\t\t<\/div>\n\t\t\t\t<\/div>\n\t\t\t\t\t\t\t\t<div class=\"eael-horizontal-timeline-item eael-horizontal-timeline-item__line \">\n\t\t\t\t\t<div class=\"eael-horizontal-timeline-item__point\">\n\t\t\t\t\t\t<div class=\"eael-horizontal-timeline-item__point-content\">\n\t\t\t\t\t\t\t<span class=\"eael-elements-icon\"> <img decoding=\"async\" class=\"content-timeline-bullet-svg\" src=\"https:\/\/pruebas.cursopracticoseo.com\/wordpress_o\/wp-content\/uploads\/2026\/02\/manuscipt_16863574.svg\" alt=\"\" \/> <\/span>\n\t\t\t\t\t\t<\/div>\n\t\t\t\t\t<\/div>\n\t\t\t\t<\/div>\n\t\t\t\t\t\t\t\t<div class=\"eael-horizontal-timeline-item eael-horizontal-timeline-item__line \">\n\t\t\t\t\t<div class=\"eael-horizontal-timeline-item__point\">\n\t\t\t\t\t\t<div class=\"eael-horizontal-timeline-item__point-content\">\n\t\t\t\t\t\t\t<span class=\"eael-elements-icon\"> <img decoding=\"async\" class=\"content-timeline-bullet-svg\" src=\"https:\/\/pruebas.cursopracticoseo.com\/wordpress_o\/wp-content\/uploads\/2026\/02\/manuscipt_16863574.svg\" alt=\"\" \/> <\/span>\n\t\t\t\t\t\t<\/div>\n\t\t\t\t\t<\/div>\n\t\t\t\t<\/div>\n\t\t\t\t\t\t\t\t<div class=\"eael-horizontal-timeline-item eael-horizontal-timeline-item__line \">\n\t\t\t\t\t<div class=\"eael-horizontal-timeline-item__point\">\n\t\t\t\t\t\t<div class=\"eael-horizontal-timeline-item__point-content\">\n\t\t\t\t\t\t\t<span class=\"eael-elements-icon\"> <img decoding=\"async\" class=\"content-timeline-bullet-svg\" src=\"https:\/\/pruebas.cursopracticoseo.com\/wordpress_o\/wp-content\/uploads\/2026\/02\/manuscipt_16863574.svg\" alt=\"\" \/> <\/span>\n\t\t\t\t\t\t<\/div>\n\t\t\t\t\t<\/div>\n\t\t\t\t<\/div>\n\t\t\t\t\t\t\t\t<div class=\"eael-horizontal-timeline-item eael-horizontal-timeline-item__line \">\n\t\t\t\t\t<div class=\"eael-horizontal-timeline-item__point\">\n\t\t\t\t\t\t<div class=\"eael-horizontal-timeline-item__point-content\">\n\t\t\t\t\t\t\t<span class=\"eael-elements-icon\"> <img decoding=\"async\" class=\"content-timeline-bullet-svg\" src=\"https:\/\/pruebas.cursopracticoseo.com\/wordpress_o\/wp-content\/uploads\/2026\/02\/manuscipt_16863574.svg\" alt=\"\" \/> <\/span>\n\t\t\t\t\t\t<\/div>\n\t\t\t\t\t<\/div>\n\t\t\t\t<\/div>\n\t\t\t\t\t\t\t\t<div class=\"eael-horizontal-timeline-item eael-horizontal-timeline-item__line \">\n\t\t\t\t\t<div class=\"eael-horizontal-timeline-item__point\">\n\t\t\t\t\t\t<div class=\"eael-horizontal-timeline-item__point-content\">\n\t\t\t\t\t\t\t<span class=\"eael-elements-icon\"> <img decoding=\"async\" class=\"content-timeline-bullet-svg\" src=\"https:\/\/pruebas.cursopracticoseo.com\/wordpress_o\/wp-content\/uploads\/2026\/02\/manuscipt_16863574.svg\" alt=\"\" \/> <\/span>\n\t\t\t\t\t\t<\/div>\n\t\t\t\t\t<\/div>\n\t\t\t\t<\/div>\n\t\t\t\t                <\/div>\n                <div class=\"eael-horizontal-timeline-list eael-horizontal-timeline-list--bottom middle\">\n                    \t\t\t\t<div class=\"eael-horizontal-timeline-item is-active\">\n\t\t\t\t\t\t\t\t\t\t\t<div class=\"eael-horizontal-timeline-item__meta\">\n\t\t\t\t\t\t\tSiglo XVII\t\t\t\t\t\t<\/div>\n\t\t\t\t\t\t\t\t\t<\/div>\n\t\t\t\t\t\t\t\t<div class=\"eael-horizontal-timeline-item bottom \">\n\t\t\t\t\t<div class=\"eael-horizontal-timeline-item__card bottom\">\n\t\t\t\t\t\t<div class=\"eael-horizontal-timeline-item__card-inner\">\n\t\t\t\t\t\t\t\n\t\t\t\t\t\t\t<h2 class=\"eael-horizontal-timeline-item__card-title\"><a href=\"#\"><\/a><\/h2>\t\t\t\t\t\t\t<div class=\"eael-horizontal-timeline-item__card-desc\">\n\t\t\t\t\t\t\t\t<div class=\"eael-timeline-excerpt\"><p>Surge el compromiso, por parte de un grupo de colaboradores habituales de la casa franciscana, de crear una asociaci\u00f3n religiosa que ayude al Convento de los Capuchinos y a la Orden Franciscana Seglar a organizar dos cortejos procesionales: el del Silencio y el del Dainos.<\/p><\/div>\t\t\t\t\t\t\t<\/div>\n\t\t\t\t\t\t<\/div>\n\t\t\t\t\t\t\n\t\t\t\t\t\t<div class=\"eael-horizontal-timeline-item__card-arrow bottom\"><\/div>\n\t\t\t\t\t<\/div>\n\t\t\t\t<\/div>\n\t\t\t\t\t\t\t\t<div class=\"eael-horizontal-timeline-item \">\n\t\t\t\t\t\t\t\t\t\t\t<div class=\"eael-horizontal-timeline-item__meta\">\n\t\t\t\t\t\t\t1930\t\t\t\t\t\t<\/div>\n\t\t\t\t\t\t\t\t\t<\/div>\n\t\t\t\t\t\t\t\t<div class=\"eael-horizontal-timeline-item bottom \">\n\t\t\t\t\t<div class=\"eael-horizontal-timeline-item__card bottom\">\n\t\t\t\t\t\t<div class=\"eael-horizontal-timeline-item__card-inner\">\n\t\t\t\t\t\t\t\n\t\t\t\t\t\t\t<h2 class=\"eael-horizontal-timeline-item__card-title\"><a href=\"#\"><\/a><\/h2>\t\t\t\t\t\t\t<div class=\"eael-horizontal-timeline-item__card-desc\">\n\t\t\t\t\t\t\t\t<div class=\"eael-timeline-excerpt\"><p>Al finalizar la Semana Santa de ese a\u00f1o, un grupo de j\u00f3venes vinculados al convento capuchino y colaboradores de las procesiones decidi\u00f3 iniciar las gestiones para fundar una cofrad\u00eda que se encargara de organizar la procesi\u00f3n del Domingo de Ramos (\u201cDainos\u201d) y la Procesi\u00f3n del Silencio del Mi\u00e9rcoles Santo.<\/p><\/div>\t\t\t\t\t\t\t<\/div>\n\t\t\t\t\t\t<\/div>\n\t\t\t\t\t\t\n\t\t\t\t\t\t<div class=\"eael-horizontal-timeline-item__card-arrow bottom\"><\/div>\n\t\t\t\t\t<\/div>\n\t\t\t\t<\/div>\n\t\t\t\t\t\t\t\t<div class=\"eael-horizontal-timeline-item \">\n\t\t\t\t\t\t\t\t\t\t\t<div class=\"eael-horizontal-timeline-item__meta\">\n\t\t\t\t\t\t\t1991\t\t\t\t\t\t<\/div>\n\t\t\t\t\t\t\t\t\t<\/div>\n\t\t\t\t\t\t\t\t<div class=\"eael-horizontal-timeline-item bottom \">\n\t\t\t\t\t<div class=\"eael-horizontal-timeline-item__card bottom\">\n\t\t\t\t\t\t<div class=\"eael-horizontal-timeline-item__card-inner\">\n\t\t\t\t\t\t\t\n\t\t\t\t\t\t\t<h2 class=\"eael-horizontal-timeline-item__card-title\"><a href=\"#\"><\/a><\/h2>\t\t\t\t\t\t\t<div class=\"eael-horizontal-timeline-item__card-desc\">\n\t\t\t\t\t\t\t\t<div class=\"eael-timeline-excerpt\"><p>La Cofrad\u00eda asume la organizaci\u00f3n y desarrollo de los cortejos vinculados al convento capuchino. El proyecto se consolida y, adem\u00e1s, se recupera para la tarde del Martes Santo un V\u00eda Crucis cantado, al modo en que tradicionalmente se realizaba en los pueblos de Le\u00f3n, celebrado en la iglesia conventual de San Francisco.<\/p><\/div>\t\t\t\t\t\t\t<\/div>\n\t\t\t\t\t\t<\/div>\n\t\t\t\t\t\t\n\t\t\t\t\t\t<div class=\"eael-horizontal-timeline-item__card-arrow bottom\"><\/div>\n\t\t\t\t\t<\/div>\n\t\t\t\t<\/div>\n\t\t\t\t\t\t\t\t<div class=\"eael-horizontal-timeline-item \">\n\t\t\t\t\t\t\t\t\t\t\t<div class=\"eael-horizontal-timeline-item__meta\">\n\t\t\t\t\t\t\t2007\t\t\t\t\t\t<\/div>\n\t\t\t\t\t\t\t\t\t<\/div>\n\t\t\t\t\t\t\t\t<div class=\"eael-horizontal-timeline-item bottom \">\n\t\t\t\t\t<div class=\"eael-horizontal-timeline-item__card bottom\">\n\t\t\t\t\t\t<div class=\"eael-horizontal-timeline-item__card-inner\">\n\t\t\t\t\t\t\t\n\t\t\t\t\t\t\t<h2 class=\"eael-horizontal-timeline-item__card-title\"><a href=\"#\"><\/a><\/h2>\t\t\t\t\t\t\t<div class=\"eael-horizontal-timeline-item__card-desc\">\n\t\t\t\t\t\t\t\t<div class=\"eael-timeline-excerpt\"><p>La Cofrad\u00eda del Sant\u00edsimo Cristo de la Expiraci\u00f3n y del Silencio se reconoce heredera de una profunda tradici\u00f3n franciscana en Le\u00f3n y mantiene su actividad durante todo el a\u00f1o lit\u00fargico.<\/p><\/div>\t\t\t\t\t\t\t<\/div>\n\t\t\t\t\t\t<\/div>\n\t\t\t\t\t\t\n\t\t\t\t\t\t<div class=\"eael-horizontal-timeline-item__card-arrow bottom\"><\/div>\n\t\t\t\t\t<\/div>\n\t\t\t\t<\/div>\n\t\t\t\t                <\/div>\n\n                    <\/div>\n\n    \n    <\/div>\n\t\t\t\t<\/div>\n\t\t\t<\/div>\n\t\t<\/div>\n\t\t\t\t\t<\/div>\n\t\t\t\t\t<\/div>\n\t\t\t\t<\/div>\n\t\t<div data-particle_enable=\"false\" data-particle-mobile-disabled=\"false\" class=\"elementor-element elementor-element-202a232 e-flex e-con-boxed e-con e-parent\" data-id=\"202a232\" data-element_type=\"container\" data-e-type=\"container\" data-settings=\"{&quot;background_background&quot;:&quot;classic&quot;}\">\n\t\t\t\t\t<div class=\"e-con-inner\">\n\t\t<div data-particle_enable=\"false\" data-particle-mobile-disabled=\"false\" class=\"elementor-element elementor-element-f2219e7 e-con-full e-flex e-con e-child\" data-id=\"f2219e7\" data-element_type=\"container\" data-e-type=\"container\">\n\t\t\t\t<div class=\"elementor-element elementor-element-6cc577c elementor-widget elementor-widget-image\" data-id=\"6cc577c\" data-element_type=\"widget\" data-e-type=\"widget\" data-widget_type=\"image.default\">\n\t\t\t\t\t\t\t\t\t\t\t\t\t\t\t<img decoding=\"async\" width=\"700\" height=\"1000\" src=\"https:\/\/pruebas.cursopracticoseo.com\/wordpress_o\/wp-content\/uploads\/2026\/03\/DSC05697-2.png\" class=\"attachment-large size-large wp-image-6504\" alt=\"\" srcset=\"https:\/\/pruebas.cursopracticoseo.com\/wordpress_o\/wp-content\/uploads\/2026\/03\/DSC05697-2.png 700w, https:\/\/pruebas.cursopracticoseo.com\/wordpress_o\/wp-content\/uploads\/2026\/03\/DSC05697-2-210x300.png 210w\" sizes=\"(max-width: 700px) 100vw, 700px\" \/>\t\t\t\t\t\t\t\t\t\t\t\t\t\t\t<\/div>\n\t\t\t\t<\/div>\n\t\t<div data-particle_enable=\"false\" data-particle-mobile-disabled=\"false\" class=\"elementor-element elementor-element-21b187a e-con-full e-flex e-con e-child\" data-id=\"21b187a\" data-element_type=\"container\" data-e-type=\"container\">\n\t\t\t\t<div class=\"elementor-element elementor-element-81cce2f elementor-widget elementor-widget-heading\" data-id=\"81cce2f\" data-element_type=\"widget\" data-e-type=\"widget\" data-widget_type=\"heading.default\">\n\t\t\t\t\t<h2 class=\"elementor-heading-title elementor-size-default\">Cofrad\u00edas y Hermandades<\/h2>\t\t\t\t<\/div>\n\t\t\t\t<div class=\"elementor-element elementor-element-ee0b103 elementor-widget elementor-widget-heading\" data-id=\"ee0b103\" data-element_type=\"widget\" data-e-type=\"widget\" data-widget_type=\"heading.default\">\n\t\t\t\t\t<h2 class=\"elementor-heading-title elementor-size-default\">M\u00e1s informaci\u00f3n <\/h2>\t\t\t\t<\/div>\n\t\t\t\t<div class=\"elementor-element elementor-element-8f52fc6 elementor-widget elementor-widget-n-accordion\" data-id=\"8f52fc6\" data-element_type=\"widget\" data-e-type=\"widget\" data-settings=\"{&quot;default_state&quot;:&quot;all_collapsed&quot;,&quot;max_items_expended&quot;:&quot;one&quot;,&quot;n_accordion_animation_duration&quot;:{&quot;unit&quot;:&quot;ms&quot;,&quot;size&quot;:400,&quot;sizes&quot;:[]}}\" data-widget_type=\"nested-accordion.default\">\n\t\t\t\t\t\t\t<div class=\"e-n-accordion\" aria-label=\"Accordion. Open links with Enter or Space, close with Escape, and navigate with Arrow Keys\">\n\t\t\t\t\t\t<details id=\"e-n-accordion-item-1500\" class=\"e-n-accordion-item\" >\n\t\t\t\t<summary class=\"e-n-accordion-item-title\" data-accordion-index=\"1\" tabindex=\"0\" aria-expanded=\"false\" aria-controls=\"e-n-accordion-item-1500\" >\n\t\t\t\t\t<span class='e-n-accordion-item-title-header'><div class=\"e-n-accordion-item-title-text\"> H\u00e1bito <\/div><\/span>\n\t\t\t\t\t\t\t<span class='e-n-accordion-item-title-icon'>\n\t\t\t<span class='e-opened' ><svg aria-hidden=\"true\" class=\"e-font-icon-svg e-fas-minus\" viewBox=\"0 0 448 512\" xmlns=\"http:\/\/www.w3.org\/2000\/svg\"><path d=\"M416 208H32c-17.67 0-32 14.33-32 32v32c0 17.67 14.33 32 32 32h384c17.67 0 32-14.33 32-32v-32c0-17.67-14.33-32-32-32z\"><\/path><\/svg><\/span>\n\t\t\t<span class='e-closed'><svg aria-hidden=\"true\" class=\"e-font-icon-svg e-fas-plus\" viewBox=\"0 0 448 512\" xmlns=\"http:\/\/www.w3.org\/2000\/svg\"><path d=\"M416 208H272V64c0-17.67-14.33-32-32-32h-32c-17.67 0-32 14.33-32 32v144H32c-17.67 0-32 14.33-32 32v32c0 17.67 14.33 32 32 32h144v144c0 17.67 14.33 32 32 32h32c17.67 0 32-14.33 32-32V304h144c17.67 0 32-14.33 32-32v-32c0-17.67-14.33-32-32-32z\"><\/path><\/svg><\/span>\n\t\t<\/span>\n\n\t\t\t\t\t\t<\/summary>\n\t\t\t\t<div data-particle_enable=\"false\" data-particle-mobile-disabled=\"false\" role=\"region\" aria-labelledby=\"e-n-accordion-item-1500\" class=\"elementor-element elementor-element-6ecb79b e-con-full e-flex e-con e-child\" data-id=\"6ecb79b\" data-element_type=\"container\" data-e-type=\"container\">\n\t\t<div data-particle_enable=\"false\" data-particle-mobile-disabled=\"false\" role=\"region\" aria-labelledby=\"e-n-accordion-item-1500\" class=\"elementor-element elementor-element-e1c0d43 e-flex e-con-boxed e-con e-child\" data-id=\"e1c0d43\" data-element_type=\"container\" data-e-type=\"container\">\n\t\t\t\t\t<div class=\"e-con-inner\">\n\t\t\t\t<div class=\"elementor-element elementor-element-26a7697 elementor-widget elementor-widget-text-editor\" data-id=\"26a7697\" data-element_type=\"widget\" data-e-type=\"widget\" data-widget_type=\"text-editor.default\">\n\t\t\t\t\t\t\t\t\t<p>T\u00fanica simple de sarga en color morado (penitencial) \u201cMedinaceli\u201d, salpicada desde el canes\u00fa por peque\u00f1os botones forrados de raso blanco. Se ci\u00f1e con cord\u00f3n o c\u00edngulo simple blanco, anudado a la derecha y con los tres nudos de la Cofrad\u00eda, como el de la Tau, planteados a la usanza franciscana en recuerdo de las Tres Ca\u00eddas de Nuestro Padre Jes\u00fas Nazareno en su advocaci\u00f3n del Dainos, utilizando el n\u00famero tres como s\u00edmbolo de lo completo y definitivo.<\/p><p>El capirote es blanco (luto) de raso, y el pectoral se ci\u00f1e superponiendo la Tau. En las procesiones, la vestimenta se completa con guantes, zapatos, calcetines, corbata y pantal\u00f3n negros, y camisa blanca.<\/p><p>En los actos solemnes de la Cofrad\u00eda en los que no se utiliza t\u00fanica o se asiste descubierto, la indumentaria oficial es la Capa Parda, completada con Tau, chaqueta, corbata y pantal\u00f3n oscuro.<\/p>\t\t\t\t\t\t\t\t<\/div>\n\t\t\t\t\t<\/div>\n\t\t\t\t<\/div>\n\t\t\t\t<\/div>\n\t\t\t\t\t<\/details>\n\t\t\t\t\t\t<details id=\"e-n-accordion-item-1501\" class=\"e-n-accordion-item\" >\n\t\t\t\t<summary class=\"e-n-accordion-item-title\" data-accordion-index=\"2\" tabindex=\"-1\" aria-expanded=\"false\" aria-controls=\"e-n-accordion-item-1501\" >\n\t\t\t\t\t<span class='e-n-accordion-item-title-header'><div class=\"e-n-accordion-item-title-text\"> Emblema <\/div><\/span>\n\t\t\t\t\t\t\t<span class='e-n-accordion-item-title-icon'>\n\t\t\t<span class='e-opened' ><svg aria-hidden=\"true\" class=\"e-font-icon-svg e-fas-minus\" viewBox=\"0 0 448 512\" xmlns=\"http:\/\/www.w3.org\/2000\/svg\"><path d=\"M416 208H32c-17.67 0-32 14.33-32 32v32c0 17.67 14.33 32 32 32h384c17.67 0 32-14.33 32-32v-32c0-17.67-14.33-32-32-32z\"><\/path><\/svg><\/span>\n\t\t\t<span class='e-closed'><svg aria-hidden=\"true\" class=\"e-font-icon-svg e-fas-plus\" viewBox=\"0 0 448 512\" xmlns=\"http:\/\/www.w3.org\/2000\/svg\"><path d=\"M416 208H272V64c0-17.67-14.33-32-32-32h-32c-17.67 0-32 14.33-32 32v144H32c-17.67 0-32 14.33-32 32v32c0 17.67 14.33 32 32 32h144v144c0 17.67 14.33 32 32 32h32c17.67 0 32-14.33 32-32V304h144c17.67 0 32-14.33 32-32v-32c0-17.67-14.33-32-32-32z\"><\/path><\/svg><\/span>\n\t\t<\/span>\n\n\t\t\t\t\t\t<\/summary>\n\t\t\t\t<div data-particle_enable=\"false\" data-particle-mobile-disabled=\"false\" role=\"region\" aria-labelledby=\"e-n-accordion-item-1501\" class=\"elementor-element elementor-element-0fdad66 e-con-full e-flex e-con e-child\" data-id=\"0fdad66\" data-element_type=\"container\" data-e-type=\"container\">\n\t\t\t\t<div class=\"elementor-element elementor-element-c7a583c elementor-widget elementor-widget-text-editor\" data-id=\"c7a583c\" data-element_type=\"widget\" data-e-type=\"widget\" data-widget_type=\"text-editor.default\">\n\t\t\t\t\t\t\t\t\t<p data-start=\"0\" data-end=\"258\">Tau de color marr\u00f3n con sudario blanco, cuyo lado derecho de la parte vertical es m\u00e1s largo que el izquierdo, siguiendo el modelo franciscano. Se encuentra inscrita en una corona de espinas de ocho huecos, de color marr\u00f3n en un tono m\u00e1s oscuro.<\/p><p data-start=\"260\" data-end=\"447\" data-is-last-node=\"\" data-is-only-node=\"\">Los hermanos portan al pecho una Tau simple, de dise\u00f1o similar al descrito, realizada en madera oscura y sencilla, sujeta mediante un cord\u00f3n con los tres nudos de la Cofrad\u00eda.<\/p>\t\t\t\t\t\t\t\t<\/div>\n\t\t\t\t<\/div>\n\t\t\t\t\t<\/details>\n\t\t\t\t\t\t<details id=\"e-n-accordion-item-1502\" class=\"e-n-accordion-item\" >\n\t\t\t\t<summary class=\"e-n-accordion-item-title\" data-accordion-index=\"3\" tabindex=\"-1\" aria-expanded=\"false\" aria-controls=\"e-n-accordion-item-1502\" >\n\t\t\t\t\t<span class='e-n-accordion-item-title-header'><div class=\"e-n-accordion-item-title-text\"> Actos en Semana Santa <\/div><\/span>\n\t\t\t\t\t\t\t<span class='e-n-accordion-item-title-icon'>\n\t\t\t<span class='e-opened' ><svg aria-hidden=\"true\" class=\"e-font-icon-svg e-fas-minus\" viewBox=\"0 0 448 512\" xmlns=\"http:\/\/www.w3.org\/2000\/svg\"><path d=\"M416 208H32c-17.67 0-32 14.33-32 32v32c0 17.67 14.33 32 32 32h384c17.67 0 32-14.33 32-32v-32c0-17.67-14.33-32-32-32z\"><\/path><\/svg><\/span>\n\t\t\t<span class='e-closed'><svg aria-hidden=\"true\" class=\"e-font-icon-svg e-fas-plus\" viewBox=\"0 0 448 512\" xmlns=\"http:\/\/www.w3.org\/2000\/svg\"><path d=\"M416 208H272V64c0-17.67-14.33-32-32-32h-32c-17.67 0-32 14.33-32 32v144H32c-17.67 0-32 14.33-32 32v32c0 17.67 14.33 32 32 32h144v144c0 17.67 14.33 32 32 32h32c17.67 0 32-14.33 32-32V304h144c17.67 0 32-14.33 32-32v-32c0-17.67-14.33-32-32-32z\"><\/path><\/svg><\/span>\n\t\t<\/span>\n\n\t\t\t\t\t\t<\/summary>\n\t\t\t\t<div data-particle_enable=\"false\" data-particle-mobile-disabled=\"false\" role=\"region\" aria-labelledby=\"e-n-accordion-item-1502\" class=\"elementor-element elementor-element-143370f e-con-full e-flex e-con e-child\" data-id=\"143370f\" data-element_type=\"container\" data-e-type=\"container\">\n\t\t\t\t<div class=\"elementor-element elementor-element-e30151e elementor-widget elementor-widget-text-editor\" data-id=\"e30151e\" data-element_type=\"widget\" data-e-type=\"widget\" data-widget_type=\"text-editor.default\">\n\t\t\t\t\t\t\t\t\t<ul><li>Domingo de Ramos: Procesi\u00f3n del Dainos (Anta\u00f1o del Rosario de la Buena Muerte). Organizada por la Orden Franciscana Seglar OFS.<\/li><li>Martes Santo: Tradicional Calvario o V\u00eda Crucis Popular Leon\u00e9s Cantado.<\/li><li>Mi\u00e9rcoles Santo: Procesi\u00f3n del Silencio<\/li><\/ul>\t\t\t\t\t\t\t\t<\/div>\n\t\t\t\t<\/div>\n\t\t\t\t\t<\/details>\n\t\t\t\t\t\t<details id=\"e-n-accordion-item-1503\" class=\"e-n-accordion-item\" >\n\t\t\t\t<summary class=\"e-n-accordion-item-title\" data-accordion-index=\"4\" tabindex=\"-1\" aria-expanded=\"false\" aria-controls=\"e-n-accordion-item-1503\" >\n\t\t\t\t\t<span class='e-n-accordion-item-title-header'><div class=\"e-n-accordion-item-title-text\"> Procesiones <\/div><\/span>\n\t\t\t\t\t\t\t<span class='e-n-accordion-item-title-icon'>\n\t\t\t<span class='e-opened' ><svg aria-hidden=\"true\" class=\"e-font-icon-svg e-fas-minus\" viewBox=\"0 0 448 512\" xmlns=\"http:\/\/www.w3.org\/2000\/svg\"><path d=\"M416 208H32c-17.67 0-32 14.33-32 32v32c0 17.67 14.33 32 32 32h384c17.67 0 32-14.33 32-32v-32c0-17.67-14.33-32-32-32z\"><\/path><\/svg><\/span>\n\t\t\t<span class='e-closed'><svg aria-hidden=\"true\" class=\"e-font-icon-svg e-fas-plus\" viewBox=\"0 0 448 512\" xmlns=\"http:\/\/www.w3.org\/2000\/svg\"><path d=\"M416 208H272V64c0-17.67-14.33-32-32-32h-32c-17.67 0-32 14.33-32 32v144H32c-17.67 0-32 14.33-32 32v32c0 17.67 14.33 32 32 32h144v144c0 17.67 14.33 32 32 32h32c17.67 0 32-14.33 32-32V304h144c17.67 0 32-14.33 32-32v-32c0-17.67-14.33-32-32-32z\"><\/path><\/svg><\/span>\n\t\t<\/span>\n\n\t\t\t\t\t\t<\/summary>\n\t\t\t\t<div data-particle_enable=\"false\" data-particle-mobile-disabled=\"false\" role=\"region\" aria-labelledby=\"e-n-accordion-item-1503\" class=\"elementor-element elementor-element-a5dd0cc e-con-full e-flex e-con e-child\" data-id=\"a5dd0cc\" data-element_type=\"container\" data-e-type=\"container\">\n\t\t<div data-particle_enable=\"false\" data-particle-mobile-disabled=\"false\" role=\"region\" aria-labelledby=\"e-n-accordion-item-1503\" class=\"elementor-element elementor-element-ad7d7ba e-flex e-con-boxed e-con e-child\" data-id=\"ad7d7ba\" data-element_type=\"container\" data-e-type=\"container\">\n\t\t\t\t\t<div class=\"e-con-inner\">\n\t\t<div data-particle_enable=\"false\" data-particle-mobile-disabled=\"false\" role=\"region\" aria-labelledby=\"e-n-accordion-item-1503\" class=\"elementor-element elementor-element-4483d82 e-grid e-con-full e-con e-child\" data-id=\"4483d82\" data-element_type=\"container\" data-e-type=\"container\">\n\t\t<div data-particle_enable=\"false\" data-particle-mobile-disabled=\"false\" role=\"region\" aria-labelledby=\"e-n-accordion-item-1503\" class=\"elementor-element elementor-element-7c1bc76 e-con-full e-flex e-con e-child\" data-id=\"7c1bc76\" data-element_type=\"container\" data-e-type=\"container\">\n\t\t\t\t<div class=\"elementor-element elementor-element-5f857e9 elementor-widget elementor-widget-heading\" data-id=\"5f857e9\" data-element_type=\"widget\" data-e-type=\"widget\" data-widget_type=\"heading.default\">\n\t\t\t\t\t<h2 class=\"elementor-heading-title elementor-size-default\">Domingo de Ramos<\/h2>\t\t\t\t<\/div>\n\t\t<div data-particle_enable=\"false\" data-particle-mobile-disabled=\"false\" role=\"region\" aria-labelledby=\"e-n-accordion-item-1503\" class=\"elementor-element elementor-element-19fbe69 e-grid e-con-full e-con e-child\" data-id=\"19fbe69\" data-element_type=\"container\" data-e-type=\"container\">\n\t\t\t\t<div class=\"elementor-element elementor-element-8f731a6 elementor-widget elementor-widget-button\" data-id=\"8f731a6\" data-element_type=\"widget\" data-e-type=\"widget\" data-widget_type=\"button.default\">\n\t\t\t\t\t\t\t\t\t\t<a class=\"elementor-button elementor-button-link elementor-size-sm\" href=\"#elementor-action%3Aaction%3Dpopup%3Aopen%26settings%3DeyJpZCI6IjM4NTMiLCJ0b2dnbGUiOmZhbHNlfQ%3D%3D\">\n\t\t\t\t\t\t<span class=\"elementor-button-content-wrapper\">\n\t\t\t\t\t\t\t\t\t<span class=\"elementor-button-text\">INMEMORIAL PROCESI\u00d3N DEL \u201cDAINOS\u201d, ANTA\u00d1O DEL SANTO ROSARIO DE LA BUENA MUERTE<\/span>\n\t\t\t\t\t<\/span>\n\t\t\t\t\t<\/a>\n\t\t\t\t\t\t\t\t<\/div>\n\t\t\t\t<\/div>\n\t\t\t\t<\/div>\n\t\t\t\t<div class=\"elementor-element elementor-element-0ec5f85 elementor-widget elementor-widget-heading\" data-id=\"0ec5f85\" data-element_type=\"widget\" data-e-type=\"widget\" data-widget_type=\"heading.default\">\n\t\t\t\t\t<h2 class=\"elementor-heading-title elementor-size-default\">Martes Santo<\/h2>\t\t\t\t<\/div>\n\t\t\t\t<div class=\"elementor-element elementor-element-49caaf9 elementor-widget elementor-widget-button\" data-id=\"49caaf9\" data-element_type=\"widget\" data-e-type=\"widget\" data-widget_type=\"button.default\">\n\t\t\t\t\t\t\t\t\t\t<a class=\"elementor-button elementor-button-link elementor-size-sm\" href=\"#elementor-action%3Aaction%3Dpopup%3Aopen%26settings%3DeyJpZCI6IjM5MzAiLCJ0b2dnbGUiOmZhbHNlfQ%3D%3D\">\n\t\t\t\t\t\t<span class=\"elementor-button-content-wrapper\">\n\t\t\t\t\t\t\t\t\t<span class=\"elementor-button-text\">TRADICIONAL CALVARIO O V\u00cdA CRUCIS LEON\u00c9S CANTADO<\/span>\n\t\t\t\t\t<\/span>\n\t\t\t\t\t<\/a>\n\t\t\t\t\t\t\t\t<\/div>\n\t\t\t\t<\/div>\n\t\t\t\t\t<\/div>\n\t\t\t\t<\/div>\n\t\t<div data-particle_enable=\"false\" data-particle-mobile-disabled=\"false\" role=\"region\" aria-labelledby=\"e-n-accordion-item-1503\" class=\"elementor-element elementor-element-a486a79 e-flex e-con-boxed e-con e-child\" data-id=\"a486a79\" data-element_type=\"container\" data-e-type=\"container\">\n\t\t\t\t\t<div class=\"e-con-inner\">\n\t\t\t\t<div class=\"elementor-element elementor-element-e4b224c elementor-widget elementor-widget-heading\" data-id=\"e4b224c\" data-element_type=\"widget\" data-e-type=\"widget\" data-widget_type=\"heading.default\">\n\t\t\t\t\t<h2 class=\"elementor-heading-title elementor-size-default\">Mi\u00e9rcoles Santo<\/h2>\t\t\t\t<\/div>\n\t\t<div data-particle_enable=\"false\" data-particle-mobile-disabled=\"false\" role=\"region\" aria-labelledby=\"e-n-accordion-item-1503\" class=\"elementor-element elementor-element-e1013a4 e-grid e-con-full e-con e-child\" data-id=\"e1013a4\" data-element_type=\"container\" data-e-type=\"container\">\n\t\t\t\t<div class=\"elementor-element elementor-element-48bcab9 elementor-widget elementor-widget-button\" data-id=\"48bcab9\" data-element_type=\"widget\" data-e-type=\"widget\" data-widget_type=\"button.default\">\n\t\t\t\t\t\t\t\t\t\t<a class=\"elementor-button elementor-button-link elementor-size-sm\" href=\"#elementor-action%3Aaction%3Dpopup%3Aopen%26settings%3DeyJpZCI6IjM5NTMiLCJ0b2dnbGUiOmZhbHNlfQ%3D%3D\">\n\t\t\t\t\t\t<span class=\"elementor-button-content-wrapper\">\n\t\t\t\t\t\t\t\t\t<span class=\"elementor-button-text\">PROCESI\u00d3N DEL SILENCIO<\/span>\n\t\t\t\t\t<\/span>\n\t\t\t\t\t<\/a>\n\t\t\t\t\t\t\t\t<\/div>\n\t\t\t\t<\/div>\n\t\t\t\t\t<\/div>\n\t\t\t\t<\/div>\n\t\t\t\t<\/div>\n\t\t\t\t\t<\/details>\n\t\t\t\t\t\t<details id=\"e-n-accordion-item-1504\" class=\"e-n-accordion-item\" >\n\t\t\t\t<summary class=\"e-n-accordion-item-title\" data-accordion-index=\"5\" tabindex=\"-1\" aria-expanded=\"false\" aria-controls=\"e-n-accordion-item-1504\" >\n\t\t\t\t\t<span class='e-n-accordion-item-title-header'><div class=\"e-n-accordion-item-title-text\"> Pasos <\/div><\/span>\n\t\t\t\t\t\t\t<span class='e-n-accordion-item-title-icon'>\n\t\t\t<span class='e-opened' ><svg aria-hidden=\"true\" class=\"e-font-icon-svg e-fas-minus\" viewBox=\"0 0 448 512\" xmlns=\"http:\/\/www.w3.org\/2000\/svg\"><path d=\"M416 208H32c-17.67 0-32 14.33-32 32v32c0 17.67 14.33 32 32 32h384c17.67 0 32-14.33 32-32v-32c0-17.67-14.33-32-32-32z\"><\/path><\/svg><\/span>\n\t\t\t<span class='e-closed'><svg aria-hidden=\"true\" class=\"e-font-icon-svg e-fas-plus\" viewBox=\"0 0 448 512\" xmlns=\"http:\/\/www.w3.org\/2000\/svg\"><path d=\"M416 208H272V64c0-17.67-14.33-32-32-32h-32c-17.67 0-32 14.33-32 32v144H32c-17.67 0-32 14.33-32 32v32c0 17.67 14.33 32 32 32h144v144c0 17.67 14.33 32 32 32h32c17.67 0 32-14.33 32-32V304h144c17.67 0 32-14.33 32-32v-32c0-17.67-14.33-32-32-32z\"><\/path><\/svg><\/span>\n\t\t<\/span>\n\n\t\t\t\t\t\t<\/summary>\n\t\t\t\t<div data-particle_enable=\"false\" data-particle-mobile-disabled=\"false\" role=\"region\" aria-labelledby=\"e-n-accordion-item-1504\" class=\"elementor-element elementor-element-fd88ace e-con-full e-flex e-con e-child\" data-id=\"fd88ace\" data-element_type=\"container\" data-e-type=\"container\">\n\t\t\t\t<div class=\"elementor-element elementor-element-6458959 elementor-widget elementor-widget-text-editor\" data-id=\"6458959\" data-element_type=\"widget\" data-e-type=\"widget\" data-widget_type=\"text-editor.default\">\n\t\t\t\t\t\t\t\t\t<ul><li><strong>Jes\u00fas Nazareno \u201cDainos\u201d.<\/strong> Esc. Castellana \u2013 siglo XVIII. Braceros: 40.<\/li><li><strong>Nuestro Padre Jes\u00fas de Medinaceli \u201cEl Silencio\u201d.<\/strong> Copia del original Matritense \u2013 Taller de Asorey (siglo XX). Braceros: 40.<\/li><li><strong>Sant\u00edsimo Cristo de la Expiraci\u00f3n.<\/strong> An\u00f3nimo (siglo XX). Braceros: 16.<\/li><\/ul>\t\t\t\t\t\t\t\t<\/div>\n\t\t\t\t<\/div>\n\t\t\t\t\t<\/details>\n\t\t\t\t\t<\/div>\n\t\t\t\t\t\t<\/div>\n\t\t\t\t<\/div>\n\t\t\t\t\t<\/div>\n\t\t\t\t<\/div>\n\t\t<div data-particle_enable=\"false\" data-particle-mobile-disabled=\"false\" class=\"elementor-element elementor-element-7a0faaeb e-flex e-con-boxed e-con e-parent\" data-id=\"7a0faaeb\" data-element_type=\"container\" data-e-type=\"container\" data-settings=\"{&quot;background_background&quot;:&quot;classic&quot;}\">\n\t\t\t\t\t<div class=\"e-con-inner\">\n\t\t\t\t<div class=\"elementor-element elementor-element-5b6d92e1 elementor-widget elementor-widget-heading\" data-id=\"5b6d92e1\" data-element_type=\"widget\" data-e-type=\"widget\" data-widget_type=\"heading.default\">\n\t\t\t\t\t<h2 class=\"elementor-heading-title elementor-size-default\">Cofrad\u00edas y Hermandades\n<\/h2>\t\t\t\t<\/div>\n\t\t\t\t<div class=\"elementor-element elementor-element-490b02e5 elementor-widget elementor-widget-heading\" data-id=\"490b02e5\" data-element_type=\"widget\" data-e-type=\"widget\" data-widget_type=\"heading.default\">\n\t\t\t\t\t<h2 class=\"elementor-heading-title elementor-size-default\">Pasos de la Cofrad\u00eda<\/h2>\t\t\t\t<\/div>\n\t\t\t\t\t<\/div>\n\t\t\t\t<\/div>\n\t\t<div data-particle_enable=\"false\" data-particle-mobile-disabled=\"false\" class=\"elementor-element elementor-element-651936ed e-flex e-con-boxed e-con e-parent\" data-id=\"651936ed\" data-element_type=\"container\" data-e-type=\"container\">\n\t\t\t\t\t<div class=\"e-con-inner\">\n\t\t<div data-particle_enable=\"false\" data-particle-mobile-disabled=\"false\" class=\"elementor-element elementor-element-660bb864 e-con-full e-flex e-con e-child\" data-id=\"660bb864\" data-element_type=\"container\" data-e-type=\"container\" data-settings=\"{&quot;background_background&quot;:&quot;classic&quot;}\">\n\t\t\t\t<div class=\"elementor-element elementor-element-41bd8e2a elementor-widget elementor-widget-image\" data-id=\"41bd8e2a\" data-element_type=\"widget\" data-e-type=\"widget\" data-widget_type=\"image.default\">\n\t\t\t\t\t\t\t\t\t\t\t\t\t\t\t<img decoding=\"async\" width=\"450\" height=\"558\" src=\"https:\/\/pruebas.cursopracticoseo.com\/wordpress_o\/wp-content\/uploads\/2026\/01\/juntamayorcolor-1.png\" class=\"attachment-large size-large wp-image-330\" alt=\"\" srcset=\"https:\/\/pruebas.cursopracticoseo.com\/wordpress_o\/wp-content\/uploads\/2026\/01\/juntamayorcolor-1.png 450w, https:\/\/pruebas.cursopracticoseo.com\/wordpress_o\/wp-content\/uploads\/2026\/01\/juntamayorcolor-1-242x300.png 242w\" sizes=\"(max-width: 450px) 100vw, 450px\" \/>\t\t\t\t\t\t\t\t\t\t\t\t\t\t\t<\/div>\n\t\t\t\t<div class=\"elementor-element elementor-element-563f9cd3 elementor-widget elementor-widget-heading\" data-id=\"563f9cd3\" data-element_type=\"widget\" data-e-type=\"widget\" data-widget_type=\"heading.default\">\n\t\t\t\t\t<h2 class=\"elementor-heading-title elementor-size-default\">Jes\u00fas Nazareno \u201cDainos\u201d<\/h2>\t\t\t\t<\/div>\n\t\t\t\t<div class=\"elementor-element elementor-element-101c7c9c elementor-widget elementor-widget-text-editor\" data-id=\"101c7c9c\" data-element_type=\"widget\" data-e-type=\"widget\" data-widget_type=\"text-editor.default\">\n\t\t\t\t\t\t\t\t\t<p>Esc. Castellana \u2013 siglo XVIII<\/p>\t\t\t\t\t\t\t\t<\/div>\n\t\t\t\t<\/div>\n\t\t<div data-particle_enable=\"false\" data-particle-mobile-disabled=\"false\" class=\"elementor-element elementor-element-d9b816e e-con-full e-flex e-con e-child\" data-id=\"d9b816e\" data-element_type=\"container\" data-e-type=\"container\" data-settings=\"{&quot;background_background&quot;:&quot;classic&quot;}\">\n\t\t\t\t<div class=\"elementor-element elementor-element-6d062e02 elementor-widget elementor-widget-image\" data-id=\"6d062e02\" data-element_type=\"widget\" data-e-type=\"widget\" data-widget_type=\"image.default\">\n\t\t\t\t\t\t\t\t\t\t\t\t\t\t\t<img decoding=\"async\" width=\"450\" height=\"558\" src=\"https:\/\/pruebas.cursopracticoseo.com\/wordpress_o\/wp-content\/uploads\/2026\/01\/juntamayorcolor-1.png\" class=\"attachment-large size-large wp-image-330\" alt=\"\" srcset=\"https:\/\/pruebas.cursopracticoseo.com\/wordpress_o\/wp-content\/uploads\/2026\/01\/juntamayorcolor-1.png 450w, https:\/\/pruebas.cursopracticoseo.com\/wordpress_o\/wp-content\/uploads\/2026\/01\/juntamayorcolor-1-242x300.png 242w\" sizes=\"(max-width: 450px) 100vw, 450px\" \/>\t\t\t\t\t\t\t\t\t\t\t\t\t\t\t<\/div>\n\t\t\t\t<div class=\"elementor-element elementor-element-a290272 elementor-widget elementor-widget-heading\" data-id=\"a290272\" data-element_type=\"widget\" data-e-type=\"widget\" data-widget_type=\"heading.default\">\n\t\t\t\t\t<h2 class=\"elementor-heading-title elementor-size-default\">Nuestro Padre Jes\u00fas de Medinaceli \u201cEl Silencio\u201d<\/h2>\t\t\t\t<\/div>\n\t\t\t\t<div class=\"elementor-element elementor-element-3ca83b54 elementor-widget elementor-widget-text-editor\" data-id=\"3ca83b54\" data-element_type=\"widget\" data-e-type=\"widget\" data-widget_type=\"text-editor.default\">\n\t\t\t\t\t\t\t\t\t<p>Copia del original Matritense \u2013 taller de Asorey (siglo XX)<\/p>\t\t\t\t\t\t\t\t<\/div>\n\t\t\t\t<\/div>\n\t\t<div data-particle_enable=\"false\" data-particle-mobile-disabled=\"false\" class=\"elementor-element elementor-element-c2e7e31 e-con-full e-flex e-con e-child\" data-id=\"c2e7e31\" data-element_type=\"container\" data-e-type=\"container\" data-settings=\"{&quot;background_background&quot;:&quot;classic&quot;}\">\n\t\t\t\t<div class=\"elementor-element elementor-element-18637780 elementor-widget elementor-widget-image\" data-id=\"18637780\" data-element_type=\"widget\" data-e-type=\"widget\" data-widget_type=\"image.default\">\n\t\t\t\t\t\t\t\t\t\t\t\t\t\t\t<img decoding=\"async\" width=\"450\" height=\"558\" src=\"https:\/\/pruebas.cursopracticoseo.com\/wordpress_o\/wp-content\/uploads\/2026\/01\/juntamayorcolor-1.png\" class=\"attachment-large size-large wp-image-330\" alt=\"\" srcset=\"https:\/\/pruebas.cursopracticoseo.com\/wordpress_o\/wp-content\/uploads\/2026\/01\/juntamayorcolor-1.png 450w, https:\/\/pruebas.cursopracticoseo.com\/wordpress_o\/wp-content\/uploads\/2026\/01\/juntamayorcolor-1-242x300.png 242w\" sizes=\"(max-width: 450px) 100vw, 450px\" \/>\t\t\t\t\t\t\t\t\t\t\t\t\t\t\t<\/div>\n\t\t\t\t<div class=\"elementor-element elementor-element-35e20c7d elementor-widget elementor-widget-heading\" data-id=\"35e20c7d\" data-element_type=\"widget\" data-e-type=\"widget\" data-widget_type=\"heading.default\">\n\t\t\t\t\t<h2 class=\"elementor-heading-title elementor-size-default\">Sant\u00edsimo Cristo de la Expiraci\u00f3n<\/h2>\t\t\t\t<\/div>\n\t\t\t\t<div class=\"elementor-element elementor-element-3bf1d93f elementor-widget elementor-widget-text-editor\" data-id=\"3bf1d93f\" data-element_type=\"widget\" data-e-type=\"widget\" data-widget_type=\"text-editor.default\">\n\t\t\t\t\t\t\t\t\t<p>An\u00f3nimo (siglo XX)<\/p>\t\t\t\t\t\t\t\t<\/div>\n\t\t\t\t<\/div>\n\t\t\t\t\t<\/div>\n\t\t\t\t<\/div>\n\t\t\t\t<\/div>\n\t\t","protected":false},"excerpt":{"rendered":"<p>Cofrad\u00edas y Hermandades Historia de la Cofrad\u00eda Fundaci\u00f3n: 1991 Sede Can\u00f3nica: Convento de San Francisco \u00abEl Real\u00bb (HH. MM. Capuchinos) Sede Social: Convento de San Francisco \u00abEl Real \u00bb (HH.MM. Capuchinos) Facebook Instagram Cofrad\u00edas y Hermandades Historia de la Cofrad\u00eda En este entorno surge la popular procesi\u00f3n del \u201cDainos\u201d, documentada ya en el siglo XVII [&hellip;]<\/p>\n","protected":false},"author":1,"featured_media":3345,"parent":74,"menu_order":0,"comment_status":"closed","ping_status":"closed","template":"elementor_header_footer","meta":{"footnotes":""},"class_list":["post-3494","page","type-page","status-publish","has-post-thumbnail","hentry"],"_links":{"self":[{"href":"https:\/\/pruebas.cursopracticoseo.com\/wordpress_o\/wp-json\/wp\/v2\/pages\/3494","targetHints":{"allow":["GET"]}}],"collection":[{"href":"https:\/\/pruebas.cursopracticoseo.com\/wordpress_o\/wp-json\/wp\/v2\/pages"}],"about":[{"href":"https:\/\/pruebas.cursopracticoseo.com\/wordpress_o\/wp-json\/wp\/v2\/types\/page"}],"author":[{"embeddable":true,"href":"https:\/\/pruebas.cursopracticoseo.com\/wordpress_o\/wp-json\/wp\/v2\/users\/1"}],"replies":[{"embeddable":true,"href":"https:\/\/pruebas.cursopracticoseo.com\/wordpress_o\/wp-json\/wp\/v2\/comments?post=3494"}],"version-history":[{"count":64,"href":"https:\/\/pruebas.cursopracticoseo.com\/wordpress_o\/wp-json\/wp\/v2\/pages\/3494\/revisions"}],"predecessor-version":[{"id":6652,"href":"https:\/\/pruebas.cursopracticoseo.com\/wordpress_o\/wp-json\/wp\/v2\/pages\/3494\/revisions\/6652"}],"up":[{"embeddable":true,"href":"https:\/\/pruebas.cursopracticoseo.com\/wordpress_o\/wp-json\/wp\/v2\/pages\/74"}],"wp:featuredmedia":[{"embeddable":true,"href":"https:\/\/pruebas.cursopracticoseo.com\/wordpress_o\/wp-json\/wp\/v2\/media\/3345"}],"wp:attachment":[{"href":"https:\/\/pruebas.cursopracticoseo.com\/wordpress_o\/wp-json\/wp\/v2\/media?parent=3494"}],"curies":[{"name":"wp","href":"https:\/\/api.w.org\/{rel}","templated":true}]}}