{"id":33,"date":"2026-01-19T12:31:51","date_gmt":"2026-01-19T12:31:51","guid":{"rendered":"https:\/\/pruebas.cursopracticoseo.com\/wordpress_o\/?page_id=33"},"modified":"2026-03-11T09:57:23","modified_gmt":"2026-03-11T09:57:23","slug":"junta-mayor-semana-santa","status":"publish","type":"page","link":"https:\/\/pruebas.cursopracticoseo.com\/wordpress_o\/junta-mayor-semana-santa\/","title":{"rendered":"Junta Mayor de Semana Santa"},"content":{"rendered":"\t\t<div data-elementor-type=\"wp-page\" data-elementor-id=\"33\" class=\"elementor elementor-33\" data-elementor-post-type=\"page\">\n\t\t\t\t<div data-particle_enable=\"false\" data-particle-mobile-disabled=\"false\" class=\"elementor-element elementor-element-dbc2fe1 e-flex e-con-boxed e-con e-parent\" data-id=\"dbc2fe1\" data-element_type=\"container\" data-e-type=\"container\" data-settings=\"{&quot;background_background&quot;:&quot;classic&quot;}\">\n\t\t\t\t\t<div class=\"e-con-inner\">\n\t\t\t\t<div class=\"elementor-element elementor-element-67ab9cb elementor-widget elementor-widget-heading\" data-id=\"67ab9cb\" data-element_type=\"widget\" data-e-type=\"widget\" data-widget_type=\"heading.default\">\n\t\t\t\t\t<h2 class=\"elementor-heading-title elementor-size-default\">Junta Mayor de Semana Santa<\/h2>\t\t\t\t<\/div>\n\t\t\t\t<div class=\"elementor-element elementor-element-b395172 elementor-widget elementor-widget-shortcode\" data-id=\"b395172\" data-element_type=\"widget\" data-e-type=\"widget\" data-widget_type=\"shortcode.default\">\n\t\t\t\t\t\t\t<div class=\"elementor-shortcode\"><nav aria-label=\"breadcrumbs\" class=\"rank-math-breadcrumb\"><p><span class=\"last\">Home<\/span><\/p><\/nav><\/div>\n\t\t\t\t\t\t<\/div>\n\t\t\t\t\t<\/div>\n\t\t\t\t<\/div>\n\t\t<div data-particle_enable=\"false\" data-particle-mobile-disabled=\"false\" class=\"elementor-element elementor-element-ae9a7d7 e-flex e-con-boxed e-con e-parent\" data-id=\"ae9a7d7\" data-element_type=\"container\" data-e-type=\"container\" data-settings=\"{&quot;background_background&quot;:&quot;classic&quot;}\">\n\t\t\t\t\t<div class=\"e-con-inner\">\n\t\t<div data-particle_enable=\"false\" data-particle-mobile-disabled=\"false\" class=\"elementor-element elementor-element-db42fb1 e-con-full e-flex e-con e-child\" data-id=\"db42fb1\" data-element_type=\"container\" data-e-type=\"container\">\n\t\t\t\t<div class=\"elementor-element elementor-element-d9d85b3 elementor-widget elementor-widget-heading\" data-id=\"d9d85b3\" data-element_type=\"widget\" data-e-type=\"widget\" data-widget_type=\"heading.default\">\n\t\t\t\t\t<h2 class=\"elementor-heading-title elementor-size-default\">Nuestra Semana Santa<\/h2>\t\t\t\t<\/div>\n\t\t\t\t<div class=\"elementor-element elementor-element-39e5c48 elementor-widget elementor-widget-heading\" data-id=\"39e5c48\" data-element_type=\"widget\" data-e-type=\"widget\" data-widget_type=\"heading.default\">\n\t\t\t\t\t<h2 class=\"elementor-heading-title elementor-size-default\">Breve Historia<\/h2>\t\t\t\t<\/div>\n\t\t\t\t<div class=\"elementor-element elementor-element-14ea467 elementor-widget elementor-widget-text-editor\" data-id=\"14ea467\" data-element_type=\"widget\" data-e-type=\"widget\" data-widget_type=\"text-editor.default\">\n\t\t\t\t\t\t\t\t\t<p>La\u00a0<strong>Semana Santa<\/strong>\u00a0es el principal acontecimiento religioso, cultural y tradicional de la ciudad de Le\u00f3n. Su origen se remonta al\u00a0<strong>siglo XVI<\/strong>, aunque ya desde el\u00a0<strong>siglo XIII<\/strong>\u00a0se conservan indicios de diferentes manifestaciones religiosas para conmemorar la Pasi\u00f3n, Muerte y Resurrecci\u00f3n de Cristo.<\/p>\t\t\t\t\t\t\t\t<\/div>\n\t\t\t\t<\/div>\n\t\t\t\t\t<\/div>\n\t\t\t\t<\/div>\n\t\t<div data-particle_enable=\"false\" data-particle-mobile-disabled=\"false\" class=\"elementor-element elementor-element-90f74d6 e-flex e-con-boxed e-con e-parent\" data-id=\"90f74d6\" data-element_type=\"container\" data-e-type=\"container\" data-settings=\"{&quot;background_background&quot;:&quot;classic&quot;}\">\n\t\t\t\t\t<div class=\"e-con-inner\">\n\t\t<div data-particle_enable=\"false\" data-particle-mobile-disabled=\"false\" class=\"elementor-element elementor-element-52eb5d4 e-con-full e-flex e-con e-child\" data-id=\"52eb5d4\" data-element_type=\"container\" data-e-type=\"container\">\n\t\t\t\t<div class=\"elementor-element elementor-element-033c6af elementor-widget elementor-widget-eael-content-timeline\" data-id=\"033c6af\" data-element_type=\"widget\" data-e-type=\"widget\" data-widget_type=\"eael-content-timeline.default\">\n\t\t\t\t\t\t\t<div id=\"eael-content-timeline-033c6af\" class=\"content-timeline-layout-center date-position- horizontal-timeline-wrapper\" data-slide_to_scroll=\"{&quot;desktop&quot;:1,&quot;mobile&quot;:1,&quot;tablet&quot;:1}\">\n\t\t\t<div class=\"eael-content-timeline-container\">\n\t\t\t\t<div class=\"eael-content-timeline-container\">\n\t\t\t\t\t\t\t\t\t\t\t\t\t\t\t\t\t\t\t\t\t\t\t<div class=\"eael-content-timeline-block\">\n    <div class=\"eael-content-timeline-line\">\n        <div class=\"eael-content-timeline-inner\"><\/div>\n    <\/div>\n    <div class=\"eael-content-timeline-img eael-picture \"><svg class=\"e-font-icon-svg e-fas-pencil-alt\" viewBox=\"0 0 512 512\" xmlns=\"http:\/\/www.w3.org\/2000\/svg\"><path d=\"M497.9 142.1l-46.1 46.1c-4.7 4.7-12.3 4.7-17 0l-111-111c-4.7-4.7-4.7-12.3 0-17l46.1-46.1c18.7-18.7 49.1-18.7 67.9 0l60.1 60.1c18.8 18.7 18.8 49.1 0 67.9zM284.2 99.8L21.6 362.4.4 483.9c-2.9 16.4 11.4 30.6 27.8 27.8l121.5-21.3 262.6-262.6c4.7-4.7 4.7-12.3 0-17l-111-111c-4.8-4.7-12.4-4.7-17.1 0zM124.1 339.9c-5.5-5.5-5.5-14.3 0-19.8l154-154c5.5-5.5 14.3-5.5 19.8 0s5.5 14.3 0 19.8l-154 154c-5.5 5.5-14.3 5.5-19.8 0zM88 424h48v36.3l-64.5 11.3-31.1-31.1L51.7 376H88v48z\"><\/path><\/svg><\/div><div class=\"eael-content-timeline-content\"><span class=\"eael-date\">1944 \u2013 15 de mayo<\/span><h2 class=\"eael-timeline-title\"><a href=\"#\">Se constituye la Comisi\u00f3n Pro-Fomento de las Procesiones de la Semana Santa,<\/a><\/h2><div class=\"eael-timeline-excerpt\"><p>\u00a0integrada por representantes de las cofrad\u00edas de Angustias y Soledad, Dulce Nombre de Jes\u00fas Nazareno y Minerva y Vera Cruz. Su objetivo es fomentar las procesiones respetando la autonom\u00eda de cada cofrad\u00eda.<\/p><\/div><\/div><\/div>\t\t\t\t\t\t\t\t\t\t\t\t\t\t\t\t\t\t<div class=\"eael-content-timeline-block\">\n    <div class=\"eael-content-timeline-line\">\n        <div class=\"eael-content-timeline-inner\"><\/div>\n    <\/div>\n    <div class=\"eael-content-timeline-img eael-picture \"><svg class=\"e-font-icon-svg e-fas-pencil-alt\" viewBox=\"0 0 512 512\" xmlns=\"http:\/\/www.w3.org\/2000\/svg\"><path d=\"M497.9 142.1l-46.1 46.1c-4.7 4.7-12.3 4.7-17 0l-111-111c-4.7-4.7-4.7-12.3 0-17l46.1-46.1c18.7-18.7 49.1-18.7 67.9 0l60.1 60.1c18.8 18.7 18.8 49.1 0 67.9zM284.2 99.8L21.6 362.4.4 483.9c-2.9 16.4 11.4 30.6 27.8 27.8l121.5-21.3 262.6-262.6c4.7-4.7 4.7-12.3 0-17l-111-111c-4.8-4.7-12.4-4.7-17.1 0zM124.1 339.9c-5.5-5.5-5.5-14.3 0-19.8l154-154c5.5-5.5 14.3-5.5 19.8 0s5.5 14.3 0 19.8l-154 154c-5.5 5.5-14.3 5.5-19.8 0zM88 424h48v36.3l-64.5 11.3-31.1-31.1L51.7 376H88v48z\"><\/path><\/svg><\/div><div class=\"eael-content-timeline-content\"><span class=\"eael-date\">1944 \u2013 15 de mayo<\/span><h2 class=\"eael-timeline-title\"><a href=\"#\">Se constituye la Comisi\u00f3n Pro-Fomento de las Procesiones de la Semana Santa,<\/a><\/h2><div class=\"eael-timeline-excerpt\"><p>\u00a0integrada por representantes de las cofrad\u00edas de Angustias y Soledad, Dulce Nombre de Jes\u00fas Nazareno y Minerva y Vera Cruz. Su objetivo es fomentar las procesiones respetando la autonom\u00eda de cada cofrad\u00eda.<\/p><\/div><\/div><\/div>\t\t\t\t\t\t\t\t\t\t\t\t\t\t\t\t\t\t<div class=\"eael-content-timeline-block\">\n    <div class=\"eael-content-timeline-line\">\n        <div class=\"eael-content-timeline-inner\"><\/div>\n    <\/div>\n    <div class=\"eael-content-timeline-img eael-picture \"><svg class=\"e-font-icon-svg e-fas-pencil-alt\" viewBox=\"0 0 512 512\" xmlns=\"http:\/\/www.w3.org\/2000\/svg\"><path d=\"M497.9 142.1l-46.1 46.1c-4.7 4.7-12.3 4.7-17 0l-111-111c-4.7-4.7-4.7-12.3 0-17l46.1-46.1c18.7-18.7 49.1-18.7 67.9 0l60.1 60.1c18.8 18.7 18.8 49.1 0 67.9zM284.2 99.8L21.6 362.4.4 483.9c-2.9 16.4 11.4 30.6 27.8 27.8l121.5-21.3 262.6-262.6c4.7-4.7 4.7-12.3 0-17l-111-111c-4.8-4.7-12.4-4.7-17.1 0zM124.1 339.9c-5.5-5.5-5.5-14.3 0-19.8l154-154c5.5-5.5 14.3-5.5 19.8 0s5.5 14.3 0 19.8l-154 154c-5.5 5.5-14.3 5.5-19.8 0zM88 424h48v36.3l-64.5 11.3-31.1-31.1L51.7 376H88v48z\"><\/path><\/svg><\/div><div class=\"eael-content-timeline-content\"><span class=\"eael-date\">1944 \u2013 15 de mayo<\/span><h2 class=\"eael-timeline-title\"><a href=\"#\">Se constituye la Comisi\u00f3n Pro-Fomento de las Procesiones de la Semana Santa,<\/a><\/h2><div class=\"eael-timeline-excerpt\"><p>\u00a0integrada por representantes de las cofrad\u00edas de Angustias y Soledad, Dulce Nombre de Jes\u00fas Nazareno y Minerva y Vera Cruz. Su objetivo es fomentar las procesiones respetando la autonom\u00eda de cada cofrad\u00eda.<\/p><\/div><\/div><\/div>\t\t\t\t<\/div>\n\t\t\t<\/div>\n\t\t<\/div>\n\t\t\t\t\t<\/div>\n\t\t\t\t<\/div>\n\t\t\t\t\t<\/div>\n\t\t\t\t<\/div>\n\t\t<div data-particle_enable=\"false\" data-particle-mobile-disabled=\"false\" class=\"elementor-element elementor-element-91bb9d7 e-flex e-con-boxed e-con e-parent\" data-id=\"91bb9d7\" data-element_type=\"container\" data-e-type=\"container\" data-settings=\"{&quot;background_background&quot;:&quot;classic&quot;}\">\n\t\t\t\t\t<div class=\"e-con-inner\">\n\t\t<div data-particle_enable=\"false\" data-particle-mobile-disabled=\"false\" class=\"elementor-element elementor-element-2d546db e-con-full e-flex e-con e-child\" data-id=\"2d546db\" data-element_type=\"container\" data-e-type=\"container\">\n\t\t\t\t<div class=\"elementor-element elementor-element-ee460fe elementor-widget elementor-widget-heading\" data-id=\"ee460fe\" data-element_type=\"widget\" data-e-type=\"widget\" data-widget_type=\"heading.default\">\n\t\t\t\t\t<h2 class=\"elementor-heading-title elementor-size-default\">Nuestra Semana Santa<\/h2>\t\t\t\t<\/div>\n\t\t\t\t<div class=\"elementor-element elementor-element-807bc98 elementor-widget elementor-widget-heading\" data-id=\"807bc98\" data-element_type=\"widget\" data-e-type=\"widget\" data-widget_type=\"heading.default\">\n\t\t\t\t\t<h2 class=\"elementor-heading-title elementor-size-default\">Junta Mayor la Instituci\u00f3n<\/h2>\t\t\t\t<\/div>\n\t\t\t\t<div class=\"elementor-element elementor-element-6c28a84 elementor-widget elementor-widget-n-accordion\" data-id=\"6c28a84\" data-element_type=\"widget\" data-e-type=\"widget\" data-settings=\"{&quot;default_state&quot;:&quot;expanded&quot;,&quot;max_items_expended&quot;:&quot;one&quot;,&quot;n_accordion_animation_duration&quot;:{&quot;unit&quot;:&quot;ms&quot;,&quot;size&quot;:400,&quot;sizes&quot;:[]}}\" data-widget_type=\"nested-accordion.default\">\n\t\t\t\t\t\t\t<div class=\"e-n-accordion\" aria-label=\"Accordion. Open links with Enter or Space, close with Escape, and navigate with Arrow Keys\">\n\t\t\t\t\t\t<details id=\"e-n-accordion-item-1130\" class=\"e-n-accordion-item\" open>\n\t\t\t\t<summary class=\"e-n-accordion-item-title\" data-accordion-index=\"1\" tabindex=\"0\" aria-expanded=\"true\" aria-controls=\"e-n-accordion-item-1130\" >\n\t\t\t\t\t<span class='e-n-accordion-item-title-header'><div class=\"e-n-accordion-item-title-text\"> Saluda de la Junta Mayor <\/div><\/span>\n\t\t\t\t\t\t\t<span class='e-n-accordion-item-title-icon'>\n\t\t\t<span class='e-opened' ><svg aria-hidden=\"true\" class=\"e-font-icon-svg e-fas-minus\" viewBox=\"0 0 448 512\" xmlns=\"http:\/\/www.w3.org\/2000\/svg\"><path d=\"M416 208H32c-17.67 0-32 14.33-32 32v32c0 17.67 14.33 32 32 32h384c17.67 0 32-14.33 32-32v-32c0-17.67-14.33-32-32-32z\"><\/path><\/svg><\/span>\n\t\t\t<span class='e-closed'><svg aria-hidden=\"true\" class=\"e-font-icon-svg e-fas-plus\" viewBox=\"0 0 448 512\" xmlns=\"http:\/\/www.w3.org\/2000\/svg\"><path d=\"M416 208H272V64c0-17.67-14.33-32-32-32h-32c-17.67 0-32 14.33-32 32v144H32c-17.67 0-32 14.33-32 32v32c0 17.67 14.33 32 32 32h144v144c0 17.67 14.33 32 32 32h32c17.67 0 32-14.33 32-32V304h144c17.67 0 32-14.33 32-32v-32c0-17.67-14.33-32-32-32z\"><\/path><\/svg><\/span>\n\t\t<\/span>\n\n\t\t\t\t\t\t<\/summary>\n\t\t\t\t<div data-particle_enable=\"false\" data-particle-mobile-disabled=\"false\" role=\"region\" aria-labelledby=\"e-n-accordion-item-1130\" class=\"elementor-element elementor-element-883f3d1 e-con-full e-flex e-con e-child\" data-id=\"883f3d1\" data-element_type=\"container\" data-e-type=\"container\">\n\t\t\t\t<div class=\"elementor-element elementor-element-e61dd66 elementor-widget elementor-widget-text-editor\" data-id=\"e61dd66\" data-element_type=\"widget\" data-e-type=\"widget\" data-widget_type=\"text-editor.default\">\n\t\t\t\t\t\t\t\t\t<div align=\"justify\">Estimados Hermanos\/as:<br \/><br \/>Es para m\u00ed un honor recibirles en esta web, que la Junta Mayor de Cofrad\u00edas y Hermandades de la Semana Santa de Le\u00f3n ha desarrollado y que supone una magn\u00edfica oportunidad de estar presente en los ordenadores , tel\u00e9fonos y tablets de todos ustedes . Esperamos que de esta forma los amantes de la Semana Santa de nuestra ciudad y aquellos que tienen curiosidad y se acercan, por primera vez, a nuestra pasi\u00f3n puedan conocer, de primera mano, todo lo que tiene que ver con la celebraci\u00f3n religiosa, cultural y tradicional m\u00e1s importante de esta vieja Corte de Reyes.<br \/><br \/>Si as\u00ed lo desean , van a poder conocer las noticias de la Junta Mayor y de todas las Cofrad\u00edas y Hermandades de la ciudad, podr\u00e1n ver los recorridos de nuestras procesiones y conocer nuestras tradiciones y la historia, de m\u00e1s de cuatrocientos a\u00f1os, de las Cofrad\u00edas de esta capital del Antiguo Reino. Tambi\u00e9n, c\u00f3mo no, podr\u00e1n ver una buena selecci\u00f3n de im\u00e1genes que, en los diez d\u00edas que dura nuestra Semana Santa, contemplar\u00e1n en directo en unas procesiones que, sin duda, les dejaran impresionados y har\u00e1n nacer el deseo de volver a esta su Semana Santa .<br \/><br \/><u><strong>Sean bienvenidos a su Semana Santa y a nuestra ciudad<\/strong><\/u><\/div><p><br \/><br \/>Diana Bel\u00e9n Garc\u00eda Fern\u00e1ndez<br \/>Presidenta de la Junta Mayor de Cofrad\u00edas y Hermandades de la Semana Santa de Le\u00f3n<\/p>\t\t\t\t\t\t\t\t<\/div>\n\t\t\t\t<\/div>\n\t\t\t\t\t<\/details>\n\t\t\t\t\t\t<details id=\"e-n-accordion-item-1131\" class=\"e-n-accordion-item\" >\n\t\t\t\t<summary class=\"e-n-accordion-item-title\" data-accordion-index=\"2\" tabindex=\"-1\" aria-expanded=\"false\" aria-controls=\"e-n-accordion-item-1131\" >\n\t\t\t\t\t<span class='e-n-accordion-item-title-header'><div class=\"e-n-accordion-item-title-text\"> Estatutos de Junta Mayor <\/div><\/span>\n\t\t\t\t\t\t\t<span class='e-n-accordion-item-title-icon'>\n\t\t\t<span class='e-opened' ><svg aria-hidden=\"true\" class=\"e-font-icon-svg e-fas-minus\" viewBox=\"0 0 448 512\" xmlns=\"http:\/\/www.w3.org\/2000\/svg\"><path d=\"M416 208H32c-17.67 0-32 14.33-32 32v32c0 17.67 14.33 32 32 32h384c17.67 0 32-14.33 32-32v-32c0-17.67-14.33-32-32-32z\"><\/path><\/svg><\/span>\n\t\t\t<span class='e-closed'><svg aria-hidden=\"true\" class=\"e-font-icon-svg e-fas-plus\" viewBox=\"0 0 448 512\" xmlns=\"http:\/\/www.w3.org\/2000\/svg\"><path d=\"M416 208H272V64c0-17.67-14.33-32-32-32h-32c-17.67 0-32 14.33-32 32v144H32c-17.67 0-32 14.33-32 32v32c0 17.67 14.33 32 32 32h144v144c0 17.67 14.33 32 32 32h32c17.67 0 32-14.33 32-32V304h144c17.67 0 32-14.33 32-32v-32c0-17.67-14.33-32-32-32z\"><\/path><\/svg><\/span>\n\t\t<\/span>\n\n\t\t\t\t\t\t<\/summary>\n\t\t\t\t<div data-particle_enable=\"false\" data-particle-mobile-disabled=\"false\" role=\"region\" aria-labelledby=\"e-n-accordion-item-1131\" class=\"elementor-element elementor-element-5fd28e0 e-con-full e-flex e-con e-child\" data-id=\"5fd28e0\" data-element_type=\"container\" data-e-type=\"container\">\n\t\t<div data-particle_enable=\"false\" data-particle-mobile-disabled=\"false\" role=\"region\" aria-labelledby=\"e-n-accordion-item-1131\" class=\"elementor-element elementor-element-fd7692f e-flex e-con-boxed e-con e-child\" data-id=\"fd7692f\" data-element_type=\"container\" data-e-type=\"container\">\n\t\t\t\t\t<div class=\"e-con-inner\">\n\t\t\t\t<div class=\"elementor-element elementor-element-2269470 elementor-widget elementor-widget-text-editor\" data-id=\"2269470\" data-element_type=\"widget\" data-e-type=\"widget\" data-widget_type=\"text-editor.default\">\n\t\t\t\t\t\t\t\t\t<p data-start=\"305\" data-end=\"622\">Los actuales Estatutos de la Junta Mayor fueron <strong data-start=\"353\" data-end=\"389\">aprobados el 28 de marzo de 2014<\/strong> por la autoridad eclesi\u00e1stica de la Di\u00f3cesis de Le\u00f3n. En ellos se regula la organizaci\u00f3n, funcionamiento y competencias de la Junta Mayor de Cofrad\u00edas y Hermandades de la Semana Santa de Le\u00f3n.<\/p>\t\t\t\t\t\t\t\t<\/div>\n\t\t\t\t<div class=\"elementor-element elementor-element-6e55f4f elementor-widget elementor-widget-button\" data-id=\"6e55f4f\" data-element_type=\"widget\" data-e-type=\"widget\" data-widget_type=\"button.default\">\n\t\t\t\t\t\t\t\t\t\t<a class=\"elementor-button elementor-button-link elementor-size-sm\" href=\"https:\/\/pruebas.cursopracticoseo.com\/wordpress_o\/wp-content\/uploads\/2026\/03\/Estatutos-Junta-Mayor-de-Hermandades-y-Cofradias-de-Leon.pdf\">\n\t\t\t\t\t\t<span class=\"elementor-button-content-wrapper\">\n\t\t\t\t\t\t\t\t\t<span class=\"elementor-button-text\">Consultar Estatutos completos<\/span>\n\t\t\t\t\t<\/span>\n\t\t\t\t\t<\/a>\n\t\t\t\t\t\t\t\t<\/div>\n\t\t\t\t\t<\/div>\n\t\t\t\t<\/div>\n\t\t\t\t<\/div>\n\t\t\t\t\t<\/details>\n\t\t\t\t\t\t<details id=\"e-n-accordion-item-1132\" class=\"e-n-accordion-item\" >\n\t\t\t\t<summary class=\"e-n-accordion-item-title\" data-accordion-index=\"3\" tabindex=\"-1\" aria-expanded=\"false\" aria-controls=\"e-n-accordion-item-1132\" >\n\t\t\t\t\t<span class='e-n-accordion-item-title-header'><div class=\"e-n-accordion-item-title-text\"> Competencias <\/div><\/span>\n\t\t\t\t\t\t\t<span class='e-n-accordion-item-title-icon'>\n\t\t\t<span class='e-opened' ><svg aria-hidden=\"true\" class=\"e-font-icon-svg e-fas-minus\" viewBox=\"0 0 448 512\" xmlns=\"http:\/\/www.w3.org\/2000\/svg\"><path d=\"M416 208H32c-17.67 0-32 14.33-32 32v32c0 17.67 14.33 32 32 32h384c17.67 0 32-14.33 32-32v-32c0-17.67-14.33-32-32-32z\"><\/path><\/svg><\/span>\n\t\t\t<span class='e-closed'><svg aria-hidden=\"true\" class=\"e-font-icon-svg e-fas-plus\" viewBox=\"0 0 448 512\" xmlns=\"http:\/\/www.w3.org\/2000\/svg\"><path d=\"M416 208H272V64c0-17.67-14.33-32-32-32h-32c-17.67 0-32 14.33-32 32v144H32c-17.67 0-32 14.33-32 32v32c0 17.67 14.33 32 32 32h144v144c0 17.67 14.33 32 32 32h32c17.67 0 32-14.33 32-32V304h144c17.67 0 32-14.33 32-32v-32c0-17.67-14.33-32-32-32z\"><\/path><\/svg><\/span>\n\t\t<\/span>\n\n\t\t\t\t\t\t<\/summary>\n\t\t\t\t<div data-particle_enable=\"false\" data-particle-mobile-disabled=\"false\" role=\"region\" aria-labelledby=\"e-n-accordion-item-1132\" class=\"elementor-element elementor-element-28a6385 e-con-full e-flex e-con e-child\" data-id=\"28a6385\" data-element_type=\"container\" data-e-type=\"container\">\n\t\t<div data-particle_enable=\"false\" data-particle-mobile-disabled=\"false\" role=\"region\" aria-labelledby=\"e-n-accordion-item-1132\" class=\"elementor-element elementor-element-6ce6e15 e-flex e-con-boxed e-con e-child\" data-id=\"6ce6e15\" data-element_type=\"container\" data-e-type=\"container\">\n\t\t\t\t\t<div class=\"e-con-inner\">\n\t\t\t\t<div class=\"elementor-element elementor-element-68cf574 elementor-widget elementor-widget-text-editor\" data-id=\"68cf574\" data-element_type=\"widget\" data-e-type=\"widget\" data-widget_type=\"text-editor.default\">\n\t\t\t\t\t\t\t\t\t<p><u><strong>Art\u00edculo 3\u00ba<\/strong><\/u><\/p><p><strong>Son competencias de la Junta Mayor las siguientes:<\/strong><\/p><p>a) Coordinar los actos y procesiones que celebren las Cofrad\u00edas en el exterior de los templos, en la ciudad de Le\u00f3n, con motivo de la Semana Santa.<\/p><p>b) La promoci\u00f3n y difusi\u00f3n de los actos y procesiones.<\/p><p>c) Gestionar la \u00a0consecuci\u00f3n de ayudas y subvenciones tanto econ\u00f3micas como de cualquier otra clase, para la propia Junta Mayor.<\/p><p>d) Tramitar ante las autoridades y organismos competentes los permisos necesarios para la celebraci\u00f3n de los actos y procesiones.<\/p><p>e) Alentar a las Cofrad\u00edas y Hermandades en la conservaci\u00f3n de los valores tradicionales de la Semana Santa leonesa.<\/p><p>f) Contemplar las situaciones que puedan afectar a las Cofrad\u00edas y Hermandades y proponer las medidas que se estimen m\u00e1s convenientes y m\u00e1s eficaces.<\/p><p>g) Recoger ideas, iniciativas y sugerencias que no contradigan el esp\u00edritu de la Semana Santa y ver la forma de llevarlas a la pr\u00e1ctica.<\/p><p>h) Aceptar o rechazar las modificaciones de itinerarios y horarios establecidos para las procesiones.<\/p><p>i) Emitir su parecer sobre la creaci\u00f3n de una nueva Cofrad\u00eda o Hermandad y sobre la introducci\u00f3n de nuevas procesiones u otros actos en la calle.<\/p><p>j) Mediar e intentar solucionar las controversias o conflictos que puedan surgir entre las distintas Cofrad\u00edas o entre \u00e9stas y sus asociados, todo ello con car\u00e1cter previo y\u00a0obligatorio, al ejercicio de las acciones que se puedan ejercer ante el Ordinario del lugar, de conformidad al tr\u00e1mite previsto en los presentes Estatutos.<\/p>\t\t\t\t\t\t\t\t<\/div>\n\t\t\t\t\t<\/div>\n\t\t\t\t<\/div>\n\t\t\t\t<\/div>\n\t\t\t\t\t<\/details>\n\t\t\t\t\t\t<details id=\"e-n-accordion-item-1133\" class=\"e-n-accordion-item\" >\n\t\t\t\t<summary class=\"e-n-accordion-item-title\" data-accordion-index=\"4\" tabindex=\"-1\" aria-expanded=\"false\" aria-controls=\"e-n-accordion-item-1133\" >\n\t\t\t\t\t<span class='e-n-accordion-item-title-header'><div class=\"e-n-accordion-item-title-text\"> Pleno de Junta Mayor <\/div><\/span>\n\t\t\t\t\t\t\t<span class='e-n-accordion-item-title-icon'>\n\t\t\t<span class='e-opened' ><svg aria-hidden=\"true\" class=\"e-font-icon-svg e-fas-minus\" viewBox=\"0 0 448 512\" xmlns=\"http:\/\/www.w3.org\/2000\/svg\"><path d=\"M416 208H32c-17.67 0-32 14.33-32 32v32c0 17.67 14.33 32 32 32h384c17.67 0 32-14.33 32-32v-32c0-17.67-14.33-32-32-32z\"><\/path><\/svg><\/span>\n\t\t\t<span class='e-closed'><svg aria-hidden=\"true\" class=\"e-font-icon-svg e-fas-plus\" viewBox=\"0 0 448 512\" xmlns=\"http:\/\/www.w3.org\/2000\/svg\"><path d=\"M416 208H272V64c0-17.67-14.33-32-32-32h-32c-17.67 0-32 14.33-32 32v144H32c-17.67 0-32 14.33-32 32v32c0 17.67 14.33 32 32 32h144v144c0 17.67 14.33 32 32 32h32c17.67 0 32-14.33 32-32V304h144c17.67 0 32-14.33 32-32v-32c0-17.67-14.33-32-32-32z\"><\/path><\/svg><\/span>\n\t\t<\/span>\n\n\t\t\t\t\t\t<\/summary>\n\t\t\t\t<div data-particle_enable=\"false\" data-particle-mobile-disabled=\"false\" role=\"region\" aria-labelledby=\"e-n-accordion-item-1133\" class=\"elementor-element elementor-element-c37c280 e-con-full e-flex e-con e-child\" data-id=\"c37c280\" data-element_type=\"container\" data-e-type=\"container\">\n\t\t<div data-particle_enable=\"false\" data-particle-mobile-disabled=\"false\" role=\"region\" aria-labelledby=\"e-n-accordion-item-1133\" class=\"elementor-element elementor-element-e8340f1 e-flex e-con-boxed e-con e-child\" data-id=\"e8340f1\" data-element_type=\"container\" data-e-type=\"container\">\n\t\t\t\t\t<div class=\"e-con-inner\">\n\t\t\t\t<div class=\"elementor-element elementor-element-b177d4a elementor-widget elementor-widget-text-editor\" data-id=\"b177d4a\" data-element_type=\"widget\" data-e-type=\"widget\" data-widget_type=\"text-editor.default\">\n\t\t\t\t\t\t\t\t\t<div id=\"cabeza\"><p class=\"entradilla\" style=\"text-align: left;\">Formado por el Delegado Episcopal, los diecis\u00e9is abades y los diecis\u00e9is segundos representantes de cada Cofrad\u00eda.<\/p><\/div><div id=\"cuerpo\"><div align=\"justify\"><p style=\"text-align: left;\"><strong><u>Art\u00edculo 92<\/u><\/strong><\/p><p style=\"text-align: left;\">El Pleno de la Junta Mayor es el \u00f3rgano supremo de gobierno de la Junta Mayor y estar\u00e1 integrado por:<\/p><p style=\"text-align: left;\">a)\u00a0<strong>Los Abades de las Cofrad\u00edas y Hermandades,<\/strong> que ostentar\u00e1n siempre la condici\u00f3n de miembros natos. Solamente en caso de fuerza mayor ser\u00e1n sustituidos por quien leg\u00edtimamente corresponda seg\u00fan sus propios estatutos.<\/p><p style=\"text-align: left;\">b)\u00a0<strong>Un segundo representante estable por cada Cofrad\u00eda o Hermandad<\/strong>, que ser\u00e1 designado por los \u00f3rganos de gobierno de las mismas y cuyo cargo tendr\u00e1 una duraci\u00f3n de tres a\u00f1os, pudiendo ser reelegido por los periodos que la Cofrad\u00eda estime oportuno. A efectos de acreditar su designaci\u00f3n, cada Cofrad\u00eda o Hermandad, remitir\u00e1\u00b7a la Junta Mayor certificaci\u00f3n del acuerdo en que se adopte su nombramiento, cese o pr\u00f3rroga. Tambi\u00e9n, y solamente en caso de fuerza mayor, podr\u00e1 ser sustituido dicho representante estable<br \/>durante el periodo de su elecci\u00f3n.<\/p><p style=\"text-align: left;\">c)\u00a0<strong>El Delegado Episcopal.<\/strong><\/p><\/div><\/div>\t\t\t\t\t\t\t\t<\/div>\n\t\t\t\t\t<\/div>\n\t\t\t\t<\/div>\n\t\t\t\t<\/div>\n\t\t\t\t\t<\/details>\n\t\t\t\t\t\t<details id=\"e-n-accordion-item-1134\" class=\"e-n-accordion-item\" >\n\t\t\t\t<summary class=\"e-n-accordion-item-title\" data-accordion-index=\"5\" tabindex=\"-1\" aria-expanded=\"false\" aria-controls=\"e-n-accordion-item-1134\" >\n\t\t\t\t\t<span class='e-n-accordion-item-title-header'><div class=\"e-n-accordion-item-title-text\"> Comisi\u00f3n Permanente <\/div><\/span>\n\t\t\t\t\t\t\t<span class='e-n-accordion-item-title-icon'>\n\t\t\t<span class='e-opened' ><svg aria-hidden=\"true\" class=\"e-font-icon-svg e-fas-minus\" viewBox=\"0 0 448 512\" xmlns=\"http:\/\/www.w3.org\/2000\/svg\"><path d=\"M416 208H32c-17.67 0-32 14.33-32 32v32c0 17.67 14.33 32 32 32h384c17.67 0 32-14.33 32-32v-32c0-17.67-14.33-32-32-32z\"><\/path><\/svg><\/span>\n\t\t\t<span class='e-closed'><svg aria-hidden=\"true\" class=\"e-font-icon-svg e-fas-plus\" viewBox=\"0 0 448 512\" xmlns=\"http:\/\/www.w3.org\/2000\/svg\"><path d=\"M416 208H272V64c0-17.67-14.33-32-32-32h-32c-17.67 0-32 14.33-32 32v144H32c-17.67 0-32 14.33-32 32v32c0 17.67 14.33 32 32 32h144v144c0 17.67 14.33 32 32 32h32c17.67 0 32-14.33 32-32V304h144c17.67 0 32-14.33 32-32v-32c0-17.67-14.33-32-32-32z\"><\/path><\/svg><\/span>\n\t\t<\/span>\n\n\t\t\t\t\t\t<\/summary>\n\t\t\t\t<div data-particle_enable=\"false\" data-particle-mobile-disabled=\"false\" role=\"region\" aria-labelledby=\"e-n-accordion-item-1134\" class=\"elementor-element elementor-element-b8e27be e-con-full e-flex e-con e-child\" data-id=\"b8e27be\" data-element_type=\"container\" data-e-type=\"container\">\n\t\t<div data-particle_enable=\"false\" data-particle-mobile-disabled=\"false\" role=\"region\" aria-labelledby=\"e-n-accordion-item-1134\" class=\"elementor-element elementor-element-c159676 e-flex e-con-boxed e-con e-child\" data-id=\"c159676\" data-element_type=\"container\" data-e-type=\"container\">\n\t\t\t\t\t<div class=\"e-con-inner\">\n\t\t\t\t<div class=\"elementor-element elementor-element-b93057a elementor-widget elementor-widget-text-editor\" data-id=\"b93057a\" data-element_type=\"widget\" data-e-type=\"widget\" data-widget_type=\"text-editor.default\">\n\t\t\t\t\t\t\t\t\t<p class=\"p1\">Seg\u00fan recoge el <b>art\u00edculo 7 de los Estatutos de la Junta Mayor<\/b>, la <b>Comisi\u00f3n Permanente<\/b> es uno de los dos \u00f3rganos de gobierno de la instituci\u00f3n. Est\u00e1 constituida por un representante de cada Cofrad\u00eda o Hermandad, nombrado a tal efecto, y se organiza en diferentes comisiones de trabajo.<\/p><p class=\"p1\">La <b>Comisi\u00f3n Permanente de las Cofrad\u00edas y Hermandades de la Semana Santa de Le\u00f3n<\/b> est\u00e1 formada por el <b>segundo representante de cada Cofrad\u00eda o Hermandad y el Delegado Episcopal<\/b>, desempe\u00f1ando cada uno de ellos una funci\u00f3n espec\u00edfica dentro de este \u00f3rgano.<\/p><p class=\"p1\">Los cargos que integran esta Comisi\u00f3n Permanente son los siguientes:<\/p><ul class=\"ul1\"><li class=\"li1\">Delegado episcopal<\/li><li class=\"li1\">Presidencia de Junta Mayor<\/li><li class=\"li1\">Vicepresidencia de Junta Mayor<\/li><li class=\"li1\">Secretar\u00eda de Junta Mayor<\/li><li class=\"li1\">Tesorer\u00eda de Junta Mayor<\/li><li class=\"li1\">Vocal\u00eda de actos<\/li><li class=\"li1\">Vocal\u00eda de difusi\u00f3n y promoci\u00f3n de la Semana Santa<\/li><li class=\"li1\">Vocal\u00eda de comunicaciones<\/li><li class=\"li1\">Vocal\u00eda de normativa<\/li><li class=\"li1\">Vocal\u00eda de prensa y redes sociales<\/li><li class=\"li1\">Vocal\u00eda de protocolo y archivo<\/li><li class=\"li1\">Vocal\u00eda del grupo joven<\/li><li class=\"li1\">Vocal\u00eda de cultos, formaci\u00f3n y valores<\/li><\/ul>\t\t\t\t\t\t\t\t<\/div>\n\t\t\t\t\t<\/div>\n\t\t\t\t<\/div>\n\t\t\t\t<\/div>\n\t\t\t\t\t<\/details>\n\t\t\t\t\t\t<details id=\"e-n-accordion-item-1135\" class=\"e-n-accordion-item\" >\n\t\t\t\t<summary class=\"e-n-accordion-item-title\" data-accordion-index=\"6\" tabindex=\"-1\" aria-expanded=\"false\" aria-controls=\"e-n-accordion-item-1135\" >\n\t\t\t\t\t<span class='e-n-accordion-item-title-header'><div class=\"e-n-accordion-item-title-text\"> Organigrama <\/div><\/span>\n\t\t\t\t\t\t\t<span class='e-n-accordion-item-title-icon'>\n\t\t\t<span class='e-opened' ><svg aria-hidden=\"true\" class=\"e-font-icon-svg e-fas-minus\" viewBox=\"0 0 448 512\" xmlns=\"http:\/\/www.w3.org\/2000\/svg\"><path d=\"M416 208H32c-17.67 0-32 14.33-32 32v32c0 17.67 14.33 32 32 32h384c17.67 0 32-14.33 32-32v-32c0-17.67-14.33-32-32-32z\"><\/path><\/svg><\/span>\n\t\t\t<span class='e-closed'><svg aria-hidden=\"true\" class=\"e-font-icon-svg e-fas-plus\" viewBox=\"0 0 448 512\" xmlns=\"http:\/\/www.w3.org\/2000\/svg\"><path d=\"M416 208H272V64c0-17.67-14.33-32-32-32h-32c-17.67 0-32 14.33-32 32v144H32c-17.67 0-32 14.33-32 32v32c0 17.67 14.33 32 32 32h144v144c0 17.67 14.33 32 32 32h32c17.67 0 32-14.33 32-32V304h144c17.67 0 32-14.33 32-32v-32c0-17.67-14.33-32-32-32z\"><\/path><\/svg><\/span>\n\t\t<\/span>\n\n\t\t\t\t\t\t<\/summary>\n\t\t\t\t<div data-particle_enable=\"false\" data-particle-mobile-disabled=\"false\" role=\"region\" aria-labelledby=\"e-n-accordion-item-1135\" class=\"elementor-element elementor-element-9d0d886 e-con-full e-flex e-con e-child\" data-id=\"9d0d886\" data-element_type=\"container\" data-e-type=\"container\">\n\t\t<div data-particle_enable=\"false\" data-particle-mobile-disabled=\"false\" role=\"region\" aria-labelledby=\"e-n-accordion-item-1135\" class=\"elementor-element elementor-element-de604e2 e-flex e-con-boxed e-con e-child\" data-id=\"de604e2\" data-element_type=\"container\" data-e-type=\"container\">\n\t\t\t\t\t<div class=\"e-con-inner\">\n\t\t<div data-particle_enable=\"false\" data-particle-mobile-disabled=\"false\" role=\"region\" aria-labelledby=\"e-n-accordion-item-1135\" class=\"elementor-element elementor-element-d14bc22 e-con-full e-flex e-con e-child\" data-id=\"d14bc22\" data-element_type=\"container\" data-e-type=\"container\" data-settings=\"{&quot;background_background&quot;:&quot;classic&quot;}\">\n\t\t<div data-particle_enable=\"false\" data-particle-mobile-disabled=\"false\" role=\"region\" aria-labelledby=\"e-n-accordion-item-1135\" class=\"elementor-element elementor-element-4bfec79 e-con-full e-flex e-con e-child\" data-id=\"4bfec79\" data-element_type=\"container\" data-e-type=\"container\">\n\t\t\t\t<div class=\"elementor-element elementor-element-72987cf elementor-widget elementor-widget-heading\" data-id=\"72987cf\" data-element_type=\"widget\" data-e-type=\"widget\" data-widget_type=\"heading.default\">\n\t\t\t\t\t<h3 class=\"elementor-heading-title elementor-size-default\">Organigrama<\/h3>\t\t\t\t<\/div>\n\t\t\t\t<div class=\"elementor-element elementor-element-513c422 elementor-widget elementor-widget-heading\" data-id=\"513c422\" data-element_type=\"widget\" data-e-type=\"widget\" data-widget_type=\"heading.default\">\n\t\t\t\t\t<h4 class=\"elementor-heading-title elementor-size-default\">JUNTA MAYOR<\/h4>\t\t\t\t<\/div>\n\t\t\t\t<div class=\"elementor-element elementor-element-66bb84f elementor-view-default elementor-widget elementor-widget-icon\" data-id=\"66bb84f\" data-element_type=\"widget\" data-e-type=\"widget\" data-widget_type=\"icon.default\">\n\t\t\t\t\t\t\t<div class=\"elementor-icon-wrapper\">\n\t\t\t<div class=\"elementor-icon\">\n\t\t\t<svg aria-hidden=\"true\" class=\"e-font-icon-svg e-fas-long-arrow-alt-down\" viewBox=\"0 0 256 512\" xmlns=\"http:\/\/www.w3.org\/2000\/svg\"><path d=\"M168 345.941V44c0-6.627-5.373-12-12-12h-56c-6.627 0-12 5.373-12 12v301.941H41.941c-21.382 0-32.09 25.851-16.971 40.971l86.059 86.059c9.373 9.373 24.569 9.373 33.941 0l86.059-86.059c15.119-15.119 4.411-40.971-16.971-40.971H168z\"><\/path><\/svg>\t\t\t<\/div>\n\t\t<\/div>\n\t\t\t\t\t\t<\/div>\n\t\t\t\t<div class=\"elementor-element elementor-element-48b4ec2 elementor-widget elementor-widget-heading\" data-id=\"48b4ec2\" data-element_type=\"widget\" data-e-type=\"widget\" data-widget_type=\"heading.default\">\n\t\t\t\t\t<h4 class=\"elementor-heading-title elementor-size-default\">PLENO<\/h4>\t\t\t\t<\/div>\n\t\t\t\t<div class=\"elementor-element elementor-element-3f2ba6d elementor-widget elementor-widget-heading\" data-id=\"3f2ba6d\" data-element_type=\"widget\" data-e-type=\"widget\" data-widget_type=\"heading.default\">\n\t\t\t\t\t<h4 class=\"elementor-heading-title elementor-size-default\">Abades \/ Segundos Representantes \/ Consiliario<\/h4>\t\t\t\t<\/div>\n\t\t\t\t<div class=\"elementor-element elementor-element-5be9322 elementor-view-default elementor-widget elementor-widget-icon\" data-id=\"5be9322\" data-element_type=\"widget\" data-e-type=\"widget\" data-widget_type=\"icon.default\">\n\t\t\t\t\t\t\t<div class=\"elementor-icon-wrapper\">\n\t\t\t<div class=\"elementor-icon\">\n\t\t\t<svg aria-hidden=\"true\" class=\"e-font-icon-svg e-fas-long-arrow-alt-down\" viewBox=\"0 0 256 512\" xmlns=\"http:\/\/www.w3.org\/2000\/svg\"><path d=\"M168 345.941V44c0-6.627-5.373-12-12-12h-56c-6.627 0-12 5.373-12 12v301.941H41.941c-21.382 0-32.09 25.851-16.971 40.971l86.059 86.059c9.373 9.373 24.569 9.373 33.941 0l86.059-86.059c15.119-15.119 4.411-40.971-16.971-40.971H168z\"><\/path><\/svg>\t\t\t<\/div>\n\t\t<\/div>\n\t\t\t\t\t\t<\/div>\n\t\t\t\t<div class=\"elementor-element elementor-element-a08de49 elementor-widget elementor-widget-heading\" data-id=\"a08de49\" data-element_type=\"widget\" data-e-type=\"widget\" data-widget_type=\"heading.default\">\n\t\t\t\t\t<h4 class=\"elementor-heading-title elementor-size-default\">COMISI\u00d3N PERMANENTE<\/h4>\t\t\t\t<\/div>\n\t\t\t\t<div class=\"elementor-element elementor-element-1a8b86d elementor-widget elementor-widget-heading\" data-id=\"1a8b86d\" data-element_type=\"widget\" data-e-type=\"widget\" data-widget_type=\"heading.default\">\n\t\t\t\t\t<h4 class=\"elementor-heading-title elementor-size-default\">Segundos Representantes \/ Consiliario<\/h4>\t\t\t\t<\/div>\n\t\t\t\t<div class=\"elementor-element elementor-element-08ad927 elementor-view-default elementor-widget elementor-widget-icon\" data-id=\"08ad927\" data-element_type=\"widget\" data-e-type=\"widget\" data-widget_type=\"icon.default\">\n\t\t\t\t\t\t\t<div class=\"elementor-icon-wrapper\">\n\t\t\t<div class=\"elementor-icon\">\n\t\t\t<svg aria-hidden=\"true\" class=\"e-font-icon-svg e-fas-long-arrow-alt-down\" viewBox=\"0 0 256 512\" xmlns=\"http:\/\/www.w3.org\/2000\/svg\"><path d=\"M168 345.941V44c0-6.627-5.373-12-12-12h-56c-6.627 0-12 5.373-12 12v301.941H41.941c-21.382 0-32.09 25.851-16.971 40.971l86.059 86.059c9.373 9.373 24.569 9.373 33.941 0l86.059-86.059c15.119-15.119 4.411-40.971-16.971-40.971H168z\"><\/path><\/svg>\t\t\t<\/div>\n\t\t<\/div>\n\t\t\t\t\t\t<\/div>\n\t\t\t\t<div class=\"elementor-element elementor-element-15ddfb4 elementor-widget elementor-widget-heading\" data-id=\"15ddfb4\" data-element_type=\"widget\" data-e-type=\"widget\" data-widget_type=\"heading.default\">\n\t\t\t\t\t<h4 class=\"elementor-heading-title elementor-size-default\">CARGOS DE GOBIERNO<\/h4>\t\t\t\t<\/div>\n\t\t\t\t<div class=\"elementor-element elementor-element-f059ae9 elementor-widget elementor-widget-heading\" data-id=\"f059ae9\" data-element_type=\"widget\" data-e-type=\"widget\" data-widget_type=\"heading.default\">\n\t\t\t\t\t<h4 class=\"elementor-heading-title elementor-size-default\">Presidenta\nVicepresidente\nSecretario\nTesorero<\/h4>\t\t\t\t<\/div>\n\t\t\t\t<\/div>\n\t\t\t\t<\/div>\n\t\t\t\t\t<\/div>\n\t\t\t\t<\/div>\n\t\t\t\t<\/div>\n\t\t\t\t\t<\/details>\n\t\t\t\t\t\t<details id=\"e-n-accordion-item-1136\" class=\"e-n-accordion-item\" >\n\t\t\t\t<summary class=\"e-n-accordion-item-title\" data-accordion-index=\"7\" tabindex=\"-1\" aria-expanded=\"false\" aria-controls=\"e-n-accordion-item-1136\" >\n\t\t\t\t\t<span class='e-n-accordion-item-title-header'><div class=\"e-n-accordion-item-title-text\"> J\u00f3venes Papones <\/div><\/span>\n\t\t\t\t\t\t\t<span class='e-n-accordion-item-title-icon'>\n\t\t\t<span class='e-opened' ><svg aria-hidden=\"true\" class=\"e-font-icon-svg e-fas-minus\" viewBox=\"0 0 448 512\" xmlns=\"http:\/\/www.w3.org\/2000\/svg\"><path d=\"M416 208H32c-17.67 0-32 14.33-32 32v32c0 17.67 14.33 32 32 32h384c17.67 0 32-14.33 32-32v-32c0-17.67-14.33-32-32-32z\"><\/path><\/svg><\/span>\n\t\t\t<span class='e-closed'><svg aria-hidden=\"true\" class=\"e-font-icon-svg e-fas-plus\" viewBox=\"0 0 448 512\" xmlns=\"http:\/\/www.w3.org\/2000\/svg\"><path d=\"M416 208H272V64c0-17.67-14.33-32-32-32h-32c-17.67 0-32 14.33-32 32v144H32c-17.67 0-32 14.33-32 32v32c0 17.67 14.33 32 32 32h144v144c0 17.67 14.33 32 32 32h32c17.67 0 32-14.33 32-32V304h144c17.67 0 32-14.33 32-32v-32c0-17.67-14.33-32-32-32z\"><\/path><\/svg><\/span>\n\t\t<\/span>\n\n\t\t\t\t\t\t<\/summary>\n\t\t\t\t<div data-particle_enable=\"false\" data-particle-mobile-disabled=\"false\" role=\"region\" aria-labelledby=\"e-n-accordion-item-1136\" class=\"elementor-element elementor-element-d5e7854 e-con-full e-flex e-con e-child\" data-id=\"d5e7854\" data-element_type=\"container\" data-e-type=\"container\">\n\t\t<div data-particle_enable=\"false\" data-particle-mobile-disabled=\"false\" role=\"region\" aria-labelledby=\"e-n-accordion-item-1136\" class=\"elementor-element elementor-element-fefdadc e-flex e-con-boxed e-con e-child\" data-id=\"fefdadc\" data-element_type=\"container\" data-e-type=\"container\">\n\t\t\t\t\t<div class=\"e-con-inner\">\n\t\t\t\t<div class=\"elementor-element elementor-element-eaac967 elementor-widget elementor-widget-text-editor\" data-id=\"eaac967\" data-element_type=\"widget\" data-e-type=\"widget\" data-widget_type=\"text-editor.default\">\n\t\t\t\t\t\t\t\t\t<div id=\"cabeza\"><p class=\"p1\">Los <strong>J\u00f3venes Papones <\/strong>son nuestro presente y nuestro futuro.<\/p><p class=\"p1\">Con el objetivo de fomentar la participaci\u00f3n de los j\u00f3venes en la Semana Santa, se presenta p\u00fablicamente el grupo <a href=\"https:\/\/jovenespaponesleon.wordpress.com\/\" target=\"_blank\" rel=\"noopener\"><b>J\u00f3venes Papones de Le\u00f3n<\/b><\/a>, formado por j\u00f3venes pertenecientes a diferentes cofrad\u00edas y hermandades de la Semana Santa leonesa.<\/p><p class=\"p1\">Este grupo joven intercofrade, nacido en el seno de la Junta Mayor, comenz\u00f3 su andadura con la participaci\u00f3n en el <b>IV Encuentro Nacional de J\u00f3venes de Hermandades y Cofrad\u00edas (JOHC)<\/b>, celebrado en Palencia del <b>27 al 30 de octubre de 2016<\/b>, en el que participaron j\u00f3venes leoneses junto a m\u00e1s de mil j\u00f3venes cofrades de toda Espa\u00f1a.<\/p><p class=\"p1\">Los j\u00f3venes cofrades no son solo el futuro, sino tambi\u00e9n una realidad: un grupo de papones con ilusi\u00f3n y ganas de impulsar y dinamizar la Semana Santa leonesa. Con este esp\u00edritu, los <b>J\u00f3venes Papones de Le\u00f3n<\/b> trabajan unidos para alcanzar los siguientes objetivos:<\/p><ul class=\"ul1\"><li class=\"li1\">Unir a los j\u00f3venes papones leoneses, compartiendo la experiencia de ser cofrade.<\/li><li class=\"li1\">Potenciar la labor evangelizadora y formativa de los j\u00f3venes papones.<\/li><li class=\"li1\">Fomentar la actividad juvenil dentro del \u00e1mbito de las hermandades y cofrad\u00edas.<\/li><li class=\"li1\">Difundir y promocionar la Semana Santa leonesa a trav\u00e9s de diversos medios (comunicaci\u00f3n digital, radio y televisi\u00f3n).<\/li><li class=\"li1\">Realizar actividades conjuntas de distintos \u00e1mbitos: festivo, fraterno, formativo, lit\u00fargico, sacramental, solidario o deportivo.<\/li><li class=\"li1\">Promover la colaboraci\u00f3n y coordinaci\u00f3n con otras asociaciones, grupos o entidades con fines similares, en el \u00e1mbito local, regional o estatal.<\/li><\/ul><p class=\"p1\">Para formar parte de este grupo es necesario contactar con el <b>coordinador de juventud de cada cofrad\u00eda o hermandad<\/b>, o bien escribir al correo electr\u00f3nico <a href=\"mailto:jovenespaponesleon@gmail.com\"><b>jovenespaponesleon@gmail.com<\/b><\/a>.<\/p><p class=\"p1\">Las actividades del grupo pueden seguirse a trav\u00e9s de su <b>blog<\/b> o en redes sociales:<\/p><ul class=\"ul1\"><li class=\"li1\"><strong><a href=\"https:\/\/www.instagram.com\/jovpapones\/\" target=\"_blank\" rel=\"noopener\">@jovpapones<\/a><\/strong> (Instagram)<\/li><li class=\"li1\"><a href=\"https:\/\/www.facebook.com\/jovpapones\" target=\"_blank\" rel=\"noopener\"><b>J\u00f3venes Papones de Le\u00f3n<\/b><\/a> (Facebook)<\/li><li><a href=\"https:\/\/x.com\/jovpapones\">@<strong>jovpapones<\/strong><\/a> (Twitter)<\/li><\/ul><\/div>\t\t\t\t\t\t\t\t<\/div>\n\t\t\t\t\t<\/div>\n\t\t\t\t<\/div>\n\t\t\t\t<\/div>\n\t\t\t\t\t<\/details>\n\t\t\t\t\t\t<details id=\"e-n-accordion-item-1137\" class=\"e-n-accordion-item\" >\n\t\t\t\t<summary class=\"e-n-accordion-item-title\" data-accordion-index=\"8\" tabindex=\"-1\" aria-expanded=\"false\" aria-controls=\"e-n-accordion-item-1137\" >\n\t\t\t\t\t<span class='e-n-accordion-item-title-header'><div class=\"e-n-accordion-item-title-text\"> Contacto <\/div><\/span>\n\t\t\t\t\t\t\t<span class='e-n-accordion-item-title-icon'>\n\t\t\t<span class='e-opened' ><svg aria-hidden=\"true\" class=\"e-font-icon-svg e-fas-minus\" viewBox=\"0 0 448 512\" xmlns=\"http:\/\/www.w3.org\/2000\/svg\"><path d=\"M416 208H32c-17.67 0-32 14.33-32 32v32c0 17.67 14.33 32 32 32h384c17.67 0 32-14.33 32-32v-32c0-17.67-14.33-32-32-32z\"><\/path><\/svg><\/span>\n\t\t\t<span class='e-closed'><svg aria-hidden=\"true\" class=\"e-font-icon-svg e-fas-plus\" viewBox=\"0 0 448 512\" xmlns=\"http:\/\/www.w3.org\/2000\/svg\"><path d=\"M416 208H272V64c0-17.67-14.33-32-32-32h-32c-17.67 0-32 14.33-32 32v144H32c-17.67 0-32 14.33-32 32v32c0 17.67 14.33 32 32 32h144v144c0 17.67 14.33 32 32 32h32c17.67 0 32-14.33 32-32V304h144c17.67 0 32-14.33 32-32v-32c0-17.67-14.33-32-32-32z\"><\/path><\/svg><\/span>\n\t\t<\/span>\n\n\t\t\t\t\t\t<\/summary>\n\t\t\t\t<div data-particle_enable=\"false\" data-particle-mobile-disabled=\"false\" role=\"region\" aria-labelledby=\"e-n-accordion-item-1137\" class=\"elementor-element elementor-element-4163de0 e-con-full e-flex e-con e-child\" data-id=\"4163de0\" data-element_type=\"container\" data-e-type=\"container\">\n\t\t<div data-particle_enable=\"false\" data-particle-mobile-disabled=\"false\" role=\"region\" aria-labelledby=\"e-n-accordion-item-1137\" class=\"elementor-element elementor-element-fabb39c e-flex e-con-boxed e-con e-child\" data-id=\"fabb39c\" data-element_type=\"container\" data-e-type=\"container\">\n\t\t\t\t\t<div class=\"e-con-inner\">\n\t\t\t\t<div class=\"elementor-element elementor-element-7a3c9a7 elementor-widget elementor-widget-text-editor\" data-id=\"7a3c9a7\" data-element_type=\"widget\" data-e-type=\"widget\" data-widget_type=\"text-editor.default\">\n\t\t\t\t\t\t\t\t\t<div id=\"cabeza\"><div style=\"text-align: left;\" align=\"center\">Direcci\u00f3n de contacto postal: Plaza Mayor 1, 24004 Le\u00f3n, Espa\u00f1a<br \/>Direcci\u00f3n de contacto electr\u00f3nico principal:\u00a0<strong><a href=\"mailto:juntamayor.leon@gmail.com\" target=\"_blank\" rel=\"noopener\">juntamayor.leon@gmail.com<\/a><\/strong><br \/>Direcci\u00f3n de contacto electr\u00f3nico de la vocal\u00eda de prensa:\u00a0<strong><a href=\"mailto:prensajuntamayor.leon@gmail.com\" target=\"_blank\" rel=\"noopener\">prensajuntamayor.leon@gmail.com<\/a><\/strong><\/div><\/div>\t\t\t\t\t\t\t\t<\/div>\n\t\t\t\t\t<\/div>\n\t\t\t\t<\/div>\n\t\t\t\t<\/div>\n\t\t\t\t\t<\/details>\n\t\t\t\t\t<\/div>\n\t\t\t\t\t\t<\/div>\n\t\t\t\t<\/div>\n\t\t\t\t\t<\/div>\n\t\t\t\t<\/div>\n\t\t<div data-particle_enable=\"false\" data-particle-mobile-disabled=\"false\" class=\"elementor-element elementor-element-7c8316c e-flex e-con-boxed e-con e-parent\" data-id=\"7c8316c\" data-element_type=\"container\" data-e-type=\"container\" data-settings=\"{&quot;background_background&quot;:&quot;classic&quot;}\">\n\t\t\t\t\t<div class=\"e-con-inner\">\n\t\t<div data-particle_enable=\"false\" data-particle-mobile-disabled=\"false\" class=\"elementor-element elementor-element-f779c2c e-con-full e-flex e-con e-child\" data-id=\"f779c2c\" data-element_type=\"container\" data-e-type=\"container\">\n\t\t\t\t<div class=\"elementor-element elementor-element-452e07d elementor-widget elementor-widget-image\" data-id=\"452e07d\" data-element_type=\"widget\" data-e-type=\"widget\" data-widget_type=\"image.default\">\n\t\t\t\t\t\t\t\t\t\t\t\t\t\t\t<img fetchpriority=\"high\" decoding=\"async\" width=\"576\" height=\"1024\" src=\"https:\/\/pruebas.cursopracticoseo.com\/wordpress_o\/wp-content\/uploads\/2026\/02\/2026-CARTEL-SEMANA-SANTA-rrss-576x1024.jpg\" class=\"attachment-large size-large wp-image-3162\" alt=\"\" srcset=\"https:\/\/pruebas.cursopracticoseo.com\/wordpress_o\/wp-content\/uploads\/2026\/02\/2026-CARTEL-SEMANA-SANTA-rrss-576x1024.jpg 576w, https:\/\/pruebas.cursopracticoseo.com\/wordpress_o\/wp-content\/uploads\/2026\/02\/2026-CARTEL-SEMANA-SANTA-rrss-169x300.jpg 169w, https:\/\/pruebas.cursopracticoseo.com\/wordpress_o\/wp-content\/uploads\/2026\/02\/2026-CARTEL-SEMANA-SANTA-rrss-768x1365.jpg 768w, https:\/\/pruebas.cursopracticoseo.com\/wordpress_o\/wp-content\/uploads\/2026\/02\/2026-CARTEL-SEMANA-SANTA-rrss-864x1536.jpg 864w, https:\/\/pruebas.cursopracticoseo.com\/wordpress_o\/wp-content\/uploads\/2026\/02\/2026-CARTEL-SEMANA-SANTA-rrss.jpg 1080w\" sizes=\"(max-width: 576px) 100vw, 576px\" \/>\t\t\t\t\t\t\t\t\t\t\t\t\t\t\t<\/div>\n\t\t\t\t<\/div>\n\t\t<div data-particle_enable=\"false\" data-particle-mobile-disabled=\"false\" class=\"elementor-element elementor-element-9019d11 e-con-full e-flex e-con e-child\" data-id=\"9019d11\" data-element_type=\"container\" data-e-type=\"container\">\n\t\t\t\t<div class=\"elementor-element elementor-element-2662a59 elementor-widget elementor-widget-heading\" data-id=\"2662a59\" data-element_type=\"widget\" data-e-type=\"widget\" data-widget_type=\"heading.default\">\n\t\t\t\t\t<h2 class=\"elementor-heading-title elementor-size-default\">Nuestra Semana Santa<\/h2>\t\t\t\t<\/div>\n\t\t\t\t<div class=\"elementor-element elementor-element-6b46a1b elementor-widget elementor-widget-heading\" data-id=\"6b46a1b\" data-element_type=\"widget\" data-e-type=\"widget\" data-widget_type=\"heading.default\">\n\t\t\t\t\t<h2 class=\"elementor-heading-title elementor-size-default\">Hemeroteca<\/h2>\t\t\t\t<\/div>\n\t\t\t\t<div class=\"elementor-element elementor-element-f9ed456 elementor-widget elementor-widget-text-editor\" data-id=\"f9ed456\" data-element_type=\"widget\" data-e-type=\"widget\" data-widget_type=\"text-editor.default\">\n\t\t\t\t\t\t\t\t\t<p>Te dejamos los enlaces a a nuestro hist\u00f3rico de pregones y carteles.<\/p>\t\t\t\t\t\t\t\t<\/div>\n\t\t<div data-particle_enable=\"false\" data-particle-mobile-disabled=\"false\" class=\"elementor-element elementor-element-061fc44 e-grid e-con-full e-con e-child\" data-id=\"061fc44\" data-element_type=\"container\" data-e-type=\"container\">\n\t\t\t\t<div class=\"elementor-element elementor-element-d2a2ce0 elementor-mobile-align-center elementor-widget elementor-widget-button\" data-id=\"d2a2ce0\" data-element_type=\"widget\" data-e-type=\"widget\" data-widget_type=\"button.default\">\n\t\t\t\t\t\t\t\t\t\t<a class=\"elementor-button elementor-button-link elementor-size-sm\" href=\"https:\/\/pruebas.cursopracticoseo.com\/wordpress_o\/carteles\/\">\n\t\t\t\t\t\t<span class=\"elementor-button-content-wrapper\">\n\t\t\t\t\t\t\t\t\t<span class=\"elementor-button-text\">Carteles <\/span>\n\t\t\t\t\t<\/span>\n\t\t\t\t\t<\/a>\n\t\t\t\t\t\t\t\t<\/div>\n\t\t\t\t<div class=\"elementor-element elementor-element-f2c76c7 elementor-mobile-align-center elementor-widget elementor-widget-button\" data-id=\"f2c76c7\" data-element_type=\"widget\" data-e-type=\"widget\" data-widget_type=\"button.default\">\n\t\t\t\t\t\t\t\t\t\t<a class=\"elementor-button elementor-button-link elementor-size-sm\" href=\"https:\/\/pruebas.cursopracticoseo.com\/wordpress_o\/hemeroteca\/\">\n\t\t\t\t\t\t<span class=\"elementor-button-content-wrapper\">\n\t\t\t\t\t\t\t\t\t<span class=\"elementor-button-text\">Pregones <\/span>\n\t\t\t\t\t<\/span>\n\t\t\t\t\t<\/a>\n\t\t\t\t\t\t\t\t<\/div>\n\t\t\t\t<\/div>\n\t\t\t\t<\/div>\n\t\t\t\t\t<\/div>\n\t\t\t\t<\/div>\n\t\t\t\t<\/div>\n\t\t","protected":false},"excerpt":{"rendered":"<p>Nuestra Semana Santa Breve Historia La\u00a0Semana Santa\u00a0es el principal acontecimiento religioso, cultural y tradicional de la ciudad de Le\u00f3n. Su origen se remonta al\u00a0siglo XVI, aunque ya desde el\u00a0siglo XIII\u00a0se conservan indicios de diferentes manifestaciones religiosas para conmemorar la Pasi\u00f3n, Muerte y Resurrecci\u00f3n de Cristo. 1944 \u2013 15 de mayo Se constituye la Comisi\u00f3n Pro-Fomento [&hellip;]<\/p>\n","protected":false},"author":1,"featured_media":0,"parent":0,"menu_order":0,"comment_status":"closed","ping_status":"closed","template":"elementor_header_footer","meta":{"footnotes":""},"class_list":["post-33","page","type-page","status-publish","hentry"],"_links":{"self":[{"href":"https:\/\/pruebas.cursopracticoseo.com\/wordpress_o\/wp-json\/wp\/v2\/pages\/33","targetHints":{"allow":["GET"]}}],"collection":[{"href":"https:\/\/pruebas.cursopracticoseo.com\/wordpress_o\/wp-json\/wp\/v2\/pages"}],"about":[{"href":"https:\/\/pruebas.cursopracticoseo.com\/wordpress_o\/wp-json\/wp\/v2\/types\/page"}],"author":[{"embeddable":true,"href":"https:\/\/pruebas.cursopracticoseo.com\/wordpress_o\/wp-json\/wp\/v2\/users\/1"}],"replies":[{"embeddable":true,"href":"https:\/\/pruebas.cursopracticoseo.com\/wordpress_o\/wp-json\/wp\/v2\/comments?post=33"}],"version-history":[{"count":132,"href":"https:\/\/pruebas.cursopracticoseo.com\/wordpress_o\/wp-json\/wp\/v2\/pages\/33\/revisions"}],"predecessor-version":[{"id":6858,"href":"https:\/\/pruebas.cursopracticoseo.com\/wordpress_o\/wp-json\/wp\/v2\/pages\/33\/revisions\/6858"}],"wp:attachment":[{"href":"https:\/\/pruebas.cursopracticoseo.com\/wordpress_o\/wp-json\/wp\/v2\/media?parent=33"}],"curies":[{"name":"wp","href":"https:\/\/api.w.org\/{rel}","templated":true}]}}