{"id":2603,"date":"2026-02-20T13:36:16","date_gmt":"2026-02-20T13:36:16","guid":{"rendered":"https:\/\/pruebas.cursopracticoseo.com\/wordpress_o\/?page_id=2603"},"modified":"2026-03-10T09:48:52","modified_gmt":"2026-03-10T09:48:52","slug":"noticias-2","status":"publish","type":"page","link":"https:\/\/pruebas.cursopracticoseo.com\/wordpress_o\/noticias-2\/","title":{"rendered":"Noticias"},"content":{"rendered":"\t\t<div data-elementor-type=\"wp-page\" data-elementor-id=\"2603\" class=\"elementor elementor-2603\" data-elementor-post-type=\"page\">\n\t\t\t\t<div data-particle_enable=\"false\" data-particle-mobile-disabled=\"false\" class=\"elementor-element elementor-element-dbc2fe1 e-flex e-con-boxed e-con e-parent\" data-id=\"dbc2fe1\" data-element_type=\"container\" data-e-type=\"container\" data-settings=\"{&quot;background_background&quot;:&quot;classic&quot;}\">\n\t\t\t\t\t<div class=\"e-con-inner\">\n\t\t\t\t<div class=\"elementor-element elementor-element-67ab9cb elementor-widget elementor-widget-heading\" data-id=\"67ab9cb\" data-element_type=\"widget\" data-e-type=\"widget\" data-widget_type=\"heading.default\">\n\t\t\t\t\t<h2 class=\"elementor-heading-title elementor-size-default\">Noticias y eventos<\/h2>\t\t\t\t<\/div>\n\t\t\t\t<div class=\"elementor-element elementor-element-8d961f3 elementor-widget elementor-widget-shortcode\" data-id=\"8d961f3\" data-element_type=\"widget\" data-e-type=\"widget\" data-widget_type=\"shortcode.default\">\n\t\t\t\t\t\t\t<div class=\"elementor-shortcode\"><nav aria-label=\"breadcrumbs\" class=\"rank-math-breadcrumb\"><p><span class=\"last\">Home<\/span><\/p><\/nav><\/div>\n\t\t\t\t\t\t<\/div>\n\t\t\t\t\t<\/div>\n\t\t\t\t<\/div>\n\t\t<div data-particle_enable=\"false\" data-particle-mobile-disabled=\"false\" class=\"elementor-element elementor-element-46c4f87 e-flex e-con-boxed e-con e-parent\" data-id=\"46c4f87\" data-element_type=\"container\" data-e-type=\"container\" data-settings=\"{&quot;background_background&quot;:&quot;classic&quot;}\">\n\t\t\t\t\t<div class=\"e-con-inner\">\n\t\t<div data-particle_enable=\"false\" data-particle-mobile-disabled=\"false\" class=\"elementor-element elementor-element-409cb88 e-con-full e-flex e-con e-child\" data-id=\"409cb88\" data-element_type=\"container\" data-e-type=\"container\">\n\t\t\t\t<div class=\"elementor-element elementor-element-af191c9 e-n-tabs-mobile elementor-widget elementor-widget-n-tabs\" data-id=\"af191c9\" data-element_type=\"widget\" data-e-type=\"widget\" data-settings=\"{&quot;horizontal_scroll&quot;:&quot;disable&quot;}\" data-widget_type=\"nested-tabs.default\">\n\t\t\t\t\t\t\t<div class=\"e-n-tabs\" data-widget-number=\"183603657\" aria-label=\"Pesta\u00f1as. Abre elementos con Intro o Espacio, ci\u00e9rralos con Escape y navega con las fechas.\">\n\t\t\t<div class=\"e-n-tabs-heading\" role=\"tablist\">\n\t\t\t\t\t<button id=\"e-n-tab-title-1836036571\" data-tab-title-id=\"e-n-tab-title-1836036571\" class=\"e-n-tab-title\" aria-selected=\"true\" data-tab-index=\"1\" role=\"tab\" tabindex=\"0\" aria-controls=\"e-n-tab-content-1836036571\" style=\"--n-tabs-title-order: 1;\">\n\t\t\t\t\t\t<span class=\"e-n-tab-title-text\">\n\t\t\t\tNoticias Junta Mayor\t\t\t<\/span>\n\t\t<\/button>\n\t\t\t\t<button id=\"e-n-tab-title-1836036572\" data-tab-title-id=\"e-n-tab-title-1836036572\" class=\"e-n-tab-title\" aria-selected=\"false\" data-tab-index=\"2\" role=\"tab\" tabindex=\"-1\" aria-controls=\"e-n-tab-content-1836036572\" style=\"--n-tabs-title-order: 2;\">\n\t\t\t\t\t\t<span class=\"e-n-tab-title-text\">\n\t\t\t\tNoticias de Cofradias y Hermandades\t\t\t<\/span>\n\t\t<\/button>\n\t\t\t\t<button id=\"e-n-tab-title-1836036573\" data-tab-title-id=\"e-n-tab-title-1836036573\" class=\"e-n-tab-title\" aria-selected=\"false\" data-tab-index=\"3\" role=\"tab\" tabindex=\"-1\" aria-controls=\"e-n-tab-content-1836036573\" style=\"--n-tabs-title-order: 3;\">\n\t\t\t\t\t\t<span class=\"e-n-tab-title-text\">\n\t\t\t\tMedios de comunicaci\u00f3n\t\t\t<\/span>\n\t\t<\/button>\n\t\t\t\t\t<\/div>\n\t\t\t<div class=\"e-n-tabs-content\">\n\t\t\t\t<div data-particle_enable=\"false\" data-particle-mobile-disabled=\"false\" id=\"e-n-tab-content-1836036571\" role=\"tabpanel\" aria-labelledby=\"e-n-tab-title-1836036571\" data-tab-index=\"1\" style=\"--n-tabs-title-order: 1;\" class=\"e-active elementor-element elementor-element-6b2248a e-con-full e-flex e-con e-child\" data-id=\"6b2248a\" data-element_type=\"container\" data-e-type=\"container\">\n\t\t\t\t<div class=\"elementor-element elementor-element-0da3aec elementor-grid-2 elementor-grid-tablet-2 elementor-grid-mobile-1 elementor-posts--thumbnail-top elementor-widget elementor-widget-posts\" data-id=\"0da3aec\" data-element_type=\"widget\" data-e-type=\"widget\" data-settings=\"{&quot;classic_columns&quot;:&quot;2&quot;,&quot;classic_columns_tablet&quot;:&quot;2&quot;,&quot;classic_columns_mobile&quot;:&quot;1&quot;,&quot;classic_row_gap&quot;:{&quot;unit&quot;:&quot;px&quot;,&quot;size&quot;:35,&quot;sizes&quot;:[]},&quot;classic_row_gap_tablet&quot;:{&quot;unit&quot;:&quot;px&quot;,&quot;size&quot;:&quot;&quot;,&quot;sizes&quot;:[]},&quot;classic_row_gap_mobile&quot;:{&quot;unit&quot;:&quot;px&quot;,&quot;size&quot;:&quot;&quot;,&quot;sizes&quot;:[]}}\" data-widget_type=\"posts.classic\">\n\t\t\t\t<div class=\"elementor-widget-container\">\n\t\t\t\t\t\t\t<div class=\"elementor-posts-container elementor-posts elementor-posts--skin-classic elementor-grid\" role=\"list\">\n\t\t\t\t<article class=\"elementor-post elementor-grid-item post-7102 post type-post status-publish format-standard has-post-thumbnail hentry category-historico\" role=\"listitem\">\n\t\t\t\t<a class=\"elementor-post__thumbnail__link\" href=\"https:\/\/pruebas.cursopracticoseo.com\/wordpress_o\/triduo-y-besamanos-a-la-virgen-de-la-soledad-2\/\" tabindex=\"-1\" >\n\t\t\t<div class=\"elementor-post__thumbnail\"><img fetchpriority=\"high\" decoding=\"async\" width=\"724\" height=\"1024\" src=\"https:\/\/pruebas.cursopracticoseo.com\/wordpress_o\/wp-content\/uploads\/2026\/03\/cartel-triduo-724x1024.jpeg\" class=\"attachment-large size-large wp-image-7103\" alt=\"\" srcset=\"https:\/\/pruebas.cursopracticoseo.com\/wordpress_o\/wp-content\/uploads\/2026\/03\/cartel-triduo-724x1024.jpeg 724w, https:\/\/pruebas.cursopracticoseo.com\/wordpress_o\/wp-content\/uploads\/2026\/03\/cartel-triduo-212x300.jpeg 212w, https:\/\/pruebas.cursopracticoseo.com\/wordpress_o\/wp-content\/uploads\/2026\/03\/cartel-triduo-768x1086.jpeg 768w, https:\/\/pruebas.cursopracticoseo.com\/wordpress_o\/wp-content\/uploads\/2026\/03\/cartel-triduo-1086x1536.jpeg 1086w, https:\/\/pruebas.cursopracticoseo.com\/wordpress_o\/wp-content\/uploads\/2026\/03\/cartel-triduo.jpeg 1414w\" sizes=\"(max-width: 724px) 100vw, 724px\" \/><\/div>\n\t\t<\/a>\n\t\t\t\t<div class=\"elementor-post__text\">\n\t\t\t\t<h3 class=\"elementor-post__title\">\n\t\t\t<a href=\"https:\/\/pruebas.cursopracticoseo.com\/wordpress_o\/triduo-y-besamanos-a-la-virgen-de-la-soledad-2\/\" >\n\t\t\t\tTRIDUO Y BESAMANOS A LA VIRGEN DE LA SOLEDAD\t\t\t<\/a>\n\t\t<\/h3>\n\t\t\t\t<div class=\"elementor-post__meta-data\">\n\t\t\t\t\t<span class=\"elementor-post-date\">\n\t\t\t11 marzo, 2026\t\t<\/span>\n\t\t\t\t<span class=\"elementor-post-avatar\">\n\t\t\tNo hay comentarios\t\t<\/span>\n\t\t\t\t<\/div>\n\t\t\t\t<div class=\"elementor-post__excerpt\">\n\t\t\t<p>La Real Hermandad de Jes\u00fas Divino Obrero celebrar\u00e1 esta semana el Solemne Triduo y Besamanos en honor a la Virgen<\/p>\n\t\t<\/div>\n\t\t\n\t\t<a class=\"elementor-post__read-more\" href=\"https:\/\/pruebas.cursopracticoseo.com\/wordpress_o\/triduo-y-besamanos-a-la-virgen-de-la-soledad-2\/\" aria-label=\"M\u00e1s informaci\u00f3n sobre TRIDUO Y BESAMANOS A LA VIRGEN DE LA SOLEDAD\" tabindex=\"-1\" >\n\t\t\tLeer m\u00e1s \u00bb\t\t<\/a>\n\n\t\t\t\t<\/div>\n\t\t\t\t<\/article>\n\t\t\t\t<article class=\"elementor-post elementor-grid-item post-7099 post type-post status-publish format-standard has-post-thumbnail hentry category-historico\" role=\"listitem\">\n\t\t\t\t<a class=\"elementor-post__thumbnail__link\" href=\"https:\/\/pruebas.cursopracticoseo.com\/wordpress_o\/perdonare\/\" tabindex=\"-1\" >\n\t\t\t<div class=\"elementor-post__thumbnail\"><img decoding=\"async\" width=\"732\" height=\"1024\" src=\"https:\/\/pruebas.cursopracticoseo.com\/wordpress_o\/wp-content\/uploads\/2026\/03\/catel-actos-60-anv-732x1024.jpg\" class=\"attachment-large size-large wp-image-7100\" alt=\"\" srcset=\"https:\/\/pruebas.cursopracticoseo.com\/wordpress_o\/wp-content\/uploads\/2026\/03\/catel-actos-60-anv-732x1024.jpg 732w, https:\/\/pruebas.cursopracticoseo.com\/wordpress_o\/wp-content\/uploads\/2026\/03\/catel-actos-60-anv-214x300.jpg 214w, https:\/\/pruebas.cursopracticoseo.com\/wordpress_o\/wp-content\/uploads\/2026\/03\/catel-actos-60-anv.jpg 756w\" sizes=\"(max-width: 732px) 100vw, 732px\" \/><\/div>\n\t\t<\/a>\n\t\t\t\t<div class=\"elementor-post__text\">\n\t\t\t\t<h3 class=\"elementor-post__title\">\n\t\t\t<a href=\"https:\/\/pruebas.cursopracticoseo.com\/wordpress_o\/perdonare\/\" >\n\t\t\t\tPERDONARE\t\t\t<\/a>\n\t\t<\/h3>\n\t\t\t\t<div class=\"elementor-post__meta-data\">\n\t\t\t\t\t<span class=\"elementor-post-date\">\n\t\t\t11 marzo, 2026\t\t<\/span>\n\t\t\t\t<span class=\"elementor-post-avatar\">\n\t\t\tNo hay comentarios\t\t<\/span>\n\t\t\t\t<\/div>\n\t\t\t\t<div class=\"elementor-post__excerpt\">\n\t\t\t<p>La Cofrad\u00eda Santo Cristo del Perd\u00f3n de Le\u00f3n, conmemora este a\u00f1o, el 60.\u00ba Aniversario de la bendici\u00f3n de su imagen<\/p>\n\t\t<\/div>\n\t\t\n\t\t<a class=\"elementor-post__read-more\" href=\"https:\/\/pruebas.cursopracticoseo.com\/wordpress_o\/perdonare\/\" aria-label=\"M\u00e1s informaci\u00f3n sobre PERDONARE\" tabindex=\"-1\" >\n\t\t\tLeer m\u00e1s \u00bb\t\t<\/a>\n\n\t\t\t\t<\/div>\n\t\t\t\t<\/article>\n\t\t\t\t<article class=\"elementor-post elementor-grid-item post-7096 post type-post status-publish format-standard has-post-thumbnail hentry category-historico\" role=\"listitem\">\n\t\t\t\t<a class=\"elementor-post__thumbnail__link\" href=\"https:\/\/pruebas.cursopracticoseo.com\/wordpress_o\/luis-rodriguez-perez-la-historia-de-la-iglesia-historia-de-salvacion\/\" tabindex=\"-1\" >\n\t\t\t<div class=\"elementor-post__thumbnail\"><img decoding=\"async\" width=\"768\" height=\"1024\" src=\"https:\/\/pruebas.cursopracticoseo.com\/wordpress_o\/wp-content\/uploads\/2026\/03\/luis-rodriguez-768x1024.jpeg\" class=\"attachment-large size-large wp-image-7097\" alt=\"\" srcset=\"https:\/\/pruebas.cursopracticoseo.com\/wordpress_o\/wp-content\/uploads\/2026\/03\/luis-rodriguez-768x1024.jpeg 768w, https:\/\/pruebas.cursopracticoseo.com\/wordpress_o\/wp-content\/uploads\/2026\/03\/luis-rodriguez-225x300.jpeg 225w, https:\/\/pruebas.cursopracticoseo.com\/wordpress_o\/wp-content\/uploads\/2026\/03\/luis-rodriguez-1152x1536.jpeg 1152w, https:\/\/pruebas.cursopracticoseo.com\/wordpress_o\/wp-content\/uploads\/2026\/03\/luis-rodriguez.jpeg 1536w\" sizes=\"(max-width: 768px) 100vw, 768px\" \/><\/div>\n\t\t<\/a>\n\t\t\t\t<div class=\"elementor-post__text\">\n\t\t\t\t<h3 class=\"elementor-post__title\">\n\t\t\t<a href=\"https:\/\/pruebas.cursopracticoseo.com\/wordpress_o\/luis-rodriguez-perez-la-historia-de-la-iglesia-historia-de-salvacion\/\" >\n\t\t\t\tLUIS RODR\u00cdGUEZ P\u00c9REZ: \u00abLA HISTORIA DE LA IGLESIA, HISTORIA DE SALVACI\u00d3N\u00bb\t\t\t<\/a>\n\t\t<\/h3>\n\t\t\t\t<div class=\"elementor-post__meta-data\">\n\t\t\t\t\t<span class=\"elementor-post-date\">\n\t\t\t11 marzo, 2026\t\t<\/span>\n\t\t\t\t<span class=\"elementor-post-avatar\">\n\t\t\tNo hay comentarios\t\t<\/span>\n\t\t\t\t<\/div>\n\t\t\t\t<div class=\"elementor-post__excerpt\">\n\t\t\t<p>La Cofrad\u00eda del Santo Cristo de la Bienaventuranza de Le\u00f3n continuaba, el pasado lunes 9 de marzo, su Plan de<\/p>\n\t\t<\/div>\n\t\t\n\t\t<a class=\"elementor-post__read-more\" href=\"https:\/\/pruebas.cursopracticoseo.com\/wordpress_o\/luis-rodriguez-perez-la-historia-de-la-iglesia-historia-de-salvacion\/\" aria-label=\"M\u00e1s informaci\u00f3n sobre LUIS RODR\u00cdGUEZ P\u00c9REZ: \u00abLA HISTORIA DE LA IGLESIA, HISTORIA DE SALVACI\u00d3N\u00bb\" tabindex=\"-1\" >\n\t\t\tLeer m\u00e1s \u00bb\t\t<\/a>\n\n\t\t\t\t<\/div>\n\t\t\t\t<\/article>\n\t\t\t\t<article class=\"elementor-post elementor-grid-item post-7093 post type-post status-publish format-standard has-post-thumbnail hentry category-historico\" role=\"listitem\">\n\t\t\t\t<a class=\"elementor-post__thumbnail__link\" href=\"https:\/\/pruebas.cursopracticoseo.com\/wordpress_o\/xx-pregon-de-la-cofradia-cristo-del-gran-poder\/\" tabindex=\"-1\" >\n\t\t\t<div class=\"elementor-post__thumbnail\"><img loading=\"lazy\" decoding=\"async\" width=\"736\" height=\"1024\" src=\"https:\/\/pruebas.cursopracticoseo.com\/wordpress_o\/wp-content\/uploads\/2026\/03\/whatsapp-image-2026-03-09-at-13.31.11-736x1024.jpeg\" class=\"attachment-large size-large wp-image-7094\" alt=\"\" srcset=\"https:\/\/pruebas.cursopracticoseo.com\/wordpress_o\/wp-content\/uploads\/2026\/03\/whatsapp-image-2026-03-09-at-13.31.11-736x1024.jpeg 736w, https:\/\/pruebas.cursopracticoseo.com\/wordpress_o\/wp-content\/uploads\/2026\/03\/whatsapp-image-2026-03-09-at-13.31.11-216x300.jpeg 216w, https:\/\/pruebas.cursopracticoseo.com\/wordpress_o\/wp-content\/uploads\/2026\/03\/whatsapp-image-2026-03-09-at-13.31.11-768x1068.jpeg 768w, https:\/\/pruebas.cursopracticoseo.com\/wordpress_o\/wp-content\/uploads\/2026\/03\/whatsapp-image-2026-03-09-at-13.31.11-1104x1536.jpeg 1104w, https:\/\/pruebas.cursopracticoseo.com\/wordpress_o\/wp-content\/uploads\/2026\/03\/whatsapp-image-2026-03-09-at-13.31.11.jpeg 1179w\" sizes=\"(max-width: 736px) 100vw, 736px\" \/><\/div>\n\t\t<\/a>\n\t\t\t\t<div class=\"elementor-post__text\">\n\t\t\t\t<h3 class=\"elementor-post__title\">\n\t\t\t<a href=\"https:\/\/pruebas.cursopracticoseo.com\/wordpress_o\/xx-pregon-de-la-cofradia-cristo-del-gran-poder\/\" >\n\t\t\t\tXX PREG\u00d3N DE LA COFRAD\u00cdA CRISTO DEL GRAN PODER\t\t\t<\/a>\n\t\t<\/h3>\n\t\t\t\t<div class=\"elementor-post__meta-data\">\n\t\t\t\t\t<span class=\"elementor-post-date\">\n\t\t\t9 marzo, 2026\t\t<\/span>\n\t\t\t\t<span class=\"elementor-post-avatar\">\n\t\t\tNo hay comentarios\t\t<\/span>\n\t\t\t\t<\/div>\n\t\t\t\t<div class=\"elementor-post__excerpt\">\n\t\t\t<p>El pr\u00f3ximo s\u00e1bado 14 de marzo, a las 19:45 horas, tendr\u00e1 lugar el XX Preg\u00f3n de la Cofrad\u00eda Cristo del<\/p>\n\t\t<\/div>\n\t\t\n\t\t<a class=\"elementor-post__read-more\" href=\"https:\/\/pruebas.cursopracticoseo.com\/wordpress_o\/xx-pregon-de-la-cofradia-cristo-del-gran-poder\/\" aria-label=\"M\u00e1s informaci\u00f3n sobre XX PREG\u00d3N DE LA COFRAD\u00cdA CRISTO DEL GRAN PODER\" tabindex=\"-1\" >\n\t\t\tLeer m\u00e1s \u00bb\t\t<\/a>\n\n\t\t\t\t<\/div>\n\t\t\t\t<\/article>\n\t\t\t\t<article class=\"elementor-post elementor-grid-item post-7090 post type-post status-publish format-standard has-post-thumbnail hentry category-historico\" role=\"listitem\">\n\t\t\t\t<a class=\"elementor-post__thumbnail__link\" href=\"https:\/\/pruebas.cursopracticoseo.com\/wordpress_o\/procesion-caminando-tras-las-huellas-de-jesus\/\" tabindex=\"-1\" >\n\t\t\t<div class=\"elementor-post__thumbnail\"><img loading=\"lazy\" decoding=\"async\" width=\"757\" height=\"1024\" src=\"https:\/\/pruebas.cursopracticoseo.com\/wordpress_o\/wp-content\/uploads\/2026\/03\/img_3760-757x1024.jpeg\" class=\"attachment-large size-large wp-image-7091\" alt=\"\" srcset=\"https:\/\/pruebas.cursopracticoseo.com\/wordpress_o\/wp-content\/uploads\/2026\/03\/img_3760-757x1024.jpeg 757w, https:\/\/pruebas.cursopracticoseo.com\/wordpress_o\/wp-content\/uploads\/2026\/03\/img_3760-222x300.jpeg 222w, https:\/\/pruebas.cursopracticoseo.com\/wordpress_o\/wp-content\/uploads\/2026\/03\/img_3760-768x1039.jpeg 768w, https:\/\/pruebas.cursopracticoseo.com\/wordpress_o\/wp-content\/uploads\/2026\/03\/img_3760.jpeg 1135w\" sizes=\"(max-width: 757px) 100vw, 757px\" \/><\/div>\n\t\t<\/a>\n\t\t\t\t<div class=\"elementor-post__text\">\n\t\t\t\t<h3 class=\"elementor-post__title\">\n\t\t\t<a href=\"https:\/\/pruebas.cursopracticoseo.com\/wordpress_o\/procesion-caminando-tras-las-huellas-de-jesus\/\" >\n\t\t\t\tPROCESI\u00d3N \u00abCAMINANDO TRAS LAS HUELLAS DE JES\u00daS\u00bb\t\t\t<\/a>\n\t\t<\/h3>\n\t\t\t\t<div class=\"elementor-post__meta-data\">\n\t\t\t\t\t<span class=\"elementor-post-date\">\n\t\t\t9 marzo, 2026\t\t<\/span>\n\t\t\t\t<span class=\"elementor-post-avatar\">\n\t\t\tNo hay comentarios\t\t<\/span>\n\t\t\t\t<\/div>\n\t\t\t\t<div class=\"elementor-post__excerpt\">\n\t\t\t<p>La procesi\u00f3n \u00abCaminando tras las huellas de Jes\u00fas\u00bb organizada por la Cofrad\u00eda de La Agon\u00eda de Nuestro Se\u00f1or saldr\u00e1 a<\/p>\n\t\t<\/div>\n\t\t\n\t\t<a class=\"elementor-post__read-more\" href=\"https:\/\/pruebas.cursopracticoseo.com\/wordpress_o\/procesion-caminando-tras-las-huellas-de-jesus\/\" aria-label=\"M\u00e1s informaci\u00f3n sobre PROCESI\u00d3N \u00abCAMINANDO TRAS LAS HUELLAS DE JES\u00daS\u00bb\" tabindex=\"-1\" >\n\t\t\tLeer m\u00e1s \u00bb\t\t<\/a>\n\n\t\t\t\t<\/div>\n\t\t\t\t<\/article>\n\t\t\t\t<article class=\"elementor-post elementor-grid-item post-7087 post type-post status-publish format-standard has-post-thumbnail hentry category-historico\" role=\"listitem\">\n\t\t\t\t<a class=\"elementor-post__thumbnail__link\" href=\"https:\/\/pruebas.cursopracticoseo.com\/wordpress_o\/concierto-aniversario-de-la-agrupacion-musical-de-la-real-hermandad-de-jesus-divino-obrero-2\/\" tabindex=\"-1\" >\n\t\t\t<div class=\"elementor-post__thumbnail\"><img loading=\"lazy\" decoding=\"async\" width=\"768\" height=\"1024\" src=\"https:\/\/pruebas.cursopracticoseo.com\/wordpress_o\/wp-content\/uploads\/2026\/03\/whatsapp-image-2026-03-09-at-08.54.11-2-768x1024.jpeg\" class=\"attachment-large size-large wp-image-7088\" alt=\"\" srcset=\"https:\/\/pruebas.cursopracticoseo.com\/wordpress_o\/wp-content\/uploads\/2026\/03\/whatsapp-image-2026-03-09-at-08.54.11-2-768x1024.jpeg 768w, https:\/\/pruebas.cursopracticoseo.com\/wordpress_o\/wp-content\/uploads\/2026\/03\/whatsapp-image-2026-03-09-at-08.54.11-2-225x300.jpeg 225w, https:\/\/pruebas.cursopracticoseo.com\/wordpress_o\/wp-content\/uploads\/2026\/03\/whatsapp-image-2026-03-09-at-08.54.11-2-1152x1536.jpeg 1152w, https:\/\/pruebas.cursopracticoseo.com\/wordpress_o\/wp-content\/uploads\/2026\/03\/whatsapp-image-2026-03-09-at-08.54.11-2.jpeg 1536w\" sizes=\"(max-width: 768px) 100vw, 768px\" \/><\/div>\n\t\t<\/a>\n\t\t\t\t<div class=\"elementor-post__text\">\n\t\t\t\t<h3 class=\"elementor-post__title\">\n\t\t\t<a href=\"https:\/\/pruebas.cursopracticoseo.com\/wordpress_o\/concierto-aniversario-de-la-agrupacion-musical-de-la-real-hermandad-de-jesus-divino-obrero-2\/\" >\n\t\t\t\tCONCIERTO ANIVERSARIO DE LA AGRUPACI\u00d3N MUSICAL DE LA REAL HERMANDAD DE JES\u00daS DIVINO OBRERO\t\t\t<\/a>\n\t\t<\/h3>\n\t\t\t\t<div class=\"elementor-post__meta-data\">\n\t\t\t\t\t<span class=\"elementor-post-date\">\n\t\t\t9 marzo, 2026\t\t<\/span>\n\t\t\t\t<span class=\"elementor-post-avatar\">\n\t\t\tNo hay comentarios\t\t<\/span>\n\t\t\t\t<\/div>\n\t\t\t\t<div class=\"elementor-post__excerpt\">\n\t\t\t<p>La Agrupaci\u00f3n Musical de la Real Hermandad de Jes\u00fas Divino Obrero celebr\u00f3 el pasado domingo 8 de marzo su Concierto<\/p>\n\t\t<\/div>\n\t\t\n\t\t<a class=\"elementor-post__read-more\" href=\"https:\/\/pruebas.cursopracticoseo.com\/wordpress_o\/concierto-aniversario-de-la-agrupacion-musical-de-la-real-hermandad-de-jesus-divino-obrero-2\/\" aria-label=\"M\u00e1s informaci\u00f3n sobre CONCIERTO ANIVERSARIO DE LA AGRUPACI\u00d3N MUSICAL DE LA REAL HERMANDAD DE JES\u00daS DIVINO OBRERO\" tabindex=\"-1\" >\n\t\t\tLeer m\u00e1s \u00bb\t\t<\/a>\n\n\t\t\t\t<\/div>\n\t\t\t\t<\/article>\n\t\t\t\t<\/div>\n\t\t\n\t\t\t\t\t\t<\/div>\n\t\t\t\t<\/div>\n\t\t\t\t<\/div>\n\t\t<div data-particle_enable=\"false\" data-particle-mobile-disabled=\"false\" id=\"e-n-tab-content-1836036572\" role=\"tabpanel\" aria-labelledby=\"e-n-tab-title-1836036572\" data-tab-index=\"2\" style=\"--n-tabs-title-order: 2;\" class=\" elementor-element elementor-element-132ebb3 e-con-full e-flex e-con e-child\" data-id=\"132ebb3\" data-element_type=\"container\" data-e-type=\"container\">\n\t\t\t\t<\/div>\n\t\t<div data-particle_enable=\"false\" data-particle-mobile-disabled=\"false\" id=\"e-n-tab-content-1836036573\" role=\"tabpanel\" aria-labelledby=\"e-n-tab-title-1836036573\" data-tab-index=\"3\" style=\"--n-tabs-title-order: 3;\" class=\" elementor-element elementor-element-df4d6e9 e-con-full e-flex e-con e-child\" data-id=\"df4d6e9\" data-element_type=\"container\" data-e-type=\"container\">\n\t\t\t\t<\/div>\n\t\t\t\t\t<\/div>\n\t\t<\/div>\n\t\t\t\t\t\t<\/div>\n\t\t\t\t<\/div>\n\t\t<div data-particle_enable=\"false\" data-particle-mobile-disabled=\"false\" class=\"elementor-element elementor-element-404754e e-con-full e-flex e-con e-child\" data-id=\"404754e\" data-element_type=\"container\" data-e-type=\"container\">\n\t\t\t\t<div class=\"elementor-element elementor-element-3187 elementor-widget__width-initial elementor-widget elementor-widget-global elementor-global-3187 elementor-widget-eael-content-timeline\" data-id=\"3187\" data-element_type=\"widget\" data-e-type=\"widget\" data-widget_type=\"eael-content-timeline.default\">\n\t\t\t\t\t\t\t<div id=\"eael-content-timeline-3187\" class=\"content-timeline-layout-right date-position-inside horizontal-timeline-wrapper\" data-slide_to_scroll=\"{&quot;desktop&quot;:1,&quot;mobile&quot;:1,&quot;tablet&quot;:1}\">\n\t\t\t<div class=\"eael-content-timeline-container\">\n\t\t\t\t<div class=\"eael-content-timeline-container\">\n\t\t\t\t\t<div class=\"eael-content-timeline-block\">\n    <div class=\"eael-content-timeline-line\">\n        <div class=\"eael-content-timeline-inner\"><\/div>\n    <\/div>\n    <div class=\"eael-content-timeline-img eael-picture \"><svg class=\"e-font-icon-svg e-fas-pencil-alt\" viewBox=\"0 0 512 512\" xmlns=\"http:\/\/www.w3.org\/2000\/svg\"><path d=\"M497.9 142.1l-46.1 46.1c-4.7 4.7-12.3 4.7-17 0l-111-111c-4.7-4.7-4.7-12.3 0-17l46.1-46.1c18.7-18.7 49.1-18.7 67.9 0l60.1 60.1c18.8 18.7 18.8 49.1 0 67.9zM284.2 99.8L21.6 362.4.4 483.9c-2.9 16.4 11.4 30.6 27.8 27.8l121.5-21.3 262.6-262.6c4.7-4.7 4.7-12.3 0-17l-111-111c-4.8-4.7-12.4-4.7-17.1 0zM124.1 339.9c-5.5-5.5-5.5-14.3 0-19.8l154-154c5.5-5.5 14.3-5.5 19.8 0s5.5 14.3 0 19.8l-154 154c-5.5 5.5-14.3 5.5-19.8 0zM88 424h48v36.3l-64.5 11.3-31.1-31.1L51.7 376H88v48z\"><\/path><\/svg><\/div><div class=\"eael-content-timeline-content\"><span class=\"eael-date\">11 marzo, 2026<\/span><h2 class=\"eael-timeline-title\"><a href=\"https:\/\/pruebas.cursopracticoseo.com\/wordpress_o\/triduo-y-besamanos-a-la-virgen-de-la-soledad-2\/\">TRIDUO Y BESAMANOS A LA VIRGEN DE LA SOLEDAD<\/a><\/h2><div class=\"eael-timeline-excerpt\"><div>La Real Hermandad de Jes\u00fas Divino Obrero celebrar\u00e1 esta semana...<\/div><\/div><a href=\"https:\/\/pruebas.cursopracticoseo.com\/wordpress_o\/triduo-y-besamanos-a-la-virgen-de-la-soledad-2\/\" class=\"eael-read-more\">Leer m\u00e1s<\/a><\/div><\/div><div class=\"eael-content-timeline-block\">\n    <div class=\"eael-content-timeline-line\">\n        <div class=\"eael-content-timeline-inner\"><\/div>\n    <\/div>\n    <div class=\"eael-content-timeline-img eael-picture \"><svg class=\"e-font-icon-svg e-fas-pencil-alt\" viewBox=\"0 0 512 512\" xmlns=\"http:\/\/www.w3.org\/2000\/svg\"><path d=\"M497.9 142.1l-46.1 46.1c-4.7 4.7-12.3 4.7-17 0l-111-111c-4.7-4.7-4.7-12.3 0-17l46.1-46.1c18.7-18.7 49.1-18.7 67.9 0l60.1 60.1c18.8 18.7 18.8 49.1 0 67.9zM284.2 99.8L21.6 362.4.4 483.9c-2.9 16.4 11.4 30.6 27.8 27.8l121.5-21.3 262.6-262.6c4.7-4.7 4.7-12.3 0-17l-111-111c-4.8-4.7-12.4-4.7-17.1 0zM124.1 339.9c-5.5-5.5-5.5-14.3 0-19.8l154-154c5.5-5.5 14.3-5.5 19.8 0s5.5 14.3 0 19.8l-154 154c-5.5 5.5-14.3 5.5-19.8 0zM88 424h48v36.3l-64.5 11.3-31.1-31.1L51.7 376H88v48z\"><\/path><\/svg><\/div><div class=\"eael-content-timeline-content\"><span class=\"eael-date\">11 marzo, 2026<\/span><h2 class=\"eael-timeline-title\"><a href=\"https:\/\/pruebas.cursopracticoseo.com\/wordpress_o\/perdonare\/\">PERDONARE<\/a><\/h2><div class=\"eael-timeline-excerpt\"><div>La Cofrad\u00eda Santo Cristo del Perd\u00f3n de Le\u00f3n, conmemora este...<\/div><\/div><a href=\"https:\/\/pruebas.cursopracticoseo.com\/wordpress_o\/perdonare\/\" class=\"eael-read-more\">Leer m\u00e1s<\/a><\/div><\/div><div class=\"eael-content-timeline-block\">\n    <div class=\"eael-content-timeline-line\">\n        <div class=\"eael-content-timeline-inner\"><\/div>\n    <\/div>\n    <div class=\"eael-content-timeline-img eael-picture \"><svg class=\"e-font-icon-svg e-fas-pencil-alt\" viewBox=\"0 0 512 512\" xmlns=\"http:\/\/www.w3.org\/2000\/svg\"><path d=\"M497.9 142.1l-46.1 46.1c-4.7 4.7-12.3 4.7-17 0l-111-111c-4.7-4.7-4.7-12.3 0-17l46.1-46.1c18.7-18.7 49.1-18.7 67.9 0l60.1 60.1c18.8 18.7 18.8 49.1 0 67.9zM284.2 99.8L21.6 362.4.4 483.9c-2.9 16.4 11.4 30.6 27.8 27.8l121.5-21.3 262.6-262.6c4.7-4.7 4.7-12.3 0-17l-111-111c-4.8-4.7-12.4-4.7-17.1 0zM124.1 339.9c-5.5-5.5-5.5-14.3 0-19.8l154-154c5.5-5.5 14.3-5.5 19.8 0s5.5 14.3 0 19.8l-154 154c-5.5 5.5-14.3 5.5-19.8 0zM88 424h48v36.3l-64.5 11.3-31.1-31.1L51.7 376H88v48z\"><\/path><\/svg><\/div><div class=\"eael-content-timeline-content\"><span class=\"eael-date\">11 marzo, 2026<\/span><h2 class=\"eael-timeline-title\"><a href=\"https:\/\/pruebas.cursopracticoseo.com\/wordpress_o\/luis-rodriguez-perez-la-historia-de-la-iglesia-historia-de-salvacion\/\">LUIS RODR\u00cdGUEZ P\u00c9REZ: \u00abLA HISTORIA DE LA IGLESIA, HISTORIA DE SALVACI\u00d3N\u00bb<\/a><\/h2><div class=\"eael-timeline-excerpt\"><div>La Cofrad\u00eda del Santo Cristo de la Bienaventuranza de Le\u00f3n...<\/div><\/div><a href=\"https:\/\/pruebas.cursopracticoseo.com\/wordpress_o\/luis-rodriguez-perez-la-historia-de-la-iglesia-historia-de-salvacion\/\" class=\"eael-read-more\">Leer m\u00e1s<\/a><\/div><\/div><div class=\"eael-content-timeline-block\">\n    <div class=\"eael-content-timeline-line\">\n        <div class=\"eael-content-timeline-inner\"><\/div>\n    <\/div>\n    <div class=\"eael-content-timeline-img eael-picture \"><svg class=\"e-font-icon-svg e-fas-pencil-alt\" viewBox=\"0 0 512 512\" xmlns=\"http:\/\/www.w3.org\/2000\/svg\"><path d=\"M497.9 142.1l-46.1 46.1c-4.7 4.7-12.3 4.7-17 0l-111-111c-4.7-4.7-4.7-12.3 0-17l46.1-46.1c18.7-18.7 49.1-18.7 67.9 0l60.1 60.1c18.8 18.7 18.8 49.1 0 67.9zM284.2 99.8L21.6 362.4.4 483.9c-2.9 16.4 11.4 30.6 27.8 27.8l121.5-21.3 262.6-262.6c4.7-4.7 4.7-12.3 0-17l-111-111c-4.8-4.7-12.4-4.7-17.1 0zM124.1 339.9c-5.5-5.5-5.5-14.3 0-19.8l154-154c5.5-5.5 14.3-5.5 19.8 0s5.5 14.3 0 19.8l-154 154c-5.5 5.5-14.3 5.5-19.8 0zM88 424h48v36.3l-64.5 11.3-31.1-31.1L51.7 376H88v48z\"><\/path><\/svg><\/div><div class=\"eael-content-timeline-content\"><span class=\"eael-date\">9 marzo, 2026<\/span><h2 class=\"eael-timeline-title\"><a href=\"https:\/\/pruebas.cursopracticoseo.com\/wordpress_o\/xx-pregon-de-la-cofradia-cristo-del-gran-poder\/\">XX PREG\u00d3N DE LA COFRAD\u00cdA CRISTO DEL GRAN PODER<\/a><\/h2><div class=\"eael-timeline-excerpt\"><div>El pr\u00f3ximo s\u00e1bado 14 de marzo, a las 19:45 horas,...<\/div><\/div><a href=\"https:\/\/pruebas.cursopracticoseo.com\/wordpress_o\/xx-pregon-de-la-cofradia-cristo-del-gran-poder\/\" class=\"eael-read-more\">Leer m\u00e1s<\/a><\/div><\/div><div class=\"eael-content-timeline-block\">\n    <div class=\"eael-content-timeline-line\">\n        <div class=\"eael-content-timeline-inner\"><\/div>\n    <\/div>\n    <div class=\"eael-content-timeline-img eael-picture \"><svg class=\"e-font-icon-svg e-fas-pencil-alt\" viewBox=\"0 0 512 512\" xmlns=\"http:\/\/www.w3.org\/2000\/svg\"><path d=\"M497.9 142.1l-46.1 46.1c-4.7 4.7-12.3 4.7-17 0l-111-111c-4.7-4.7-4.7-12.3 0-17l46.1-46.1c18.7-18.7 49.1-18.7 67.9 0l60.1 60.1c18.8 18.7 18.8 49.1 0 67.9zM284.2 99.8L21.6 362.4.4 483.9c-2.9 16.4 11.4 30.6 27.8 27.8l121.5-21.3 262.6-262.6c4.7-4.7 4.7-12.3 0-17l-111-111c-4.8-4.7-12.4-4.7-17.1 0zM124.1 339.9c-5.5-5.5-5.5-14.3 0-19.8l154-154c5.5-5.5 14.3-5.5 19.8 0s5.5 14.3 0 19.8l-154 154c-5.5 5.5-14.3 5.5-19.8 0zM88 424h48v36.3l-64.5 11.3-31.1-31.1L51.7 376H88v48z\"><\/path><\/svg><\/div><div class=\"eael-content-timeline-content\"><span class=\"eael-date\">9 marzo, 2026<\/span><h2 class=\"eael-timeline-title\"><a href=\"https:\/\/pruebas.cursopracticoseo.com\/wordpress_o\/procesion-caminando-tras-las-huellas-de-jesus\/\">PROCESI\u00d3N \u00abCAMINANDO TRAS LAS HUELLAS DE JES\u00daS\u00bb<\/a><\/h2><div class=\"eael-timeline-excerpt\"><div>La procesi\u00f3n \u00abCaminando tras las huellas de Jes\u00fas\u00bb organizada por...<\/div><\/div><a href=\"https:\/\/pruebas.cursopracticoseo.com\/wordpress_o\/procesion-caminando-tras-las-huellas-de-jesus\/\" class=\"eael-read-more\">Leer m\u00e1s<\/a><\/div><\/div><div class=\"eael-content-timeline-block\">\n    <div class=\"eael-content-timeline-line\">\n        <div class=\"eael-content-timeline-inner\"><\/div>\n    <\/div>\n    <div class=\"eael-content-timeline-img eael-picture \"><svg class=\"e-font-icon-svg e-fas-pencil-alt\" viewBox=\"0 0 512 512\" xmlns=\"http:\/\/www.w3.org\/2000\/svg\"><path d=\"M497.9 142.1l-46.1 46.1c-4.7 4.7-12.3 4.7-17 0l-111-111c-4.7-4.7-4.7-12.3 0-17l46.1-46.1c18.7-18.7 49.1-18.7 67.9 0l60.1 60.1c18.8 18.7 18.8 49.1 0 67.9zM284.2 99.8L21.6 362.4.4 483.9c-2.9 16.4 11.4 30.6 27.8 27.8l121.5-21.3 262.6-262.6c4.7-4.7 4.7-12.3 0-17l-111-111c-4.8-4.7-12.4-4.7-17.1 0zM124.1 339.9c-5.5-5.5-5.5-14.3 0-19.8l154-154c5.5-5.5 14.3-5.5 19.8 0s5.5 14.3 0 19.8l-154 154c-5.5 5.5-14.3 5.5-19.8 0zM88 424h48v36.3l-64.5 11.3-31.1-31.1L51.7 376H88v48z\"><\/path><\/svg><\/div><div class=\"eael-content-timeline-content\"><span class=\"eael-date\">9 marzo, 2026<\/span><h2 class=\"eael-timeline-title\"><a href=\"https:\/\/pruebas.cursopracticoseo.com\/wordpress_o\/concierto-aniversario-de-la-agrupacion-musical-de-la-real-hermandad-de-jesus-divino-obrero-2\/\">CONCIERTO ANIVERSARIO DE LA AGRUPACI\u00d3N MUSICAL DE LA REAL HERMANDAD DE JES\u00daS DIVINO OBRERO<\/a><\/h2><div class=\"eael-timeline-excerpt\"><div>La Agrupaci\u00f3n Musical de la Real Hermandad de Jes\u00fas Divino...<\/div><\/div><a href=\"https:\/\/pruebas.cursopracticoseo.com\/wordpress_o\/concierto-aniversario-de-la-agrupacion-musical-de-la-real-hermandad-de-jesus-divino-obrero-2\/\" class=\"eael-read-more\">Leer m\u00e1s<\/a><\/div><\/div>\t\t\t\t<\/div>\n\t\t\t<\/div>\n\t\t<\/div>\n\t\t\t\t\t<\/div>\n\t\t\t\t<\/div>\n\t\t\t\t\t<\/div>\n\t\t\t\t<\/div>\n\t\t\t\t<\/div>\n\t\t","protected":false},"excerpt":{"rendered":"<p>Noticias y eventos Noticias Junta Mayor Noticias de Cofradias y Hermandades Medios de comunicaci\u00f3n LA COFRAD\u00cdA SANTO CRISTO DEL PERD\u00d3N CELEBRA LA FESTIVIDAD DE NUESTRA SE\u00d1ORA DE LA PAZ EL PR\u00d3XIMO S\u00c1BADO 24 DE ENERO 22 enero, 2026 No hay comentarios La Cofrad\u00eda Santo Cristo del Perd\u00f3n, conmemorar\u00e1 el pr\u00f3ximo s\u00e1bado, 24 de enero, la [&hellip;]<\/p>\n","protected":false},"author":1,"featured_media":0,"parent":0,"menu_order":0,"comment_status":"closed","ping_status":"closed","template":"elementor_header_footer","meta":{"footnotes":""},"class_list":["post-2603","page","type-page","status-publish","hentry"],"_links":{"self":[{"href":"https:\/\/pruebas.cursopracticoseo.com\/wordpress_o\/wp-json\/wp\/v2\/pages\/2603","targetHints":{"allow":["GET"]}}],"collection":[{"href":"https:\/\/pruebas.cursopracticoseo.com\/wordpress_o\/wp-json\/wp\/v2\/pages"}],"about":[{"href":"https:\/\/pruebas.cursopracticoseo.com\/wordpress_o\/wp-json\/wp\/v2\/types\/page"}],"author":[{"embeddable":true,"href":"https:\/\/pruebas.cursopracticoseo.com\/wordpress_o\/wp-json\/wp\/v2\/users\/1"}],"replies":[{"embeddable":true,"href":"https:\/\/pruebas.cursopracticoseo.com\/wordpress_o\/wp-json\/wp\/v2\/comments?post=2603"}],"version-history":[{"count":34,"href":"https:\/\/pruebas.cursopracticoseo.com\/wordpress_o\/wp-json\/wp\/v2\/pages\/2603\/revisions"}],"predecessor-version":[{"id":6746,"href":"https:\/\/pruebas.cursopracticoseo.com\/wordpress_o\/wp-json\/wp\/v2\/pages\/2603\/revisions\/6746"}],"wp:attachment":[{"href":"https:\/\/pruebas.cursopracticoseo.com\/wordpress_o\/wp-json\/wp\/v2\/media?parent=2603"}],"curies":[{"name":"wp","href":"https:\/\/api.w.org\/{rel}","templated":true}]}}