{"id":2346,"date":"2026-02-18T22:12:12","date_gmt":"2026-02-18T22:12:12","guid":{"rendered":"https:\/\/pruebas.cursopracticoseo.com\/wordpress_o\/?page_id=2346"},"modified":"2026-02-18T22:17:27","modified_gmt":"2026-02-18T22:17:27","slug":"noticias","status":"publish","type":"page","link":"https:\/\/pruebas.cursopracticoseo.com\/wordpress_o\/noticias\/","title":{"rendered":"Noticias"},"content":{"rendered":"\t\t<div data-elementor-type=\"wp-page\" data-elementor-id=\"2346\" class=\"elementor elementor-2346\" data-elementor-post-type=\"page\">\n\t\t\t\t<div data-particle_enable=\"false\" data-particle-mobile-disabled=\"false\" class=\"elementor-element elementor-element-dbc2fe1 e-flex e-con-boxed e-con e-parent\" data-id=\"dbc2fe1\" data-element_type=\"container\" data-e-type=\"container\" data-settings=\"{&quot;background_background&quot;:&quot;gradient&quot;}\">\n\t\t\t\t\t<div class=\"e-con-inner\">\n\t\t\t\t<div class=\"elementor-element elementor-element-67ab9cb elementor-widget elementor-widget-heading\" data-id=\"67ab9cb\" data-element_type=\"widget\" data-e-type=\"widget\" data-widget_type=\"heading.default\">\n\t\t\t\t\t<h2 class=\"elementor-heading-title elementor-size-default\">Noticias<\/h2>\t\t\t\t<\/div>\n\t\t\t\t\t<\/div>\n\t\t\t\t<\/div>\n\t\t<div data-particle_enable=\"false\" data-particle-mobile-disabled=\"false\" class=\"elementor-element elementor-element-b116393 e-flex e-con-boxed e-con e-parent\" data-id=\"b116393\" data-element_type=\"container\" data-e-type=\"container\">\n\t\t\t\t\t<div class=\"e-con-inner\">\n\t\t\t\t<div class=\"elementor-element elementor-element-9ce8f1c elementor-grid-3 elementor-grid-tablet-2 elementor-grid-mobile-1 elementor-posts--thumbnail-top elementor-widget elementor-widget-posts\" data-id=\"9ce8f1c\" data-element_type=\"widget\" data-e-type=\"widget\" data-settings=\"{&quot;pagination_type&quot;:&quot;prev_next&quot;,&quot;classic_columns&quot;:&quot;3&quot;,&quot;classic_columns_tablet&quot;:&quot;2&quot;,&quot;classic_columns_mobile&quot;:&quot;1&quot;,&quot;classic_row_gap&quot;:{&quot;unit&quot;:&quot;px&quot;,&quot;size&quot;:35,&quot;sizes&quot;:[]},&quot;classic_row_gap_tablet&quot;:{&quot;unit&quot;:&quot;px&quot;,&quot;size&quot;:&quot;&quot;,&quot;sizes&quot;:[]},&quot;classic_row_gap_mobile&quot;:{&quot;unit&quot;:&quot;px&quot;,&quot;size&quot;:&quot;&quot;,&quot;sizes&quot;:[]}}\" data-widget_type=\"posts.classic\">\n\t\t\t\t<div class=\"elementor-widget-container\">\n\t\t\t\t\t\t\t<div class=\"elementor-posts-container elementor-posts elementor-posts--skin-classic elementor-grid\" role=\"list\">\n\t\t\t\t<article class=\"elementor-post elementor-grid-item post-7102 post type-post status-publish format-standard has-post-thumbnail hentry category-historico\" role=\"listitem\">\n\t\t\t\t<a class=\"elementor-post__thumbnail__link\" href=\"https:\/\/pruebas.cursopracticoseo.com\/wordpress_o\/triduo-y-besamanos-a-la-virgen-de-la-soledad-2\/\" tabindex=\"-1\" >\n\t\t\t<div class=\"elementor-post__thumbnail\"><img fetchpriority=\"high\" decoding=\"async\" width=\"768\" height=\"1086\" src=\"https:\/\/pruebas.cursopracticoseo.com\/wordpress_o\/wp-content\/uploads\/2026\/03\/cartel-triduo-768x1086.jpeg\" class=\"attachment-medium_large size-medium_large wp-image-7103\" alt=\"\" srcset=\"https:\/\/pruebas.cursopracticoseo.com\/wordpress_o\/wp-content\/uploads\/2026\/03\/cartel-triduo-768x1086.jpeg 768w, https:\/\/pruebas.cursopracticoseo.com\/wordpress_o\/wp-content\/uploads\/2026\/03\/cartel-triduo-212x300.jpeg 212w, https:\/\/pruebas.cursopracticoseo.com\/wordpress_o\/wp-content\/uploads\/2026\/03\/cartel-triduo-724x1024.jpeg 724w, https:\/\/pruebas.cursopracticoseo.com\/wordpress_o\/wp-content\/uploads\/2026\/03\/cartel-triduo-1086x1536.jpeg 1086w, https:\/\/pruebas.cursopracticoseo.com\/wordpress_o\/wp-content\/uploads\/2026\/03\/cartel-triduo.jpeg 1414w\" sizes=\"(max-width: 768px) 100vw, 768px\" \/><\/div>\n\t\t<\/a>\n\t\t\t\t<div class=\"elementor-post__text\">\n\t\t\t\t<h3 class=\"elementor-post__title\">\n\t\t\t<a href=\"https:\/\/pruebas.cursopracticoseo.com\/wordpress_o\/triduo-y-besamanos-a-la-virgen-de-la-soledad-2\/\" >\n\t\t\t\tTRIDUO Y BESAMANOS A LA VIRGEN DE LA SOLEDAD\t\t\t<\/a>\n\t\t<\/h3>\n\t\t\t\t<div class=\"elementor-post__meta-data\">\n\t\t\t\t\t<span class=\"elementor-post-date\">\n\t\t\t11 marzo, 2026\t\t<\/span>\n\t\t\t\t<span class=\"elementor-post-avatar\">\n\t\t\tNo hay comentarios\t\t<\/span>\n\t\t\t\t<\/div>\n\t\t\t\t<div class=\"elementor-post__excerpt\">\n\t\t\t<p>La Real Hermandad de Jes\u00fas Divino Obrero celebrar\u00e1 esta semana el Solemne Triduo y Besamanos<\/p>\n\t\t<\/div>\n\t\t\n\t\t<a class=\"elementor-post__read-more\" href=\"https:\/\/pruebas.cursopracticoseo.com\/wordpress_o\/triduo-y-besamanos-a-la-virgen-de-la-soledad-2\/\" aria-label=\"M\u00e1s informaci\u00f3n sobre TRIDUO Y BESAMANOS A LA VIRGEN DE LA SOLEDAD\" tabindex=\"-1\" >\n\t\t\tLeer m\u00e1s \u00bb\t\t<\/a>\n\n\t\t\t\t<\/div>\n\t\t\t\t<\/article>\n\t\t\t\t<article class=\"elementor-post elementor-grid-item post-7099 post type-post status-publish format-standard has-post-thumbnail hentry category-historico\" role=\"listitem\">\n\t\t\t\t<a class=\"elementor-post__thumbnail__link\" href=\"https:\/\/pruebas.cursopracticoseo.com\/wordpress_o\/perdonare\/\" tabindex=\"-1\" >\n\t\t\t<div class=\"elementor-post__thumbnail\"><img decoding=\"async\" width=\"756\" height=\"1058\" src=\"https:\/\/pruebas.cursopracticoseo.com\/wordpress_o\/wp-content\/uploads\/2026\/03\/catel-actos-60-anv.jpg\" class=\"attachment-medium_large size-medium_large wp-image-7100\" alt=\"\" srcset=\"https:\/\/pruebas.cursopracticoseo.com\/wordpress_o\/wp-content\/uploads\/2026\/03\/catel-actos-60-anv.jpg 756w, https:\/\/pruebas.cursopracticoseo.com\/wordpress_o\/wp-content\/uploads\/2026\/03\/catel-actos-60-anv-214x300.jpg 214w, https:\/\/pruebas.cursopracticoseo.com\/wordpress_o\/wp-content\/uploads\/2026\/03\/catel-actos-60-anv-732x1024.jpg 732w\" sizes=\"(max-width: 756px) 100vw, 756px\" \/><\/div>\n\t\t<\/a>\n\t\t\t\t<div class=\"elementor-post__text\">\n\t\t\t\t<h3 class=\"elementor-post__title\">\n\t\t\t<a href=\"https:\/\/pruebas.cursopracticoseo.com\/wordpress_o\/perdonare\/\" >\n\t\t\t\tPERDONARE\t\t\t<\/a>\n\t\t<\/h3>\n\t\t\t\t<div class=\"elementor-post__meta-data\">\n\t\t\t\t\t<span class=\"elementor-post-date\">\n\t\t\t11 marzo, 2026\t\t<\/span>\n\t\t\t\t<span class=\"elementor-post-avatar\">\n\t\t\tNo hay comentarios\t\t<\/span>\n\t\t\t\t<\/div>\n\t\t\t\t<div class=\"elementor-post__excerpt\">\n\t\t\t<p>La Cofrad\u00eda Santo Cristo del Perd\u00f3n de Le\u00f3n, conmemora este a\u00f1o, el 60.\u00ba Aniversario de<\/p>\n\t\t<\/div>\n\t\t\n\t\t<a class=\"elementor-post__read-more\" href=\"https:\/\/pruebas.cursopracticoseo.com\/wordpress_o\/perdonare\/\" aria-label=\"M\u00e1s informaci\u00f3n sobre PERDONARE\" tabindex=\"-1\" >\n\t\t\tLeer m\u00e1s \u00bb\t\t<\/a>\n\n\t\t\t\t<\/div>\n\t\t\t\t<\/article>\n\t\t\t\t<article class=\"elementor-post elementor-grid-item post-7096 post type-post status-publish format-standard has-post-thumbnail hentry category-historico\" role=\"listitem\">\n\t\t\t\t<a class=\"elementor-post__thumbnail__link\" href=\"https:\/\/pruebas.cursopracticoseo.com\/wordpress_o\/luis-rodriguez-perez-la-historia-de-la-iglesia-historia-de-salvacion\/\" tabindex=\"-1\" >\n\t\t\t<div class=\"elementor-post__thumbnail\"><img decoding=\"async\" width=\"768\" height=\"1024\" src=\"https:\/\/pruebas.cursopracticoseo.com\/wordpress_o\/wp-content\/uploads\/2026\/03\/luis-rodriguez-768x1024.jpeg\" class=\"attachment-medium_large size-medium_large wp-image-7097\" alt=\"\" srcset=\"https:\/\/pruebas.cursopracticoseo.com\/wordpress_o\/wp-content\/uploads\/2026\/03\/luis-rodriguez-768x1024.jpeg 768w, https:\/\/pruebas.cursopracticoseo.com\/wordpress_o\/wp-content\/uploads\/2026\/03\/luis-rodriguez-225x300.jpeg 225w, https:\/\/pruebas.cursopracticoseo.com\/wordpress_o\/wp-content\/uploads\/2026\/03\/luis-rodriguez-1152x1536.jpeg 1152w, https:\/\/pruebas.cursopracticoseo.com\/wordpress_o\/wp-content\/uploads\/2026\/03\/luis-rodriguez.jpeg 1536w\" sizes=\"(max-width: 768px) 100vw, 768px\" \/><\/div>\n\t\t<\/a>\n\t\t\t\t<div class=\"elementor-post__text\">\n\t\t\t\t<h3 class=\"elementor-post__title\">\n\t\t\t<a href=\"https:\/\/pruebas.cursopracticoseo.com\/wordpress_o\/luis-rodriguez-perez-la-historia-de-la-iglesia-historia-de-salvacion\/\" >\n\t\t\t\tLUIS RODR\u00cdGUEZ P\u00c9REZ: \u00abLA HISTORIA DE LA IGLESIA, HISTORIA DE SALVACI\u00d3N\u00bb\t\t\t<\/a>\n\t\t<\/h3>\n\t\t\t\t<div class=\"elementor-post__meta-data\">\n\t\t\t\t\t<span class=\"elementor-post-date\">\n\t\t\t11 marzo, 2026\t\t<\/span>\n\t\t\t\t<span class=\"elementor-post-avatar\">\n\t\t\tNo hay comentarios\t\t<\/span>\n\t\t\t\t<\/div>\n\t\t\t\t<div class=\"elementor-post__excerpt\">\n\t\t\t<p>La Cofrad\u00eda del Santo Cristo de la Bienaventuranza de Le\u00f3n continuaba, el pasado lunes 9<\/p>\n\t\t<\/div>\n\t\t\n\t\t<a class=\"elementor-post__read-more\" href=\"https:\/\/pruebas.cursopracticoseo.com\/wordpress_o\/luis-rodriguez-perez-la-historia-de-la-iglesia-historia-de-salvacion\/\" aria-label=\"M\u00e1s informaci\u00f3n sobre LUIS RODR\u00cdGUEZ P\u00c9REZ: \u00abLA HISTORIA DE LA IGLESIA, HISTORIA DE SALVACI\u00d3N\u00bb\" tabindex=\"-1\" >\n\t\t\tLeer m\u00e1s \u00bb\t\t<\/a>\n\n\t\t\t\t<\/div>\n\t\t\t\t<\/article>\n\t\t\t\t<article class=\"elementor-post elementor-grid-item post-7093 post type-post status-publish format-standard has-post-thumbnail hentry category-historico\" role=\"listitem\">\n\t\t\t\t<a class=\"elementor-post__thumbnail__link\" href=\"https:\/\/pruebas.cursopracticoseo.com\/wordpress_o\/xx-pregon-de-la-cofradia-cristo-del-gran-poder\/\" tabindex=\"-1\" >\n\t\t\t<div class=\"elementor-post__thumbnail\"><img loading=\"lazy\" decoding=\"async\" width=\"768\" height=\"1068\" src=\"https:\/\/pruebas.cursopracticoseo.com\/wordpress_o\/wp-content\/uploads\/2026\/03\/whatsapp-image-2026-03-09-at-13.31.11-768x1068.jpeg\" class=\"attachment-medium_large size-medium_large wp-image-7094\" alt=\"\" srcset=\"https:\/\/pruebas.cursopracticoseo.com\/wordpress_o\/wp-content\/uploads\/2026\/03\/whatsapp-image-2026-03-09-at-13.31.11-768x1068.jpeg 768w, https:\/\/pruebas.cursopracticoseo.com\/wordpress_o\/wp-content\/uploads\/2026\/03\/whatsapp-image-2026-03-09-at-13.31.11-216x300.jpeg 216w, https:\/\/pruebas.cursopracticoseo.com\/wordpress_o\/wp-content\/uploads\/2026\/03\/whatsapp-image-2026-03-09-at-13.31.11-736x1024.jpeg 736w, https:\/\/pruebas.cursopracticoseo.com\/wordpress_o\/wp-content\/uploads\/2026\/03\/whatsapp-image-2026-03-09-at-13.31.11-1104x1536.jpeg 1104w, https:\/\/pruebas.cursopracticoseo.com\/wordpress_o\/wp-content\/uploads\/2026\/03\/whatsapp-image-2026-03-09-at-13.31.11.jpeg 1179w\" sizes=\"(max-width: 768px) 100vw, 768px\" \/><\/div>\n\t\t<\/a>\n\t\t\t\t<div class=\"elementor-post__text\">\n\t\t\t\t<h3 class=\"elementor-post__title\">\n\t\t\t<a href=\"https:\/\/pruebas.cursopracticoseo.com\/wordpress_o\/xx-pregon-de-la-cofradia-cristo-del-gran-poder\/\" >\n\t\t\t\tXX PREG\u00d3N DE LA COFRAD\u00cdA CRISTO DEL GRAN PODER\t\t\t<\/a>\n\t\t<\/h3>\n\t\t\t\t<div class=\"elementor-post__meta-data\">\n\t\t\t\t\t<span class=\"elementor-post-date\">\n\t\t\t9 marzo, 2026\t\t<\/span>\n\t\t\t\t<span class=\"elementor-post-avatar\">\n\t\t\tNo hay comentarios\t\t<\/span>\n\t\t\t\t<\/div>\n\t\t\t\t<div class=\"elementor-post__excerpt\">\n\t\t\t<p>El pr\u00f3ximo s\u00e1bado 14 de marzo, a las 19:45 horas, tendr\u00e1 lugar el XX Preg\u00f3n<\/p>\n\t\t<\/div>\n\t\t\n\t\t<a class=\"elementor-post__read-more\" href=\"https:\/\/pruebas.cursopracticoseo.com\/wordpress_o\/xx-pregon-de-la-cofradia-cristo-del-gran-poder\/\" aria-label=\"M\u00e1s informaci\u00f3n sobre XX PREG\u00d3N DE LA COFRAD\u00cdA CRISTO DEL GRAN PODER\" tabindex=\"-1\" >\n\t\t\tLeer m\u00e1s \u00bb\t\t<\/a>\n\n\t\t\t\t<\/div>\n\t\t\t\t<\/article>\n\t\t\t\t<article class=\"elementor-post elementor-grid-item post-7090 post type-post status-publish format-standard has-post-thumbnail hentry category-historico\" role=\"listitem\">\n\t\t\t\t<a class=\"elementor-post__thumbnail__link\" href=\"https:\/\/pruebas.cursopracticoseo.com\/wordpress_o\/procesion-caminando-tras-las-huellas-de-jesus\/\" tabindex=\"-1\" >\n\t\t\t<div class=\"elementor-post__thumbnail\"><img loading=\"lazy\" decoding=\"async\" width=\"768\" height=\"1039\" src=\"https:\/\/pruebas.cursopracticoseo.com\/wordpress_o\/wp-content\/uploads\/2026\/03\/img_3760-768x1039.jpeg\" class=\"attachment-medium_large size-medium_large wp-image-7091\" alt=\"\" srcset=\"https:\/\/pruebas.cursopracticoseo.com\/wordpress_o\/wp-content\/uploads\/2026\/03\/img_3760-768x1039.jpeg 768w, https:\/\/pruebas.cursopracticoseo.com\/wordpress_o\/wp-content\/uploads\/2026\/03\/img_3760-222x300.jpeg 222w, https:\/\/pruebas.cursopracticoseo.com\/wordpress_o\/wp-content\/uploads\/2026\/03\/img_3760-757x1024.jpeg 757w, https:\/\/pruebas.cursopracticoseo.com\/wordpress_o\/wp-content\/uploads\/2026\/03\/img_3760.jpeg 1135w\" sizes=\"(max-width: 768px) 100vw, 768px\" \/><\/div>\n\t\t<\/a>\n\t\t\t\t<div class=\"elementor-post__text\">\n\t\t\t\t<h3 class=\"elementor-post__title\">\n\t\t\t<a href=\"https:\/\/pruebas.cursopracticoseo.com\/wordpress_o\/procesion-caminando-tras-las-huellas-de-jesus\/\" >\n\t\t\t\tPROCESI\u00d3N \u00abCAMINANDO TRAS LAS HUELLAS DE JES\u00daS\u00bb\t\t\t<\/a>\n\t\t<\/h3>\n\t\t\t\t<div class=\"elementor-post__meta-data\">\n\t\t\t\t\t<span class=\"elementor-post-date\">\n\t\t\t9 marzo, 2026\t\t<\/span>\n\t\t\t\t<span class=\"elementor-post-avatar\">\n\t\t\tNo hay comentarios\t\t<\/span>\n\t\t\t\t<\/div>\n\t\t\t\t<div class=\"elementor-post__excerpt\">\n\t\t\t<p>La procesi\u00f3n \u00abCaminando tras las huellas de Jes\u00fas\u00bb organizada por la Cofrad\u00eda de La Agon\u00eda<\/p>\n\t\t<\/div>\n\t\t\n\t\t<a class=\"elementor-post__read-more\" href=\"https:\/\/pruebas.cursopracticoseo.com\/wordpress_o\/procesion-caminando-tras-las-huellas-de-jesus\/\" aria-label=\"M\u00e1s informaci\u00f3n sobre PROCESI\u00d3N \u00abCAMINANDO TRAS LAS HUELLAS DE JES\u00daS\u00bb\" tabindex=\"-1\" >\n\t\t\tLeer m\u00e1s \u00bb\t\t<\/a>\n\n\t\t\t\t<\/div>\n\t\t\t\t<\/article>\n\t\t\t\t<article class=\"elementor-post elementor-grid-item post-7087 post type-post status-publish format-standard has-post-thumbnail hentry category-historico\" role=\"listitem\">\n\t\t\t\t<a class=\"elementor-post__thumbnail__link\" href=\"https:\/\/pruebas.cursopracticoseo.com\/wordpress_o\/concierto-aniversario-de-la-agrupacion-musical-de-la-real-hermandad-de-jesus-divino-obrero-2\/\" tabindex=\"-1\" >\n\t\t\t<div class=\"elementor-post__thumbnail\"><img loading=\"lazy\" decoding=\"async\" width=\"768\" height=\"1024\" src=\"https:\/\/pruebas.cursopracticoseo.com\/wordpress_o\/wp-content\/uploads\/2026\/03\/whatsapp-image-2026-03-09-at-08.54.11-2-768x1024.jpeg\" class=\"attachment-medium_large size-medium_large wp-image-7088\" alt=\"\" srcset=\"https:\/\/pruebas.cursopracticoseo.com\/wordpress_o\/wp-content\/uploads\/2026\/03\/whatsapp-image-2026-03-09-at-08.54.11-2-768x1024.jpeg 768w, https:\/\/pruebas.cursopracticoseo.com\/wordpress_o\/wp-content\/uploads\/2026\/03\/whatsapp-image-2026-03-09-at-08.54.11-2-225x300.jpeg 225w, https:\/\/pruebas.cursopracticoseo.com\/wordpress_o\/wp-content\/uploads\/2026\/03\/whatsapp-image-2026-03-09-at-08.54.11-2-1152x1536.jpeg 1152w, https:\/\/pruebas.cursopracticoseo.com\/wordpress_o\/wp-content\/uploads\/2026\/03\/whatsapp-image-2026-03-09-at-08.54.11-2.jpeg 1536w\" sizes=\"(max-width: 768px) 100vw, 768px\" \/><\/div>\n\t\t<\/a>\n\t\t\t\t<div class=\"elementor-post__text\">\n\t\t\t\t<h3 class=\"elementor-post__title\">\n\t\t\t<a href=\"https:\/\/pruebas.cursopracticoseo.com\/wordpress_o\/concierto-aniversario-de-la-agrupacion-musical-de-la-real-hermandad-de-jesus-divino-obrero-2\/\" >\n\t\t\t\tCONCIERTO ANIVERSARIO DE LA AGRUPACI\u00d3N MUSICAL DE LA REAL HERMANDAD DE JES\u00daS DIVINO OBRERO\t\t\t<\/a>\n\t\t<\/h3>\n\t\t\t\t<div class=\"elementor-post__meta-data\">\n\t\t\t\t\t<span class=\"elementor-post-date\">\n\t\t\t9 marzo, 2026\t\t<\/span>\n\t\t\t\t<span class=\"elementor-post-avatar\">\n\t\t\tNo hay comentarios\t\t<\/span>\n\t\t\t\t<\/div>\n\t\t\t\t<div class=\"elementor-post__excerpt\">\n\t\t\t<p>La Agrupaci\u00f3n Musical de la Real Hermandad de Jes\u00fas Divino Obrero celebr\u00f3 el pasado domingo<\/p>\n\t\t<\/div>\n\t\t\n\t\t<a class=\"elementor-post__read-more\" href=\"https:\/\/pruebas.cursopracticoseo.com\/wordpress_o\/concierto-aniversario-de-la-agrupacion-musical-de-la-real-hermandad-de-jesus-divino-obrero-2\/\" aria-label=\"M\u00e1s informaci\u00f3n sobre CONCIERTO ANIVERSARIO DE LA AGRUPACI\u00d3N MUSICAL DE LA REAL HERMANDAD DE JES\u00daS DIVINO OBRERO\" tabindex=\"-1\" >\n\t\t\tLeer m\u00e1s \u00bb\t\t<\/a>\n\n\t\t\t\t<\/div>\n\t\t\t\t<\/article>\n\t\t\t\t<article class=\"elementor-post elementor-grid-item post-7083 post type-post status-publish format-standard has-post-thumbnail hentry category-historico\" role=\"listitem\">\n\t\t\t\t<a class=\"elementor-post__thumbnail__link\" href=\"https:\/\/pruebas.cursopracticoseo.com\/wordpress_o\/sexta-sesion-del-plan-de-formacion-cofrade-sin-perder-el-paso-2025-2026\/\" tabindex=\"-1\" >\n\t\t\t<div class=\"elementor-post__thumbnail\"><img loading=\"lazy\" decoding=\"async\" width=\"768\" height=\"960\" src=\"https:\/\/pruebas.cursopracticoseo.com\/wordpress_o\/wp-content\/uploads\/2026\/03\/pfc-sesion-9-de-marzo-768x960.jpeg\" class=\"attachment-medium_large size-medium_large wp-image-7084\" alt=\"\" srcset=\"https:\/\/pruebas.cursopracticoseo.com\/wordpress_o\/wp-content\/uploads\/2026\/03\/pfc-sesion-9-de-marzo-768x960.jpeg 768w, https:\/\/pruebas.cursopracticoseo.com\/wordpress_o\/wp-content\/uploads\/2026\/03\/pfc-sesion-9-de-marzo-240x300.jpeg 240w, https:\/\/pruebas.cursopracticoseo.com\/wordpress_o\/wp-content\/uploads\/2026\/03\/pfc-sesion-9-de-marzo-819x1024.jpeg 819w, https:\/\/pruebas.cursopracticoseo.com\/wordpress_o\/wp-content\/uploads\/2026\/03\/pfc-sesion-9-de-marzo.jpeg 1080w\" sizes=\"(max-width: 768px) 100vw, 768px\" \/><\/div>\n\t\t<\/a>\n\t\t\t\t<div class=\"elementor-post__text\">\n\t\t\t\t<h3 class=\"elementor-post__title\">\n\t\t\t<a href=\"https:\/\/pruebas.cursopracticoseo.com\/wordpress_o\/sexta-sesion-del-plan-de-formacion-cofrade-sin-perder-el-paso-2025-2026\/\" >\n\t\t\t\tSEXTA SESI\u00d3N DEL PLAN DE FORMACI\u00d3N COFRADE \u00abSIN PERDER EL PASO 2025-2026\u00bb\t\t\t<\/a>\n\t\t<\/h3>\n\t\t\t\t<div class=\"elementor-post__meta-data\">\n\t\t\t\t\t<span class=\"elementor-post-date\">\n\t\t\t6 marzo, 2026\t\t<\/span>\n\t\t\t\t<span class=\"elementor-post-avatar\">\n\t\t\tNo hay comentarios\t\t<\/span>\n\t\t\t\t<\/div>\n\t\t\t\t<div class=\"elementor-post__excerpt\">\n\t\t\t<p>La Cofrad\u00eda Santo Cristo de la Bienaventuranza celebrar\u00e1 la sexta sesi\u00f3n del Plan de Formaci\u00f3n<\/p>\n\t\t<\/div>\n\t\t\n\t\t<a class=\"elementor-post__read-more\" href=\"https:\/\/pruebas.cursopracticoseo.com\/wordpress_o\/sexta-sesion-del-plan-de-formacion-cofrade-sin-perder-el-paso-2025-2026\/\" aria-label=\"M\u00e1s informaci\u00f3n sobre SEXTA SESI\u00d3N DEL PLAN DE FORMACI\u00d3N COFRADE \u00abSIN PERDER EL PASO 2025-2026\u00bb\" tabindex=\"-1\" >\n\t\t\tLeer m\u00e1s \u00bb\t\t<\/a>\n\n\t\t\t\t<\/div>\n\t\t\t\t<\/article>\n\t\t\t\t<article class=\"elementor-post elementor-grid-item post-7080 post type-post status-publish format-standard has-post-thumbnail hentry category-historico\" role=\"listitem\">\n\t\t\t\t<a class=\"elementor-post__thumbnail__link\" href=\"https:\/\/pruebas.cursopracticoseo.com\/wordpress_o\/concierto-aniversario-de-la-agrupacion-musical-de-la-real-hermandad-de-jesus-divino-obrero\/\" tabindex=\"-1\" >\n\t\t\t<div class=\"elementor-post__thumbnail\"><img loading=\"lazy\" decoding=\"async\" width=\"768\" height=\"1086\" src=\"https:\/\/pruebas.cursopracticoseo.com\/wordpress_o\/wp-content\/uploads\/2026\/03\/am-rhjdo-2-768x1086.jpeg\" class=\"attachment-medium_large size-medium_large wp-image-7081\" alt=\"\" srcset=\"https:\/\/pruebas.cursopracticoseo.com\/wordpress_o\/wp-content\/uploads\/2026\/03\/am-rhjdo-2-768x1086.jpeg 768w, https:\/\/pruebas.cursopracticoseo.com\/wordpress_o\/wp-content\/uploads\/2026\/03\/am-rhjdo-2-212x300.jpeg 212w, https:\/\/pruebas.cursopracticoseo.com\/wordpress_o\/wp-content\/uploads\/2026\/03\/am-rhjdo-2-724x1024.jpeg 724w, https:\/\/pruebas.cursopracticoseo.com\/wordpress_o\/wp-content\/uploads\/2026\/03\/am-rhjdo-2-1086x1536.jpeg 1086w, https:\/\/pruebas.cursopracticoseo.com\/wordpress_o\/wp-content\/uploads\/2026\/03\/am-rhjdo-2.jpeg 1131w\" sizes=\"(max-width: 768px) 100vw, 768px\" \/><\/div>\n\t\t<\/a>\n\t\t\t\t<div class=\"elementor-post__text\">\n\t\t\t\t<h3 class=\"elementor-post__title\">\n\t\t\t<a href=\"https:\/\/pruebas.cursopracticoseo.com\/wordpress_o\/concierto-aniversario-de-la-agrupacion-musical-de-la-real-hermandad-de-jesus-divino-obrero\/\" >\n\t\t\t\tCONCIERTO ANIVERSARIO DE LA AGRUPACI\u00d3N MUSICAL DE LA REAL HERMANDAD DE JES\u00daS DIVINO OBRERO\t\t\t<\/a>\n\t\t<\/h3>\n\t\t\t\t<div class=\"elementor-post__meta-data\">\n\t\t\t\t\t<span class=\"elementor-post-date\">\n\t\t\t5 marzo, 2026\t\t<\/span>\n\t\t\t\t<span class=\"elementor-post-avatar\">\n\t\t\tNo hay comentarios\t\t<\/span>\n\t\t\t\t<\/div>\n\t\t\t\t<div class=\"elementor-post__excerpt\">\n\t\t\t<p>La Agrupaci\u00f3n Musical de la Real Hermandad de Jes\u00fas Divino Obrero celebrar\u00e1 su Concierto Aniversario,<\/p>\n\t\t<\/div>\n\t\t\n\t\t<a class=\"elementor-post__read-more\" href=\"https:\/\/pruebas.cursopracticoseo.com\/wordpress_o\/concierto-aniversario-de-la-agrupacion-musical-de-la-real-hermandad-de-jesus-divino-obrero\/\" aria-label=\"M\u00e1s informaci\u00f3n sobre CONCIERTO ANIVERSARIO DE LA AGRUPACI\u00d3N MUSICAL DE LA REAL HERMANDAD DE JES\u00daS DIVINO OBRERO\" tabindex=\"-1\" >\n\t\t\tLeer m\u00e1s \u00bb\t\t<\/a>\n\n\t\t\t\t<\/div>\n\t\t\t\t<\/article>\n\t\t\t\t<article class=\"elementor-post elementor-grid-item post-7077 post type-post status-publish format-standard has-post-thumbnail hentry category-historico\" role=\"listitem\">\n\t\t\t\t<a class=\"elementor-post__thumbnail__link\" href=\"https:\/\/pruebas.cursopracticoseo.com\/wordpress_o\/la-real-hermandad-de-jesus-divino-obrero-celebro-su-tradicional-peregrinacion-a-la-virgen-del-camino\/\" tabindex=\"-1\" >\n\t\t\t<div class=\"elementor-post__thumbnail\"><img loading=\"lazy\" decoding=\"async\" width=\"768\" height=\"1024\" src=\"https:\/\/pruebas.cursopracticoseo.com\/wordpress_o\/wp-content\/uploads\/2026\/03\/whatsapp-image-2026-02-25-at-15.19.59-3-768x1024.jpeg\" class=\"attachment-medium_large size-medium_large wp-image-7078\" alt=\"\" srcset=\"https:\/\/pruebas.cursopracticoseo.com\/wordpress_o\/wp-content\/uploads\/2026\/03\/whatsapp-image-2026-02-25-at-15.19.59-3-768x1024.jpeg 768w, https:\/\/pruebas.cursopracticoseo.com\/wordpress_o\/wp-content\/uploads\/2026\/03\/whatsapp-image-2026-02-25-at-15.19.59-3-225x300.jpeg 225w, https:\/\/pruebas.cursopracticoseo.com\/wordpress_o\/wp-content\/uploads\/2026\/03\/whatsapp-image-2026-02-25-at-15.19.59-3-1152x1536.jpeg 1152w, https:\/\/pruebas.cursopracticoseo.com\/wordpress_o\/wp-content\/uploads\/2026\/03\/whatsapp-image-2026-02-25-at-15.19.59-3.jpeg 1200w\" sizes=\"(max-width: 768px) 100vw, 768px\" \/><\/div>\n\t\t<\/a>\n\t\t\t\t<div class=\"elementor-post__text\">\n\t\t\t\t<h3 class=\"elementor-post__title\">\n\t\t\t<a href=\"https:\/\/pruebas.cursopracticoseo.com\/wordpress_o\/la-real-hermandad-de-jesus-divino-obrero-celebro-su-tradicional-peregrinacion-a-la-virgen-del-camino\/\" >\n\t\t\t\tLA REAL HERMANDAD DE JES\u00daS DIVINO OBRERO CELEBR\u00d3 SU TRADICIONAL PEREGRINACI\u00d3N A LA VIRGEN DEL CAMINO\t\t\t<\/a>\n\t\t<\/h3>\n\t\t\t\t<div class=\"elementor-post__meta-data\">\n\t\t\t\t\t<span class=\"elementor-post-date\">\n\t\t\t25 febrero, 2026\t\t<\/span>\n\t\t\t\t<span class=\"elementor-post-avatar\">\n\t\t\tNo hay comentarios\t\t<\/span>\n\t\t\t\t<\/div>\n\t\t\t\t<div class=\"elementor-post__excerpt\">\n\t\t\t<p>La Real Hermandad de Jes\u00fas Divino Obrero celebr\u00f3 el pasado s\u00e1bado 21 de febrero su<\/p>\n\t\t<\/div>\n\t\t\n\t\t<a class=\"elementor-post__read-more\" href=\"https:\/\/pruebas.cursopracticoseo.com\/wordpress_o\/la-real-hermandad-de-jesus-divino-obrero-celebro-su-tradicional-peregrinacion-a-la-virgen-del-camino\/\" aria-label=\"M\u00e1s informaci\u00f3n sobre LA REAL HERMANDAD DE JES\u00daS DIVINO OBRERO CELEBR\u00d3 SU TRADICIONAL PEREGRINACI\u00d3N A LA VIRGEN DEL CAMINO\" tabindex=\"-1\" >\n\t\t\tLeer m\u00e1s \u00bb\t\t<\/a>\n\n\t\t\t\t<\/div>\n\t\t\t\t<\/article>\n\t\t\t\t<article class=\"elementor-post elementor-grid-item post-7074 post type-post status-publish format-standard has-post-thumbnail hentry category-historico\" role=\"listitem\">\n\t\t\t\t<a class=\"elementor-post__thumbnail__link\" href=\"https:\/\/pruebas.cursopracticoseo.com\/wordpress_o\/besapie-al-cristo-del-gran-poder\/\" tabindex=\"-1\" >\n\t\t\t<div class=\"elementor-post__thumbnail\"><img loading=\"lazy\" decoding=\"async\" width=\"768\" height=\"960\" src=\"https:\/\/pruebas.cursopracticoseo.com\/wordpress_o\/wp-content\/uploads\/2026\/03\/whatsapp-image-2026-02-24-at-12.38.22-768x960.jpeg\" class=\"attachment-medium_large size-medium_large wp-image-7075\" alt=\"\" srcset=\"https:\/\/pruebas.cursopracticoseo.com\/wordpress_o\/wp-content\/uploads\/2026\/03\/whatsapp-image-2026-02-24-at-12.38.22-768x960.jpeg 768w, https:\/\/pruebas.cursopracticoseo.com\/wordpress_o\/wp-content\/uploads\/2026\/03\/whatsapp-image-2026-02-24-at-12.38.22-240x300.jpeg 240w, https:\/\/pruebas.cursopracticoseo.com\/wordpress_o\/wp-content\/uploads\/2026\/03\/whatsapp-image-2026-02-24-at-12.38.22-819x1024.jpeg 819w, https:\/\/pruebas.cursopracticoseo.com\/wordpress_o\/wp-content\/uploads\/2026\/03\/whatsapp-image-2026-02-24-at-12.38.22.jpeg 1080w\" sizes=\"(max-width: 768px) 100vw, 768px\" \/><\/div>\n\t\t<\/a>\n\t\t\t\t<div class=\"elementor-post__text\">\n\t\t\t\t<h3 class=\"elementor-post__title\">\n\t\t\t<a href=\"https:\/\/pruebas.cursopracticoseo.com\/wordpress_o\/besapie-al-cristo-del-gran-poder\/\" >\n\t\t\t\tBESAPI\u00c9 AL CRISTO DEL GRAN PODER\t\t\t<\/a>\n\t\t<\/h3>\n\t\t\t\t<div class=\"elementor-post__meta-data\">\n\t\t\t\t\t<span class=\"elementor-post-date\">\n\t\t\t25 febrero, 2026\t\t<\/span>\n\t\t\t\t<span class=\"elementor-post-avatar\">\n\t\t\tNo hay comentarios\t\t<\/span>\n\t\t\t\t<\/div>\n\t\t\t\t<div class=\"elementor-post__excerpt\">\n\t\t\t<p>Este a\u00f1o vivimos un momento muy especial. Con inmensa alegr\u00eda, anunciamos la instauraci\u00f3n de un<\/p>\n\t\t<\/div>\n\t\t\n\t\t<a class=\"elementor-post__read-more\" href=\"https:\/\/pruebas.cursopracticoseo.com\/wordpress_o\/besapie-al-cristo-del-gran-poder\/\" aria-label=\"M\u00e1s informaci\u00f3n sobre BESAPI\u00c9 AL CRISTO DEL GRAN PODER\" tabindex=\"-1\" >\n\t\t\tLeer m\u00e1s \u00bb\t\t<\/a>\n\n\t\t\t\t<\/div>\n\t\t\t\t<\/article>\n\t\t\t\t<article class=\"elementor-post elementor-grid-item post-7071 post type-post status-publish format-standard has-post-thumbnail hentry category-historico\" role=\"listitem\">\n\t\t\t\t<a class=\"elementor-post__thumbnail__link\" href=\"https:\/\/pruebas.cursopracticoseo.com\/wordpress_o\/sones-de-cuaresma-recauda-1-800e-para-amidown-leon\/\" tabindex=\"-1\" >\n\t\t\t<div class=\"elementor-post__thumbnail\"><img loading=\"lazy\" decoding=\"async\" width=\"768\" height=\"1024\" src=\"https:\/\/pruebas.cursopracticoseo.com\/wordpress_o\/wp-content\/uploads\/2026\/03\/whatsapp-image-2026-02-22-at-22.04.19-768x1024.jpeg\" class=\"attachment-medium_large size-medium_large wp-image-7072\" alt=\"\" srcset=\"https:\/\/pruebas.cursopracticoseo.com\/wordpress_o\/wp-content\/uploads\/2026\/03\/whatsapp-image-2026-02-22-at-22.04.19-768x1024.jpeg 768w, https:\/\/pruebas.cursopracticoseo.com\/wordpress_o\/wp-content\/uploads\/2026\/03\/whatsapp-image-2026-02-22-at-22.04.19-225x300.jpeg 225w, https:\/\/pruebas.cursopracticoseo.com\/wordpress_o\/wp-content\/uploads\/2026\/03\/whatsapp-image-2026-02-22-at-22.04.19-1152x1536.jpeg 1152w, https:\/\/pruebas.cursopracticoseo.com\/wordpress_o\/wp-content\/uploads\/2026\/03\/whatsapp-image-2026-02-22-at-22.04.19.jpeg 1200w\" sizes=\"(max-width: 768px) 100vw, 768px\" \/><\/div>\n\t\t<\/a>\n\t\t\t\t<div class=\"elementor-post__text\">\n\t\t\t\t<h3 class=\"elementor-post__title\">\n\t\t\t<a href=\"https:\/\/pruebas.cursopracticoseo.com\/wordpress_o\/sones-de-cuaresma-recauda-1-800e-para-amidown-leon\/\" >\n\t\t\t\t\u201cSONES DE CUARESMA\u201d RECAUDA 1.800\u20ac PARA AMIDOWN LE\u00d3N\t\t\t<\/a>\n\t\t<\/h3>\n\t\t\t\t<div class=\"elementor-post__meta-data\">\n\t\t\t\t\t<span class=\"elementor-post-date\">\n\t\t\t24 febrero, 2026\t\t<\/span>\n\t\t\t\t<span class=\"elementor-post-avatar\">\n\t\t\tNo hay comentarios\t\t<\/span>\n\t\t\t\t<\/div>\n\t\t\t\t<div class=\"elementor-post__excerpt\">\n\t\t\t<p>La Real Hermandad de Jes\u00fas Divino Obrero celebr\u00f3 este domingo, 22 de febrero, la s\u00e9ptima<\/p>\n\t\t<\/div>\n\t\t\n\t\t<a class=\"elementor-post__read-more\" href=\"https:\/\/pruebas.cursopracticoseo.com\/wordpress_o\/sones-de-cuaresma-recauda-1-800e-para-amidown-leon\/\" aria-label=\"M\u00e1s informaci\u00f3n sobre \u201cSONES DE CUARESMA\u201d RECAUDA 1.800\u20ac PARA AMIDOWN LE\u00d3N\" tabindex=\"-1\" >\n\t\t\tLeer m\u00e1s \u00bb\t\t<\/a>\n\n\t\t\t\t<\/div>\n\t\t\t\t<\/article>\n\t\t\t\t<article class=\"elementor-post elementor-grid-item post-7068 post type-post status-publish format-standard has-post-thumbnail hentry category-historico\" role=\"listitem\">\n\t\t\t\t<a class=\"elementor-post__thumbnail__link\" href=\"https:\/\/pruebas.cursopracticoseo.com\/wordpress_o\/via-crucis-en-honor-al-cristo-de-la-cruz-quemada-2\/\" tabindex=\"-1\" >\n\t\t\t<div class=\"elementor-post__thumbnail\"><img loading=\"lazy\" decoding=\"async\" width=\"768\" height=\"960\" src=\"https:\/\/pruebas.cursopracticoseo.com\/wordpress_o\/wp-content\/uploads\/2026\/03\/whatsapp-image-2026-02-24-at-16.59.38-768x960.jpeg\" class=\"attachment-medium_large size-medium_large wp-image-7069\" alt=\"\" srcset=\"https:\/\/pruebas.cursopracticoseo.com\/wordpress_o\/wp-content\/uploads\/2026\/03\/whatsapp-image-2026-02-24-at-16.59.38-768x960.jpeg 768w, https:\/\/pruebas.cursopracticoseo.com\/wordpress_o\/wp-content\/uploads\/2026\/03\/whatsapp-image-2026-02-24-at-16.59.38-240x300.jpeg 240w, https:\/\/pruebas.cursopracticoseo.com\/wordpress_o\/wp-content\/uploads\/2026\/03\/whatsapp-image-2026-02-24-at-16.59.38-819x1024.jpeg 819w, https:\/\/pruebas.cursopracticoseo.com\/wordpress_o\/wp-content\/uploads\/2026\/03\/whatsapp-image-2026-02-24-at-16.59.38-1229x1536.jpeg 1229w, https:\/\/pruebas.cursopracticoseo.com\/wordpress_o\/wp-content\/uploads\/2026\/03\/whatsapp-image-2026-02-24-at-16.59.38.jpeg 1330w\" sizes=\"(max-width: 768px) 100vw, 768px\" \/><\/div>\n\t\t<\/a>\n\t\t\t\t<div class=\"elementor-post__text\">\n\t\t\t\t<h3 class=\"elementor-post__title\">\n\t\t\t<a href=\"https:\/\/pruebas.cursopracticoseo.com\/wordpress_o\/via-crucis-en-honor-al-cristo-de-la-cruz-quemada-2\/\" >\n\t\t\t\tVIA CRUCIS EN HONOR AL CRISTO DE LA CRUZ QUEMADA\t\t\t<\/a>\n\t\t<\/h3>\n\t\t\t\t<div class=\"elementor-post__meta-data\">\n\t\t\t\t\t<span class=\"elementor-post-date\">\n\t\t\t24 febrero, 2026\t\t<\/span>\n\t\t\t\t<span class=\"elementor-post-avatar\">\n\t\t\tNo hay comentarios\t\t<\/span>\n\t\t\t\t<\/div>\n\t\t\t\t<div class=\"elementor-post__excerpt\">\n\t\t\t<p>La Cofrad\u00eda Santo Sepulcro-Esperanza de la vida os invita a que les acompa\u00f1\u00e9is el s\u00e1bado<\/p>\n\t\t<\/div>\n\t\t\n\t\t<a class=\"elementor-post__read-more\" href=\"https:\/\/pruebas.cursopracticoseo.com\/wordpress_o\/via-crucis-en-honor-al-cristo-de-la-cruz-quemada-2\/\" aria-label=\"M\u00e1s informaci\u00f3n sobre VIA CRUCIS EN HONOR AL CRISTO DE LA CRUZ QUEMADA\" tabindex=\"-1\" >\n\t\t\tLeer m\u00e1s \u00bb\t\t<\/a>\n\n\t\t\t\t<\/div>\n\t\t\t\t<\/article>\n\t\t\t\t<article class=\"elementor-post elementor-grid-item post-7066 post type-post status-publish format-standard hentry category-historico\" role=\"listitem\">\n\t\t\t\t<div class=\"elementor-post__text\">\n\t\t\t\t<h3 class=\"elementor-post__title\">\n\t\t\t<a href=\"https:\/\/pruebas.cursopracticoseo.com\/wordpress_o\/toma-de-posesion-de-la-redencion-2\/\" >\n\t\t\t\tTOMA DE POSESI\u00d3N DE \u201cLA REDENCI\u00d3N\u201d\t\t\t<\/a>\n\t\t<\/h3>\n\t\t\t\t<div class=\"elementor-post__meta-data\">\n\t\t\t\t\t<span class=\"elementor-post-date\">\n\t\t\t20 febrero, 2026\t\t<\/span>\n\t\t\t\t<span class=\"elementor-post-avatar\">\n\t\t\tNo hay comentarios\t\t<\/span>\n\t\t\t\t<\/div>\n\t\t\t\t<div class=\"elementor-post__excerpt\">\n\t\t\t<p>El domingo 22 de febrero, a las 13:00 horas, tendr\u00e1 lugar en la Iglesia Parroquial<\/p>\n\t\t<\/div>\n\t\t\n\t\t<a class=\"elementor-post__read-more\" href=\"https:\/\/pruebas.cursopracticoseo.com\/wordpress_o\/toma-de-posesion-de-la-redencion-2\/\" aria-label=\"M\u00e1s informaci\u00f3n sobre TOMA DE POSESI\u00d3N DE \u201cLA REDENCI\u00d3N\u201d\" tabindex=\"-1\" >\n\t\t\tLeer m\u00e1s \u00bb\t\t<\/a>\n\n\t\t\t\t<\/div>\n\t\t\t\t<\/article>\n\t\t\t\t<article class=\"elementor-post elementor-grid-item post-7063 post type-post status-publish format-standard has-post-thumbnail hentry category-historico\" role=\"listitem\">\n\t\t\t\t<a class=\"elementor-post__thumbnail__link\" href=\"https:\/\/pruebas.cursopracticoseo.com\/wordpress_o\/fallece-d-jose-luis-tascon-abad-honorario-de-la-real-hermandad-de-jesus-divino-obrero\/\" tabindex=\"-1\" >\n\t\t\t<div class=\"elementor-post__thumbnail\"><img loading=\"lazy\" decoding=\"async\" width=\"641\" height=\"560\" src=\"https:\/\/pruebas.cursopracticoseo.com\/wordpress_o\/wp-content\/uploads\/2026\/03\/514355632_23905906612411591_7654514335010175805_n.jpg\" class=\"attachment-medium_large size-medium_large wp-image-7064\" alt=\"\" srcset=\"https:\/\/pruebas.cursopracticoseo.com\/wordpress_o\/wp-content\/uploads\/2026\/03\/514355632_23905906612411591_7654514335010175805_n.jpg 641w, https:\/\/pruebas.cursopracticoseo.com\/wordpress_o\/wp-content\/uploads\/2026\/03\/514355632_23905906612411591_7654514335010175805_n-300x262.jpg 300w\" sizes=\"(max-width: 641px) 100vw, 641px\" \/><\/div>\n\t\t<\/a>\n\t\t\t\t<div class=\"elementor-post__text\">\n\t\t\t\t<h3 class=\"elementor-post__title\">\n\t\t\t<a href=\"https:\/\/pruebas.cursopracticoseo.com\/wordpress_o\/fallece-d-jose-luis-tascon-abad-honorario-de-la-real-hermandad-de-jesus-divino-obrero\/\" >\n\t\t\t\tFALLECE D. JOS\u00c9 LUIS TASC\u00d3N, ABAD HONORARIO DE LA REAL HERMANDAD DE JES\u00daS DIVINO OBRERO\t\t\t<\/a>\n\t\t<\/h3>\n\t\t\t\t<div class=\"elementor-post__meta-data\">\n\t\t\t\t\t<span class=\"elementor-post-date\">\n\t\t\t20 febrero, 2026\t\t<\/span>\n\t\t\t\t<span class=\"elementor-post-avatar\">\n\t\t\tNo hay comentarios\t\t<\/span>\n\t\t\t\t<\/div>\n\t\t\t\t<div class=\"elementor-post__excerpt\">\n\t\t\t<p>La Real Hermandad de Jes\u00fas Divino Obrero lamenta comunicar el fallecimiento de D. Jos\u00e9 Luis<\/p>\n\t\t<\/div>\n\t\t\n\t\t<a class=\"elementor-post__read-more\" href=\"https:\/\/pruebas.cursopracticoseo.com\/wordpress_o\/fallece-d-jose-luis-tascon-abad-honorario-de-la-real-hermandad-de-jesus-divino-obrero\/\" aria-label=\"M\u00e1s informaci\u00f3n sobre FALLECE D. JOS\u00c9 LUIS TASC\u00d3N, ABAD HONORARIO DE LA REAL HERMANDAD DE JES\u00daS DIVINO OBRERO\" tabindex=\"-1\" >\n\t\t\tLeer m\u00e1s \u00bb\t\t<\/a>\n\n\t\t\t\t<\/div>\n\t\t\t\t<\/article>\n\t\t\t\t<article class=\"elementor-post elementor-grid-item post-7058 post type-post status-publish format-standard has-post-thumbnail hentry category-historico\" role=\"listitem\">\n\t\t\t\t<a class=\"elementor-post__thumbnail__link\" href=\"https:\/\/pruebas.cursopracticoseo.com\/wordpress_o\/xiii-concierto-de-aniversario-agrupacion-musical-cristo-del-gran-poder\/\" tabindex=\"-1\" >\n\t\t\t<div class=\"elementor-post__thumbnail\"><img loading=\"lazy\" decoding=\"async\" width=\"768\" height=\"1086\" src=\"https:\/\/pruebas.cursopracticoseo.com\/wordpress_o\/wp-content\/uploads\/2026\/03\/whatsapp-image-2026-02-13-at-11.07.17-768x1086.jpeg\" class=\"attachment-medium_large size-medium_large wp-image-7059\" alt=\"\" srcset=\"https:\/\/pruebas.cursopracticoseo.com\/wordpress_o\/wp-content\/uploads\/2026\/03\/whatsapp-image-2026-02-13-at-11.07.17-768x1086.jpeg 768w, https:\/\/pruebas.cursopracticoseo.com\/wordpress_o\/wp-content\/uploads\/2026\/03\/whatsapp-image-2026-02-13-at-11.07.17-212x300.jpeg 212w, https:\/\/pruebas.cursopracticoseo.com\/wordpress_o\/wp-content\/uploads\/2026\/03\/whatsapp-image-2026-02-13-at-11.07.17-724x1024.jpeg 724w, https:\/\/pruebas.cursopracticoseo.com\/wordpress_o\/wp-content\/uploads\/2026\/03\/whatsapp-image-2026-02-13-at-11.07.17-1086x1536.jpeg 1086w, https:\/\/pruebas.cursopracticoseo.com\/wordpress_o\/wp-content\/uploads\/2026\/03\/whatsapp-image-2026-02-13-at-11.07.17.jpeg 1131w\" sizes=\"(max-width: 768px) 100vw, 768px\" \/><\/div>\n\t\t<\/a>\n\t\t\t\t<div class=\"elementor-post__text\">\n\t\t\t\t<h3 class=\"elementor-post__title\">\n\t\t\t<a href=\"https:\/\/pruebas.cursopracticoseo.com\/wordpress_o\/xiii-concierto-de-aniversario-agrupacion-musical-cristo-del-gran-poder\/\" >\n\t\t\t\tXIII CONCIERTO DE ANIVERSARIO AGRUPACI\u00d3N MUSICAL CRISTO DEL GRAN PODER\t\t\t<\/a>\n\t\t<\/h3>\n\t\t\t\t<div class=\"elementor-post__meta-data\">\n\t\t\t\t\t<span class=\"elementor-post-date\">\n\t\t\t13 febrero, 2026\t\t<\/span>\n\t\t\t\t<span class=\"elementor-post-avatar\">\n\t\t\tNo hay comentarios\t\t<\/span>\n\t\t\t\t<\/div>\n\t\t\t\t<div class=\"elementor-post__excerpt\">\n\t\t\t<p>Este a\u00f1o unimos nuestro concierto aniversario al tradicional Concierto Solidario a beneficio de C\u00e1ritas Parroquial<\/p>\n\t\t<\/div>\n\t\t\n\t\t<a class=\"elementor-post__read-more\" href=\"https:\/\/pruebas.cursopracticoseo.com\/wordpress_o\/xiii-concierto-de-aniversario-agrupacion-musical-cristo-del-gran-poder\/\" aria-label=\"M\u00e1s informaci\u00f3n sobre XIII CONCIERTO DE ANIVERSARIO AGRUPACI\u00d3N MUSICAL CRISTO DEL GRAN PODER\" tabindex=\"-1\" >\n\t\t\tLeer m\u00e1s \u00bb\t\t<\/a>\n\n\t\t\t\t<\/div>\n\t\t\t\t<\/article>\n\t\t\t\t<article class=\"elementor-post elementor-grid-item post-7055 post type-post status-publish format-standard has-post-thumbnail hentry category-historico\" role=\"listitem\">\n\t\t\t\t<a class=\"elementor-post__thumbnail__link\" href=\"https:\/\/pruebas.cursopracticoseo.com\/wordpress_o\/miercoles-de-ceniza-cristo-del-gran-poder\/\" tabindex=\"-1\" >\n\t\t\t<div class=\"elementor-post__thumbnail\"><img loading=\"lazy\" decoding=\"async\" width=\"768\" height=\"960\" src=\"https:\/\/pruebas.cursopracticoseo.com\/wordpress_o\/wp-content\/uploads\/2026\/03\/whatsapp-image-2026-02-12-at-08.58.34-768x960.jpeg\" class=\"attachment-medium_large size-medium_large wp-image-7056\" alt=\"\" srcset=\"https:\/\/pruebas.cursopracticoseo.com\/wordpress_o\/wp-content\/uploads\/2026\/03\/whatsapp-image-2026-02-12-at-08.58.34-768x960.jpeg 768w, https:\/\/pruebas.cursopracticoseo.com\/wordpress_o\/wp-content\/uploads\/2026\/03\/whatsapp-image-2026-02-12-at-08.58.34-240x300.jpeg 240w, https:\/\/pruebas.cursopracticoseo.com\/wordpress_o\/wp-content\/uploads\/2026\/03\/whatsapp-image-2026-02-12-at-08.58.34-819x1024.jpeg 819w, https:\/\/pruebas.cursopracticoseo.com\/wordpress_o\/wp-content\/uploads\/2026\/03\/whatsapp-image-2026-02-12-at-08.58.34.jpeg 1080w\" sizes=\"(max-width: 768px) 100vw, 768px\" \/><\/div>\n\t\t<\/a>\n\t\t\t\t<div class=\"elementor-post__text\">\n\t\t\t\t<h3 class=\"elementor-post__title\">\n\t\t\t<a href=\"https:\/\/pruebas.cursopracticoseo.com\/wordpress_o\/miercoles-de-ceniza-cristo-del-gran-poder\/\" >\n\t\t\t\tMI\u00c9RCOLES DE CENIZA CRISTO DEL GRAN PODER\t\t\t<\/a>\n\t\t<\/h3>\n\t\t\t\t<div class=\"elementor-post__meta-data\">\n\t\t\t\t\t<span class=\"elementor-post-date\">\n\t\t\t12 febrero, 2026\t\t<\/span>\n\t\t\t\t<span class=\"elementor-post-avatar\">\n\t\t\tNo hay comentarios\t\t<\/span>\n\t\t\t\t<\/div>\n\t\t\t\t<div class=\"elementor-post__excerpt\">\n\t\t\t<p>El pr\u00f3ximo mi\u00e9rcoles, 18 de febrero a las 19:30, coincidiendo un a\u00f1o m\u00e1s con el<\/p>\n\t\t<\/div>\n\t\t\n\t\t<a class=\"elementor-post__read-more\" href=\"https:\/\/pruebas.cursopracticoseo.com\/wordpress_o\/miercoles-de-ceniza-cristo-del-gran-poder\/\" aria-label=\"M\u00e1s informaci\u00f3n sobre MI\u00c9RCOLES DE CENIZA CRISTO DEL GRAN PODER\" tabindex=\"-1\" >\n\t\t\tLeer m\u00e1s \u00bb\t\t<\/a>\n\n\t\t\t\t<\/div>\n\t\t\t\t<\/article>\n\t\t\t\t<article class=\"elementor-post elementor-grid-item post-7052 post type-post status-publish format-standard has-post-thumbnail hentry category-historico\" role=\"listitem\">\n\t\t\t\t<a class=\"elementor-post__thumbnail__link\" href=\"https:\/\/pruebas.cursopracticoseo.com\/wordpress_o\/actos-del-inicio-de-la-cuaresma-de-la-cofradia-santo-sepulcro-esperanza-de-la-vida\/\" tabindex=\"-1\" >\n\t\t\t<div class=\"elementor-post__thumbnail\"><img loading=\"lazy\" decoding=\"async\" width=\"768\" height=\"898\" src=\"https:\/\/pruebas.cursopracticoseo.com\/wordpress_o\/wp-content\/uploads\/2026\/03\/whatsapp-image-2026-02-12-at-11.32.46-768x898.jpeg\" class=\"attachment-medium_large size-medium_large wp-image-7053\" alt=\"\" srcset=\"https:\/\/pruebas.cursopracticoseo.com\/wordpress_o\/wp-content\/uploads\/2026\/03\/whatsapp-image-2026-02-12-at-11.32.46-768x898.jpeg 768w, https:\/\/pruebas.cursopracticoseo.com\/wordpress_o\/wp-content\/uploads\/2026\/03\/whatsapp-image-2026-02-12-at-11.32.46-257x300.jpeg 257w, https:\/\/pruebas.cursopracticoseo.com\/wordpress_o\/wp-content\/uploads\/2026\/03\/whatsapp-image-2026-02-12-at-11.32.46-876x1024.jpeg 876w, https:\/\/pruebas.cursopracticoseo.com\/wordpress_o\/wp-content\/uploads\/2026\/03\/whatsapp-image-2026-02-12-at-11.32.46.jpeg 1070w\" sizes=\"(max-width: 768px) 100vw, 768px\" \/><\/div>\n\t\t<\/a>\n\t\t\t\t<div class=\"elementor-post__text\">\n\t\t\t\t<h3 class=\"elementor-post__title\">\n\t\t\t<a href=\"https:\/\/pruebas.cursopracticoseo.com\/wordpress_o\/actos-del-inicio-de-la-cuaresma-de-la-cofradia-santo-sepulcro-esperanza-de-la-vida\/\" >\n\t\t\t\tACTOS DEL INICIO DE LA CUARESMA DE LA COFRAD\u00cdA SANTO SEPULCRO-ESPERANZA DE LA VIDA\t\t\t<\/a>\n\t\t<\/h3>\n\t\t\t\t<div class=\"elementor-post__meta-data\">\n\t\t\t\t\t<span class=\"elementor-post-date\">\n\t\t\t12 febrero, 2026\t\t<\/span>\n\t\t\t\t<span class=\"elementor-post-avatar\">\n\t\t\tNo hay comentarios\t\t<\/span>\n\t\t\t\t<\/div>\n\t\t\t\t<div class=\"elementor-post__excerpt\">\n\t\t\t<p>El pr\u00f3ximo mi\u00e9rcoles, d\u00eda 18 de febrero de 2026, a las 20:00 horas, tendr\u00e1 lugar<\/p>\n\t\t<\/div>\n\t\t\n\t\t<a class=\"elementor-post__read-more\" href=\"https:\/\/pruebas.cursopracticoseo.com\/wordpress_o\/actos-del-inicio-de-la-cuaresma-de-la-cofradia-santo-sepulcro-esperanza-de-la-vida\/\" aria-label=\"M\u00e1s informaci\u00f3n sobre ACTOS DEL INICIO DE LA CUARESMA DE LA COFRAD\u00cdA SANTO SEPULCRO-ESPERANZA DE LA VIDA\" tabindex=\"-1\" >\n\t\t\tLeer m\u00e1s \u00bb\t\t<\/a>\n\n\t\t\t\t<\/div>\n\t\t\t\t<\/article>\n\t\t\t\t<article class=\"elementor-post elementor-grid-item post-7046 post type-post status-publish format-standard has-post-thumbnail hentry category-historico\" role=\"listitem\">\n\t\t\t\t<a class=\"elementor-post__thumbnail__link\" href=\"https:\/\/pruebas.cursopracticoseo.com\/wordpress_o\/vii-concierto-benefico-sones-de-cuaresma\/\" tabindex=\"-1\" >\n\t\t\t<div class=\"elementor-post__thumbnail\"><img loading=\"lazy\" decoding=\"async\" width=\"768\" height=\"1086\" src=\"https:\/\/pruebas.cursopracticoseo.com\/wordpress_o\/wp-content\/uploads\/2026\/03\/cartel-sones-de-cuaresma-768x1086.jpeg\" class=\"attachment-medium_large size-medium_large wp-image-7047\" alt=\"\" srcset=\"https:\/\/pruebas.cursopracticoseo.com\/wordpress_o\/wp-content\/uploads\/2026\/03\/cartel-sones-de-cuaresma-768x1086.jpeg 768w, https:\/\/pruebas.cursopracticoseo.com\/wordpress_o\/wp-content\/uploads\/2026\/03\/cartel-sones-de-cuaresma-212x300.jpeg 212w, https:\/\/pruebas.cursopracticoseo.com\/wordpress_o\/wp-content\/uploads\/2026\/03\/cartel-sones-de-cuaresma-724x1024.jpeg 724w, https:\/\/pruebas.cursopracticoseo.com\/wordpress_o\/wp-content\/uploads\/2026\/03\/cartel-sones-de-cuaresma-1087x1536.jpeg 1087w, https:\/\/pruebas.cursopracticoseo.com\/wordpress_o\/wp-content\/uploads\/2026\/03\/cartel-sones-de-cuaresma.jpeg 1132w\" sizes=\"(max-width: 768px) 100vw, 768px\" \/><\/div>\n\t\t<\/a>\n\t\t\t\t<div class=\"elementor-post__text\">\n\t\t\t\t<h3 class=\"elementor-post__title\">\n\t\t\t<a href=\"https:\/\/pruebas.cursopracticoseo.com\/wordpress_o\/vii-concierto-benefico-sones-de-cuaresma\/\" >\n\t\t\t\tVII CONCIERTO BEN\u00c9FICO \u00abSONES DE CUARESMA\u00bb\t\t\t<\/a>\n\t\t<\/h3>\n\t\t\t\t<div class=\"elementor-post__meta-data\">\n\t\t\t\t\t<span class=\"elementor-post-date\">\n\t\t\t11 febrero, 2026\t\t<\/span>\n\t\t\t\t<span class=\"elementor-post-avatar\">\n\t\t\tNo hay comentarios\t\t<\/span>\n\t\t\t\t<\/div>\n\t\t\t\t<div class=\"elementor-post__excerpt\">\n\t\t\t<p>La Real Hermandad de Jes\u00fas Divino Obrero organiza una nueva edici\u00f3n del Concierto Ben\u00e9fico \u201cSones<\/p>\n\t\t<\/div>\n\t\t\n\t\t<a class=\"elementor-post__read-more\" href=\"https:\/\/pruebas.cursopracticoseo.com\/wordpress_o\/vii-concierto-benefico-sones-de-cuaresma\/\" aria-label=\"M\u00e1s informaci\u00f3n sobre VII CONCIERTO BEN\u00c9FICO \u00abSONES DE CUARESMA\u00bb\" tabindex=\"-1\" >\n\t\t\tLeer m\u00e1s \u00bb\t\t<\/a>\n\n\t\t\t\t<\/div>\n\t\t\t\t<\/article>\n\t\t\t\t<article class=\"elementor-post elementor-grid-item post-4416 post type-post status-publish format-standard has-post-thumbnail hentry category-historico\" role=\"listitem\">\n\t\t\t\t<a class=\"elementor-post__thumbnail__link\" href=\"https:\/\/pruebas.cursopracticoseo.com\/wordpress_o\/la-cofradia-santo-cristo-del-perdon-celebra-la-festividad-de-nuestra-senora-de-la-paz-el-proximo-sabado-24-de-enero\/\" tabindex=\"-1\" >\n\t\t\t<div class=\"elementor-post__thumbnail\"><img loading=\"lazy\" decoding=\"async\" width=\"768\" height=\"960\" src=\"https:\/\/pruebas.cursopracticoseo.com\/wordpress_o\/wp-content\/uploads\/2026\/03\/diseno-sin-titulo-2026-01-22t113453.885-768x960.jpg\" class=\"attachment-medium_large size-medium_large wp-image-5343\" alt=\"\" srcset=\"https:\/\/pruebas.cursopracticoseo.com\/wordpress_o\/wp-content\/uploads\/2026\/03\/diseno-sin-titulo-2026-01-22t113453.885-768x960.jpg 768w, https:\/\/pruebas.cursopracticoseo.com\/wordpress_o\/wp-content\/uploads\/2026\/03\/diseno-sin-titulo-2026-01-22t113453.885-240x300.jpg 240w, https:\/\/pruebas.cursopracticoseo.com\/wordpress_o\/wp-content\/uploads\/2026\/03\/diseno-sin-titulo-2026-01-22t113453.885-819x1024.jpg 819w, https:\/\/pruebas.cursopracticoseo.com\/wordpress_o\/wp-content\/uploads\/2026\/03\/diseno-sin-titulo-2026-01-22t113453.885.jpg 1080w\" sizes=\"(max-width: 768px) 100vw, 768px\" \/><\/div>\n\t\t<\/a>\n\t\t\t\t<div class=\"elementor-post__text\">\n\t\t\t\t<h3 class=\"elementor-post__title\">\n\t\t\t<a href=\"https:\/\/pruebas.cursopracticoseo.com\/wordpress_o\/la-cofradia-santo-cristo-del-perdon-celebra-la-festividad-de-nuestra-senora-de-la-paz-el-proximo-sabado-24-de-enero\/\" >\n\t\t\t\tLA COFRAD\u00cdA SANTO CRISTO DEL PERD\u00d3N CELEBRA LA FESTIVIDAD DE NUESTRA SE\u00d1ORA DE LA PAZ EL PR\u00d3XIMO S\u00c1BADO 24 DE ENERO\t\t\t<\/a>\n\t\t<\/h3>\n\t\t\t\t<div class=\"elementor-post__meta-data\">\n\t\t\t\t\t<span class=\"elementor-post-date\">\n\t\t\t22 enero, 2026\t\t<\/span>\n\t\t\t\t<span class=\"elementor-post-avatar\">\n\t\t\tNo hay comentarios\t\t<\/span>\n\t\t\t\t<\/div>\n\t\t\t\t<div class=\"elementor-post__excerpt\">\n\t\t\t<p>La Cofrad\u00eda Santo Cristo del Perd\u00f3n, conmemorar\u00e1 el pr\u00f3ximo s\u00e1bado, 24 de enero, la Festividad<\/p>\n\t\t<\/div>\n\t\t\n\t\t<a class=\"elementor-post__read-more\" href=\"https:\/\/pruebas.cursopracticoseo.com\/wordpress_o\/la-cofradia-santo-cristo-del-perdon-celebra-la-festividad-de-nuestra-senora-de-la-paz-el-proximo-sabado-24-de-enero\/\" aria-label=\"M\u00e1s informaci\u00f3n sobre LA COFRAD\u00cdA SANTO CRISTO DEL PERD\u00d3N CELEBRA LA FESTIVIDAD DE NUESTRA SE\u00d1ORA DE LA PAZ EL PR\u00d3XIMO S\u00c1BADO 24 DE ENERO\" tabindex=\"-1\" >\n\t\t\tLeer m\u00e1s \u00bb\t\t<\/a>\n\n\t\t\t\t<\/div>\n\t\t\t\t<\/article>\n\t\t\t\t<article class=\"elementor-post elementor-grid-item post-4417 post type-post status-publish format-standard has-post-thumbnail hentry category-historico\" role=\"listitem\">\n\t\t\t\t<a class=\"elementor-post__thumbnail__link\" href=\"https:\/\/pruebas.cursopracticoseo.com\/wordpress_o\/nuevo-altar-para-veneracion-reliquia-de-san-juan-pablo-ii\/\" tabindex=\"-1\" >\n\t\t\t<div class=\"elementor-post__thumbnail\"><img loading=\"lazy\" decoding=\"async\" width=\"768\" height=\"576\" src=\"https:\/\/pruebas.cursopracticoseo.com\/wordpress_o\/wp-content\/uploads\/2026\/03\/sepulcro4-768x576.jpg\" class=\"attachment-medium_large size-medium_large wp-image-5342\" alt=\"\" srcset=\"https:\/\/pruebas.cursopracticoseo.com\/wordpress_o\/wp-content\/uploads\/2026\/03\/sepulcro4-768x576.jpg 768w, https:\/\/pruebas.cursopracticoseo.com\/wordpress_o\/wp-content\/uploads\/2026\/03\/sepulcro4-300x225.jpg 300w, https:\/\/pruebas.cursopracticoseo.com\/wordpress_o\/wp-content\/uploads\/2026\/03\/sepulcro4-1024x768.jpg 1024w, https:\/\/pruebas.cursopracticoseo.com\/wordpress_o\/wp-content\/uploads\/2026\/03\/sepulcro4-1536x1152.jpg 1536w, https:\/\/pruebas.cursopracticoseo.com\/wordpress_o\/wp-content\/uploads\/2026\/03\/sepulcro4-2048x1536.jpg 2048w\" sizes=\"(max-width: 768px) 100vw, 768px\" \/><\/div>\n\t\t<\/a>\n\t\t\t\t<div class=\"elementor-post__text\">\n\t\t\t\t<h3 class=\"elementor-post__title\">\n\t\t\t<a href=\"https:\/\/pruebas.cursopracticoseo.com\/wordpress_o\/nuevo-altar-para-veneracion-reliquia-de-san-juan-pablo-ii\/\" >\n\t\t\t\tNUEVO ALTAR PARA VENERACI\u00d3N RELIQUIA DE SAN JUAN PABLO II\t\t\t<\/a>\n\t\t<\/h3>\n\t\t\t\t<div class=\"elementor-post__meta-data\">\n\t\t\t\t\t<span class=\"elementor-post-date\">\n\t\t\t19 enero, 2026\t\t<\/span>\n\t\t\t\t<span class=\"elementor-post-avatar\">\n\t\t\tNo hay comentarios\t\t<\/span>\n\t\t\t\t<\/div>\n\t\t\t\t<div class=\"elementor-post__excerpt\">\n\t\t\t<p>La Reliquia \u201cex sanguine\u201d de San Juan Pablo II, propiedad de la Cofrad\u00eda Santo Sepulcro-Esperanza<\/p>\n\t\t<\/div>\n\t\t\n\t\t<a class=\"elementor-post__read-more\" href=\"https:\/\/pruebas.cursopracticoseo.com\/wordpress_o\/nuevo-altar-para-veneracion-reliquia-de-san-juan-pablo-ii\/\" aria-label=\"M\u00e1s informaci\u00f3n sobre NUEVO ALTAR PARA VENERACI\u00d3N RELIQUIA DE SAN JUAN PABLO II\" tabindex=\"-1\" >\n\t\t\tLeer m\u00e1s \u00bb\t\t<\/a>\n\n\t\t\t\t<\/div>\n\t\t\t\t<\/article>\n\t\t\t\t<article class=\"elementor-post elementor-grid-item post-4418 post type-post status-publish format-standard has-post-thumbnail hentry category-historico\" role=\"listitem\">\n\t\t\t\t<a class=\"elementor-post__thumbnail__link\" href=\"https:\/\/pruebas.cursopracticoseo.com\/wordpress_o\/presentacion-reliquias-ex-sanguine-de-san-juan-pablo-ii\/\" tabindex=\"-1\" >\n\t\t\t<div class=\"elementor-post__thumbnail\"><img loading=\"lazy\" decoding=\"async\" width=\"768\" height=\"1024\" src=\"https:\/\/pruebas.cursopracticoseo.com\/wordpress_o\/wp-content\/uploads\/2026\/03\/whatsapp-image-2026-01-12-at-10.19.18-768x1024.jpeg\" class=\"attachment-medium_large size-medium_large wp-image-5341\" alt=\"\" srcset=\"https:\/\/pruebas.cursopracticoseo.com\/wordpress_o\/wp-content\/uploads\/2026\/03\/whatsapp-image-2026-01-12-at-10.19.18-768x1024.jpeg 768w, https:\/\/pruebas.cursopracticoseo.com\/wordpress_o\/wp-content\/uploads\/2026\/03\/whatsapp-image-2026-01-12-at-10.19.18-225x300.jpeg 225w, https:\/\/pruebas.cursopracticoseo.com\/wordpress_o\/wp-content\/uploads\/2026\/03\/whatsapp-image-2026-01-12-at-10.19.18-1152x1536.jpeg 1152w, https:\/\/pruebas.cursopracticoseo.com\/wordpress_o\/wp-content\/uploads\/2026\/03\/whatsapp-image-2026-01-12-at-10.19.18.jpeg 1503w\" sizes=\"(max-width: 768px) 100vw, 768px\" \/><\/div>\n\t\t<\/a>\n\t\t\t\t<div class=\"elementor-post__text\">\n\t\t\t\t<h3 class=\"elementor-post__title\">\n\t\t\t<a href=\"https:\/\/pruebas.cursopracticoseo.com\/wordpress_o\/presentacion-reliquias-ex-sanguine-de-san-juan-pablo-ii\/\" >\n\t\t\t\tPRESENTACI\u00d3N RELIQUIAS EX SANGUINE DE SAN JUAN PABLO II\t\t\t<\/a>\n\t\t<\/h3>\n\t\t\t\t<div class=\"elementor-post__meta-data\">\n\t\t\t\t\t<span class=\"elementor-post-date\">\n\t\t\t12 enero, 2026\t\t<\/span>\n\t\t\t\t<span class=\"elementor-post-avatar\">\n\t\t\tNo hay comentarios\t\t<\/span>\n\t\t\t\t<\/div>\n\t\t\t\t<div class=\"elementor-post__excerpt\">\n\t\t\t<p>La Cofrad\u00eda Santo Sepulcro Esperanza de la Vida, informa que el pr\u00f3ximo domingo d\u00eda 18<\/p>\n\t\t<\/div>\n\t\t\n\t\t<a class=\"elementor-post__read-more\" href=\"https:\/\/pruebas.cursopracticoseo.com\/wordpress_o\/presentacion-reliquias-ex-sanguine-de-san-juan-pablo-ii\/\" aria-label=\"M\u00e1s informaci\u00f3n sobre PRESENTACI\u00d3N RELIQUIAS EX SANGUINE DE SAN JUAN PABLO II\" tabindex=\"-1\" >\n\t\t\tLeer m\u00e1s \u00bb\t\t<\/a>\n\n\t\t\t\t<\/div>\n\t\t\t\t<\/article>\n\t\t\t\t<\/div>\n\t\t\n\t\t\t\t<div class=\"e-load-more-anchor\" data-page=\"1\" data-max-page=\"33\" data-next-page=\"https:\/\/pruebas.cursopracticoseo.com\/wordpress_o\/wp-json\/wp\/v2\/pages\/2346\/page\/2\/\"><\/div>\n\t\t\t\t<nav class=\"elementor-pagination\" aria-label=\"Paginaci\u00f3n\">\n\t\t\t<span class=\"page-numbers prev\">&laquo; Anterior<\/span>\n<a class=\"page-numbers next\" href=\"https:\/\/pruebas.cursopracticoseo.com\/wordpress_o\/wp-json\/wp\/v2\/pages\/2346\/page\/2\/\">Siguiente &raquo;<\/a>\t\t<\/nav>\n\t\t\t\t\t\t<\/div>\n\t\t\t\t<\/div>\n\t\t\t\t\t<\/div>\n\t\t\t\t<\/div>\n\t\t\t\t<\/div>\n\t\t","protected":false},"excerpt":{"rendered":"","protected":false},"author":1,"featured_media":0,"parent":0,"menu_order":0,"comment_status":"closed","ping_status":"closed","template":"elementor_header_footer","meta":{"footnotes":""},"class_list":["post-2346","page","type-page","status-publish","hentry"],"_links":{"self":[{"href":"https:\/\/pruebas.cursopracticoseo.com\/wordpress_o\/wp-json\/wp\/v2\/pages\/2346","targetHints":{"allow":["GET"]}}],"collection":[{"href":"https:\/\/pruebas.cursopracticoseo.com\/wordpress_o\/wp-json\/wp\/v2\/pages"}],"about":[{"href":"https:\/\/pruebas.cursopracticoseo.com\/wordpress_o\/wp-json\/wp\/v2\/types\/page"}],"author":[{"embeddable":true,"href":"https:\/\/pruebas.cursopracticoseo.com\/wordpress_o\/wp-json\/wp\/v2\/users\/1"}],"replies":[{"embeddable":true,"href":"https:\/\/pruebas.cursopracticoseo.com\/wordpress_o\/wp-json\/wp\/v2\/comments?post=2346"}],"version-history":[{"count":13,"href":"https:\/\/pruebas.cursopracticoseo.com\/wordpress_o\/wp-json\/wp\/v2\/pages\/2346\/revisions"}],"predecessor-version":[{"id":2360,"href":"https:\/\/pruebas.cursopracticoseo.com\/wordpress_o\/wp-json\/wp\/v2\/pages\/2346\/revisions\/2360"}],"wp:attachment":[{"href":"https:\/\/pruebas.cursopracticoseo.com\/wordpress_o\/wp-json\/wp\/v2\/media?parent=2346"}],"curies":[{"name":"wp","href":"https:\/\/api.w.org\/{rel}","templated":true}]}}