{"id":2211,"date":"2026-02-18T20:58:16","date_gmt":"2026-02-18T20:58:16","guid":{"rendered":"https:\/\/pruebas.cursopracticoseo.com\/wordpress_o\/?page_id=2211"},"modified":"2026-03-10T10:29:04","modified_gmt":"2026-03-10T10:29:04","slug":"cofradia-dulce-nombre-de-jesus-nazareno","status":"publish","type":"page","link":"https:\/\/pruebas.cursopracticoseo.com\/wordpress_o\/cofradias-y-hermandades\/cofradia-dulce-nombre-de-jesus-nazareno\/","title":{"rendered":"Cofrad\u00eda Dulce Nombre de Jes\u00fas Nazareno"},"content":{"rendered":"\t\t<div data-elementor-type=\"wp-page\" data-elementor-id=\"2211\" class=\"elementor elementor-2211\" data-elementor-post-type=\"page\">\n\t\t\t\t<div data-particle_enable=\"false\" data-particle-mobile-disabled=\"false\" class=\"elementor-element elementor-element-dbc2fe1 e-flex e-con-boxed e-con e-parent\" data-id=\"dbc2fe1\" data-element_type=\"container\" data-e-type=\"container\" data-settings=\"{&quot;background_background&quot;:&quot;gradient&quot;}\">\n\t\t\t\t\t<div class=\"e-con-inner\">\n\t\t\t\t<div class=\"elementor-element elementor-element-67ab9cb elementor-widget elementor-widget-heading\" data-id=\"67ab9cb\" data-element_type=\"widget\" data-e-type=\"widget\" data-widget_type=\"heading.default\">\n\t\t\t\t\t<h2 class=\"elementor-heading-title elementor-size-default\">Cofrad\u00eda Dulce Nombre de Jes\u00fas Nazareno<\/h2>\t\t\t\t<\/div>\n\t\t\t\t\t<\/div>\n\t\t\t\t<\/div>\n\t\t<div data-particle_enable=\"false\" data-particle-mobile-disabled=\"false\" class=\"elementor-element elementor-element-7c8316c e-flex e-con-boxed e-con e-parent\" data-id=\"7c8316c\" data-element_type=\"container\" data-e-type=\"container\">\n\t\t\t\t\t<div class=\"e-con-inner\">\n\t\t<div data-particle_enable=\"false\" data-particle-mobile-disabled=\"false\" class=\"elementor-element elementor-element-9019d11 e-con-full e-flex e-con e-child\" data-id=\"9019d11\" data-element_type=\"container\" data-e-type=\"container\">\n\t\t\t\t<div class=\"elementor-element elementor-element-2662a59 elementor-widget elementor-widget-heading\" data-id=\"2662a59\" data-element_type=\"widget\" data-e-type=\"widget\" data-widget_type=\"heading.default\">\n\t\t\t\t\t<h2 class=\"elementor-heading-title elementor-size-default\">Cofrad\u00edas y Hermandades\n<\/h2>\t\t\t\t<\/div>\n\t\t\t\t<div class=\"elementor-element elementor-element-891143e elementor-widget elementor-widget-heading\" data-id=\"891143e\" data-element_type=\"widget\" data-e-type=\"widget\" data-widget_type=\"heading.default\">\n\t\t\t\t\t<h2 class=\"elementor-heading-title elementor-size-default\">Historia de la Cofrad\u00eda<\/h2>\t\t\t\t<\/div>\n\t\t\t\t<div class=\"elementor-element elementor-element-b877a90 elementor-icon-list--layout-traditional elementor-list-item-link-full_width elementor-widget elementor-widget-icon-list\" data-id=\"b877a90\" data-element_type=\"widget\" data-e-type=\"widget\" data-widget_type=\"icon-list.default\">\n\t\t\t\t\t\t\t<ul class=\"elementor-icon-list-items\">\n\t\t\t\t\t\t\t<li class=\"elementor-icon-list-item\">\n\t\t\t\t\t\t\t\t\t\t\t<span class=\"elementor-icon-list-icon\">\n\t\t\t\t\t\t\t<svg xmlns=\"http:\/\/www.w3.org\/2000\/svg\" viewBox=\"0 0 64 64\"><path d=\"m8 4c1.07 0 2.07.42 2.83 1.16.75.76 1.17 1.77 1.17 2.84v20c0 .55.45 1 1 1s1-.45 1-1v-20c0-1.48-.54-2.89-1.53-4h8.53c.55 0 1-.45 1-1s-.45-1-1-1h-13c-3.31 0-6 2.69-6 6v2c0 .33.17.65.45.83l1.75 1.17-1.75 1.17c-.28.19-.45.5-.45.83v3c0 .55.45 1 1 1h6c.55 0 1-.45 1-1s-.45-1-1-1h-5v-1.46l2.55-1.7c.28-.19.45-.5.45-.83s-.17-.65-.45-.83l-2.55-1.7v-1.46c0-2.21 1.79-4 4-4z\"><\/path><path d=\"m43 60h-20.53c.95-1.06 1.53-2.46 1.53-4 0-.55-.45-1-1-1s-1 .45-1 1c0 2.21-1.79 4-4 4-1.07 0-2.07-.42-2.83-1.16-.75-.76-1.17-1.77-1.17-2.84v-12.59l2.71-2.71c.39-.39.39-1.02 0-1.41l-2.71-2.71v-4.59c0-.55-.45-1-1-1s-1 .45-1 1v5c0 .27.11.52.29.71l2.29 2.29-2.29 2.29c-.19.19-.29.44-.29.71v13c0 1.6.62 3.1 1.76 4.25 1.14 1.13 2.65 1.75 4.24 1.75h25c.55 0 1-.45 1-1s-.45-1-1-1z\"><\/path><path d=\"m57 44h-20c-.31 0-.61.15-.8.4l-2.2 2.93-2.2-2.93c-.19-.25-.48-.4-.8-.4h-8c-.55 0-1 .45-1 1v7c0 .55.45 1 1 1s1-.45 1-1v-6h6.5l2.7 3.6c.38.5 1.22.5 1.6 0l2.7-3.6h18.5v10c0 2.21-1.79 4-4 4h-5c-.55 0-1 .45-1 1s.45 1 1 1h5c3.31 0 6-2.69 6-6v-11c0-.55-.45-1-1-1z\"><\/path><path d=\"m25 4h19c1.4 0 2.67.72 3.41 1.91.19.31.52.48.85.48.18 0 .36-.05.52-.15.47-.29.62-.91.33-1.38-1.1-1.79-3.01-2.87-5.11-2.87h-19c-.55 0-1 .45-1 1s.45 1 1 1z\"><\/path><path d=\"m50 35v-3.01c0-.55-.45-1-1-1s-1 .45-1 1v2.47l-2.55 1.7c-.28.19-.45.5-.45.83s.17.65.45.83l2.55 1.7v1.46c0 .55.45 1 1 1s1-.45 1-1v-2c0-.33-.17-.65-.45-.83l-1.75-1.17 1.75-1.17c.28-.19.45-.5.45-.83z\"><\/path><path d=\"m60.44 7.55c-3.1-3.1-9.64-1.47-15.21 3.81-.4.38-.42 1.01-.04 1.41s1.01.42 1.41.04c4.6-4.36 10.17-6.09 12.42-3.85 1.05 1.05 1.26 2.89.61 5.11l-4 .23c-.35.02-.67.22-.83.54-.16.31-.15.69.03.99l2.11 3.45c-.66.89-1.4 1.75-2.22 2.57-5.03 5.03-11.96 7.66-16.05 8.87l10.31-10.31c.39-.39.39-1.02 0-1.41s-1.02-.39-1.41 0l-10.32 10.32c1.03-3.47 3.08-8.98 6.74-13.63.34-.43.27-1.06-.17-1.4-.43-.34-1.06-.27-1.4.17-5.63 7.15-7.59 15.9-7.94 17.64l-6.21 6.21c-.39.39-.39 1.02 0 1.41.2.2.45.29.71.29s.51-.1.71-.29l6.21-6.21c2-.4 12.84-2.84 20.24-10.23 1.06-1.07 2-2.2 2.82-3.36.23-.33.24-.76.03-1.1l-1.59-2.6 3.01-.17c.4-.02.75-.29.89-.67 1.15-3.26.82-6.11-.89-7.82z\"><\/path><path d=\"m42 10c0-.55-.45-1-1-1h-20c-.55 0-1 .45-1 1s.45 1 1 1h20c.55 0 1-.45 1-1z\"><\/path><path d=\"m39 15c0-.55-.45-1-1-1h-17c-.55 0-1 .45-1 1s.45 1 1 1h17c.55 0 1-.45 1-1z\"><\/path><path d=\"m36 20c0-.55-.45-1-1-1h-14c-.55 0-1 .45-1 1s.45 1 1 1h14c.55 0 1-.45 1-1z\"><\/path><path d=\"m34 25c0-.55-.45-1-1-1h-12c-.55 0-1 .45-1 1s.45 1 1 1h12c.55 0 1-.45 1-1z\"><\/path><path d=\"m21 29c-.55 0-1 .45-1 1s.45 1 1 1h10c.55 0 1-.45 1-1s-.45-1-1-1z\"><\/path><\/svg>\t\t\t\t\t\t<\/span>\n\t\t\t\t\t\t\t\t\t\t<span class=\"elementor-icon-list-text\"><b>Fundaci\u00f3n: <\/b> 1611<\/span>\n\t\t\t\t\t\t\t\t\t<\/li>\n\t\t\t\t\t\t\t\t<li class=\"elementor-icon-list-item\">\n\t\t\t\t\t\t\t\t\t\t\t<span class=\"elementor-icon-list-icon\">\n\t\t\t\t\t\t\t<svg xmlns=\"http:\/\/www.w3.org\/2000\/svg\" height=\"511pt\" viewBox=\"0 -4 511.99979 511\" width=\"511pt\"><path d=\"m503.914062 310.921875-117.332031-105.324219v-18.605468c11.824219 9.953124 29.230469 8.425781 39.242188-2.90625 10.285156-11.632813 9.183593-29.472657-2.4375-39.746094l-153.832031-136.792969c-10.632813-9.402344-26.675782-9.402344-37.347657.039063l-151.796875 136.246093c-11.683594 10.34375-12.753906 28.136719-2.449218 39.769531 7.824218 8.855469 20.023437 11.613282 30.5625 7.863282v29.308594l-100.394532 90.109374c-16.519531 14.617188-6.1875 42.128907 15.957032 42.128907 5.523437 0 11.066406-1.882813 15.597656-5.71875v149.089843c0 4.109376 3.328125 7.4375 7.4375 7.4375h417.765625c4.109375 0 7.4375-3.328124 7.4375-7.4375v-149.09375c.238281.132813 5.96875 5.722657 15.574219 5.722657 22.351562 0 32.363281-27.640625 16.015624-42.089844zm-396.035156-136.007813c-5.492187 4.847657-13.921875 4.332032-18.773437-1.160156-4.832031-5.488281-4.410157-13.863281 1.203125-18.8125l151.785156-136.246094c5.019531-4.433593 12.59375-4.433593 17.59375-.011718l153.828125 136.792968c9.105469 8.035157 3.4375 23.253907-8.804687 23.253907-.011719 0-.011719 0-.011719 0-3.230469 0-6.355469-1.179688-8.773438-3.320313-149.78125-133.28125-140.695312-126.519531-145.023437-126.519531-4.363282 0 4.742187-6.820313-143.023438 126.023437zm-77.691406 160.929688c-6.136719 5.433594-15.820312.628906-15.292969-7.476562.429688-7.089844 2.160157-4.292969 93.628907-87.609376v24.671876zm427.261719 153.101562h-70.878907c.015626-.316406.007813-3.59375.011719-19.445312 0-4.105469-3.324219-7.4375-7.4375-7.4375-4.105469 0-7.4375 3.332031-7.4375 7.4375v19.140625c0 .582031 3.078125.164063-57.832031.300781-.242188-156.5625.546875-147.890625-.699219-156.117187-.617187-4.0625-4.40625-6.855469-8.472656-6.238281-4.058594.613281-6.851563 4.40625-6.238281 8.46875.953125 6.292968.351562-.246094.535156 153.886718h-94.214844v-146.761718c0-43.875 55.070313-63.851563 83.238282-30.230469 2.636718 3.148437 7.328124 3.5625 10.476562.925781 3.148438-2.640625 3.5625-7.332031.925781-10.480469-37.0625-44.238281-109.519531-17.921875-109.519531 39.785157v146.761718h-66.199219c-.167969 0-.304687-.128906-.304687-.296875v-136.832031c0-4.117188-3.332032-7.4375-7.4375-7.4375-4.105469 0-7.441406 3.320312-7.441406 7.4375v136.832031c0 .097657 0 .199219.011718.296875v.003906h-53.976562v-155c6.183594-5.558593 47.113281-42.359374 53.96875-48.519531v36.632813c0 4.105468 3.332031 7.4375 7.4375 7.4375 4.105468 0 7.4375-3.332032 7.4375-7.4375 0-16.734375 0-126.847656 0-141.105469l127.527344-114.636719 120.777343 107.464844v265.96875c0 4.117188 3.332031 7.4375 7.4375 7.4375 4.117188 0 7.4375-3.320312 7.4375-7.4375v-169.519531l70.867188 63.707031zm24.417969-153.0625-95.285157-85.644531v-24.644531c109.773438 99.761719 110.078125 95.632812 110.539063 102.773438.492187 8.089843-9.132813 12.925781-15.253906 7.515624zm0 0\"><\/path><path d=\"m290.570312 147.472656h-31.238281v-34.214844c0-4.109374-3.332031-7.4375-7.441406-7.4375-4.105469 0-7.4375 3.328126-7.4375 7.4375v34.214844h-31.238281c-4.109375 0-7.4375 3.328125-7.4375 7.4375s3.328125 7.4375 7.4375 7.4375h31.238281v88.976563c0 4.109375 3.332031 7.4375 7.4375 7.4375 4.109375 0 7.441406-3.328125 7.441406-7.4375v-88.976563h31.238281c4.109376 0 7.4375-3.328125 7.4375-7.4375s-3.328124-7.4375-7.4375-7.4375zm0 0\"><\/path><\/svg>\t\t\t\t\t\t<\/span>\n\t\t\t\t\t\t\t\t\t\t<span class=\"elementor-icon-list-text\"><b>Sede Can\u00f3nica: <\/b>Capilla de Santa Nonia -Iglesia Parroquial Ntra. Sra. Del Mercado<\/span>\n\t\t\t\t\t\t\t\t\t<\/li>\n\t\t\t\t\t\t\t\t<li class=\"elementor-icon-list-item\">\n\t\t\t\t\t\t\t\t\t\t\t<span class=\"elementor-icon-list-icon\">\n\t\t\t\t\t\t\t<svg xmlns=\"http:\/\/www.w3.org\/2000\/svg\" id=\"Layer_1\" viewBox=\"0 0 48 48\"><path d=\"m24 38.86c.17 0 .34-.06.48-.17.46-.39 11.22-9.49 11.22-17.85 0-6.45-5.25-11.7-11.7-11.7s-11.7 5.25-11.7 11.7c0 8.35 10.76 17.46 11.22 17.84.14.12.31.18.48.18zm-10.2-18.02c0-5.63 4.58-10.2 10.2-10.2 5.63 0 10.2 4.58 10.2 10.2 0 6.7-8.12 14.4-10.2 16.27-2.08-1.86-10.2-9.56-10.2-16.27z\"><\/path><path d=\"m29.15 20.84c0-2.84-2.31-5.15-5.15-5.15s-5.15 2.31-5.15 5.15 2.31 5.15 5.15 5.15 5.15-2.31 5.15-5.15zm-8.8 0c0-2.01 1.64-3.65 3.65-3.65s3.65 1.64 3.65 3.65-1.64 3.65-3.65 3.65-3.65-1.64-3.65-3.65z\"><\/path><path d=\"m24 .5c-6.1 0-11.95 2.39-16.31 6.59v-5.21h-1.5v7.08c0 .41.34.75.75.75h7.08v-1.51h-5.32c4.09-3.95 9.57-6.2 15.3-6.2 12.13 0 22 9.87 22 22 0 2.56-.43 5.06-1.29 7.44-.07.19-.14.37-.21.56l1.4.55c.08-.2.15-.4.22-.6.91-2.55 1.38-5.22 1.38-7.95 0-12.96-10.54-23.5-23.5-23.5z\"><\/path><path d=\"m24 47.5c6.1 0 11.95-2.39 16.31-6.59v5.22h1.5v-7.08c0-.41-.34-.75-.75-.75h-7.08v1.5h5.31c-4.08 3.96-9.56 6.2-15.29 6.2-12.13 0-22-9.87-22-22 0-2.55.43-5.06 1.29-7.44l-1.41-.51c-.92 2.55-1.38 5.22-1.38 7.95 0 12.96 10.54 23.5 23.5 23.5z\"><\/path><\/svg>\t\t\t\t\t\t<\/span>\n\t\t\t\t\t\t\t\t\t\t<span class=\"elementor-icon-list-text\">Sede Social: Calle Santa Nonia n\u00ba24. 24003 Le\u00f3n<\/span>\n\t\t\t\t\t\t\t\t\t<\/li>\n\t\t\t\t\t\t\t\t<li class=\"elementor-icon-list-item\">\n\t\t\t\t\t\t\t\t\t\t\t<a href=\"http:\/\/www.jhsleon.com\" target=\"_blank\" rel=\"noopener\">\n\n\t\t\t\t\t\t\t\t\t\t\t\t<span class=\"elementor-icon-list-icon\">\n\t\t\t\t\t\t\t<svg xmlns=\"http:\/\/www.w3.org\/2000\/svg\" id=\"Capa_1\" height=\"512\" viewBox=\"0 0 512 512\" width=\"512\"><g><path d=\"m371.938 417.317h-96.417l-10.088-10.088 25.315-25.315c2.781-2.782 3.942-6.738 3.104-10.582-.838-3.843-3.539-6.956-7.224-8.327l-132.139-49.178c-4.638-1.727-9.697-.626-13.198 2.877-3.501 3.501-4.603 8.559-2.876 13.198l32.533 87.415h-132.482c-12.94 0-23.466-10.526-23.466-23.465v-161.792c0-4.143-3.357-7.5-7.5-7.5s-7.5 3.357-7.5 7.5v161.792c0 21.21 17.256 38.466 38.466 38.466h138.065l11.061 29.721c1.371 3.688 4.485 6.389 8.329 7.227 3.843.839 7.801-.323 10.58-3.104l25.315-25.314 25.77 25.77c2.437 2.436 5.637 3.652 8.837 3.652 3.201 0 6.402-1.218 8.839-3.653l15.941-15.94c4.872-4.874 4.871-12.804-.001-17.677 0 0 0 0-.001 0l-.68-.68h81.416c4.143 0 7.5-3.357 7.5-7.5s-3.357-7.503-7.499-7.503zm-105.514 36.922-29.304-29.304c-1.465-1.464-3.384-2.196-5.304-2.196-1.919 0-3.839.732-5.304 2.196l-26.764 26.764-45.37-121.908 121.907 45.371-26.764 26.764c-2.929 2.93-2.929 7.678.001 10.607l29.304 29.303z\"><\/path><path d=\"m473.534 41.732h-26.222c-4.143 0-7.5 3.357-7.5 7.5s3.357 7.5 7.5 7.5h26.222c12.939 0 23.466 10.526 23.466 23.466v46.991h-482v-46.991c0-12.939 10.526-23.466 23.466-23.466h374.159c4.143 0 7.5-3.357 7.5-7.5s-3.357-7.5-7.5-7.5h-374.159c-21.21 0-38.466 17.256-38.466 38.466v118.112c0 4.143 3.357 7.5 7.5 7.5s7.5-3.357 7.5-7.5v-56.12h482v251.662c0 12.939-10.526 23.466-23.466 23.466h-65.659c-4.143 0-7.5 3.357-7.5 7.5s3.357 7.5 7.5 7.5h65.659c21.21 0 38.466-17.256 38.466-38.466v-313.654c0-21.21-17.256-38.466-38.466-38.466z\"><\/path><path d=\"m49.698 91.961c0 7.673 6.22 13.893 13.892 13.893s13.892-6.22 13.892-13.893-6.22-13.892-13.892-13.892-13.892 6.219-13.892 13.892z\"><\/path><path d=\"m92.434 91.961c0 7.673 6.22 13.893 13.892 13.893s13.892-6.22 13.892-13.893-6.22-13.892-13.892-13.892-13.892 6.219-13.892 13.892z\"><\/path><path d=\"m135.17 91.961c0 7.673 6.22 13.893 13.892 13.893s13.892-6.22 13.892-13.893-6.22-13.892-13.892-13.892-13.892 6.219-13.892 13.892z\"><\/path><path d=\"m91.808 307.31h.043c3.17 0 6-1.994 7.064-4.982l18.578-52.132 17.752 52.037c1.032 3.025 3.87 5.064 7.067 5.078h.031c3.185 0 6.023-2.012 7.078-5.02l25.184-71.846c1.37-3.908-.688-8.188-4.598-9.559-3.906-1.37-8.188.688-9.559 4.598l-18.01 51.379-17.692-51.865c-2.006-6.591-12.072-6.652-14.163-.096l-18.604 52.205-17.696-51.497c-1.346-3.918-5.612-6.005-9.53-4.655-3.917 1.346-6.002 5.613-4.655 9.53l24.66 71.762c1.035 3.014 3.863 5.044 7.05 5.063z\"><\/path><path d=\"m230.575 307.31h.043c3.17 0 6-1.994 7.064-4.982l18.578-52.132 17.752 52.037c1.032 3.025 3.87 5.064 7.067 5.078h.031c3.185 0 6.023-2.012 7.078-5.02l25.184-71.846c1.37-3.908-.688-8.188-4.598-9.559-3.906-1.37-8.188.688-9.559 4.598l-18.01 51.379-17.692-51.865c-2.007-6.592-12.072-6.652-14.163-.096l-18.604 52.205-17.696-51.496c-1.346-3.918-5.614-6.005-9.53-4.655-3.917 1.346-6.002 5.613-4.655 9.53l24.66 71.762c1.036 3.013 3.864 5.043 7.05 5.062z\"><\/path><path d=\"m367.092 307.31h.042c3.17 0 6-1.994 7.064-4.982l18.578-52.132 17.752 52.037c1.032 3.025 3.87 5.064 7.067 5.078h.031c3.185 0 6.023-2.012 7.078-5.02l25.183-71.846c1.37-3.908-.688-8.188-4.598-9.559-3.907-1.37-8.188.688-9.559 4.598l-18.009 51.379-17.692-51.865c-2.005-6.591-12.073-6.652-14.163-.096l-18.604 52.205-17.697-51.496c-1.346-3.917-5.607-6.003-9.53-4.655-3.917 1.346-6.002 5.613-4.655 9.53l24.661 71.762c1.036 3.013 3.863 5.043 7.051 5.062z\"><\/path><\/g><\/svg>\t\t\t\t\t\t<\/span>\n\t\t\t\t\t\t\t\t\t\t<span class=\"elementor-icon-list-text\">www.jhsleon.com<\/span>\n\t\t\t\t\t\t\t\t\t\t\t<\/a>\n\t\t\t\t\t\t\t\t\t<\/li>\n\t\t\t\t\t\t<\/ul>\n\t\t\t\t\t\t<\/div>\n\t\t\t\t<div class=\"elementor-element elementor-element-25d519a e-grid-align-left elementor-shape-rounded elementor-grid-0 elementor-widget elementor-widget-social-icons\" data-id=\"25d519a\" data-element_type=\"widget\" data-e-type=\"widget\" data-widget_type=\"social-icons.default\">\n\t\t\t\t\t\t\t<div class=\"elementor-social-icons-wrapper elementor-grid\" role=\"list\">\n\t\t\t\t\t\t\t<span class=\"elementor-grid-item\" role=\"listitem\">\n\t\t\t\t\t<a class=\"elementor-icon elementor-social-icon elementor-social-icon-facebook elementor-repeater-item-d78d501\" href=\"https:\/\/www.facebook.com\/jhsleon\" target=\"_blank\" rel=\"noopener\">\n\t\t\t\t\t\t<span class=\"elementor-screen-only\">Facebook<\/span>\n\t\t\t\t\t\t<svg aria-hidden=\"true\" class=\"e-font-icon-svg e-fab-facebook\" viewBox=\"0 0 512 512\" xmlns=\"http:\/\/www.w3.org\/2000\/svg\"><path d=\"M504 256C504 119 393 8 256 8S8 119 8 256c0 123.78 90.69 226.38 209.25 245V327.69h-63V256h63v-54.64c0-62.15 37-96.48 93.67-96.48 27.14 0 55.52 4.84 55.52 4.84v61h-31.28c-30.8 0-40.41 19.12-40.41 38.73V256h68.78l-11 71.69h-57.78V501C413.31 482.38 504 379.78 504 256z\"><\/path><\/svg>\t\t\t\t\t<\/a>\n\t\t\t\t<\/span>\n\t\t\t\t\t\t\t<span class=\"elementor-grid-item\" role=\"listitem\">\n\t\t\t\t\t<a class=\"elementor-icon elementor-social-icon elementor-social-icon-instagram elementor-repeater-item-9988b79\" href=\"https:\/\/www.instagram.com\/jhsleon\/\" target=\"_blank\" rel=\"noopener\">\n\t\t\t\t\t\t<span class=\"elementor-screen-only\">Instagram<\/span>\n\t\t\t\t\t\t<svg aria-hidden=\"true\" class=\"e-font-icon-svg e-fab-instagram\" viewBox=\"0 0 448 512\" xmlns=\"http:\/\/www.w3.org\/2000\/svg\"><path d=\"M224.1 141c-63.6 0-114.9 51.3-114.9 114.9s51.3 114.9 114.9 114.9S339 319.5 339 255.9 287.7 141 224.1 141zm0 189.6c-41.1 0-74.7-33.5-74.7-74.7s33.5-74.7 74.7-74.7 74.7 33.5 74.7 74.7-33.6 74.7-74.7 74.7zm146.4-194.3c0 14.9-12 26.8-26.8 26.8-14.9 0-26.8-12-26.8-26.8s12-26.8 26.8-26.8 26.8 12 26.8 26.8zm76.1 27.2c-1.7-35.9-9.9-67.7-36.2-93.9-26.2-26.2-58-34.4-93.9-36.2-37-2.1-147.9-2.1-184.9 0-35.8 1.7-67.6 9.9-93.9 36.1s-34.4 58-36.2 93.9c-2.1 37-2.1 147.9 0 184.9 1.7 35.9 9.9 67.7 36.2 93.9s58 34.4 93.9 36.2c37 2.1 147.9 2.1 184.9 0 35.9-1.7 67.7-9.9 93.9-36.2 26.2-26.2 34.4-58 36.2-93.9 2.1-37 2.1-147.8 0-184.8zM398.8 388c-7.8 19.6-22.9 34.7-42.6 42.6-29.5 11.7-99.5 9-132.1 9s-102.7 2.6-132.1-9c-19.6-7.8-34.7-22.9-42.6-42.6-11.7-29.5-9-99.5-9-132.1s-2.6-102.7 9-132.1c7.8-19.6 22.9-34.7 42.6-42.6 29.5-11.7 99.5-9 132.1-9s102.7-2.6 132.1 9c19.6 7.8 34.7 22.9 42.6 42.6 11.7 29.5 9 99.5 9 132.1s2.7 102.7-9 132.1z\"><\/path><\/svg>\t\t\t\t\t<\/a>\n\t\t\t\t<\/span>\n\t\t\t\t\t<\/div>\n\t\t\t\t\t\t<\/div>\n\t\t\t\t<\/div>\n\t\t<div data-particle_enable=\"false\" data-particle-mobile-disabled=\"false\" class=\"elementor-element elementor-element-f779c2c e-con-full e-flex e-con e-child\" data-id=\"f779c2c\" data-element_type=\"container\" data-e-type=\"container\">\n\t\t\t\t<div class=\"elementor-element elementor-element-aab8d51 elementor-widget elementor-widget-image\" data-id=\"aab8d51\" data-element_type=\"widget\" data-e-type=\"widget\" data-widget_type=\"image.default\">\n\t\t\t\t\t\t\t\t\t\t\t\t\t\t\t<img fetchpriority=\"high\" decoding=\"async\" width=\"500\" height=\"350\" src=\"https:\/\/pruebas.cursopracticoseo.com\/wordpress_o\/wp-content\/uploads\/2026\/02\/935607911.jpg\" class=\"attachment-large size-large wp-image-2214\" alt=\"\" srcset=\"https:\/\/pruebas.cursopracticoseo.com\/wordpress_o\/wp-content\/uploads\/2026\/02\/935607911.jpg 500w, https:\/\/pruebas.cursopracticoseo.com\/wordpress_o\/wp-content\/uploads\/2026\/02\/935607911-300x210.jpg 300w\" sizes=\"(max-width: 500px) 100vw, 500px\" \/>\t\t\t\t\t\t\t\t\t\t\t\t\t\t\t<\/div>\n\t\t\t\t<\/div>\n\t\t\t\t\t<\/div>\n\t\t\t\t<\/div>\n\t\t<div data-particle_enable=\"false\" data-particle-mobile-disabled=\"false\" class=\"elementor-element elementor-element-50f2351 e-flex e-con-boxed e-con e-parent\" data-id=\"50f2351\" data-element_type=\"container\" data-e-type=\"container\" data-settings=\"{&quot;background_background&quot;:&quot;classic&quot;}\">\n\t\t\t\t\t<div class=\"e-con-inner\">\n\t\t\t\t<div class=\"elementor-element elementor-element-003203c elementor-widget elementor-widget-heading\" data-id=\"003203c\" data-element_type=\"widget\" data-e-type=\"widget\" data-widget_type=\"heading.default\">\n\t\t\t\t\t<h2 class=\"elementor-heading-title elementor-size-default\">Cofrad\u00edas y Hermandades\n<\/h2>\t\t\t\t<\/div>\n\t\t\t\t<div class=\"elementor-element elementor-element-38599ce elementor-widget elementor-widget-heading\" data-id=\"38599ce\" data-element_type=\"widget\" data-e-type=\"widget\" data-widget_type=\"heading.default\">\n\t\t\t\t\t<h2 class=\"elementor-heading-title elementor-size-default\">Historia de la Cofrad\u00eda<\/h2>\t\t\t\t<\/div>\n\t\t\t\t<div class=\"elementor-element elementor-element-f8535f2 elementor-widget elementor-widget-eael-content-timeline\" data-id=\"f8535f2\" data-element_type=\"widget\" data-e-type=\"widget\" data-widget_type=\"eael-content-timeline.default\">\n\t\t\t\t\t\t\t<div id=\"eael-content-timeline-f8535f2\" class=\"content-timeline-layout- date-position- horizontal-timeline-wrapper\" data-slide_to_scroll=\"{&quot;desktop&quot;:1,&quot;mobile&quot;:1,&quot;tablet&quot;:1}\">\n\t\t\t<div class=\"eael-content-timeline-container\">\n\t\t\t\t<div class=\"eael-content-timeline-container\">\n\t\t\t\t\t<div class=\"eael-horizontal-timeline eael-horizontal-timeline--layout-middle eael-horizontal-timeline--align-left eael-horizontal-timeline--scrollbar\">\n        \n    <div class=\"eael-horizontal-timeline-track\">\n        \n                <div class=\"eael-horizontal-timeline-list eael-horizontal-timeline-list--top middle\">\n                    \t\t\t\t<div class=\"eael-horizontal-timeline-item top is-active\">\n\t\t\t\t\t<div class=\"eael-horizontal-timeline-item__card top\">\n\t\t\t\t\t\t<div class=\"eael-horizontal-timeline-item__card-inner\">\n\t\t\t\t\t\t\t\n\t\t\t\t\t\t\t<h2 class=\"eael-horizontal-timeline-item__card-title\"><a href=\"#\">El Obispo de Le\u00f3n aprueba la Regla de la Cofrad\u00eda del Dulce Nombre de Jes\u00fas Nazareno.<\/a><\/h2>\t\t\t\t\t\t\t<div class=\"eael-horizontal-timeline-item__card-desc\">\n\t\t\t\t\t\t\t\t<div class=\"eael-timeline-excerpt\"><p>Meses antes de dicha aprobaci\u00f3n, la Cofrad\u00eda funda su capilla en el Convento de Santo Domingo el Real con el objeto de \u201cservir a Dios Nuestro Se\u00f1or y a honra y gloria del Sant\u00edsimo Nombre de Jes\u00fas Nazareno\u201d.<\/p><p>Del contenido de la Regla se deduce que la Cofrad\u00eda exist\u00eda con anterioridad a esta fecha.<\/p><\/div>\t\t\t\t\t\t\t<\/div>\n\t\t\t\t\t\t<\/div>\n\t\t\t\t\t\t\n\t\t\t\t\t\t<div class=\"eael-horizontal-timeline-item__card-arrow top\"><\/div>\n\t\t\t\t\t<\/div>\n\t\t\t\t<\/div>\n\t\t\t\t\t\t\t\t<div class=\"eael-horizontal-timeline-item \">\n\t\t\t\t\t\t\t\t\t\t\t<div class=\"eael-horizontal-timeline-item__meta\">\n\t\t\t\t\t\t\t1615\t\t\t\t\t\t<\/div>\n\t\t\t\t\t\t\t\t\t<\/div>\n\t\t\t\t\t\t\t\t<div class=\"eael-horizontal-timeline-item top \">\n\t\t\t\t\t<div class=\"eael-horizontal-timeline-item__card top\">\n\t\t\t\t\t\t<div class=\"eael-horizontal-timeline-item__card-inner\">\n\t\t\t\t\t\t\t\n\t\t\t\t\t\t\t<h2 class=\"eael-horizontal-timeline-item__card-title\"><a href=\"#\"><\/a><\/h2>\t\t\t\t\t\t\t<div class=\"eael-horizontal-timeline-item__card-desc\">\n\t\t\t\t\t\t\t\t<div class=\"eael-timeline-excerpt\"><p>Durante este periodo la Cofrad\u00eda <strong>incrementa su patrimonio escult\u00f3rico<\/strong>, encargando obras a escultores de renombre.<\/p><\/div>\t\t\t\t\t\t\t<\/div>\n\t\t\t\t\t\t<\/div>\n\t\t\t\t\t\t\n\t\t\t\t\t\t<div class=\"eael-horizontal-timeline-item__card-arrow top\"><\/div>\n\t\t\t\t\t<\/div>\n\t\t\t\t<\/div>\n\t\t\t\t\t\t\t\t<div class=\"eael-horizontal-timeline-item \">\n\t\t\t\t\t\t\t\t\t\t\t<div class=\"eael-horizontal-timeline-item__meta\">\n\t\t\t\t\t\t\t1783\t\t\t\t\t\t<\/div>\n\t\t\t\t\t\t\t\t\t<\/div>\n\t\t\t\t\t\t\t\t<div class=\"eael-horizontal-timeline-item top \">\n\t\t\t\t\t<div class=\"eael-horizontal-timeline-item__card top\">\n\t\t\t\t\t\t<div class=\"eael-horizontal-timeline-item__card-inner\">\n\t\t\t\t\t\t\t\n\t\t\t\t\t\t\t<h2 class=\"eael-horizontal-timeline-item__card-title\"><a href=\"#\"><\/a><\/h2>\t\t\t\t\t\t\t<div class=\"eael-horizontal-timeline-item__card-desc\">\n\t\t\t\t\t\t\t\t<div class=\"eael-timeline-excerpt\"><p>El <strong>Convento de Santo Domingo<\/strong> es incendiado por las tropas napole\u00f3nicas durante la invasi\u00f3n francesa, perdi\u00e9ndose <strong>parte del patrimonio escult\u00f3rico y documentaci\u00f3n hist\u00f3rica de la Cofrad\u00eda<\/strong>.<\/p><\/div>\t\t\t\t\t\t\t<\/div>\n\t\t\t\t\t\t<\/div>\n\t\t\t\t\t\t\n\t\t\t\t\t\t<div class=\"eael-horizontal-timeline-item__card-arrow top\"><\/div>\n\t\t\t\t\t<\/div>\n\t\t\t\t<\/div>\n\t\t\t\t\t\t\t\t<div class=\"eael-horizontal-timeline-item \">\n\t\t\t\t\t\t\t\t\t\t\t<div class=\"eael-horizontal-timeline-item__meta\">\n\t\t\t\t\t\t\t1814\t\t\t\t\t\t<\/div>\n\t\t\t\t\t\t\t\t\t<\/div>\n\t\t\t\t\t\t\t\t<div class=\"eael-horizontal-timeline-item top \">\n\t\t\t\t\t<div class=\"eael-horizontal-timeline-item__card top\">\n\t\t\t\t\t\t<div class=\"eael-horizontal-timeline-item__card-inner\">\n\t\t\t\t\t\t\t\n\t\t\t\t\t\t\t<h2 class=\"eael-horizontal-timeline-item__card-title\"><a href=\"#\"><\/a><\/h2>\t\t\t\t\t\t\t<div class=\"eael-horizontal-timeline-item__card-desc\">\n\t\t\t\t\t\t\t\t<div class=\"eael-timeline-excerpt\"><p>Los terrenos y restos del antiguo convento de Santo Domingo son <strong>vendidos a las Agustinas Recoletas<\/strong>, que edifican all\u00ed su convento.<\/p><p>La Cofrad\u00eda permanece definitivamente vinculada a la <strong>capilla de Santa Nonia<\/strong>.<\/p><\/div>\t\t\t\t\t\t\t<\/div>\n\t\t\t\t\t\t<\/div>\n\t\t\t\t\t\t\n\t\t\t\t\t\t<div class=\"eael-horizontal-timeline-item__card-arrow top\"><\/div>\n\t\t\t\t\t<\/div>\n\t\t\t\t<\/div>\n\t\t\t\t\t\t\t\t<div class=\"eael-horizontal-timeline-item \">\n\t\t\t\t\t\t\t\t\t\t\t<div class=\"eael-horizontal-timeline-item__meta\">\n\t\t\t\t\t\t\t1906\t\t\t\t\t\t<\/div>\n\t\t\t\t\t\t\t\t\t<\/div>\n\t\t\t\t\t\t\t\t<div class=\"eael-horizontal-timeline-item top \">\n\t\t\t\t\t<div class=\"eael-horizontal-timeline-item__card top\">\n\t\t\t\t\t\t<div class=\"eael-horizontal-timeline-item__card-inner\">\n\t\t\t\t\t\t\t\n\t\t\t\t\t\t\t<h2 class=\"eael-horizontal-timeline-item__card-title\"><a href=\"#\"><\/a><\/h2>\t\t\t\t\t\t\t<div class=\"eael-horizontal-timeline-item__card-desc\">\n\t\t\t\t\t\t\t\t<div class=\"eael-timeline-excerpt\"><p>Se fija oficialmente el <strong>emblema de la Cofrad\u00eda<\/strong>.<\/p><\/div>\t\t\t\t\t\t\t<\/div>\n\t\t\t\t\t\t<\/div>\n\t\t\t\t\t\t\n\t\t\t\t\t\t<div class=\"eael-horizontal-timeline-item__card-arrow top\"><\/div>\n\t\t\t\t\t<\/div>\n\t\t\t\t<\/div>\n\t\t\t\t\t\t\t\t<div class=\"eael-horizontal-timeline-item \">\n\t\t\t\t\t\t\t\t\t\t\t<div class=\"eael-horizontal-timeline-item__meta\">\n\t\t\t\t\t\t\t1947\t\t\t\t\t\t<\/div>\n\t\t\t\t\t\t\t\t\t<\/div>\n\t\t\t\t\t\t\t\t<div class=\"eael-horizontal-timeline-item top \">\n\t\t\t\t\t<div class=\"eael-horizontal-timeline-item__card top\">\n\t\t\t\t\t\t<div class=\"eael-horizontal-timeline-item__card-inner\">\n\t\t\t\t\t\t\t\n\t\t\t\t\t\t\t<h2 class=\"eael-horizontal-timeline-item__card-title\"><a href=\"#\"><\/a><\/h2>\t\t\t\t\t\t\t<div class=\"eael-horizontal-timeline-item__card-desc\">\n\t\t\t\t\t\t\t\t<div class=\"eael-timeline-excerpt\"><p>La Cofrad\u00eda del Dulce Nombre de Jes\u00fas Nazareno es reconocida, junto a las Cofrad\u00edas de Angustias y Soledad y Real de Minerva y Vera Cruz, con la <strong>Medalla de Oro de la ciudad de Le\u00f3n<\/strong>.<\/p><p>\u00a0<\/p><\/div>\t\t\t\t\t\t\t<\/div>\n\t\t\t\t\t\t<\/div>\n\t\t\t\t\t\t\n\t\t\t\t\t\t<div class=\"eael-horizontal-timeline-item__card-arrow top\"><\/div>\n\t\t\t\t\t<\/div>\n\t\t\t\t<\/div>\n\t\t\t\t\t\t\t\t<div class=\"eael-horizontal-timeline-item \">\n\t\t\t\t\t\t\t\t\t\t\t<div class=\"eael-horizontal-timeline-item__meta\">\n\t\t\t\t\t\t\t2011\t\t\t\t\t\t<\/div>\n\t\t\t\t\t\t\t\t\t<\/div>\n\t\t\t\t\t\t\t\t<div class=\"eael-horizontal-timeline-item top \">\n\t\t\t\t\t<div class=\"eael-horizontal-timeline-item__card top\">\n\t\t\t\t\t\t<div class=\"eael-horizontal-timeline-item__card-inner\">\n\t\t\t\t\t\t\t\n\t\t\t\t\t\t\t<h2 class=\"eael-horizontal-timeline-item__card-title\"><a href=\"#\"><\/a><\/h2>\t\t\t\t\t\t\t<div class=\"eael-horizontal-timeline-item__card-desc\">\n\t\t\t\t\t\t\t\t<div class=\"eael-timeline-excerpt\"><p>Se realiza una <strong>nueva adecuaci\u00f3n de los estatutos<\/strong>, aprobada por el Obispo de Le\u00f3n <strong>Mons. Juli\u00e1n L\u00f3pez Mart\u00edn<\/strong>.<\/p><p>\u00a0<\/p><\/div>\t\t\t\t\t\t\t<\/div>\n\t\t\t\t\t\t<\/div>\n\t\t\t\t\t\t\n\t\t\t\t\t\t<div class=\"eael-horizontal-timeline-item__card-arrow top\"><\/div>\n\t\t\t\t\t<\/div>\n\t\t\t\t<\/div>\n\t\t\t\t\t\t\t\t<div class=\"eael-horizontal-timeline-item \">\n\t\t\t\t\t\t\t\t\t\t\t<div class=\"eael-horizontal-timeline-item__meta\">\n\t\t\t\t\t\t\t2023\t\t\t\t\t\t<\/div>\n\t\t\t\t\t\t\t\t\t<\/div>\n\t\t\t\t\t\t\t\t<div class=\"eael-horizontal-timeline-item top \">\n\t\t\t\t\t<div class=\"eael-horizontal-timeline-item__card top\">\n\t\t\t\t\t\t<div class=\"eael-horizontal-timeline-item__card-inner\">\n\t\t\t\t\t\t\t\n\t\t\t\t\t\t\t<h2 class=\"eael-horizontal-timeline-item__card-title\"><a href=\"#\"><\/a><\/h2>\t\t\t\t\t\t\t<div class=\"eael-horizontal-timeline-item__card-desc\">\n\t\t\t\t\t\t\t\t<div class=\"eael-timeline-excerpt\"><p>El <strong>Papa Francisco<\/strong>, a trav\u00e9s del Dicasterio para la Evangelizaci\u00f3n, invita a la Cofrad\u00eda a participar con <strong>Nuestro Padre Jes\u00fas Nazareno<\/strong> en el <strong>Jubileo de las Cofrad\u00edas en Roma<\/strong>, celebrado en <strong>mayo de 2025<\/strong>.<\/p><p>\u00a0<\/p><\/div>\t\t\t\t\t\t\t<\/div>\n\t\t\t\t\t\t<\/div>\n\t\t\t\t\t\t\n\t\t\t\t\t\t<div class=\"eael-horizontal-timeline-item__card-arrow top\"><\/div>\n\t\t\t\t\t<\/div>\n\t\t\t\t<\/div>\n\t\t\t\t                <\/div>\n                <div class=\"eael-horizontal-timeline-list eael-horizontal-timeline-list--middle middle\">\n                    <div class=\"eael-horizontal-timeline__line\">\n                        <div class=\"eael-horizontal-timeline-item__highlight\"><\/div>\n                    <\/div>\n                    \t\t\t\t<div class=\"eael-horizontal-timeline-item eael-horizontal-timeline-item__line is-active\">\n\t\t\t\t\t<div class=\"eael-horizontal-timeline-item__point\">\n\t\t\t\t\t\t<div class=\"eael-horizontal-timeline-item__point-content\">\n\t\t\t\t\t\t\t<span class=\"eael-elements-icon\"> <img decoding=\"async\" class=\"content-timeline-bullet-svg\" src=\"https:\/\/pruebas.cursopracticoseo.com\/wordpress_o\/wp-content\/uploads\/2026\/02\/manuscipt_16863574.svg\" alt=\"\" \/> <\/span>\n\t\t\t\t\t\t<\/div>\n\t\t\t\t\t<\/div>\n\t\t\t\t<\/div>\n\t\t\t\t\t\t\t\t<div class=\"eael-horizontal-timeline-item eael-horizontal-timeline-item__line \">\n\t\t\t\t\t<div class=\"eael-horizontal-timeline-item__point\">\n\t\t\t\t\t\t<div class=\"eael-horizontal-timeline-item__point-content\">\n\t\t\t\t\t\t\t<span class=\"eael-elements-icon\"> <img decoding=\"async\" class=\"content-timeline-bullet-svg\" src=\"https:\/\/pruebas.cursopracticoseo.com\/wordpress_o\/wp-content\/uploads\/2026\/02\/manuscipt_16863574.svg\" alt=\"\" \/> <\/span>\n\t\t\t\t\t\t<\/div>\n\t\t\t\t\t<\/div>\n\t\t\t\t<\/div>\n\t\t\t\t\t\t\t\t<div class=\"eael-horizontal-timeline-item eael-horizontal-timeline-item__line \">\n\t\t\t\t\t<div class=\"eael-horizontal-timeline-item__point\">\n\t\t\t\t\t\t<div class=\"eael-horizontal-timeline-item__point-content\">\n\t\t\t\t\t\t\t<span class=\"eael-elements-icon\"> <img decoding=\"async\" class=\"content-timeline-bullet-svg\" src=\"https:\/\/pruebas.cursopracticoseo.com\/wordpress_o\/wp-content\/uploads\/2026\/02\/manuscipt_16863574.svg\" alt=\"\" \/> <\/span>\n\t\t\t\t\t\t<\/div>\n\t\t\t\t\t<\/div>\n\t\t\t\t<\/div>\n\t\t\t\t\t\t\t\t<div class=\"eael-horizontal-timeline-item eael-horizontal-timeline-item__line \">\n\t\t\t\t\t<div class=\"eael-horizontal-timeline-item__point\">\n\t\t\t\t\t\t<div class=\"eael-horizontal-timeline-item__point-content\">\n\t\t\t\t\t\t\t<span class=\"eael-elements-icon\"> <img decoding=\"async\" class=\"content-timeline-bullet-svg\" src=\"https:\/\/pruebas.cursopracticoseo.com\/wordpress_o\/wp-content\/uploads\/2026\/02\/manuscipt_16863574.svg\" alt=\"\" \/> <\/span>\n\t\t\t\t\t\t<\/div>\n\t\t\t\t\t<\/div>\n\t\t\t\t<\/div>\n\t\t\t\t\t\t\t\t<div class=\"eael-horizontal-timeline-item eael-horizontal-timeline-item__line \">\n\t\t\t\t\t<div class=\"eael-horizontal-timeline-item__point\">\n\t\t\t\t\t\t<div class=\"eael-horizontal-timeline-item__point-content\">\n\t\t\t\t\t\t\t<span class=\"eael-elements-icon\"> <img decoding=\"async\" class=\"content-timeline-bullet-svg\" src=\"https:\/\/pruebas.cursopracticoseo.com\/wordpress_o\/wp-content\/uploads\/2026\/02\/manuscipt_16863574.svg\" alt=\"\" \/> <\/span>\n\t\t\t\t\t\t<\/div>\n\t\t\t\t\t<\/div>\n\t\t\t\t<\/div>\n\t\t\t\t\t\t\t\t<div class=\"eael-horizontal-timeline-item eael-horizontal-timeline-item__line \">\n\t\t\t\t\t<div class=\"eael-horizontal-timeline-item__point\">\n\t\t\t\t\t\t<div class=\"eael-horizontal-timeline-item__point-content\">\n\t\t\t\t\t\t\t<span class=\"eael-elements-icon\"> <img decoding=\"async\" class=\"content-timeline-bullet-svg\" src=\"https:\/\/pruebas.cursopracticoseo.com\/wordpress_o\/wp-content\/uploads\/2026\/02\/manuscipt_16863574.svg\" alt=\"\" \/> <\/span>\n\t\t\t\t\t\t<\/div>\n\t\t\t\t\t<\/div>\n\t\t\t\t<\/div>\n\t\t\t\t\t\t\t\t<div class=\"eael-horizontal-timeline-item eael-horizontal-timeline-item__line \">\n\t\t\t\t\t<div class=\"eael-horizontal-timeline-item__point\">\n\t\t\t\t\t\t<div class=\"eael-horizontal-timeline-item__point-content\">\n\t\t\t\t\t\t\t<span class=\"eael-elements-icon\"> <img decoding=\"async\" class=\"content-timeline-bullet-svg\" src=\"https:\/\/pruebas.cursopracticoseo.com\/wordpress_o\/wp-content\/uploads\/2026\/02\/manuscipt_16863574.svg\" alt=\"\" \/> <\/span>\n\t\t\t\t\t\t<\/div>\n\t\t\t\t\t<\/div>\n\t\t\t\t<\/div>\n\t\t\t\t\t\t\t\t<div class=\"eael-horizontal-timeline-item eael-horizontal-timeline-item__line \">\n\t\t\t\t\t<div class=\"eael-horizontal-timeline-item__point\">\n\t\t\t\t\t\t<div class=\"eael-horizontal-timeline-item__point-content\">\n\t\t\t\t\t\t\t<span class=\"eael-elements-icon\"> <img decoding=\"async\" class=\"content-timeline-bullet-svg\" src=\"https:\/\/pruebas.cursopracticoseo.com\/wordpress_o\/wp-content\/uploads\/2026\/02\/manuscipt_16863574.svg\" alt=\"\" \/> <\/span>\n\t\t\t\t\t\t<\/div>\n\t\t\t\t\t<\/div>\n\t\t\t\t<\/div>\n\t\t\t\t\t\t\t\t<div class=\"eael-horizontal-timeline-item eael-horizontal-timeline-item__line \">\n\t\t\t\t\t<div class=\"eael-horizontal-timeline-item__point\">\n\t\t\t\t\t\t<div class=\"eael-horizontal-timeline-item__point-content\">\n\t\t\t\t\t\t\t<span class=\"eael-elements-icon\"> <img decoding=\"async\" class=\"content-timeline-bullet-svg\" src=\"https:\/\/pruebas.cursopracticoseo.com\/wordpress_o\/wp-content\/uploads\/2026\/02\/manuscipt_16863574.svg\" alt=\"\" \/> <\/span>\n\t\t\t\t\t\t<\/div>\n\t\t\t\t\t<\/div>\n\t\t\t\t<\/div>\n\t\t\t\t\t\t\t\t<div class=\"eael-horizontal-timeline-item eael-horizontal-timeline-item__line \">\n\t\t\t\t\t<div class=\"eael-horizontal-timeline-item__point\">\n\t\t\t\t\t\t<div class=\"eael-horizontal-timeline-item__point-content\">\n\t\t\t\t\t\t\t<span class=\"eael-elements-icon\"> <img decoding=\"async\" class=\"content-timeline-bullet-svg\" src=\"https:\/\/pruebas.cursopracticoseo.com\/wordpress_o\/wp-content\/uploads\/2026\/02\/manuscipt_16863574.svg\" alt=\"\" \/> <\/span>\n\t\t\t\t\t\t<\/div>\n\t\t\t\t\t<\/div>\n\t\t\t\t<\/div>\n\t\t\t\t\t\t\t\t<div class=\"eael-horizontal-timeline-item eael-horizontal-timeline-item__line \">\n\t\t\t\t\t<div class=\"eael-horizontal-timeline-item__point\">\n\t\t\t\t\t\t<div class=\"eael-horizontal-timeline-item__point-content\">\n\t\t\t\t\t\t\t<span class=\"eael-elements-icon\"> <img decoding=\"async\" class=\"content-timeline-bullet-svg\" src=\"https:\/\/pruebas.cursopracticoseo.com\/wordpress_o\/wp-content\/uploads\/2026\/02\/manuscipt_16863574.svg\" alt=\"\" \/> <\/span>\n\t\t\t\t\t\t<\/div>\n\t\t\t\t\t<\/div>\n\t\t\t\t<\/div>\n\t\t\t\t\t\t\t\t<div class=\"eael-horizontal-timeline-item eael-horizontal-timeline-item__line \">\n\t\t\t\t\t<div class=\"eael-horizontal-timeline-item__point\">\n\t\t\t\t\t\t<div class=\"eael-horizontal-timeline-item__point-content\">\n\t\t\t\t\t\t\t<span class=\"eael-elements-icon\"> <img decoding=\"async\" class=\"content-timeline-bullet-svg\" src=\"https:\/\/pruebas.cursopracticoseo.com\/wordpress_o\/wp-content\/uploads\/2026\/02\/manuscipt_16863574.svg\" alt=\"\" \/> <\/span>\n\t\t\t\t\t\t<\/div>\n\t\t\t\t\t<\/div>\n\t\t\t\t<\/div>\n\t\t\t\t\t\t\t\t<div class=\"eael-horizontal-timeline-item eael-horizontal-timeline-item__line \">\n\t\t\t\t\t<div class=\"eael-horizontal-timeline-item__point\">\n\t\t\t\t\t\t<div class=\"eael-horizontal-timeline-item__point-content\">\n\t\t\t\t\t\t\t<span class=\"eael-elements-icon\"> <img decoding=\"async\" class=\"content-timeline-bullet-svg\" src=\"https:\/\/pruebas.cursopracticoseo.com\/wordpress_o\/wp-content\/uploads\/2026\/02\/manuscipt_16863574.svg\" alt=\"\" \/> <\/span>\n\t\t\t\t\t\t<\/div>\n\t\t\t\t\t<\/div>\n\t\t\t\t<\/div>\n\t\t\t\t\t\t\t\t<div class=\"eael-horizontal-timeline-item eael-horizontal-timeline-item__line \">\n\t\t\t\t\t<div class=\"eael-horizontal-timeline-item__point\">\n\t\t\t\t\t\t<div class=\"eael-horizontal-timeline-item__point-content\">\n\t\t\t\t\t\t\t<span class=\"eael-elements-icon\"> <img decoding=\"async\" class=\"content-timeline-bullet-svg\" src=\"https:\/\/pruebas.cursopracticoseo.com\/wordpress_o\/wp-content\/uploads\/2026\/02\/manuscipt_16863574.svg\" alt=\"\" \/> <\/span>\n\t\t\t\t\t\t<\/div>\n\t\t\t\t\t<\/div>\n\t\t\t\t<\/div>\n\t\t\t\t\t\t\t\t<div class=\"eael-horizontal-timeline-item eael-horizontal-timeline-item__line \">\n\t\t\t\t\t<div class=\"eael-horizontal-timeline-item__point\">\n\t\t\t\t\t\t<div class=\"eael-horizontal-timeline-item__point-content\">\n\t\t\t\t\t\t\t<span class=\"eael-elements-icon\"> <img decoding=\"async\" class=\"content-timeline-bullet-svg\" src=\"https:\/\/pruebas.cursopracticoseo.com\/wordpress_o\/wp-content\/uploads\/2026\/02\/manuscipt_16863574.svg\" alt=\"\" \/> <\/span>\n\t\t\t\t\t\t<\/div>\n\t\t\t\t\t<\/div>\n\t\t\t\t<\/div>\n\t\t\t\t                <\/div>\n                <div class=\"eael-horizontal-timeline-list eael-horizontal-timeline-list--bottom middle\">\n                    \t\t\t\t<div class=\"eael-horizontal-timeline-item is-active\">\n\t\t\t\t\t\t\t\t\t\t\t<div class=\"eael-horizontal-timeline-item__meta\">\n\t\t\t\t\t\t\t1611\t\t\t\t\t\t<\/div>\n\t\t\t\t\t\t\t\t\t<\/div>\n\t\t\t\t\t\t\t\t<div class=\"eael-horizontal-timeline-item bottom \">\n\t\t\t\t\t<div class=\"eael-horizontal-timeline-item__card bottom\">\n\t\t\t\t\t\t<div class=\"eael-horizontal-timeline-item__card-inner\">\n\t\t\t\t\t\t\t\n\t\t\t\t\t\t\t<h2 class=\"eael-horizontal-timeline-item__card-title\"><a href=\"#\"><\/a><\/h2>\t\t\t\t\t\t\t<div class=\"eael-horizontal-timeline-item__card-desc\">\n\t\t\t\t\t\t\t\t<div class=\"eael-timeline-excerpt\"><p>La Cofrad\u00eda <strong>adquiere en propiedad su capilla<\/strong> en el Convento de Santo Domingo el Real.<\/p><p>\u00a0<\/p><\/div>\t\t\t\t\t\t\t<\/div>\n\t\t\t\t\t\t<\/div>\n\t\t\t\t\t\t\n\t\t\t\t\t\t<div class=\"eael-horizontal-timeline-item__card-arrow bottom\"><\/div>\n\t\t\t\t\t<\/div>\n\t\t\t\t<\/div>\n\t\t\t\t\t\t\t\t<div class=\"eael-horizontal-timeline-item \">\n\t\t\t\t\t\t\t\t\t\t\t<div class=\"eael-horizontal-timeline-item__meta\">\n\t\t\t\t\t\t\tXVII \u2013 XVIII\t\t\t\t\t\t<\/div>\n\t\t\t\t\t\t\t\t\t<\/div>\n\t\t\t\t\t\t\t\t<div class=\"eael-horizontal-timeline-item bottom \">\n\t\t\t\t\t<div class=\"eael-horizontal-timeline-item__card bottom\">\n\t\t\t\t\t\t<div class=\"eael-horizontal-timeline-item__card-inner\">\n\t\t\t\t\t\t\t\n\t\t\t\t\t\t\t<h2 class=\"eael-horizontal-timeline-item__card-title\"><a href=\"#\"><\/a><\/h2>\t\t\t\t\t\t\t<div class=\"eael-horizontal-timeline-item__card-desc\">\n\t\t\t\t\t\t\t\t<div class=\"eael-timeline-excerpt\"><p>Las Cofrad\u00edas deben adaptarse a las <strong>disposiciones de Carlos III<\/strong>, que limitan los agasajos a los portadores de los pasos.<\/p><p>A partir de entonces <strong>los propios cofrades pasan a portar las im\u00e1genes<\/strong>, origen de los actuales <strong>braceros<\/strong>.<\/p><\/div>\t\t\t\t\t\t\t<\/div>\n\t\t\t\t\t\t<\/div>\n\t\t\t\t\t\t\n\t\t\t\t\t\t<div class=\"eael-horizontal-timeline-item__card-arrow bottom\"><\/div>\n\t\t\t\t\t<\/div>\n\t\t\t\t<\/div>\n\t\t\t\t\t\t\t\t<div class=\"eael-horizontal-timeline-item \">\n\t\t\t\t\t\t\t\t\t\t\t<div class=\"eael-horizontal-timeline-item__meta\">\n\t\t\t\t\t\t\t1808\t\t\t\t\t\t<\/div>\n\t\t\t\t\t\t\t\t\t<\/div>\n\t\t\t\t\t\t\t\t<div class=\"eael-horizontal-timeline-item bottom \">\n\t\t\t\t\t<div class=\"eael-horizontal-timeline-item__card bottom\">\n\t\t\t\t\t\t<div class=\"eael-horizontal-timeline-item__card-inner\">\n\t\t\t\t\t\t\t\n\t\t\t\t\t\t\t<h2 class=\"eael-horizontal-timeline-item__card-title\"><a href=\"#\">13 de diciembre de 1814<\/a><\/h2>\t\t\t\t\t\t\t<div class=\"eael-horizontal-timeline-item__card-desc\">\n\t\t\t\t\t\t\t\t<div class=\"eael-timeline-excerpt\"><p>La Cofrad\u00eda alcanza un acuerdo con los dominicos para <strong>realizar sus oficios religiosos en la capilla de Santa Nonia<\/strong>.<\/p><\/div>\t\t\t\t\t\t\t<\/div>\n\t\t\t\t\t\t<\/div>\n\t\t\t\t\t\t\n\t\t\t\t\t\t<div class=\"eael-horizontal-timeline-item__card-arrow bottom\"><\/div>\n\t\t\t\t\t<\/div>\n\t\t\t\t<\/div>\n\t\t\t\t\t\t\t\t<div class=\"eael-horizontal-timeline-item \">\n\t\t\t\t\t\t\t\t\t\t\t<div class=\"eael-horizontal-timeline-item__meta\">\n\t\t\t\t\t\t\t1880\t\t\t\t\t\t<\/div>\n\t\t\t\t\t\t\t\t\t<\/div>\n\t\t\t\t\t\t\t\t<div class=\"eael-horizontal-timeline-item bottom \">\n\t\t\t\t\t<div class=\"eael-horizontal-timeline-item__card bottom\">\n\t\t\t\t\t\t<div class=\"eael-horizontal-timeline-item__card-inner\">\n\t\t\t\t\t\t\t\n\t\t\t\t\t\t\t<h2 class=\"eael-horizontal-timeline-item__card-title\"><a href=\"#\"><\/a><\/h2>\t\t\t\t\t\t\t<div class=\"eael-horizontal-timeline-item__card-desc\">\n\t\t\t\t\t\t\t\t<div class=\"eael-timeline-excerpt\"><p>Se establece oficialmente la <strong>denominaci\u00f3n actual de Cofrad\u00eda del Dulce Nombre de Jes\u00fas Nazareno<\/strong>.<\/p><p>Ese mismo a\u00f1o se <strong>renuevan los estatutos<\/strong>, que hab\u00edan permanecido pr\u00e1cticamente sin cambios durante tres siglos.<\/p><\/div>\t\t\t\t\t\t\t<\/div>\n\t\t\t\t\t\t<\/div>\n\t\t\t\t\t\t\n\t\t\t\t\t\t<div class=\"eael-horizontal-timeline-item__card-arrow bottom\"><\/div>\n\t\t\t\t\t<\/div>\n\t\t\t\t<\/div>\n\t\t\t\t\t\t\t\t<div class=\"eael-horizontal-timeline-item \">\n\t\t\t\t\t\t\t\t\t\t\t<div class=\"eael-horizontal-timeline-item__meta\">\n\t\t\t\t\t\t\t1927\t\t\t\t\t\t<\/div>\n\t\t\t\t\t\t\t\t\t<\/div>\n\t\t\t\t\t\t\t\t<div class=\"eael-horizontal-timeline-item bottom \">\n\t\t\t\t\t<div class=\"eael-horizontal-timeline-item__card bottom\">\n\t\t\t\t\t\t<div class=\"eael-horizontal-timeline-item__card-inner\">\n\t\t\t\t\t\t\t\n\t\t\t\t\t\t\t<h2 class=\"eael-horizontal-timeline-item__card-title\"><a href=\"#\"><\/a><\/h2>\t\t\t\t\t\t\t<div class=\"eael-horizontal-timeline-item__card-desc\">\n\t\t\t\t\t\t\t\t<div class=\"eael-timeline-excerpt\"><p>Nueva revisi\u00f3n de los <strong>estatutos<\/strong>, aprobada por el Obispo <strong>Luis Almarcha Hern\u00e1ndez<\/strong>.<\/p><p>Tambi\u00e9n se establece como titular de la Cofrad\u00eda la <strong>Efigie de Nuestro Padre Jes\u00fas Nazareno<\/strong>.<\/p><\/div>\t\t\t\t\t\t\t<\/div>\n\t\t\t\t\t\t<\/div>\n\t\t\t\t\t\t\n\t\t\t\t\t\t<div class=\"eael-horizontal-timeline-item__card-arrow bottom\"><\/div>\n\t\t\t\t\t<\/div>\n\t\t\t\t<\/div>\n\t\t\t\t\t\t\t\t<div class=\"eael-horizontal-timeline-item \">\n\t\t\t\t\t\t\t\t\t\t\t<div class=\"eael-horizontal-timeline-item__meta\">\n\t\t\t\t\t\t\t2007\t\t\t\t\t\t<\/div>\n\t\t\t\t\t\t\t\t\t<\/div>\n\t\t\t\t\t\t\t\t<div class=\"eael-horizontal-timeline-item bottom \">\n\t\t\t\t\t<div class=\"eael-horizontal-timeline-item__card bottom\">\n\t\t\t\t\t\t<div class=\"eael-horizontal-timeline-item__card-inner\">\n\t\t\t\t\t\t\t\n\t\t\t\t\t\t\t<h2 class=\"eael-horizontal-timeline-item__card-title\"><a href=\"#\">IV Centenario<\/a><\/h2>\t\t\t\t\t\t\t<div class=\"eael-horizontal-timeline-item__card-desc\">\n\t\t\t\t\t\t\t\t<div class=\"eael-timeline-excerpt\"><p>La Cofrad\u00eda celebra el <strong>IV Centenario de su fundaci\u00f3n<\/strong>.<\/p><p>Durante el a\u00f1o se organizan <strong>congresos, procesiones y triduos extraordinarios<\/strong>, culminando con la participaci\u00f3n de la imagen de <strong>Nuestro Padre Jes\u00fas Nazareno<\/strong> en el <strong>V\u00eda Crucis de la Jornada Mundial de la Juventud en Madrid<\/strong>, presidido por el <strong>Papa Benedicto XVI<\/strong>.<\/p><p>\u00a0<\/p><\/div>\t\t\t\t\t\t\t<\/div>\n\t\t\t\t\t\t<\/div>\n\t\t\t\t\t\t\n\t\t\t\t\t\t<div class=\"eael-horizontal-timeline-item__card-arrow bottom\"><\/div>\n\t\t\t\t\t<\/div>\n\t\t\t\t<\/div>\n\t\t\t\t\t\t\t\t<div class=\"eael-horizontal-timeline-item \">\n\t\t\t\t\t\t\t\t\t\t\t<div class=\"eael-horizontal-timeline-item__meta\">\n\t\t\t\t\t\t\t2018\t\t\t\t\t\t<\/div>\n\t\t\t\t\t\t\t\t\t<\/div>\n\t\t\t\t\t\t\t\t<div class=\"eael-horizontal-timeline-item bottom \">\n\t\t\t\t\t<div class=\"eael-horizontal-timeline-item__card bottom\">\n\t\t\t\t\t\t<div class=\"eael-horizontal-timeline-item__card-inner\">\n\t\t\t\t\t\t\t\n\t\t\t\t\t\t\t<h2 class=\"eael-horizontal-timeline-item__card-title\"><a href=\"#\">25 de marzo de 2023<\/a><\/h2>\t\t\t\t\t\t\t<div class=\"eael-horizontal-timeline-item__card-desc\">\n\t\t\t\t\t\t\t\t<div class=\"eael-timeline-excerpt\"><p>El alcalde de Le\u00f3n, Jos\u00e9 Antonio Diez, descubri\u00f3 la placa de la nueva calle dedicada a la Cofrad\u00eda del Dulce Nombre de Jes\u00fas Nazareno. La v\u00eda corresponde al tramo de la <strong>calle Santa Nonia entre la avenida de la Rep\u00fablica Argentina y la avenida de Lancia<\/strong>, junto a la capilla de Santa Nonia.<\/p><p>\u00a0<\/p><\/div>\t\t\t\t\t\t\t<\/div>\n\t\t\t\t\t\t<\/div>\n\t\t\t\t\t\t\n\t\t\t\t\t\t<div class=\"eael-horizontal-timeline-item__card-arrow bottom\"><\/div>\n\t\t\t\t\t<\/div>\n\t\t\t\t<\/div>\n\t\t\t\t\t\t\t\t<div class=\"eael-horizontal-timeline-item \">\n\t\t\t\t\t\t\t\t\t\t\t<div class=\"eael-horizontal-timeline-item__meta\">\n\t\t\t\t\t\t\t2024 \u2013 2025\t\t\t\t\t\t<\/div>\n\t\t\t\t\t\t\t\t\t<\/div>\n\t\t\t\t                <\/div>\n\n                    <\/div>\n\n    \n    <\/div>\n\t\t\t\t<\/div>\n\t\t\t<\/div>\n\t\t<\/div>\n\t\t\t\t\t<\/div>\n\t\t\t\t\t<\/div>\n\t\t\t\t<\/div>\n\t\t<div data-particle_enable=\"false\" data-particle-mobile-disabled=\"false\" class=\"elementor-element elementor-element-202a232 e-flex e-con-boxed e-con e-parent\" data-id=\"202a232\" data-element_type=\"container\" data-e-type=\"container\" data-settings=\"{&quot;background_background&quot;:&quot;classic&quot;}\">\n\t\t\t\t\t<div class=\"e-con-inner\">\n\t\t<div data-particle_enable=\"false\" data-particle-mobile-disabled=\"false\" class=\"elementor-element elementor-element-f2219e7 e-con-full e-flex e-con e-child\" data-id=\"f2219e7\" data-element_type=\"container\" data-e-type=\"container\">\n\t\t\t\t<div class=\"elementor-element elementor-element-6cc577c elementor-widget elementor-widget-image\" data-id=\"6cc577c\" data-element_type=\"widget\" data-e-type=\"widget\" data-widget_type=\"image.default\">\n\t\t\t\t\t\t\t\t\t\t\t\t\t\t\t<img decoding=\"async\" width=\"683\" height=\"1024\" src=\"https:\/\/pruebas.cursopracticoseo.com\/wordpress_o\/wp-content\/uploads\/2026\/03\/DSC05733-683x1024.png\" class=\"attachment-large size-large wp-image-6493\" alt=\"\" srcset=\"https:\/\/pruebas.cursopracticoseo.com\/wordpress_o\/wp-content\/uploads\/2026\/03\/DSC05733-683x1024.png 683w, https:\/\/pruebas.cursopracticoseo.com\/wordpress_o\/wp-content\/uploads\/2026\/03\/DSC05733-200x300.png 200w, https:\/\/pruebas.cursopracticoseo.com\/wordpress_o\/wp-content\/uploads\/2026\/03\/DSC05733-768x1152.png 768w, https:\/\/pruebas.cursopracticoseo.com\/wordpress_o\/wp-content\/uploads\/2026\/03\/DSC05733-1024x1536.png 1024w, https:\/\/pruebas.cursopracticoseo.com\/wordpress_o\/wp-content\/uploads\/2026\/03\/DSC05733-1365x2048.png 1365w, https:\/\/pruebas.cursopracticoseo.com\/wordpress_o\/wp-content\/uploads\/2026\/03\/DSC05733-scaled.png 1707w\" sizes=\"(max-width: 683px) 100vw, 683px\" \/>\t\t\t\t\t\t\t\t\t\t\t\t\t\t\t<\/div>\n\t\t\t\t<\/div>\n\t\t<div data-particle_enable=\"false\" data-particle-mobile-disabled=\"false\" class=\"elementor-element elementor-element-21b187a e-con-full e-flex e-con e-child\" data-id=\"21b187a\" data-element_type=\"container\" data-e-type=\"container\">\n\t\t\t\t<div class=\"elementor-element elementor-element-81cce2f elementor-widget elementor-widget-heading\" data-id=\"81cce2f\" data-element_type=\"widget\" data-e-type=\"widget\" data-widget_type=\"heading.default\">\n\t\t\t\t\t<h2 class=\"elementor-heading-title elementor-size-default\">Cofrad\u00edas y Hermandades<\/h2>\t\t\t\t<\/div>\n\t\t\t\t<div class=\"elementor-element elementor-element-ee0b103 elementor-widget elementor-widget-heading\" data-id=\"ee0b103\" data-element_type=\"widget\" data-e-type=\"widget\" data-widget_type=\"heading.default\">\n\t\t\t\t\t<h2 class=\"elementor-heading-title elementor-size-default\">M\u00e1s informaci\u00f3n <\/h2>\t\t\t\t<\/div>\n\t\t\t\t<div class=\"elementor-element elementor-element-8f52fc6 elementor-widget elementor-widget-n-accordion\" data-id=\"8f52fc6\" data-element_type=\"widget\" data-e-type=\"widget\" data-settings=\"{&quot;default_state&quot;:&quot;all_collapsed&quot;,&quot;max_items_expended&quot;:&quot;one&quot;,&quot;n_accordion_animation_duration&quot;:{&quot;unit&quot;:&quot;ms&quot;,&quot;size&quot;:400,&quot;sizes&quot;:[]}}\" data-widget_type=\"nested-accordion.default\">\n\t\t\t\t\t\t\t<div class=\"e-n-accordion\" aria-label=\"Accordion. Open links with Enter or Space, close with Escape, and navigate with Arrow Keys\">\n\t\t\t\t\t\t<details id=\"e-n-accordion-item-1500\" class=\"e-n-accordion-item\" >\n\t\t\t\t<summary class=\"e-n-accordion-item-title\" data-accordion-index=\"1\" tabindex=\"0\" aria-expanded=\"false\" aria-controls=\"e-n-accordion-item-1500\" >\n\t\t\t\t\t<span class='e-n-accordion-item-title-header'><div class=\"e-n-accordion-item-title-text\"> H\u00e1bito <\/div><\/span>\n\t\t\t\t\t\t\t<span class='e-n-accordion-item-title-icon'>\n\t\t\t<span class='e-opened' ><svg aria-hidden=\"true\" class=\"e-font-icon-svg e-fas-minus\" viewBox=\"0 0 448 512\" xmlns=\"http:\/\/www.w3.org\/2000\/svg\"><path d=\"M416 208H32c-17.67 0-32 14.33-32 32v32c0 17.67 14.33 32 32 32h384c17.67 0 32-14.33 32-32v-32c0-17.67-14.33-32-32-32z\"><\/path><\/svg><\/span>\n\t\t\t<span class='e-closed'><svg aria-hidden=\"true\" class=\"e-font-icon-svg e-fas-plus\" viewBox=\"0 0 448 512\" xmlns=\"http:\/\/www.w3.org\/2000\/svg\"><path d=\"M416 208H272V64c0-17.67-14.33-32-32-32h-32c-17.67 0-32 14.33-32 32v144H32c-17.67 0-32 14.33-32 32v32c0 17.67 14.33 32 32 32h144v144c0 17.67 14.33 32 32 32h32c17.67 0 32-14.33 32-32V304h144c17.67 0 32-14.33 32-32v-32c0-17.67-14.33-32-32-32z\"><\/path><\/svg><\/span>\n\t\t<\/span>\n\n\t\t\t\t\t\t<\/summary>\n\t\t\t\t<div data-particle_enable=\"false\" data-particle-mobile-disabled=\"false\" role=\"region\" aria-labelledby=\"e-n-accordion-item-1500\" class=\"elementor-element elementor-element-6ecb79b e-con-full e-flex e-con e-child\" data-id=\"6ecb79b\" data-element_type=\"container\" data-e-type=\"container\">\n\t\t<div data-particle_enable=\"false\" data-particle-mobile-disabled=\"false\" role=\"region\" aria-labelledby=\"e-n-accordion-item-1500\" class=\"elementor-element elementor-element-e1c0d43 e-flex e-con-boxed e-con e-child\" data-id=\"e1c0d43\" data-element_type=\"container\" data-e-type=\"container\">\n\t\t\t\t\t<div class=\"e-con-inner\">\n\t\t\t\t<div class=\"elementor-element elementor-element-26a7697 elementor-widget elementor-widget-text-editor\" data-id=\"26a7697\" data-element_type=\"widget\" data-e-type=\"widget\" data-widget_type=\"text-editor.default\">\n\t\t\t\t\t\t\t\t\t<p>T\u00fanica de tabl\u00f3n de sarga negra, con cintas de raso del mismo color bordeando el cuello, las bocamangas y atravesando horizontalmente la parte superior del pecho y de la espalda y verticalmente el centro delantero; capillo de id\u00e9ntico tejido y color con cinta de raso negro en su borde inferior; c\u00edngulo tambi\u00e9n negro, con las ca\u00eddas hacia la izquierda y emblema en hilo morado y fondo negro sobre el coraz\u00f3n.<br \/><br \/>Completan el h\u00e1bito: camisa blanca y corbata, guantes, pantal\u00f3n, calcetines y calzado negros.<\/p>\t\t\t\t\t\t\t\t<\/div>\n\t\t\t\t\t<\/div>\n\t\t\t\t<\/div>\n\t\t\t\t<\/div>\n\t\t\t\t\t<\/details>\n\t\t\t\t\t\t<details id=\"e-n-accordion-item-1501\" class=\"e-n-accordion-item\" >\n\t\t\t\t<summary class=\"e-n-accordion-item-title\" data-accordion-index=\"2\" tabindex=\"-1\" aria-expanded=\"false\" aria-controls=\"e-n-accordion-item-1501\" >\n\t\t\t\t\t<span class='e-n-accordion-item-title-header'><div class=\"e-n-accordion-item-title-text\"> Emblema <\/div><\/span>\n\t\t\t\t\t\t\t<span class='e-n-accordion-item-title-icon'>\n\t\t\t<span class='e-opened' ><svg aria-hidden=\"true\" class=\"e-font-icon-svg e-fas-minus\" viewBox=\"0 0 448 512\" xmlns=\"http:\/\/www.w3.org\/2000\/svg\"><path d=\"M416 208H32c-17.67 0-32 14.33-32 32v32c0 17.67 14.33 32 32 32h384c17.67 0 32-14.33 32-32v-32c0-17.67-14.33-32-32-32z\"><\/path><\/svg><\/span>\n\t\t\t<span class='e-closed'><svg aria-hidden=\"true\" class=\"e-font-icon-svg e-fas-plus\" viewBox=\"0 0 448 512\" xmlns=\"http:\/\/www.w3.org\/2000\/svg\"><path d=\"M416 208H272V64c0-17.67-14.33-32-32-32h-32c-17.67 0-32 14.33-32 32v144H32c-17.67 0-32 14.33-32 32v32c0 17.67 14.33 32 32 32h144v144c0 17.67 14.33 32 32 32h32c17.67 0 32-14.33 32-32V304h144c17.67 0 32-14.33 32-32v-32c0-17.67-14.33-32-32-32z\"><\/path><\/svg><\/span>\n\t\t<\/span>\n\n\t\t\t\t\t\t<\/summary>\n\t\t\t\t<div data-particle_enable=\"false\" data-particle-mobile-disabled=\"false\" role=\"region\" aria-labelledby=\"e-n-accordion-item-1501\" class=\"elementor-element elementor-element-0fdad66 e-con-full e-flex e-con e-child\" data-id=\"0fdad66\" data-element_type=\"container\" data-e-type=\"container\">\n\t\t\t\t<div class=\"elementor-element elementor-element-c7a583c elementor-widget elementor-widget-text-editor\" data-id=\"c7a583c\" data-element_type=\"widget\" data-e-type=\"widget\" data-widget_type=\"text-editor.default\">\n\t\t\t\t\t\t\t\t\t<p>Corona de espinas doble y entrelazada con ocho huecos. En su interior, contiene las siglas JHS de cuya letra central parte una cruz latina. Bajo ellas aparecen tres clavos de cabeza puntiaguda apoy\u00e1ndose sobre la parte inferior de la corona. Todo ello en color morado.<\/p><p>El emblema de los miembros de la Junta de Seises, Abades Honorarios y ex Abades figura en color oro. La corona de espinas del distintivo de Abad tiene diez huecos en vez de ocho.<\/p>\t\t\t\t\t\t\t\t<\/div>\n\t\t\t\t<\/div>\n\t\t\t\t\t<\/details>\n\t\t\t\t\t\t<details id=\"e-n-accordion-item-1502\" class=\"e-n-accordion-item\" >\n\t\t\t\t<summary class=\"e-n-accordion-item-title\" data-accordion-index=\"3\" tabindex=\"-1\" aria-expanded=\"false\" aria-controls=\"e-n-accordion-item-1502\" >\n\t\t\t\t\t<span class='e-n-accordion-item-title-header'><div class=\"e-n-accordion-item-title-text\"> Actos en Semana Santa <\/div><\/span>\n\t\t\t\t\t\t\t<span class='e-n-accordion-item-title-icon'>\n\t\t\t<span class='e-opened' ><svg aria-hidden=\"true\" class=\"e-font-icon-svg e-fas-minus\" viewBox=\"0 0 448 512\" xmlns=\"http:\/\/www.w3.org\/2000\/svg\"><path d=\"M416 208H32c-17.67 0-32 14.33-32 32v32c0 17.67 14.33 32 32 32h384c17.67 0 32-14.33 32-32v-32c0-17.67-14.33-32-32-32z\"><\/path><\/svg><\/span>\n\t\t\t<span class='e-closed'><svg aria-hidden=\"true\" class=\"e-font-icon-svg e-fas-plus\" viewBox=\"0 0 448 512\" xmlns=\"http:\/\/www.w3.org\/2000\/svg\"><path d=\"M416 208H272V64c0-17.67-14.33-32-32-32h-32c-17.67 0-32 14.33-32 32v144H32c-17.67 0-32 14.33-32 32v32c0 17.67 14.33 32 32 32h144v144c0 17.67 14.33 32 32 32h32c17.67 0 32-14.33 32-32V304h144c17.67 0 32-14.33 32-32v-32c0-17.67-14.33-32-32-32z\"><\/path><\/svg><\/span>\n\t\t<\/span>\n\n\t\t\t\t\t\t<\/summary>\n\t\t\t\t<div data-particle_enable=\"false\" data-particle-mobile-disabled=\"false\" role=\"region\" aria-labelledby=\"e-n-accordion-item-1502\" class=\"elementor-element elementor-element-143370f e-con-full e-flex e-con e-child\" data-id=\"143370f\" data-element_type=\"container\" data-e-type=\"container\">\n\t\t\t\t<div class=\"elementor-element elementor-element-e30151e elementor-widget elementor-widget-text-editor\" data-id=\"e30151e\" data-element_type=\"widget\" data-e-type=\"widget\" data-widget_type=\"text-editor.default\">\n\t\t\t\t\t\t\t\t\t<ul><li>Domingo de Ramos: Procesi\u00f3n de las Palmas y Santa Misa.<\/li><li>Lunes Santo: Procesi\u00f3n de la Pasi\u00f3n organizada conjuntamente por las Cofrad\u00edas de Nuestra Se\u00f1ora de las Angustias y Soledad, Dulce Nombre de Jes\u00fas Nazareno y Real Cofrad\u00eda Sant\u00edsimo Sacramento de Minerva y la Santa Vera Cruz.<\/li><li>Viernes Santo: Ronda y Procesi\u00f3n de los Pasos. Declaradas de Inter\u00e9s Tur\u00edstico Nacional<em>\u00a0(Menci\u00f3n especial en la Declaraci\u00f3n de Inter\u00e9s Tur\u00edstico Internacional de la Semana Santa de Le\u00f3n).<\/em><\/li><\/ul>\t\t\t\t\t\t\t\t<\/div>\n\t\t\t\t<\/div>\n\t\t\t\t\t<\/details>\n\t\t\t\t\t\t<details id=\"e-n-accordion-item-1503\" class=\"e-n-accordion-item\" >\n\t\t\t\t<summary class=\"e-n-accordion-item-title\" data-accordion-index=\"4\" tabindex=\"-1\" aria-expanded=\"false\" aria-controls=\"e-n-accordion-item-1503\" >\n\t\t\t\t\t<span class='e-n-accordion-item-title-header'><div class=\"e-n-accordion-item-title-text\"> Procesiones <\/div><\/span>\n\t\t\t\t\t\t\t<span class='e-n-accordion-item-title-icon'>\n\t\t\t<span class='e-opened' ><svg aria-hidden=\"true\" class=\"e-font-icon-svg e-fas-minus\" viewBox=\"0 0 448 512\" xmlns=\"http:\/\/www.w3.org\/2000\/svg\"><path d=\"M416 208H32c-17.67 0-32 14.33-32 32v32c0 17.67 14.33 32 32 32h384c17.67 0 32-14.33 32-32v-32c0-17.67-14.33-32-32-32z\"><\/path><\/svg><\/span>\n\t\t\t<span class='e-closed'><svg aria-hidden=\"true\" class=\"e-font-icon-svg e-fas-plus\" viewBox=\"0 0 448 512\" xmlns=\"http:\/\/www.w3.org\/2000\/svg\"><path d=\"M416 208H272V64c0-17.67-14.33-32-32-32h-32c-17.67 0-32 14.33-32 32v144H32c-17.67 0-32 14.33-32 32v32c0 17.67 14.33 32 32 32h144v144c0 17.67 14.33 32 32 32h32c17.67 0 32-14.33 32-32V304h144c17.67 0 32-14.33 32-32v-32c0-17.67-14.33-32-32-32z\"><\/path><\/svg><\/span>\n\t\t<\/span>\n\n\t\t\t\t\t\t<\/summary>\n\t\t\t\t<div data-particle_enable=\"false\" data-particle-mobile-disabled=\"false\" role=\"region\" aria-labelledby=\"e-n-accordion-item-1503\" class=\"elementor-element elementor-element-e840806 e-con-full e-flex e-con e-child\" data-id=\"e840806\" data-element_type=\"container\" data-e-type=\"container\">\n\t\t<div data-particle_enable=\"false\" data-particle-mobile-disabled=\"false\" role=\"region\" aria-labelledby=\"e-n-accordion-item-1503\" class=\"elementor-element elementor-element-7bafd6d e-flex e-con-boxed e-con e-child\" data-id=\"7bafd6d\" data-element_type=\"container\" data-e-type=\"container\">\n\t\t\t\t\t<div class=\"e-con-inner\">\n\t\t\t\t<div class=\"elementor-element elementor-element-6b527af elementor-widget elementor-widget-heading\" data-id=\"6b527af\" data-element_type=\"widget\" data-e-type=\"widget\" data-widget_type=\"heading.default\">\n\t\t\t\t\t<h2 class=\"elementor-heading-title elementor-size-default\">Lunes Santo<\/h2>\t\t\t\t<\/div>\n\t\t\t\t<div class=\"elementor-element elementor-element-3b6e89f elementor-widget elementor-widget-button\" data-id=\"3b6e89f\" data-element_type=\"widget\" data-e-type=\"widget\" data-widget_type=\"button.default\">\n\t\t\t\t\t\t\t\t\t\t<a class=\"elementor-button elementor-button-link elementor-size-sm\" href=\"#elementor-action%3Aaction%3Dpopup%3Aopen%26settings%3DeyJpZCI6IjM4NjEiLCJ0b2dnbGUiOmZhbHNlfQ%3D%3D\">\n\t\t\t\t\t\t<span class=\"elementor-button-content-wrapper\">\n\t\t\t\t\t\t\t\t\t<span class=\"elementor-button-text\">PROCESI\u00d3N DE LA PASI\u00d3N<\/span>\n\t\t\t\t\t<\/span>\n\t\t\t\t\t<\/a>\n\t\t\t\t\t\t\t\t<\/div>\n\t\t\t\t\t<\/div>\n\t\t\t\t<\/div>\n\t\t<div data-particle_enable=\"false\" data-particle-mobile-disabled=\"false\" role=\"region\" aria-labelledby=\"e-n-accordion-item-1503\" class=\"elementor-element elementor-element-f2232b9 e-flex e-con-boxed e-con e-child\" data-id=\"f2232b9\" data-element_type=\"container\" data-e-type=\"container\">\n\t\t\t\t\t<div class=\"e-con-inner\">\n\t\t\t\t<div class=\"elementor-element elementor-element-6618a19 elementor-widget elementor-widget-heading\" data-id=\"6618a19\" data-element_type=\"widget\" data-e-type=\"widget\" data-widget_type=\"heading.default\">\n\t\t\t\t\t<h2 class=\"elementor-heading-title elementor-size-default\">Jueves Santo<\/h2>\t\t\t\t<\/div>\n\t\t\t\t<div class=\"elementor-element elementor-element-cf1f12b elementor-widget elementor-widget-button\" data-id=\"cf1f12b\" data-element_type=\"widget\" data-e-type=\"widget\" data-widget_type=\"button.default\">\n\t\t\t\t\t\t\t\t\t\t<a class=\"elementor-button elementor-button-link elementor-size-sm\" href=\"#elementor-action%3Aaction%3Dpopup%3Aopen%26settings%3DeyJpZCI6IjQwNTEiLCJ0b2dnbGUiOmZhbHNlfQ%3D%3D\">\n\t\t\t\t\t\t<span class=\"elementor-button-content-wrapper\">\n\t\t\t\t\t\t\t\t\t<span class=\"elementor-button-text\">TRADICIONAL RONDA DE LA COFRAD\u00cdA DULCE NOMBRE DE JES\u00daS NAZARENO<\/span>\n\t\t\t\t\t<\/span>\n\t\t\t\t\t<\/a>\n\t\t\t\t\t\t\t\t<\/div>\n\t\t\t\t\t<\/div>\n\t\t\t\t<\/div>\n\t\t<div data-particle_enable=\"false\" data-particle-mobile-disabled=\"false\" role=\"region\" aria-labelledby=\"e-n-accordion-item-1503\" class=\"elementor-element elementor-element-fa3572b e-flex e-con-boxed e-con e-child\" data-id=\"fa3572b\" data-element_type=\"container\" data-e-type=\"container\">\n\t\t\t\t\t<div class=\"e-con-inner\">\n\t\t\t\t<div class=\"elementor-element elementor-element-fe5b208 elementor-widget elementor-widget-heading\" data-id=\"fe5b208\" data-element_type=\"widget\" data-e-type=\"widget\" data-widget_type=\"heading.default\">\n\t\t\t\t\t<h2 class=\"elementor-heading-title elementor-size-default\">Viernes Santo<\/h2>\t\t\t\t<\/div>\n\t\t\t\t<div class=\"elementor-element elementor-element-7743e51 elementor-widget elementor-widget-button\" data-id=\"7743e51\" data-element_type=\"widget\" data-e-type=\"widget\" data-widget_type=\"button.default\">\n\t\t\t\t\t\t\t\t\t\t<a class=\"elementor-button elementor-button-link elementor-size-sm\" href=\"#elementor-action%3Aaction%3Dpopup%3Aopen%26settings%3DeyJpZCI6IjQwNTEiLCJ0b2dnbGUiOmZhbHNlfQ%3D%3D\">\n\t\t\t\t\t\t<span class=\"elementor-button-content-wrapper\">\n\t\t\t\t\t\t\t\t\t<span class=\"elementor-button-text\">PROCESI\u00d3N DE LOS PASOS<\/span>\n\t\t\t\t\t<\/span>\n\t\t\t\t\t<\/a>\n\t\t\t\t\t\t\t\t<\/div>\n\t\t\t\t\t<\/div>\n\t\t\t\t<\/div>\n\t\t\t\t<\/div>\n\t\t\t\t\t<\/details>\n\t\t\t\t\t\t<details id=\"e-n-accordion-item-1504\" class=\"e-n-accordion-item\" >\n\t\t\t\t<summary class=\"e-n-accordion-item-title\" data-accordion-index=\"5\" tabindex=\"-1\" aria-expanded=\"false\" aria-controls=\"e-n-accordion-item-1504\" >\n\t\t\t\t\t<span class='e-n-accordion-item-title-header'><div class=\"e-n-accordion-item-title-text\"> Pasos <\/div><\/span>\n\t\t\t\t\t\t\t<span class='e-n-accordion-item-title-icon'>\n\t\t\t<span class='e-opened' ><svg aria-hidden=\"true\" class=\"e-font-icon-svg e-fas-minus\" viewBox=\"0 0 448 512\" xmlns=\"http:\/\/www.w3.org\/2000\/svg\"><path d=\"M416 208H32c-17.67 0-32 14.33-32 32v32c0 17.67 14.33 32 32 32h384c17.67 0 32-14.33 32-32v-32c0-17.67-14.33-32-32-32z\"><\/path><\/svg><\/span>\n\t\t\t<span class='e-closed'><svg aria-hidden=\"true\" class=\"e-font-icon-svg e-fas-plus\" viewBox=\"0 0 448 512\" xmlns=\"http:\/\/www.w3.org\/2000\/svg\"><path d=\"M416 208H272V64c0-17.67-14.33-32-32-32h-32c-17.67 0-32 14.33-32 32v144H32c-17.67 0-32 14.33-32 32v32c0 17.67 14.33 32 32 32h144v144c0 17.67 14.33 32 32 32h32c17.67 0 32-14.33 32-32V304h144c17.67 0 32-14.33 32-32v-32c0-17.67-14.33-32-32-32z\"><\/path><\/svg><\/span>\n\t\t<\/span>\n\n\t\t\t\t\t\t<\/summary>\n\t\t\t\t<div data-particle_enable=\"false\" data-particle-mobile-disabled=\"false\" role=\"region\" aria-labelledby=\"e-n-accordion-item-1504\" class=\"elementor-element elementor-element-a5dd0cc e-con-full e-flex e-con e-child\" data-id=\"a5dd0cc\" data-element_type=\"container\" data-e-type=\"container\">\n\t\t\t\t<div class=\"elementor-element elementor-element-7c9f20e elementor-widget elementor-widget-text-editor\" data-id=\"7c9f20e\" data-element_type=\"widget\" data-e-type=\"widget\" data-widget_type=\"text-editor.default\">\n\t\t\t\t\t\t\t\t\t<p><strong>Pasos:<\/strong><\/p><ul><li><strong>Oraci\u00f3n en el Huerto.<\/strong> V\u00edctor de los R\u00edos Campos (1952).\u00a0Trono V\u00edctor de los R\u00edos Campos. Braceros: 84.<\/li><li><strong>El Prendimiento.<\/strong> \u00c1ngel Estrada Escanciano (1964).\u00a0Trono Melchor Guti\u00e9rrez San Mart\u00edn (1985, modificado 2001). Braceros: 96.<\/li><li><strong>La Flagelaci\u00f3n.<\/strong> Cristo atribuido a Gaspar de Becerra (siglo XVI), sayones\u00a0adquiridos a un taller de Barcelona en 1944. Trono: Hermanos Caballero Gonz\u00e1lez\u00a0(2011). Braceros: 90.<\/li><li><strong>La Coronaci\u00f3n.<\/strong> Higinio V\u00e1zquez Garc\u00eda (1977).\u00a0Trono Manuel Guzm\u00e1n Fern\u00e1ndez (2008). Braceros:\u00a096.<\/li><li><strong>Ecce Homo.<\/strong> Escuela Catalana (1905). Trono Melchor Guti\u00e9rrez\u00a0San Mart\u00edn (1998). Braceros: 94.<\/li><li><strong>Nuestro Padre Jes\u00fas Nazareno.<\/strong> Nazareno \u2013 Escuela Castellana siglo XVII) (Cirineo \u2013V\u00edctor de los R\u00edos 1946) Trono Manuel Guerra (1948), dorado por Manuel Calvo\u00a0Camacho (1976), candelabros Manuel Guzm\u00e1n Bejarano (1972) Trono adquirido por\u00a0la Cofrad\u00eda en el a\u00f1o 2000. Braceros: 94.<\/li><li><strong>La Ver\u00f3nica.<\/strong> Francisco de\u00a0Pablo Panach (1926). Trono Melchor Guti\u00e9rrez San\u00a0Mart\u00edn (1992). Braceros: 80.<\/li><li><strong>El Expolio.<\/strong> Francisco D\u00edez de Tudanca (1674). Trono Melchor\u00a0Guti\u00e9rrez San Mart\u00edn (1985). Braceros: 84.<\/li><li><strong>La Exaltaci\u00f3n de la Cruz.<\/strong> Jos\u00e9 Antonio Navarro Arteaga (2000). Trono Juan Carlos Campo Salas (2000) Escenas de bronce Jos\u00e9\u00a0Antonio Navarro Arteaga (2002). Braceros: 102.<\/li><li><strong>La Crucifixi\u00f3n.<\/strong> Cristo. An\u00f3nimo (1908). Cristo. An\u00f3nimo (1908). San Juan, Virgen Mar\u00eda y Mar\u00eda\u00a0Magdalena. Faustino Sanz Herranz (1992). Trono\u00a0Melchor Guti\u00e9rrez San Mart\u00edn (1996). Braceros: 92.<\/li><li><strong>Santo Cristo de la Agon\u00eda.<\/strong> Laureano Villanueva Guti\u00e9rrez (1973). Trono Melchor\u00a0Guti\u00e9rrez San Mart\u00edn (1985). Braceros: 84.<\/li><li><strong>San Juan.<\/strong> V\u00edctor de los R\u00edos Campos (1946).\u00a0Trono Melchor Guti\u00e9rrez San Mart\u00edn (1992).\u00a0Braceros: 92.<\/li><li><strong>La Dolorosa.<\/strong> V\u00edctor de los R\u00edos Campos\u00a0(1949). Palio Melchor Guti\u00e9rrez San Mart\u00edn (1979).\u00a0Trono Melchor Guti\u00e9rrez San Mart\u00edn (1996). Braceros: 88.<\/li><\/ul>\t\t\t\t\t\t\t\t<\/div>\n\t\t\t\t<\/div>\n\t\t\t\t\t<\/details>\n\t\t\t\t\t\t<details id=\"e-n-accordion-item-1505\" class=\"e-n-accordion-item\" >\n\t\t\t\t<summary class=\"e-n-accordion-item-title\" data-accordion-index=\"6\" tabindex=\"-1\" aria-expanded=\"false\" aria-controls=\"e-n-accordion-item-1505\" >\n\t\t\t\t\t<span class='e-n-accordion-item-title-header'><div class=\"e-n-accordion-item-title-text\"> Secci\u00f3n musical <\/div><\/span>\n\t\t\t\t\t\t\t<span class='e-n-accordion-item-title-icon'>\n\t\t\t<span class='e-opened' ><svg aria-hidden=\"true\" class=\"e-font-icon-svg e-fas-minus\" viewBox=\"0 0 448 512\" xmlns=\"http:\/\/www.w3.org\/2000\/svg\"><path d=\"M416 208H32c-17.67 0-32 14.33-32 32v32c0 17.67 14.33 32 32 32h384c17.67 0 32-14.33 32-32v-32c0-17.67-14.33-32-32-32z\"><\/path><\/svg><\/span>\n\t\t\t<span class='e-closed'><svg aria-hidden=\"true\" class=\"e-font-icon-svg e-fas-plus\" viewBox=\"0 0 448 512\" xmlns=\"http:\/\/www.w3.org\/2000\/svg\"><path d=\"M416 208H272V64c0-17.67-14.33-32-32-32h-32c-17.67 0-32 14.33-32 32v144H32c-17.67 0-32 14.33-32 32v32c0 17.67 14.33 32 32 32h144v144c0 17.67 14.33 32 32 32h32c17.67 0 32-14.33 32-32V304h144c17.67 0 32-14.33 32-32v-32c0-17.67-14.33-32-32-32z\"><\/path><\/svg><\/span>\n\t\t<\/span>\n\n\t\t\t\t\t\t<\/summary>\n\t\t\t\t<div data-particle_enable=\"false\" data-particle-mobile-disabled=\"false\" role=\"region\" aria-labelledby=\"e-n-accordion-item-1505\" class=\"elementor-element elementor-element-f448cc5 e-con-full e-flex e-con e-child\" data-id=\"f448cc5\" data-element_type=\"container\" data-e-type=\"container\">\n\t\t\t\t<div class=\"elementor-element elementor-element-b3928e8 elementor-widget elementor-widget-text-editor\" data-id=\"b3928e8\" data-element_type=\"widget\" data-e-type=\"widget\" data-widget_type=\"text-editor.default\">\n\t\t\t\t\t\t\t\t\t<ul><li>Banda de M\u00fasica Cofrad\u00eda del Dulce Nombre de Jes\u00fas Nazareno<\/li><li>Agrupaci\u00f3n Musical Cofrad\u00eda del Dulce Nombre de Jes\u00fas Nazareno<\/li><li>Banda de Cornetas y Tambores Cofrad\u00eda del Dulce Nombre de Jes\u00fas Nazareno<\/li><\/ul>\t\t\t\t\t\t\t\t<\/div>\n\t\t\t\t<\/div>\n\t\t\t\t\t<\/details>\n\t\t\t\t\t<\/div>\n\t\t\t\t\t\t<\/div>\n\t\t\t\t<\/div>\n\t\t\t\t\t<\/div>\n\t\t\t\t<\/div>\n\t\t<div data-particle_enable=\"false\" data-particle-mobile-disabled=\"false\" class=\"elementor-element elementor-element-7a0faaeb e-flex e-con-boxed e-con e-parent\" data-id=\"7a0faaeb\" data-element_type=\"container\" data-e-type=\"container\" data-settings=\"{&quot;background_background&quot;:&quot;classic&quot;}\">\n\t\t\t\t\t<div class=\"e-con-inner\">\n\t\t\t\t<div class=\"elementor-element elementor-element-5b6d92e1 elementor-widget elementor-widget-heading\" data-id=\"5b6d92e1\" data-element_type=\"widget\" data-e-type=\"widget\" data-widget_type=\"heading.default\">\n\t\t\t\t\t<h2 class=\"elementor-heading-title elementor-size-default\">Cofrad\u00edas y Hermandades\n<\/h2>\t\t\t\t<\/div>\n\t\t\t\t<div class=\"elementor-element elementor-element-490b02e5 elementor-widget elementor-widget-heading\" data-id=\"490b02e5\" data-element_type=\"widget\" data-e-type=\"widget\" data-widget_type=\"heading.default\">\n\t\t\t\t\t<h2 class=\"elementor-heading-title elementor-size-default\">Pasos de la Cofrad\u00eda<\/h2>\t\t\t\t<\/div>\n\t\t\t\t\t<\/div>\n\t\t\t\t<\/div>\n\t\t<div data-particle_enable=\"false\" data-particle-mobile-disabled=\"false\" class=\"elementor-element elementor-element-651936ed e-flex e-con-boxed e-con e-parent\" data-id=\"651936ed\" data-element_type=\"container\" data-e-type=\"container\">\n\t\t\t\t\t<div class=\"e-con-inner\">\n\t\t<div data-particle_enable=\"false\" data-particle-mobile-disabled=\"false\" class=\"elementor-element elementor-element-660bb864 e-con-full e-flex e-con e-child\" data-id=\"660bb864\" data-element_type=\"container\" data-e-type=\"container\" data-settings=\"{&quot;background_background&quot;:&quot;classic&quot;}\">\n\t\t\t\t<div class=\"elementor-element elementor-element-41bd8e2a elementor-widget elementor-widget-image\" data-id=\"41bd8e2a\" data-element_type=\"widget\" data-e-type=\"widget\" data-widget_type=\"image.default\">\n\t\t\t\t\t\t\t\t\t\t\t\t\t\t\t<img decoding=\"async\" width=\"800\" height=\"450\" src=\"https:\/\/pruebas.cursopracticoseo.com\/wordpress_o\/wp-content\/uploads\/2026\/03\/oracion-1024x576.jpg\" class=\"attachment-large size-large wp-image-6348\" alt=\"oraci\u00f3n jhs\" srcset=\"https:\/\/pruebas.cursopracticoseo.com\/wordpress_o\/wp-content\/uploads\/2026\/03\/oracion-1024x576.jpg 1024w, https:\/\/pruebas.cursopracticoseo.com\/wordpress_o\/wp-content\/uploads\/2026\/03\/oracion-300x169.jpg 300w, https:\/\/pruebas.cursopracticoseo.com\/wordpress_o\/wp-content\/uploads\/2026\/03\/oracion-768x432.jpg 768w, https:\/\/pruebas.cursopracticoseo.com\/wordpress_o\/wp-content\/uploads\/2026\/03\/oracion.jpg 1280w\" sizes=\"(max-width: 800px) 100vw, 800px\" \/>\t\t\t\t\t\t\t\t\t\t\t\t\t\t\t<\/div>\n\t\t\t\t<div class=\"elementor-element elementor-element-563f9cd3 elementor-widget elementor-widget-heading\" data-id=\"563f9cd3\" data-element_type=\"widget\" data-e-type=\"widget\" data-widget_type=\"heading.default\">\n\t\t\t\t\t<h2 class=\"elementor-heading-title elementor-size-default\">Oraci\u00f3n en el Huerto<\/h2>\t\t\t\t<\/div>\n\t\t\t\t<div class=\"elementor-element elementor-element-101c7c9c elementor-widget elementor-widget-text-editor\" data-id=\"101c7c9c\" data-element_type=\"widget\" data-e-type=\"widget\" data-widget_type=\"text-editor.default\">\n\t\t\t\t\t\t\t\t\t<p>V\u00edctor de los R\u00edos Campos (1952). Trono V\u00edctor de los R\u00edos Campos.<\/p>\t\t\t\t\t\t\t\t<\/div>\n\t\t\t\t<\/div>\n\t\t<div data-particle_enable=\"false\" data-particle-mobile-disabled=\"false\" class=\"elementor-element elementor-element-d9b816e e-con-full e-flex e-con e-child\" data-id=\"d9b816e\" data-element_type=\"container\" data-e-type=\"container\" data-settings=\"{&quot;background_background&quot;:&quot;classic&quot;}\">\n\t\t\t\t<div class=\"elementor-element elementor-element-6d062e02 elementor-widget elementor-widget-image\" data-id=\"6d062e02\" data-element_type=\"widget\" data-e-type=\"widget\" data-widget_type=\"image.default\">\n\t\t\t\t\t\t\t\t\t\t\t\t\t\t\t<img loading=\"lazy\" decoding=\"async\" width=\"450\" height=\"558\" src=\"https:\/\/pruebas.cursopracticoseo.com\/wordpress_o\/wp-content\/uploads\/2026\/01\/juntamayorcolor-1.png\" class=\"attachment-large size-large wp-image-330\" alt=\"\" srcset=\"https:\/\/pruebas.cursopracticoseo.com\/wordpress_o\/wp-content\/uploads\/2026\/01\/juntamayorcolor-1.png 450w, https:\/\/pruebas.cursopracticoseo.com\/wordpress_o\/wp-content\/uploads\/2026\/01\/juntamayorcolor-1-242x300.png 242w\" sizes=\"(max-width: 450px) 100vw, 450px\" \/>\t\t\t\t\t\t\t\t\t\t\t\t\t\t\t<\/div>\n\t\t\t\t<div class=\"elementor-element elementor-element-a290272 elementor-widget elementor-widget-heading\" data-id=\"a290272\" data-element_type=\"widget\" data-e-type=\"widget\" data-widget_type=\"heading.default\">\n\t\t\t\t\t<h2 class=\"elementor-heading-title elementor-size-default\">El Prendimiento<\/h2>\t\t\t\t<\/div>\n\t\t\t\t<div class=\"elementor-element elementor-element-3ca83b54 elementor-widget elementor-widget-text-editor\" data-id=\"3ca83b54\" data-element_type=\"widget\" data-e-type=\"widget\" data-widget_type=\"text-editor.default\">\n\t\t\t\t\t\t\t\t\t<p>\u00c1ngel Estrada Escanciano (1964). Trono Melchor Guti\u00e9rrez San Mart\u00edn (1985, modificado 2001).<\/p>\t\t\t\t\t\t\t\t<\/div>\n\t\t\t\t<\/div>\n\t\t<div data-particle_enable=\"false\" data-particle-mobile-disabled=\"false\" class=\"elementor-element elementor-element-c2e7e31 e-con-full e-flex e-con e-child\" data-id=\"c2e7e31\" data-element_type=\"container\" data-e-type=\"container\" data-settings=\"{&quot;background_background&quot;:&quot;classic&quot;}\">\n\t\t\t\t<div class=\"elementor-element elementor-element-18637780 elementor-widget elementor-widget-image\" data-id=\"18637780\" data-element_type=\"widget\" data-e-type=\"widget\" data-widget_type=\"image.default\">\n\t\t\t\t\t\t\t\t\t\t\t\t\t\t\t<img loading=\"lazy\" decoding=\"async\" width=\"800\" height=\"450\" src=\"https:\/\/pruebas.cursopracticoseo.com\/wordpress_o\/wp-content\/uploads\/2026\/03\/WhatsApp-Image-2026-03-05-at-09.08.34-2-1024x576.jpeg\" class=\"attachment-large size-large wp-image-5827\" alt=\"La flagelaci\u00f3n\" srcset=\"https:\/\/pruebas.cursopracticoseo.com\/wordpress_o\/wp-content\/uploads\/2026\/03\/WhatsApp-Image-2026-03-05-at-09.08.34-2-1024x576.jpeg 1024w, https:\/\/pruebas.cursopracticoseo.com\/wordpress_o\/wp-content\/uploads\/2026\/03\/WhatsApp-Image-2026-03-05-at-09.08.34-2-300x169.jpeg 300w, https:\/\/pruebas.cursopracticoseo.com\/wordpress_o\/wp-content\/uploads\/2026\/03\/WhatsApp-Image-2026-03-05-at-09.08.34-2-768x432.jpeg 768w, https:\/\/pruebas.cursopracticoseo.com\/wordpress_o\/wp-content\/uploads\/2026\/03\/WhatsApp-Image-2026-03-05-at-09.08.34-2-1536x864.jpeg 1536w, https:\/\/pruebas.cursopracticoseo.com\/wordpress_o\/wp-content\/uploads\/2026\/03\/WhatsApp-Image-2026-03-05-at-09.08.34-2.jpeg 1599w\" sizes=\"(max-width: 800px) 100vw, 800px\" \/>\t\t\t\t\t\t\t\t\t\t\t\t\t\t\t<\/div>\n\t\t\t\t<div class=\"elementor-element elementor-element-35e20c7d elementor-widget elementor-widget-heading\" data-id=\"35e20c7d\" data-element_type=\"widget\" data-e-type=\"widget\" data-widget_type=\"heading.default\">\n\t\t\t\t\t<h2 class=\"elementor-heading-title elementor-size-default\">La Flagelaci\u00f3n<\/h2>\t\t\t\t<\/div>\n\t\t\t\t<div class=\"elementor-element elementor-element-3bf1d93f elementor-widget elementor-widget-text-editor\" data-id=\"3bf1d93f\" data-element_type=\"widget\" data-e-type=\"widget\" data-widget_type=\"text-editor.default\">\n\t\t\t\t\t\t\t\t\t<p>Cristo atribuido a Gaspar de Becerra (siglo XVI), sayones adquiridos a un taller de Barcelona en 1944. Trono: Hermanos Caballero Gonz\u00e1lez (2011)<\/p>\t\t\t\t\t\t\t\t<\/div>\n\t\t\t\t<\/div>\n\t\t\t\t\t<\/div>\n\t\t\t\t<\/div>\n\t\t<div data-particle_enable=\"false\" data-particle-mobile-disabled=\"false\" class=\"elementor-element elementor-element-76cd99d e-flex e-con-boxed e-con e-parent\" data-id=\"76cd99d\" data-element_type=\"container\" data-e-type=\"container\">\n\t\t\t\t\t<div class=\"e-con-inner\">\n\t\t<div data-particle_enable=\"false\" data-particle-mobile-disabled=\"false\" class=\"elementor-element elementor-element-ce2a527 e-con-full e-flex e-con e-child\" data-id=\"ce2a527\" data-element_type=\"container\" data-e-type=\"container\" data-settings=\"{&quot;background_background&quot;:&quot;classic&quot;}\">\n\t\t\t\t<div class=\"elementor-element elementor-element-9d4e808 elementor-widget elementor-widget-image\" data-id=\"9d4e808\" data-element_type=\"widget\" data-e-type=\"widget\" data-widget_type=\"image.default\">\n\t\t\t\t\t\t\t\t\t\t\t\t\t\t\t<img loading=\"lazy\" decoding=\"async\" width=\"450\" height=\"558\" src=\"https:\/\/pruebas.cursopracticoseo.com\/wordpress_o\/wp-content\/uploads\/2026\/01\/juntamayorcolor-1.png\" class=\"attachment-large size-large wp-image-330\" alt=\"\" srcset=\"https:\/\/pruebas.cursopracticoseo.com\/wordpress_o\/wp-content\/uploads\/2026\/01\/juntamayorcolor-1.png 450w, https:\/\/pruebas.cursopracticoseo.com\/wordpress_o\/wp-content\/uploads\/2026\/01\/juntamayorcolor-1-242x300.png 242w\" sizes=\"(max-width: 450px) 100vw, 450px\" \/>\t\t\t\t\t\t\t\t\t\t\t\t\t\t\t<\/div>\n\t\t\t\t<div class=\"elementor-element elementor-element-bb14519 elementor-widget elementor-widget-heading\" data-id=\"bb14519\" data-element_type=\"widget\" data-e-type=\"widget\" data-widget_type=\"heading.default\">\n\t\t\t\t\t<h2 class=\"elementor-heading-title elementor-size-default\">La Coronaci\u00f3n<\/h2>\t\t\t\t<\/div>\n\t\t\t\t<div class=\"elementor-element elementor-element-41c8c4c elementor-widget elementor-widget-text-editor\" data-id=\"41c8c4c\" data-element_type=\"widget\" data-e-type=\"widget\" data-widget_type=\"text-editor.default\">\n\t\t\t\t\t\t\t\t\t<p>Higinio V\u00e1zquez Garc\u00eda (1977). Trono Manuel Guzm\u00e1n Fern\u00e1ndez (2008).\u00a0<\/p>\t\t\t\t\t\t\t\t<\/div>\n\t\t\t\t<\/div>\n\t\t<div data-particle_enable=\"false\" data-particle-mobile-disabled=\"false\" class=\"elementor-element elementor-element-8fab14f e-con-full e-flex e-con e-child\" data-id=\"8fab14f\" data-element_type=\"container\" data-e-type=\"container\" data-settings=\"{&quot;background_background&quot;:&quot;classic&quot;}\">\n\t\t\t\t<div class=\"elementor-element elementor-element-4ffdabf elementor-widget elementor-widget-image\" data-id=\"4ffdabf\" data-element_type=\"widget\" data-e-type=\"widget\" data-widget_type=\"image.default\">\n\t\t\t\t\t\t\t\t\t\t\t\t\t\t\t<img loading=\"lazy\" decoding=\"async\" width=\"450\" height=\"558\" src=\"https:\/\/pruebas.cursopracticoseo.com\/wordpress_o\/wp-content\/uploads\/2026\/01\/juntamayorcolor-1.png\" class=\"attachment-large size-large wp-image-330\" alt=\"\" srcset=\"https:\/\/pruebas.cursopracticoseo.com\/wordpress_o\/wp-content\/uploads\/2026\/01\/juntamayorcolor-1.png 450w, https:\/\/pruebas.cursopracticoseo.com\/wordpress_o\/wp-content\/uploads\/2026\/01\/juntamayorcolor-1-242x300.png 242w\" sizes=\"(max-width: 450px) 100vw, 450px\" \/>\t\t\t\t\t\t\t\t\t\t\t\t\t\t\t<\/div>\n\t\t\t\t<div class=\"elementor-element elementor-element-b7bfa9d elementor-widget elementor-widget-heading\" data-id=\"b7bfa9d\" data-element_type=\"widget\" data-e-type=\"widget\" data-widget_type=\"heading.default\">\n\t\t\t\t\t<h2 class=\"elementor-heading-title elementor-size-default\">Ecce Homo<\/h2>\t\t\t\t<\/div>\n\t\t\t\t<div class=\"elementor-element elementor-element-28d1937 elementor-widget elementor-widget-text-editor\" data-id=\"28d1937\" data-element_type=\"widget\" data-e-type=\"widget\" data-widget_type=\"text-editor.default\">\n\t\t\t\t\t\t\t\t\t<p>Escuela Catalana (1905). Trono Melchor Guti\u00e9rrez San Mart\u00edn (1998).<\/p>\t\t\t\t\t\t\t\t<\/div>\n\t\t\t\t<\/div>\n\t\t<div data-particle_enable=\"false\" data-particle-mobile-disabled=\"false\" class=\"elementor-element elementor-element-8d239b6 e-con-full e-flex e-con e-child\" data-id=\"8d239b6\" data-element_type=\"container\" data-e-type=\"container\" data-settings=\"{&quot;background_background&quot;:&quot;classic&quot;}\">\n\t\t\t\t<div class=\"elementor-element elementor-element-7d90fff elementor-widget elementor-widget-image\" data-id=\"7d90fff\" data-element_type=\"widget\" data-e-type=\"widget\" data-widget_type=\"image.default\">\n\t\t\t\t\t\t\t\t\t\t\t\t\t\t\t<img loading=\"lazy\" decoding=\"async\" width=\"450\" height=\"558\" src=\"https:\/\/pruebas.cursopracticoseo.com\/wordpress_o\/wp-content\/uploads\/2026\/01\/juntamayorcolor-1.png\" class=\"attachment-large size-large wp-image-330\" alt=\"\" srcset=\"https:\/\/pruebas.cursopracticoseo.com\/wordpress_o\/wp-content\/uploads\/2026\/01\/juntamayorcolor-1.png 450w, https:\/\/pruebas.cursopracticoseo.com\/wordpress_o\/wp-content\/uploads\/2026\/01\/juntamayorcolor-1-242x300.png 242w\" sizes=\"(max-width: 450px) 100vw, 450px\" \/>\t\t\t\t\t\t\t\t\t\t\t\t\t\t\t<\/div>\n\t\t\t\t<div class=\"elementor-element elementor-element-fa9a3a1 elementor-widget elementor-widget-heading\" data-id=\"fa9a3a1\" data-element_type=\"widget\" data-e-type=\"widget\" data-widget_type=\"heading.default\">\n\t\t\t\t\t<h2 class=\"elementor-heading-title elementor-size-default\">Nuestro Padre Jes\u00fas Nazareno<\/h2>\t\t\t\t<\/div>\n\t\t\t\t<div class=\"elementor-element elementor-element-9841c5a elementor-widget elementor-widget-text-editor\" data-id=\"9841c5a\" data-element_type=\"widget\" data-e-type=\"widget\" data-widget_type=\"text-editor.default\">\n\t\t\t\t\t\t\t\t\t<p>Nazareno \u2013 Escuela Castellana siglo XVII) (Cirineo \u2013V\u00edctor de los R\u00edos 1946) Trono Manuel Guerra (1948), dorado por Manuel Calvo Camacho (1976), candelabros Manuel Guzm\u00e1n Bejarano (1972) Trono adquirido por la Cofrad\u00eda en el a\u00f1o 2000.<\/p>\t\t\t\t\t\t\t\t<\/div>\n\t\t\t\t<\/div>\n\t\t\t\t\t<\/div>\n\t\t\t\t<\/div>\n\t\t<div data-particle_enable=\"false\" data-particle-mobile-disabled=\"false\" class=\"elementor-element elementor-element-9359848 e-flex e-con-boxed e-con e-parent\" data-id=\"9359848\" data-element_type=\"container\" data-e-type=\"container\">\n\t\t\t\t\t<div class=\"e-con-inner\">\n\t\t<div data-particle_enable=\"false\" data-particle-mobile-disabled=\"false\" class=\"elementor-element elementor-element-89626c5 e-con-full e-flex e-con e-child\" data-id=\"89626c5\" data-element_type=\"container\" data-e-type=\"container\" data-settings=\"{&quot;background_background&quot;:&quot;classic&quot;}\">\n\t\t\t\t<div class=\"elementor-element elementor-element-83bc4b1 elementor-widget elementor-widget-image\" data-id=\"83bc4b1\" data-element_type=\"widget\" data-e-type=\"widget\" data-widget_type=\"image.default\">\n\t\t\t\t\t\t\t\t\t\t\t\t\t\t\t<img loading=\"lazy\" decoding=\"async\" width=\"800\" height=\"450\" src=\"https:\/\/pruebas.cursopracticoseo.com\/wordpress_o\/wp-content\/uploads\/2026\/03\/veronica-1024x576.jpg\" class=\"attachment-large size-large wp-image-6349\" alt=\"ver\u00f3nica jhs\" srcset=\"https:\/\/pruebas.cursopracticoseo.com\/wordpress_o\/wp-content\/uploads\/2026\/03\/veronica-1024x576.jpg 1024w, https:\/\/pruebas.cursopracticoseo.com\/wordpress_o\/wp-content\/uploads\/2026\/03\/veronica-300x169.jpg 300w, https:\/\/pruebas.cursopracticoseo.com\/wordpress_o\/wp-content\/uploads\/2026\/03\/veronica-768x432.jpg 768w, https:\/\/pruebas.cursopracticoseo.com\/wordpress_o\/wp-content\/uploads\/2026\/03\/veronica.jpg 1280w\" sizes=\"(max-width: 800px) 100vw, 800px\" \/>\t\t\t\t\t\t\t\t\t\t\t\t\t\t\t<\/div>\n\t\t\t\t<div class=\"elementor-element elementor-element-66bcacd elementor-widget elementor-widget-heading\" data-id=\"66bcacd\" data-element_type=\"widget\" data-e-type=\"widget\" data-widget_type=\"heading.default\">\n\t\t\t\t\t<h2 class=\"elementor-heading-title elementor-size-default\">La Ver\u00f3nica<\/h2>\t\t\t\t<\/div>\n\t\t\t\t<div class=\"elementor-element elementor-element-96ea146 elementor-widget elementor-widget-text-editor\" data-id=\"96ea146\" data-element_type=\"widget\" data-e-type=\"widget\" data-widget_type=\"text-editor.default\">\n\t\t\t\t\t\t\t\t\t<p>Francisco de Pablo Panach (1926). Trono Melchor Guti\u00e9rrez San Mart\u00edn (1992).<\/p>\t\t\t\t\t\t\t\t<\/div>\n\t\t\t\t<\/div>\n\t\t<div data-particle_enable=\"false\" data-particle-mobile-disabled=\"false\" class=\"elementor-element elementor-element-68c9437 e-con-full e-flex e-con e-child\" data-id=\"68c9437\" data-element_type=\"container\" data-e-type=\"container\" data-settings=\"{&quot;background_background&quot;:&quot;classic&quot;}\">\n\t\t\t\t<div class=\"elementor-element elementor-element-0ebbe48 elementor-widget elementor-widget-image\" data-id=\"0ebbe48\" data-element_type=\"widget\" data-e-type=\"widget\" data-widget_type=\"image.default\">\n\t\t\t\t\t\t\t\t\t\t\t\t\t\t\t<img loading=\"lazy\" decoding=\"async\" width=\"450\" height=\"558\" src=\"https:\/\/pruebas.cursopracticoseo.com\/wordpress_o\/wp-content\/uploads\/2026\/01\/juntamayorcolor-1.png\" class=\"attachment-large size-large wp-image-330\" alt=\"\" srcset=\"https:\/\/pruebas.cursopracticoseo.com\/wordpress_o\/wp-content\/uploads\/2026\/01\/juntamayorcolor-1.png 450w, https:\/\/pruebas.cursopracticoseo.com\/wordpress_o\/wp-content\/uploads\/2026\/01\/juntamayorcolor-1-242x300.png 242w\" sizes=\"(max-width: 450px) 100vw, 450px\" \/>\t\t\t\t\t\t\t\t\t\t\t\t\t\t\t<\/div>\n\t\t\t\t<div class=\"elementor-element elementor-element-d3816fe elementor-widget elementor-widget-heading\" data-id=\"d3816fe\" data-element_type=\"widget\" data-e-type=\"widget\" data-widget_type=\"heading.default\">\n\t\t\t\t\t<h2 class=\"elementor-heading-title elementor-size-default\">El Expolio<\/h2>\t\t\t\t<\/div>\n\t\t\t\t<div class=\"elementor-element elementor-element-249dc84 elementor-widget elementor-widget-text-editor\" data-id=\"249dc84\" data-element_type=\"widget\" data-e-type=\"widget\" data-widget_type=\"text-editor.default\">\n\t\t\t\t\t\t\t\t\t<p>Francisco D\u00edez de Tudanca (1674). Trono Melchor Guti\u00e9rrez San Mart\u00edn (1985).<\/p>\t\t\t\t\t\t\t\t<\/div>\n\t\t\t\t<\/div>\n\t\t<div data-particle_enable=\"false\" data-particle-mobile-disabled=\"false\" class=\"elementor-element elementor-element-b14b98c e-con-full e-flex e-con e-child\" data-id=\"b14b98c\" data-element_type=\"container\" data-e-type=\"container\" data-settings=\"{&quot;background_background&quot;:&quot;classic&quot;}\">\n\t\t\t\t<div class=\"elementor-element elementor-element-fab2586 elementor-widget elementor-widget-image\" data-id=\"fab2586\" data-element_type=\"widget\" data-e-type=\"widget\" data-widget_type=\"image.default\">\n\t\t\t\t\t\t\t\t\t\t\t\t\t\t\t<img loading=\"lazy\" decoding=\"async\" width=\"450\" height=\"558\" src=\"https:\/\/pruebas.cursopracticoseo.com\/wordpress_o\/wp-content\/uploads\/2026\/01\/juntamayorcolor-1.png\" class=\"attachment-large size-large wp-image-330\" alt=\"\" srcset=\"https:\/\/pruebas.cursopracticoseo.com\/wordpress_o\/wp-content\/uploads\/2026\/01\/juntamayorcolor-1.png 450w, https:\/\/pruebas.cursopracticoseo.com\/wordpress_o\/wp-content\/uploads\/2026\/01\/juntamayorcolor-1-242x300.png 242w\" sizes=\"(max-width: 450px) 100vw, 450px\" \/>\t\t\t\t\t\t\t\t\t\t\t\t\t\t\t<\/div>\n\t\t\t\t<div class=\"elementor-element elementor-element-4281d63 elementor-widget elementor-widget-heading\" data-id=\"4281d63\" data-element_type=\"widget\" data-e-type=\"widget\" data-widget_type=\"heading.default\">\n\t\t\t\t\t<h2 class=\"elementor-heading-title elementor-size-default\">La Exaltaci\u00f3n de la Cruz<\/h2>\t\t\t\t<\/div>\n\t\t\t\t<div class=\"elementor-element elementor-element-2fe0ee2 elementor-widget elementor-widget-text-editor\" data-id=\"2fe0ee2\" data-element_type=\"widget\" data-e-type=\"widget\" data-widget_type=\"text-editor.default\">\n\t\t\t\t\t\t\t\t\t<p>Jos\u00e9 Antonio Navarro Arteaga (2000). Trono Juan Carlos Campo Salas (2000) Escenas de bronce Jos\u00e9 Antonio Navarro Arteaga (2002).<\/p>\t\t\t\t\t\t\t\t<\/div>\n\t\t\t\t<\/div>\n\t\t\t\t\t<\/div>\n\t\t\t\t<\/div>\n\t\t<div data-particle_enable=\"false\" data-particle-mobile-disabled=\"false\" class=\"elementor-element elementor-element-36e05dc e-flex e-con-boxed e-con e-parent\" data-id=\"36e05dc\" data-element_type=\"container\" data-e-type=\"container\">\n\t\t\t\t\t<div class=\"e-con-inner\">\n\t\t<div data-particle_enable=\"false\" data-particle-mobile-disabled=\"false\" class=\"elementor-element elementor-element-4437717 e-con-full e-flex e-con e-child\" data-id=\"4437717\" data-element_type=\"container\" data-e-type=\"container\" data-settings=\"{&quot;background_background&quot;:&quot;classic&quot;}\">\n\t\t\t\t<div class=\"elementor-element elementor-element-0060580 elementor-widget elementor-widget-image\" data-id=\"0060580\" data-element_type=\"widget\" data-e-type=\"widget\" data-widget_type=\"image.default\">\n\t\t\t\t\t\t\t\t\t\t\t\t\t\t\t<img loading=\"lazy\" decoding=\"async\" width=\"800\" height=\"450\" src=\"https:\/\/pruebas.cursopracticoseo.com\/wordpress_o\/wp-content\/uploads\/2026\/03\/crucifixion-1-1024x576.jpg\" class=\"attachment-large size-large wp-image-6337\" alt=\"crucifixion jhs\" srcset=\"https:\/\/pruebas.cursopracticoseo.com\/wordpress_o\/wp-content\/uploads\/2026\/03\/crucifixion-1-1024x576.jpg 1024w, https:\/\/pruebas.cursopracticoseo.com\/wordpress_o\/wp-content\/uploads\/2026\/03\/crucifixion-1-300x169.jpg 300w, https:\/\/pruebas.cursopracticoseo.com\/wordpress_o\/wp-content\/uploads\/2026\/03\/crucifixion-1-768x432.jpg 768w, https:\/\/pruebas.cursopracticoseo.com\/wordpress_o\/wp-content\/uploads\/2026\/03\/crucifixion-1.jpg 1280w\" sizes=\"(max-width: 800px) 100vw, 800px\" \/>\t\t\t\t\t\t\t\t\t\t\t\t\t\t\t<\/div>\n\t\t\t\t<div class=\"elementor-element elementor-element-8e3a845 elementor-widget elementor-widget-heading\" data-id=\"8e3a845\" data-element_type=\"widget\" data-e-type=\"widget\" data-widget_type=\"heading.default\">\n\t\t\t\t\t<h2 class=\"elementor-heading-title elementor-size-default\">La Crucifixi\u00f3n.<\/h2>\t\t\t\t<\/div>\n\t\t\t\t<div class=\"elementor-element elementor-element-6ddbd9b elementor-widget elementor-widget-text-editor\" data-id=\"6ddbd9b\" data-element_type=\"widget\" data-e-type=\"widget\" data-widget_type=\"text-editor.default\">\n\t\t\t\t\t\t\t\t\t<p>Jos\u00e9 Antonio Navarro Arteaga, 2022<\/p>\t\t\t\t\t\t\t\t<\/div>\n\t\t\t\t<\/div>\n\t\t<div data-particle_enable=\"false\" data-particle-mobile-disabled=\"false\" class=\"elementor-element elementor-element-e2eff3b e-con-full e-flex e-con e-child\" data-id=\"e2eff3b\" data-element_type=\"container\" data-e-type=\"container\" data-settings=\"{&quot;background_background&quot;:&quot;classic&quot;}\">\n\t\t\t\t<div class=\"elementor-element elementor-element-052212a elementor-widget elementor-widget-image\" data-id=\"052212a\" data-element_type=\"widget\" data-e-type=\"widget\" data-widget_type=\"image.default\">\n\t\t\t\t\t\t\t\t\t\t\t\t\t\t\t<img loading=\"lazy\" decoding=\"async\" width=\"800\" height=\"450\" src=\"https:\/\/pruebas.cursopracticoseo.com\/wordpress_o\/wp-content\/uploads\/2026\/03\/WhatsApp-Image-2026-03-05-at-09.08.34-1-1024x576.jpeg\" class=\"attachment-large size-large wp-image-5823\" alt=\"cristo agon\u00eda dulce nombre de jes\u00fas nazareno\" srcset=\"https:\/\/pruebas.cursopracticoseo.com\/wordpress_o\/wp-content\/uploads\/2026\/03\/WhatsApp-Image-2026-03-05-at-09.08.34-1-1024x576.jpeg 1024w, https:\/\/pruebas.cursopracticoseo.com\/wordpress_o\/wp-content\/uploads\/2026\/03\/WhatsApp-Image-2026-03-05-at-09.08.34-1-300x169.jpeg 300w, https:\/\/pruebas.cursopracticoseo.com\/wordpress_o\/wp-content\/uploads\/2026\/03\/WhatsApp-Image-2026-03-05-at-09.08.34-1-768x432.jpeg 768w, https:\/\/pruebas.cursopracticoseo.com\/wordpress_o\/wp-content\/uploads\/2026\/03\/WhatsApp-Image-2026-03-05-at-09.08.34-1-1536x864.jpeg 1536w, https:\/\/pruebas.cursopracticoseo.com\/wordpress_o\/wp-content\/uploads\/2026\/03\/WhatsApp-Image-2026-03-05-at-09.08.34-1.jpeg 1599w\" sizes=\"(max-width: 800px) 100vw, 800px\" \/>\t\t\t\t\t\t\t\t\t\t\t\t\t\t\t<\/div>\n\t\t\t\t<div class=\"elementor-element elementor-element-7ec12ab elementor-widget elementor-widget-heading\" data-id=\"7ec12ab\" data-element_type=\"widget\" data-e-type=\"widget\" data-widget_type=\"heading.default\">\n\t\t\t\t\t<h2 class=\"elementor-heading-title elementor-size-default\">Santo Cristo de la Agon\u00eda<\/h2>\t\t\t\t<\/div>\n\t\t\t\t<div class=\"elementor-element elementor-element-8a4391e elementor-widget elementor-widget-text-editor\" data-id=\"8a4391e\" data-element_type=\"widget\" data-e-type=\"widget\" data-widget_type=\"text-editor.default\">\n\t\t\t\t\t\t\t\t\t<p>Laureano Villanueva Guti\u00e9rrez (1973)<\/p>\t\t\t\t\t\t\t\t<\/div>\n\t\t\t\t<\/div>\n\t\t<div data-particle_enable=\"false\" data-particle-mobile-disabled=\"false\" class=\"elementor-element elementor-element-7cb550b e-con-full e-flex e-con e-child\" data-id=\"7cb550b\" data-element_type=\"container\" data-e-type=\"container\" data-settings=\"{&quot;background_background&quot;:&quot;classic&quot;}\">\n\t\t\t\t<div class=\"elementor-element elementor-element-b80465c elementor-widget elementor-widget-image\" data-id=\"b80465c\" data-element_type=\"widget\" data-e-type=\"widget\" data-widget_type=\"image.default\">\n\t\t\t\t\t\t\t\t\t\t\t\t\t\t\t<img loading=\"lazy\" decoding=\"async\" width=\"800\" height=\"448\" src=\"https:\/\/pruebas.cursopracticoseo.com\/wordpress_o\/wp-content\/uploads\/2026\/03\/WhatsApp-Image-2026-03-05-at-08.46.19-2-1024x573.jpeg\" class=\"attachment-large size-large wp-image-5819\" alt=\"san juan dulce nombre jes\u00fas nazareno\" srcset=\"https:\/\/pruebas.cursopracticoseo.com\/wordpress_o\/wp-content\/uploads\/2026\/03\/WhatsApp-Image-2026-03-05-at-08.46.19-2-1024x573.jpeg 1024w, https:\/\/pruebas.cursopracticoseo.com\/wordpress_o\/wp-content\/uploads\/2026\/03\/WhatsApp-Image-2026-03-05-at-08.46.19-2-300x168.jpeg 300w, https:\/\/pruebas.cursopracticoseo.com\/wordpress_o\/wp-content\/uploads\/2026\/03\/WhatsApp-Image-2026-03-05-at-08.46.19-2-768x429.jpeg 768w, https:\/\/pruebas.cursopracticoseo.com\/wordpress_o\/wp-content\/uploads\/2026\/03\/WhatsApp-Image-2026-03-05-at-08.46.19-2-1536x859.jpeg 1536w, https:\/\/pruebas.cursopracticoseo.com\/wordpress_o\/wp-content\/uploads\/2026\/03\/WhatsApp-Image-2026-03-05-at-08.46.19-2.jpeg 1633w\" sizes=\"(max-width: 800px) 100vw, 800px\" \/>\t\t\t\t\t\t\t\t\t\t\t\t\t\t\t<\/div>\n\t\t\t\t<div class=\"elementor-element elementor-element-d559eea elementor-widget elementor-widget-heading\" data-id=\"d559eea\" data-element_type=\"widget\" data-e-type=\"widget\" data-widget_type=\"heading.default\">\n\t\t\t\t\t<h2 class=\"elementor-heading-title elementor-size-default\">San Juan<\/h2>\t\t\t\t<\/div>\n\t\t\t\t<div class=\"elementor-element elementor-element-2b8eda2 elementor-widget elementor-widget-text-editor\" data-id=\"2b8eda2\" data-element_type=\"widget\" data-e-type=\"widget\" data-widget_type=\"text-editor.default\">\n\t\t\t\t\t\t\t\t\t<p>V\u00edctor de los R\u00edos Campos (1946)<\/p>\t\t\t\t\t\t\t\t<\/div>\n\t\t\t\t<\/div>\n\t\t<div data-particle_enable=\"false\" data-particle-mobile-disabled=\"false\" class=\"elementor-element elementor-element-90487ed e-con-full e-flex e-con e-child\" data-id=\"90487ed\" data-element_type=\"container\" data-e-type=\"container\" data-settings=\"{&quot;background_background&quot;:&quot;classic&quot;}\">\n\t\t\t\t<div class=\"elementor-element elementor-element-26a402f elementor-widget elementor-widget-image\" data-id=\"26a402f\" data-element_type=\"widget\" data-e-type=\"widget\" data-widget_type=\"image.default\">\n\t\t\t\t\t\t\t\t\t\t\t\t\t\t\t<img loading=\"lazy\" decoding=\"async\" width=\"800\" height=\"450\" src=\"https:\/\/pruebas.cursopracticoseo.com\/wordpress_o\/wp-content\/uploads\/2026\/03\/Dolorosa-1024x576.jpg\" class=\"attachment-large size-large wp-image-6353\" alt=\"Dolorosa\" srcset=\"https:\/\/pruebas.cursopracticoseo.com\/wordpress_o\/wp-content\/uploads\/2026\/03\/Dolorosa-1024x576.jpg 1024w, https:\/\/pruebas.cursopracticoseo.com\/wordpress_o\/wp-content\/uploads\/2026\/03\/Dolorosa-300x169.jpg 300w, https:\/\/pruebas.cursopracticoseo.com\/wordpress_o\/wp-content\/uploads\/2026\/03\/Dolorosa-768x432.jpg 768w, https:\/\/pruebas.cursopracticoseo.com\/wordpress_o\/wp-content\/uploads\/2026\/03\/Dolorosa.jpg 1280w\" sizes=\"(max-width: 800px) 100vw, 800px\" \/>\t\t\t\t\t\t\t\t\t\t\t\t\t\t\t<\/div>\n\t\t\t\t<div class=\"elementor-element elementor-element-3a155a3 elementor-widget elementor-widget-heading\" data-id=\"3a155a3\" data-element_type=\"widget\" data-e-type=\"widget\" data-widget_type=\"heading.default\">\n\t\t\t\t\t<h2 class=\"elementor-heading-title elementor-size-default\">La Dolorosa<\/h2>\t\t\t\t<\/div>\n\t\t\t\t<div class=\"elementor-element elementor-element-382753c elementor-widget elementor-widget-text-editor\" data-id=\"382753c\" data-element_type=\"widget\" data-e-type=\"widget\" data-widget_type=\"text-editor.default\">\n\t\t\t\t\t\t\t\t\t<p>V\u00edctor de los R\u00edos Campos (1949). Palio Melchor Guti\u00e9rrez San Mart\u00edn (1979).\u00a0<\/p>\t\t\t\t\t\t\t\t<\/div>\n\t\t\t\t<\/div>\n\t\t\t\t\t<\/div>\n\t\t\t\t<\/div>\n\t\t\t\t<\/div>\n\t\t","protected":false},"excerpt":{"rendered":"<p>Cofrad\u00edas y Hermandades Historia de la Cofrad\u00eda Fundaci\u00f3n: 1611 Sede Can\u00f3nica: Capilla de Santa Nonia -Iglesia Parroquial Ntra. Sra. Del Mercado Sede Social: Calle Santa Nonia n\u00ba24. 24003 Le\u00f3n www.jhsleon.com Facebook Instagram Cofrad\u00edas y Hermandades Historia de la Cofrad\u00eda El Obispo de Le\u00f3n aprueba la Regla de la Cofrad\u00eda del Dulce Nombre de Jes\u00fas Nazareno. [&hellip;]<\/p>\n","protected":false},"author":1,"featured_media":389,"parent":74,"menu_order":0,"comment_status":"closed","ping_status":"closed","template":"elementor_header_footer","meta":{"footnotes":""},"class_list":["post-2211","page","type-page","status-publish","has-post-thumbnail","hentry"],"_links":{"self":[{"href":"https:\/\/pruebas.cursopracticoseo.com\/wordpress_o\/wp-json\/wp\/v2\/pages\/2211","targetHints":{"allow":["GET"]}}],"collection":[{"href":"https:\/\/pruebas.cursopracticoseo.com\/wordpress_o\/wp-json\/wp\/v2\/pages"}],"about":[{"href":"https:\/\/pruebas.cursopracticoseo.com\/wordpress_o\/wp-json\/wp\/v2\/types\/page"}],"author":[{"embeddable":true,"href":"https:\/\/pruebas.cursopracticoseo.com\/wordpress_o\/wp-json\/wp\/v2\/users\/1"}],"replies":[{"embeddable":true,"href":"https:\/\/pruebas.cursopracticoseo.com\/wordpress_o\/wp-json\/wp\/v2\/comments?post=2211"}],"version-history":[{"count":110,"href":"https:\/\/pruebas.cursopracticoseo.com\/wordpress_o\/wp-json\/wp\/v2\/pages\/2211\/revisions"}],"predecessor-version":[{"id":7111,"href":"https:\/\/pruebas.cursopracticoseo.com\/wordpress_o\/wp-json\/wp\/v2\/pages\/2211\/revisions\/7111"}],"up":[{"embeddable":true,"href":"https:\/\/pruebas.cursopracticoseo.com\/wordpress_o\/wp-json\/wp\/v2\/pages\/74"}],"wp:featuredmedia":[{"embeddable":true,"href":"https:\/\/pruebas.cursopracticoseo.com\/wordpress_o\/wp-json\/wp\/v2\/media\/389"}],"wp:attachment":[{"href":"https:\/\/pruebas.cursopracticoseo.com\/wordpress_o\/wp-json\/wp\/v2\/media?parent=2211"}],"curies":[{"name":"wp","href":"https:\/\/api.w.org\/{rel}","templated":true}]}}